{"id":4071,"date":"2024-03-22T05:52:31","date_gmt":"2024-03-22T05:52:31","guid":{"rendered":"https:\/\/calendall.development.upgr8.dev\/solutions-for\/hair-salon-software\/"},"modified":"2025-09-12T13:30:03","modified_gmt":"2025-09-12T13:30:03","slug":"hair-salon-software","status":"publish","type":"page","link":"https:\/\/calendall.development.upgr8.dev\/en\/appointment-scheduling-software-for\/hair-salon-software\/","title":{"rendered":"Hair Salon Software"},"content":{"rendered":"\n<div class=\"wp-block-upgr8-base-plugin-container upgr8-base-plugin_container-wrapper  upgr8-base-plugin_backgroundImagePosition-desktop-center-top upgr8-base-plugin_background-image-size-cover upgr8-base-plugin_background-image-no-repeat upgr8-base-plugin_padding-top-desktop-2 upgr8-base-plugin_padding-bottom-desktop-3 upgr8-base-plugin_padding-bottom-mobile-0 upgr8-base-plugin_margin-bottom-desktop-3\" style=\"background-color:color-mix(in srgb, var(--wp--preset--color--senary) 0%, transparent);background-image:url(&quot;https:\/\/calendall.development.upgr8.dev\/app\/uploads\/2024\/11\/Webseite-Background.svg&quot;)\"><div class=\"upgr8-base-plugin_container upgr8-base-plugin_container-full-width\"><div class=\"upgr8-base-plugin_row upgr8-base-plugin_justify-content-center-desktop           \">\n<div class=\"wp-block-upgr8-base-plugin-container-column upgr8-base-plugin_col-mobile-12 upgr8-base-plugin_col-desktop-12  upgr8-base-plugin_backgroundImagePosition-desktop-center-top upgr8-base-plugin_background-image-size-contain upgr8-base-plugin_background-image-no-repeat\">\n<div class=\"wp-block-upgr8-base-plugin-text-block upgr8-base-plugin_text-block upgr8-base-plugin_justify-content-center-desktop  upgr8-base-plugin_fontSize-desktop-lg upgr8-base-plugin_fontSize-mobile-md upgr8-base-plugin_text-alignment-center-desktop upgr8-base-plugin_padding-bottom-mobile-1\" style=\"color:\"><p><mark style=\"background-color:rgba(0, 0, 0, 0);color:#ffffff\" class=\"has-inline-color\"><strong><strong><strong>The easy way to manage your hair salon<\/strong><\/strong><\/strong><\/mark><\/p><\/div>\n\n\n\n<h1 class=\"wp-block-upgr8-base-plugin-headline-block headline-content  upgr8-base-plugin_fontSize-desktop-md upgr8-base-plugin_fontSize-tablet-sm upgr8-base-plugin_fontSize-mobile-xs upgr8-base-plugin_text-alignment-center-desktop upgr8-base-plugin_margin-bottom-desktop-1\" style=\"color:var(--wp--preset--color--base)\"><mark style=\"background-color:rgba(0, 0, 0, 0);color:#ffffff\" class=\"has-inline-color\">Online appointment planner &amp; calendar software designed for hair salons \u2013 simple, organized, and stress-free.<\/mark><\/h1>\n\n\n\n<style>\n            #u8b-button-bbc12456-b8f1-48df-8864-4913e3ade48f:hover {\n                background:var(--wp--preset--gradient--gradient-one) !important;\n            }\n    <\/style><a id=\"u8b-button-bbc12456-b8f1-48df-8864-4913e3ade48f\" class=\"wp-block-upgr8-base-plugin-button-block upgr8-base-plugin_button  upgr8-base-plugin_button-center upgr8-base-plugin_content-width upgr8-base-plugin_button-tertiary upgr8-base-plugin_fontSize-desktop-xs upgr8-base-plugin_fontSize-tablet-xs upgr8-base-plugin_fontSize-mobile-xs upgr8-base-plugin_text-alignment-center-desktop upgr8-base-plugin_padding-top-desktop-2 upgr8-base-plugin_padding-right-desktop-3 upgr8-base-plugin_padding-bottom-desktop-2 upgr8-base-plugin_padding-left-desktop-3 upgr8-base-plugin_margin-top-mobile-2 upgr8-base-plugin_margin-bottom-mobile-2 upgr8-base-plugin_button-primary\" style=\"border-style:none;border-width:0px;color:var(--wp--preset--color--base);background-color:color-mix(in srgb, var(--wp--preset--color--primary) 100%, transparent)\" href=\"https:\/\/app.calendall.com\/public\/self-signup\" target=\"__blank\" rel=\"noopener\">Try it for free<\/a>\n\n\n\n<style>\n        #upgr8-base-plugin_image-44655389-91b6-4496-a79c-d1114bb3db05 img{\n            width: 1200px;\n        }\n    \n        @media (max-width: 1200px){\n            #upgr8-base-plugin_image-44655389-91b6-4496-a79c-d1114bb3db05 img{\n                width: 800px;\n            }\n        }\n    \n        @media (max-width: 768px){\n            #upgr8-base-plugin_image-44655389-91b6-4496-a79c-d1114bb3db05 img{\n                width: 500px;\n            }\n        }\n    <\/style><picture id=\"upgr8-base-plugin_image-44655389-91b6-4496-a79c-d1114bb3db05\" class=\"wp-block-upgr8-base-plugin-image  upgr8-base-plugin_image upgr8-base-plugin_justify-content-center-desktop upgr8-base-plugin_justify-content-space-between-mobile upgr8-base-plugin_padding-top-desktop-2 upgr8-base-plugin_padding-top-mobile-1 upgr8-base-plugin_padding-bottom-mobile-1 upgr8-base-plugin_padding-left-desktop-0\"><source media=\"(max-width:768px)\" srcset=\"https:\/\/calendall.development.upgr8.dev\/app\/uploads\/2025\/09\/online-appointment-scheduler-hair-salon-calendar-software.webp\" alt=\"Online appointment scheduler and calendar software for hair salons on laptop and smartphone\"\/><source media=\"(max-width:1200px)\" srcset=\"https:\/\/calendall.development.upgr8.dev\/app\/uploads\/2025\/08\/online-appointment-planner-calendar-software-hair-salon-scaled.webp\" alt=\"Online appointment planner and calendar software for hair salons \u2013 manage bookings, clients, and staff in one place\"\/><img fetchpriority=\"high\" decoding=\"async\" src=\"https:\/\/calendall.development.upgr8.dev\/app\/uploads\/2025\/08\/online-appointment-planner-calendar-software-hair-salon-scaled.webp\" alt=\"Online appointment planner and calendar software for hair salons \u2013 manage bookings, clients, and staff in one place\" loading=\"eager\" width=\"2560\" height=\"1661\"\/><\/picture>\n<\/div>\n<\/div><\/div><\/div>\n\n\n\n<div class=\"wp-block-upgr8-base-plugin-container upgr8-base-plugin_container-wrapper  upgr8-base-plugin_backgroundImagePosition-desktop-center-center upgr8-base-plugin_background-image-size-full-width-height upgr8-base-plugin_background-image-no-repeat upgr8-base-plugin_padding-top-desktop-4 upgr8-base-plugin_padding-top-mobile-4 upgr8-base-plugin_padding-bottom-desktop-3 upgr8-base-plugin_padding-bottom-mobile-3 upgr8-base-plugin_margin-top-mobile-5 upgr8-base-plugin_margin-bottom-desktop-3 upgr8-base-plugin_margin-bottom-mobile-5\" style=\"background:var(--wp--preset--gradient--blush-two)\"><div class=\"upgr8-base-plugin_container upgr8-base-plugin_container-boxed\"><div class=\"upgr8-base-plugin_row upgr8-base-plugin_justify-content-center-desktop   upgr8-base-plugin_align-items-center-desktop        \">\n<div class=\"wp-block-upgr8-base-plugin-container-column upgr8-base-plugin_col-mobile-11 upgr8-base-plugin_col-desktop-7  upgr8-base-plugin_backgroundImagePosition-desktop-center-top upgr8-base-plugin_background-image-size-contain upgr8-base-plugin_background-image-no-repeat\">\n<div class=\"wp-block-upgr8-base-plugin-text-block upgr8-base-plugin_text-block  upgr8-base-plugin_fontSize-desktop-md upgr8-base-plugin_fontSize-tablet-xs upgr8-base-plugin_fontSize-mobile-md upgr8-base-plugin_text-alignment-center-desktop upgr8-base-plugin_margin-bottom-desktop-2\" style=\"color:var(--wp--preset--color--base)\"><p><mark style=\"background-color:rgba(0, 0, 0, 0);color:#333333\" class=\"has-inline-color\"><strong>More time. Less stress.<\/strong><\/mark><br><mark style=\"background-color:rgba(0, 0, 0, 0);color:#333333\" class=\"has-inline-color\"><strong>More joy in your daily salon life<\/strong><\/mark><mark style=\"background-color:rgba(0, 0, 0, 0)\" class=\"has-inline-color has-custom-color-1-color\">.<\/mark><\/p><\/div>\n\n\n\n<div class=\"wp-block-upgr8-base-plugin-text-block upgr8-base-plugin_text-block upgr8-base-plugin_justify-content-space-between-desktop  upgr8-base-plugin_fontSize-desktop-sm upgr8-base-plugin_fontSize-tablet-xs upgr8-base-plugin_fontSize-mobile-xs upgr8-base-plugin_text-alignment-center-desktop upgr8-base-plugin_margin-bottom-desktop-3\" style=\"color:\"><p><mark style=\"background-color:rgba(0, 0, 0, 0);color:#333333\" class=\"has-inline-color\"><strong><strong>Run your hairdresssing salon without the paperwork:<\/strong><\/strong><\/mark><br><mark style=\"background-color:rgba(0, 0, 0, 0);color:#333333\" class=\"has-inline-color\">Easily manage appointments, avoid missed treatments, and gain more time for your clients. Whether you prefer personal scheduling or online booking \u2013 you choose what works best for your salon.<\/mark><\/p><\/div>\n\n\n\n<style>\n        #upgr8-base-plugin_image-eb9c3b6a-8062-4fd9-8bf0-472d7ecc03f1 img{\n            width: 130px;\n        }\n    \n        @media (max-width: 768px){\n            #upgr8-base-plugin_image-eb9c3b6a-8062-4fd9-8bf0-472d7ecc03f1 img{\n                width: 100px;\n            }\n        }\n    <\/style><picture id=\"upgr8-base-plugin_image-eb9c3b6a-8062-4fd9-8bf0-472d7ecc03f1\" class=\"wp-block-upgr8-base-plugin-image  upgr8-base-plugin_image upgr8-base-plugin_justify-content-center-desktop\"><img decoding=\"async\" src=\"https:\/\/calendall.development.upgr8.dev\/app\/uploads\/2024\/11\/Design-ohne-Titel-2.png\" alt=\"Dekoratives Herz-Symbol in Rosa und Lila\" loading=\"lazy\" width=\"1000\" height=\"800\"\/><\/picture>\n<\/div>\n<\/div><\/div><\/div>\n\n\n\n<div class=\"wp-block-upgr8-base-plugin-container upgr8-base-plugin_container-wrapper  upgr8-base-plugin_backgroundImagePosition-desktop-left-top upgr8-base-plugin_background-image-size-contain upgr8-base-plugin_background-image-no-repeat upgr8-base-plugin_padding-top-desktop-4 upgr8-base-plugin_padding-bottom-desktop-4 upgr8-base-plugin_margin-top-mobile-5 upgr8-base-plugin_margin-bottom-desktop-3 upgr8-base-plugin_margin-bottom-mobile-5\" style=\"background-color:color-mix(in srgb, var(--wp--preset--color--base) 5%, transparent)\"><div class=\"upgr8-base-plugin_container upgr8-base-plugin_container-boxed\"><div class=\"upgr8-base-plugin_row upgr8-base-plugin_justify-content-center-desktop   upgr8-base-plugin_align-items-center-desktop        \">\n<div class=\"wp-block-upgr8-base-plugin-container-column upgr8-base-plugin_col-mobile-12 upgr8-base-plugin_col-desktop-4  upgr8-base-plugin_backgroundImagePosition-desktop-left-top upgr8-base-plugin_background-image-size-contain upgr8-base-plugin_background-image-no-repeat\">\n<h2 class=\"wp-block-upgr8-base-plugin-headline-block headline-content  upgr8-base-plugin_fontSize-desktop-md upgr8-base-plugin_text-alignment-center-mobile upgr8-base-plugin_padding-top-mobile-2 upgr8-base-plugin_margin-bottom-desktop-1\" style=\"color:\"><strong><strong><strong>How appointment scheduling works in hair salons \u2013 and how Calendall saves you time &amp; stress<\/strong><\/strong><\/strong><\/h2>\n\n\n\n<div class=\"wp-block-upgr8-base-plugin-text-block upgr8-base-plugin_text-block  upgr8-base-plugin_justify-content-center-mobile upgr8-base-plugin_fontSize-desktop-sm upgr8-base-plugin_text-alignment-center-mobile upgr8-base-plugin_padding-top-mobile-1\" style=\"color:\"><p><mark style=\"background-color:rgba(0, 0, 0, 0);color:#333333\" class=\"has-inline-color\">Whether clients book online or you add them manually, Calendall keeps everything organized. Customer details are matched automatically, and reminders and confirmations go out without you lifting a finger.<\/mark><\/p><\/div>\n<\/div>\n\n\n\n<div class=\"wp-block-upgr8-base-plugin-container-column upgr8-base-plugin_col-mobile-12 upgr8-base-plugin_col-desktop-8  upgr8-base-plugin_backgroundImagePosition-desktop-left-top upgr8-base-plugin_background-image-size-contain upgr8-base-plugin_background-image-no-repeat\">\n<style>\n        #upgr8-base-plugin_image-cc78d02a-bcc9-4704-9416-7a80593150c8 img{\n            width: 1000px;\n        }\n    \n        @media (max-width: 768px){\n            #upgr8-base-plugin_image-cc78d02a-bcc9-4704-9416-7a80593150c8 img{\n                width: 1000px;\n            }\n        }\n    <\/style><picture id=\"upgr8-base-plugin_image-cc78d02a-bcc9-4704-9416-7a80593150c8\" class=\"wp-block-upgr8-base-plugin-image  upgr8-base-plugin_image upgr8-base-plugin_justify-content-center-desktop upgr8-base-plugin_padding-top-mobile-2\"><img decoding=\"async\" src=\"https:\/\/calendall.development.upgr8.dev\/app\/uploads\/2025\/08\/hair-salon-appointment-scheduling-process-online-booking.webp\" alt=\"Hair salon appointment scheduling process \u2013 online booking, confirmations, and reminders with Calendall\" loading=\"lazy\" width=\"1700\" height=\"1062\"\/><\/picture>\n<\/div>\n<\/div><\/div><\/div>\n\n\n\n<div class=\"wp-block-upgr8-base-plugin-container upgr8-base-plugin_container-wrapper  upgr8-base-plugin_backgroundImagePosition-desktop-center-top upgr8-base-plugin_background-image-size-cover upgr8-base-plugin_background-image-no-repeat upgr8-base-plugin_padding-top-desktop-2 upgr8-base-plugin_padding-bottom-desktop-2 upgr8-base-plugin_padding-bottom-mobile-2\"><div class=\"upgr8-base-plugin_container upgr8-base-plugin_container-boxed\"><div class=\"upgr8-base-plugin_row upgr8-base-plugin_justify-content-center-desktop   upgr8-base-plugin_align-items-center-desktop        \">\n<div class=\"wp-block-upgr8-base-plugin-container-column upgr8-base-plugin_col-mobile-10 upgr8-base-plugin_col-desktop-8  upgr8-base-plugin_backgroundImagePosition-desktop-left-top upgr8-base-plugin_background-image-size-contain upgr8-base-plugin_background-image-no-repeat\">\n<style>\n            #u8b-box-1dc35f63-12f3-4001-8def-9d6ee2741fe8:hover {\n                \n            }\n    <\/style><div id=\"u8b-box-1dc35f63-12f3-4001-8def-9d6ee2741fe8\" class=\"wp-block-upgr8-base-plugin-box upgr8-base-plugin_box-content  upgr8-base-plugin_content-height upgr8-base-plugin_backgroundImagePosition-desktop-left-top upgr8-base-plugin_background-image-size-contain upgr8-base-plugin_background-image-no-repeat upgr8-base-plugin_padding-top-desktop-1 upgr8-base-plugin_padding-right-desktop-1 upgr8-base-plugin_padding-bottom-desktop-1 upgr8-base-plugin_padding-left-desktop-1 is-style-default\" style=\"border-style:none;border-width:0px;border-radius:20px;background-color:color-mix(in srgb, var(--wp--preset--color--base) 100%, transparent)\">\n<h2 class=\"wp-block-upgr8-base-plugin-headline-block headline-content  upgr8-base-plugin_fontSize-desktop-md upgr8-base-plugin_fontSize-mobile-sm upgr8-base-plugin_text-alignment-center-desktop\" style=\"color:var(--wp--preset--color--contrast)\"><strong>Digital scheduling software for hairdressing salons \u2013 all features at a glance<\/strong><\/h2>\n<\/div>\n<\/div>\n<\/div><\/div><\/div>\n\n\n\n<div class=\"wp-block-upgr8-base-plugin-container upgr8-base-plugin_container-wrapper  upgr8-base-plugin_backgroundImagePosition-desktop-left-top upgr8-base-plugin_background-image-size-contain upgr8-base-plugin_background-image-no-repeat upgr8-base-plugin_margin-bottom-desktop-3 upgr8-base-plugin_hide-desktop upgr8-base-plugin_hide-tablet\"><div class=\"upgr8-base-plugin_container upgr8-base-plugin_container-boxed\"><div class=\"upgr8-base-plugin_row            \">\n<div class=\"wp-block-upgr8-base-plugin-container-column upgr8-base-plugin_col-mobile-6 upgr8-base-plugin_col-desktop-4  upgr8-base-plugin_backgroundImagePosition-desktop-left-top upgr8-base-plugin_background-image-size-contain upgr8-base-plugin_background-image-no-repeat\">\n<style>\n            #u8b-box-0e93ea7a-a125-4131-bc4b-ba73eb35b5a7:hover {\n                \n            }\n    <\/style><div id=\"u8b-box-0e93ea7a-a125-4131-bc4b-ba73eb35b5a7\" class=\"wp-block-upgr8-base-plugin-box upgr8-base-plugin_box-content  upgr8-base-plugin_content-height upgr8-base-plugin_backgroundImagePosition-desktop-left-top upgr8-base-plugin_background-image-size-contain upgr8-base-plugin_background-image-no-repeat upgr8-base-plugin_padding-top-desktop-1 upgr8-base-plugin_padding-right-desktop-1 upgr8-base-plugin_padding-bottom-desktop-3 upgr8-base-plugin_padding-left-desktop-1\" style=\"border-radius:20px;background-color:color-mix(in srgb, var(--wp--preset--color--custom-baa-5-f-1) 20%, transparent)\">\n<style>\n        #upgr8-base-plugin_image-bb588ad4-9442-4f65-a773-9c7b7959d884 img{\n            width: 120px;\n        }\n    \n        @media (max-width: 768px){\n            #upgr8-base-plugin_image-bb588ad4-9442-4f65-a773-9c7b7959d884 img{\n                width: 80px;\n            }\n        }\n    <\/style><picture id=\"upgr8-base-plugin_image-bb588ad4-9442-4f65-a773-9c7b7959d884\" class=\"wp-block-upgr8-base-plugin-image  upgr8-base-plugin_image upgr8-base-plugin_justify-content-center-desktop\"><source media=\"(max-width:768px)\" srcset=\"https:\/\/calendall.development.upgr8.dev\/app\/uploads\/2025\/08\/Icon-digital-calendar-for-hair-studios.png\" alt=\"Online appointment planner for hair dresser\"\/><img decoding=\"async\" src=\"https:\/\/calendall.development.upgr8.dev\/app\/uploads\/2025\/08\/Icon-digital-calendar.png\" alt=\"digital calendar for beauty und hair salons\" loading=\"lazy\" width=\"200\" height=\"200\"\/><\/picture>\n\n\n\n<h3 class=\"wp-block-upgr8-base-plugin-headline-block headline-content  upgr8-base-plugin_fontSize-desktop-md upgr8-base-plugin_fontSize-mobile-sm upgr8-base-plugin_text-alignment-center-desktop upgr8-base-plugin_margin-bottom-desktop-1\" style=\"color:\"><strong><mark style=\"background-color:rgba(0, 0, 0, 0)\" class=\"has-inline-color has-custom-baa-5-f-1-color\"><strong><strong>Digital calendar<\/strong><\/strong><\/mark><\/strong><\/h3>\n\n\n\n<style>\n            #u8b-box-96e575bb-0136-49df-ad3e-faa28ce435d2:hover {\n                background:color-mix(in srgb, var(--wp--preset--color--quaternary) 50%, transparent) !important;\n            }\n    <\/style><a id=\"u8b-box-96e575bb-0136-49df-ad3e-faa28ce435d2\" class=\"wp-block-upgr8-base-plugin-box upgr8-base-plugin_box-content  upgr8-base-plugin_content-height upgr8-base-plugin_align-items-center-desktop upgr8-base-plugin_justify-content-center-desktop upgr8-base-plugin_backgroundImagePosition-desktop-left-top upgr8-base-plugin_background-image-size-contain upgr8-base-plugin_background-image-no-repeat upgr8-base-plugin_padding-top-desktop-1 upgr8-base-plugin_padding-right-desktop-1 upgr8-base-plugin_padding-bottom-desktop-1 upgr8-base-plugin_padding-left-desktop-1 is-style-default\" style=\"border-radius:100px;background-color:color-mix(in srgb, var(--wp--preset--color--custom-baa-5-f-1) 100%, transparent)\" href=\"https:\/\/calendall.development.upgr8.dev\/en\/features\/online-calendar\/\" target=\"\" rel=\"noopener\">\n<div class=\"wp-block-upgr8-base-plugin-text-block upgr8-base-plugin_text-block upgr8-base-plugin_justify-content-center-desktop  upgr8-base-plugin_fontSize-desktop-sm upgr8-base-plugin_fontSize-mobile-xs upgr8-base-plugin_text-alignment-center-desktop\" style=\"color:\"><p><mark style=\"background-color:rgba(0, 0, 0, 0);color:#ffffff\" class=\"has-inline-color\">View more<\/mark><\/p><\/div>\n<\/a>\n<\/div>\n<\/div>\n\n\n\n<div class=\"wp-block-upgr8-base-plugin-container-column upgr8-base-plugin_col-mobile-6 upgr8-base-plugin_col-desktop-4  upgr8-base-plugin_backgroundImagePosition-desktop-left-top upgr8-base-plugin_background-image-size-contain upgr8-base-plugin_background-image-no-repeat\">\n<style>\n            #u8b-box-4ed82839-6849-4d2e-b1c1-db3c7b365bd4:hover {\n                \n            }\n    <\/style><div id=\"u8b-box-4ed82839-6849-4d2e-b1c1-db3c7b365bd4\" class=\"wp-block-upgr8-base-plugin-box upgr8-base-plugin_box-content  upgr8-base-plugin_content-height upgr8-base-plugin_backgroundImagePosition-desktop-left-top upgr8-base-plugin_background-image-size-contain upgr8-base-plugin_background-image-no-repeat upgr8-base-plugin_padding-top-desktop-1 upgr8-base-plugin_padding-right-desktop-1 upgr8-base-plugin_padding-bottom-desktop-3 upgr8-base-plugin_padding-left-desktop-1\" style=\"border-radius:20px;background-color:color-mix(in srgb, var(--wp--preset--color--custom-d-48-fca) 20%, transparent)\">\n<style>\n        #upgr8-base-plugin_image-bb588ad4-9442-4f65-a773-9c7b7959d884 img{\n            width: 120px;\n        }\n    \n        @media (max-width: 768px){\n            #upgr8-base-plugin_image-bb588ad4-9442-4f65-a773-9c7b7959d884 img{\n                width: 80px;\n            }\n        }\n    <\/style><picture id=\"upgr8-base-plugin_image-bb588ad4-9442-4f65-a773-9c7b7959d884\" class=\"wp-block-upgr8-base-plugin-image  upgr8-base-plugin_image upgr8-base-plugin_justify-content-center-desktop\"><source media=\"(max-width:768px)\" srcset=\"https:\/\/calendall.development.upgr8.dev\/app\/uploads\/2025\/08\/Icon-client-profil-management-hairdresser.png\" alt=\"online client profil for hair dressing studios\"\/><img decoding=\"async\" src=\"https:\/\/calendall.development.upgr8.dev\/app\/uploads\/2025\/08\/Icon-client-sofftware-hair-beauty-salon.png\" alt=\"Software for client management and profile beauty and hairsalons\" loading=\"lazy\" width=\"375\" height=\"375\"\/><\/picture>\n\n\n\n<h3 class=\"wp-block-upgr8-base-plugin-headline-block headline-content  upgr8-base-plugin_fontSize-desktop-md upgr8-base-plugin_fontSize-mobile-sm upgr8-base-plugin_text-alignment-center-desktop upgr8-base-plugin_margin-bottom-desktop-1\" style=\"color:var(--wp--preset--color--custom-d-48-fca)\"><strong><strong><strong><mark style=\"background-color:rgba(0, 0, 0, 0)\" class=\"has-inline-color has-custom-d-48-fca-color\">Client <\/mark><\/strong><\/strong><mark style=\"background-color:rgba(0, 0, 0, 0)\" class=\"has-inline-color has-custom-d-48-fca-color\">profi<\/mark>ls<\/strong><\/h3>\n\n\n\n<style>\n            #u8b-box-5804849f-4ded-4bcf-a7e1-cf4824705e96:hover {\n                background:color-mix(in srgb, var(--wp--preset--color--quaternary) 50%, transparent) !important;\n            }\n    <\/style><a id=\"u8b-box-5804849f-4ded-4bcf-a7e1-cf4824705e96\" class=\"wp-block-upgr8-base-plugin-box upgr8-base-plugin_box-content  upgr8-base-plugin_content-height upgr8-base-plugin_align-items-center-desktop upgr8-base-plugin_justify-content-center-desktop upgr8-base-plugin_backgroundImagePosition-desktop-left-top upgr8-base-plugin_background-image-size-contain upgr8-base-plugin_background-image-no-repeat upgr8-base-plugin_padding-top-desktop-1 upgr8-base-plugin_padding-right-desktop-1 upgr8-base-plugin_padding-bottom-desktop-1 upgr8-base-plugin_padding-left-desktop-1\" style=\"border-radius:100px;background-color:color-mix(in srgb, var(--wp--preset--color--custom-d-48-fca) 100%, transparent)\" href=\"https:\/\/calendall.development.upgr8.dev\/en\/features\/digital-customer-file\/\" target=\"\" rel=\"noopener\">\n<div class=\"wp-block-upgr8-base-plugin-text-block upgr8-base-plugin_text-block upgr8-base-plugin_justify-content-center-desktop  upgr8-base-plugin_fontSize-desktop-sm upgr8-base-plugin_fontSize-mobile-xs upgr8-base-plugin_text-alignment-center-desktop\" style=\"color:\"><p><mark style=\"background-color:rgba(0, 0, 0, 0);color:#ffffff\" class=\"has-inline-color\">View more<\/mark><\/p><\/div>\n<\/a>\n<\/div>\n<\/div>\n\n\n\n<div class=\"wp-block-upgr8-base-plugin-container-column upgr8-base-plugin_col-mobile-6 upgr8-base-plugin_col-desktop-4  upgr8-base-plugin_backgroundImagePosition-desktop-left-top upgr8-base-plugin_background-image-size-contain upgr8-base-plugin_background-image-no-repeat\">\n<style>\n            #u8b-box-eeb5492b-4bab-4756-b19a-a1da153dab34:hover {\n                \n            }\n    <\/style><div id=\"u8b-box-eeb5492b-4bab-4756-b19a-a1da153dab34\" class=\"wp-block-upgr8-base-plugin-box upgr8-base-plugin_box-content  upgr8-base-plugin_content-height upgr8-base-plugin_backgroundImagePosition-desktop-left-top upgr8-base-plugin_background-image-size-contain upgr8-base-plugin_background-image-no-repeat upgr8-base-plugin_padding-top-desktop-1 upgr8-base-plugin_padding-right-desktop-1 upgr8-base-plugin_padding-bottom-desktop-3 upgr8-base-plugin_padding-left-desktop-1\" style=\"border-radius:20px;background-color:color-mix(in srgb, var(--wp--preset--color--custom-ec-7-ba-7) 20%, transparent)\">\n<style>\n        #upgr8-base-plugin_image-bb588ad4-9442-4f65-a773-9c7b7959d884 img{\n            width: 120px;\n        }\n    \n        @media (max-width: 768px){\n            #upgr8-base-plugin_image-bb588ad4-9442-4f65-a773-9c7b7959d884 img{\n                width: 80px;\n            }\n        }\n    <\/style><picture id=\"upgr8-base-plugin_image-bb588ad4-9442-4f65-a773-9c7b7959d884\" class=\"wp-block-upgr8-base-plugin-image  upgr8-base-plugin_image upgr8-base-plugin_justify-content-center-desktop\"><source media=\"(max-width:768px)\" srcset=\"https:\/\/calendall.development.upgr8.dev\/app\/uploads\/2025\/08\/Icon-reminder-software-for-hair-salons.png\" alt=\"appointment reminder software for hairdressing studios\"\/><img decoding=\"async\" src=\"https:\/\/calendall.development.upgr8.dev\/app\/uploads\/2025\/08\/icon-appointment-reminders-for-beauty-hair-salons.png\" alt=\"software for appointment reminders hair and beautysalons\" loading=\"lazy\" width=\"200\" height=\"200\"\/><\/picture>\n\n\n\n<h3 class=\"wp-block-upgr8-base-plugin-headline-block headline-content  upgr8-base-plugin_fontSize-desktop-md upgr8-base-plugin_fontSize-mobile-sm upgr8-base-plugin_text-alignment-center-desktop upgr8-base-plugin_margin-bottom-desktop-1\" style=\"color:\"><strong><strong><strong><mark style=\"background-color:rgba(0, 0, 0, 0)\" class=\"has-inline-color has-custom-ec-7-ba-7-color\">Session reminder<\/mark><\/strong><\/strong><\/strong><\/h3>\n\n\n\n<style>\n            #u8b-box-93e61b7e-0d05-458a-a729-6775c4d71588:hover {\n                background:color-mix(in srgb, var(--wp--preset--color--quaternary) 50%, transparent) !important;\n            }\n    <\/style><a id=\"u8b-box-93e61b7e-0d05-458a-a729-6775c4d71588\" class=\"wp-block-upgr8-base-plugin-box upgr8-base-plugin_box-content  upgr8-base-plugin_content-height upgr8-base-plugin_align-items-center-desktop upgr8-base-plugin_justify-content-center-desktop upgr8-base-plugin_backgroundImagePosition-desktop-left-top upgr8-base-plugin_background-image-size-contain upgr8-base-plugin_background-image-no-repeat upgr8-base-plugin_padding-top-desktop-1 upgr8-base-plugin_padding-right-desktop-1 upgr8-base-plugin_padding-bottom-desktop-1 upgr8-base-plugin_padding-left-desktop-1\" style=\"border-radius:100px;background-color:color-mix(in srgb, var(--wp--preset--color--custom-ec-7-ba-7) 100%, transparent)\" href=\"https:\/\/calendall.development.upgr8.dev\/en\/features\/appointment-reminders\/\" target=\"\" rel=\"noopener\">\n<div class=\"wp-block-upgr8-base-plugin-text-block upgr8-base-plugin_text-block upgr8-base-plugin_justify-content-center-desktop  upgr8-base-plugin_fontSize-desktop-sm upgr8-base-plugin_fontSize-mobile-xs upgr8-base-plugin_text-alignment-center-desktop\" style=\"color:\"><p><mark style=\"background-color:rgba(0, 0, 0, 0);color:#ffffff\" class=\"has-inline-color\">View more<\/mark><\/p><\/div>\n<\/a>\n<\/div>\n<\/div>\n\n\n\n<div class=\"wp-block-upgr8-base-plugin-container-column upgr8-base-plugin_col-mobile-6 upgr8-base-plugin_col-desktop-4  upgr8-base-plugin_backgroundImagePosition-desktop-left-top upgr8-base-plugin_background-image-size-contain upgr8-base-plugin_background-image-no-repeat\">\n<style>\n            #u8b-box-372aad12-6745-400a-9826-7b5e8d3aeb88:hover {\n                \n            }\n    <\/style><div id=\"u8b-box-372aad12-6745-400a-9826-7b5e8d3aeb88\" class=\"wp-block-upgr8-base-plugin-box upgr8-base-plugin_box-content  upgr8-base-plugin_content-height upgr8-base-plugin_backgroundImagePosition-desktop-left-top upgr8-base-plugin_background-image-size-contain upgr8-base-plugin_background-image-no-repeat upgr8-base-plugin_padding-top-desktop-1 upgr8-base-plugin_padding-right-desktop-1 upgr8-base-plugin_padding-bottom-desktop-3 upgr8-base-plugin_padding-left-desktop-1\" style=\"border-radius:20px;background-color:color-mix(in srgb, var(--wp--preset--color--custom-baa-5-f-1) 20%, transparent)\">\n<style>\n        #upgr8-base-plugin_image-bb588ad4-9442-4f65-a773-9c7b7959d884 img{\n            width: 120px;\n        }\n    \n        @media (max-width: 768px){\n            #upgr8-base-plugin_image-bb588ad4-9442-4f65-a773-9c7b7959d884 img{\n                width: 80px;\n            }\n        }\n    <\/style><picture id=\"upgr8-base-plugin_image-bb588ad4-9442-4f65-a773-9c7b7959d884\" class=\"wp-block-upgr8-base-plugin-image  upgr8-base-plugin_image upgr8-base-plugin_justify-content-center-desktop\"><source media=\"(max-width:768px)\" srcset=\"https:\/\/calendall.development.upgr8.dev\/app\/uploads\/2025\/08\/Icon-calndarsoftware-with-reports-hair-salons.png\" alt=\"calendar appointment software with reports fo hair salons\"\/><img decoding=\"async\" src=\"https:\/\/calendall.development.upgr8.dev\/app\/uploads\/2025\/08\/Icon-analytics-and-reports-beauty-hair-salons.png\" alt=\"Analytics and report software for hair and beauty studios\" loading=\"lazy\" width=\"200\" height=\"200\"\/><\/picture>\n\n\n\n<h3 class=\"wp-block-upgr8-base-plugin-headline-block headline-content  upgr8-base-plugin_fontSize-desktop-md upgr8-base-plugin_fontSize-mobile-sm upgr8-base-plugin_text-alignment-center-desktop upgr8-base-plugin_margin-bottom-desktop-1\" style=\"color:\"><strong><mark style=\"background-color:rgba(0, 0, 0, 0)\" class=\"has-inline-color has-custom-baa-5-f-1-color\"><strong><strong>Analytics &amp; reports<\/strong><\/strong><\/mark><\/strong><\/h3>\n\n\n\n<style>\n            #u8b-box-99d305ba-5e09-45e1-8a81-fd99078bb0f4:hover {\n                background:color-mix(in srgb, var(--wp--preset--color--quaternary) 50%, transparent) !important;\n            }\n    <\/style><a id=\"u8b-box-99d305ba-5e09-45e1-8a81-fd99078bb0f4\" class=\"wp-block-upgr8-base-plugin-box upgr8-base-plugin_box-content  upgr8-base-plugin_content-height upgr8-base-plugin_align-items-center-desktop upgr8-base-plugin_justify-content-center-desktop upgr8-base-plugin_backgroundImagePosition-desktop-left-top upgr8-base-plugin_background-image-size-contain upgr8-base-plugin_background-image-no-repeat upgr8-base-plugin_padding-top-desktop-1 upgr8-base-plugin_padding-right-desktop-1 upgr8-base-plugin_padding-bottom-desktop-1 upgr8-base-plugin_padding-left-desktop-1\" style=\"border-radius:100px;background-color:color-mix(in srgb, var(--wp--preset--color--custom-baa-5-f-1) 100%, transparent)\" href=\"https:\/\/calendall.development.upgr8.dev\/en\/features\/statistiken\/\" target=\"\" rel=\"noopener\">\n<div class=\"wp-block-upgr8-base-plugin-text-block upgr8-base-plugin_text-block upgr8-base-plugin_justify-content-center-desktop  upgr8-base-plugin_fontSize-desktop-sm upgr8-base-plugin_fontSize-mobile-xs upgr8-base-plugin_text-alignment-center-desktop\" style=\"color:\"><p><mark style=\"background-color:rgba(0, 0, 0, 0);color:#ffffff\" class=\"has-inline-color\">View more<\/mark><\/p><\/div>\n<\/a>\n<\/div>\n<\/div>\n\n\n\n<div class=\"wp-block-upgr8-base-plugin-container-column upgr8-base-plugin_col-mobile-6 upgr8-base-plugin_col-desktop-4  upgr8-base-plugin_backgroundImagePosition-desktop-left-top upgr8-base-plugin_background-image-size-contain upgr8-base-plugin_background-image-no-repeat\">\n<style>\n            #u8b-box-6aa130a3-aa81-4da0-887a-53b08a9d9699:hover {\n                \n            }\n    <\/style><div id=\"u8b-box-6aa130a3-aa81-4da0-887a-53b08a9d9699\" class=\"wp-block-upgr8-base-plugin-box upgr8-base-plugin_box-content  upgr8-base-plugin_content-height upgr8-base-plugin_backgroundImagePosition-desktop-left-top upgr8-base-plugin_background-image-size-contain upgr8-base-plugin_background-image-no-repeat upgr8-base-plugin_padding-top-desktop-1 upgr8-base-plugin_padding-right-desktop-1 upgr8-base-plugin_padding-bottom-desktop-3 upgr8-base-plugin_padding-left-desktop-1\" style=\"border-radius:20px;background-color:color-mix(in srgb, var(--wp--preset--color--custom-d-48-fca) 20%, transparent)\">\n<style>\n        #upgr8-base-plugin_image-bb588ad4-9442-4f65-a773-9c7b7959d884 img{\n            width: 120px;\n        }\n    \n        @media (max-width: 768px){\n            #upgr8-base-plugin_image-bb588ad4-9442-4f65-a773-9c7b7959d884 img{\n                width: 80px;\n            }\n        }\n    <\/style><picture id=\"upgr8-base-plugin_image-bb588ad4-9442-4f65-a773-9c7b7959d884\" class=\"wp-block-upgr8-base-plugin-image  upgr8-base-plugin_image upgr8-base-plugin_justify-content-center-desktop\"><source media=\"(max-width:768px)\" srcset=\"https:\/\/calendall.development.upgr8.dev\/app\/uploads\/2025\/08\/Icon-online-booking-software-for-hair-dresser-studio-salon.png\" alt=\"online booking software for hair salons\"\/><img decoding=\"async\" src=\"https:\/\/calendall.development.upgr8.dev\/app\/uploads\/2025\/08\/icon-onlinebooking-sofwtare-beauty-hair-salons.png\" alt=\"online booking software for beauty and hair studios\" loading=\"lazy\" width=\"200\" height=\"200\"\/><\/picture>\n\n\n\n<h3 class=\"wp-block-upgr8-base-plugin-headline-block headline-content  upgr8-base-plugin_fontSize-desktop-md upgr8-base-plugin_fontSize-mobile-sm upgr8-base-plugin_text-alignment-center-desktop upgr8-base-plugin_margin-bottom-desktop-1\" style=\"color:\"><strong><strong><strong><mark style=\"background-color:rgba(0, 0, 0, 0)\" class=\"has-inline-color has-custom-d-48-fca-color\">Online booking<\/mark><\/strong><\/strong><\/strong><\/h3>\n\n\n\n<style>\n            #u8b-box-fa35fefa-7510-44e8-9ad2-6d5eaf300096:hover {\n                background:color-mix(in srgb, var(--wp--preset--color--quaternary) 50%, transparent) !important;\n            }\n    <\/style><a id=\"u8b-box-fa35fefa-7510-44e8-9ad2-6d5eaf300096\" class=\"wp-block-upgr8-base-plugin-box upgr8-base-plugin_box-content  upgr8-base-plugin_content-height upgr8-base-plugin_align-items-center-desktop upgr8-base-plugin_justify-content-center-desktop upgr8-base-plugin_backgroundImagePosition-desktop-left-top upgr8-base-plugin_background-image-size-contain upgr8-base-plugin_background-image-no-repeat upgr8-base-plugin_padding-top-desktop-1 upgr8-base-plugin_padding-right-desktop-1 upgr8-base-plugin_padding-bottom-desktop-1 upgr8-base-plugin_padding-left-desktop-1\" style=\"border-radius:100px;background-color:color-mix(in srgb, var(--wp--preset--color--custom-d-48-fca) 100%, transparent)\" href=\"https:\/\/calendall.development.upgr8.dev\/en\/features\/onlinebuchung\/\" target=\"\" rel=\"noopener\">\n<div class=\"wp-block-upgr8-base-plugin-text-block upgr8-base-plugin_text-block upgr8-base-plugin_justify-content-center-desktop  upgr8-base-plugin_fontSize-desktop-sm upgr8-base-plugin_text-alignment-center-desktop\" style=\"color:\"><p><mark style=\"background-color:rgba(0, 0, 0, 0);color:#ffffff\" class=\"has-inline-color\">View more<\/mark><\/p><\/div>\n<\/a>\n<\/div>\n<\/div>\n\n\n\n<div class=\"wp-block-upgr8-base-plugin-container-column upgr8-base-plugin_col-mobile-6 upgr8-base-plugin_col-desktop-4  upgr8-base-plugin_backgroundImagePosition-desktop-left-top upgr8-base-plugin_background-image-size-contain upgr8-base-plugin_background-image-no-repeat\">\n<style>\n            #u8b-box-c6d692b7-a075-4cc9-b9d5-37949b8f83f1:hover {\n                \n            }\n    <\/style><div id=\"u8b-box-c6d692b7-a075-4cc9-b9d5-37949b8f83f1\" class=\"wp-block-upgr8-base-plugin-box upgr8-base-plugin_box-content  upgr8-base-plugin_content-height upgr8-base-plugin_backgroundImagePosition-desktop-left-top upgr8-base-plugin_background-image-size-contain upgr8-base-plugin_background-image-no-repeat upgr8-base-plugin_padding-top-desktop-1 upgr8-base-plugin_padding-right-desktop-1 upgr8-base-plugin_padding-bottom-desktop-3 upgr8-base-plugin_padding-left-desktop-1\" style=\"border-radius:20px;background-color:color-mix(in srgb, var(--wp--preset--color--custom-ec-7-ba-7) 20%, transparent)\">\n<style>\n        #upgr8-base-plugin_image-bb588ad4-9442-4f65-a773-9c7b7959d884 img{\n            width: 120px;\n        }\n    \n        @media (max-width: 768px){\n            #upgr8-base-plugin_image-bb588ad4-9442-4f65-a773-9c7b7959d884 img{\n                width: 80px;\n            }\n        }\n    <\/style><picture id=\"upgr8-base-plugin_image-bb588ad4-9442-4f65-a773-9c7b7959d884\" class=\"wp-block-upgr8-base-plugin-image  upgr8-base-plugin_image upgr8-base-plugin_justify-content-center-desktop\"><source media=\"(max-width:768px)\" srcset=\"https:\/\/calendall.development.upgr8.dev\/app\/uploads\/2025\/08\/icon-appointment-software-with-staff-scheduling-hairsalons.png\" alt=\"staff scheduling appointment software hair salon\"\/><img decoding=\"async\" src=\"https:\/\/calendall.development.upgr8.dev\/app\/uploads\/2025\/08\/icon-staff-scheduling-hair-beauty-studio.png\" alt=\"staff scheduling hair and beauty salon\" loading=\"lazy\" width=\"200\" height=\"200\"\/><\/picture>\n\n\n\n<h3 class=\"wp-block-upgr8-base-plugin-headline-block headline-content  upgr8-base-plugin_fontSize-desktop-md upgr8-base-plugin_fontSize-mobile-sm upgr8-base-plugin_text-alignment-center-desktop upgr8-base-plugin_margin-bottom-desktop-1\" style=\"color:\"><strong><strong><strong><mark style=\"background-color:rgba(0, 0, 0, 0)\" class=\"has-inline-color has-custom-ec-7-ba-7-color\">Staff scheduling<\/mark><\/strong><\/strong><\/strong><\/h3>\n\n\n\n<style>\n            #u8b-box-5a62be59-179e-4485-86ad-3e6ddde7b95c:hover {\n                background:color-mix(in srgb, var(--wp--preset--color--quaternary) 50%, transparent) !important;\n            }\n    <\/style><a id=\"u8b-box-5a62be59-179e-4485-86ad-3e6ddde7b95c\" class=\"wp-block-upgr8-base-plugin-box upgr8-base-plugin_box-content  upgr8-base-plugin_content-height upgr8-base-plugin_align-items-center-desktop upgr8-base-plugin_justify-content-center-desktop upgr8-base-plugin_backgroundImagePosition-desktop-left-top upgr8-base-plugin_background-image-size-contain upgr8-base-plugin_background-image-no-repeat upgr8-base-plugin_padding-top-desktop-1 upgr8-base-plugin_padding-right-desktop-1 upgr8-base-plugin_padding-bottom-desktop-1 upgr8-base-plugin_padding-left-desktop-1\" style=\"border-radius:100px;background-color:color-mix(in srgb, var(--wp--preset--color--custom-ec-7-ba-7) 100%, transparent)\" href=\"https:\/\/calendall.development.upgr8.dev\/en\/features\/online-calendar\/\" target=\"\" rel=\"noopener\">\n\n<div class=\"wp-block-upgr8-base-plugin-text-block upgr8-base-plugin_text-block upgr8-base-plugin_justify-content-center-desktop  upgr8-base-plugin_fontSize-desktop-sm upgr8-base-plugin_text-alignment-center-desktop\" style=\"color:\"><p><mark style=\"background-color:rgba(0, 0, 0, 0);color:#ffffff\" class=\"has-inline-color\">View more<\/mark><\/p><\/div>\n\n<\/a>\n<\/div>\n<\/div>\n<\/div><\/div><\/div>\n\n\n\n<div class=\"wp-block-upgr8-base-plugin-container upgr8-base-plugin_container-wrapper  upgr8-base-plugin_backgroundImagePosition-desktop-left-top upgr8-base-plugin_background-image-size-contain upgr8-base-plugin_background-image-no-repeat upgr8-base-plugin_margin-bottom-desktop-3 upgr8-base-plugin_hide-mobile\"><div class=\"upgr8-base-plugin_container upgr8-base-plugin_container-boxed\"><div class=\"upgr8-base-plugin_row            \">\n<div class=\"wp-block-upgr8-base-plugin-container-column upgr8-base-plugin_col-mobile-12 upgr8-base-plugin_col-desktop-4  upgr8-base-plugin_backgroundImagePosition-desktop-left-top upgr8-base-plugin_background-image-size-contain upgr8-base-plugin_background-image-no-repeat\">\n<style>\n            #u8b-box-ae77958f-1ed7-45d2-997c-597ecc99e5c2:hover {\n                \n            }\n    <\/style><div id=\"u8b-box-ae77958f-1ed7-45d2-997c-597ecc99e5c2\" class=\"wp-block-upgr8-base-plugin-box upgr8-base-plugin_box-content  upgr8-base-plugin_content-height upgr8-base-plugin_backgroundImagePosition-desktop-left-top upgr8-base-plugin_background-image-size-contain upgr8-base-plugin_background-image-no-repeat upgr8-base-plugin_padding-top-desktop-1 upgr8-base-plugin_padding-right-desktop-1 upgr8-base-plugin_padding-bottom-desktop-3 upgr8-base-plugin_padding-left-desktop-1\" style=\"border-radius:20px;background-color:color-mix(in srgb, var(--wp--preset--color--custom-baa-5-f-1) 20%, transparent)\">\n<style>\n        #upgr8-base-plugin_image-bb588ad4-9442-4f65-a773-9c7b7959d884 img{\n            width: 120px;\n        }\n    <\/style><picture id=\"upgr8-base-plugin_image-bb588ad4-9442-4f65-a773-9c7b7959d884\" class=\"wp-block-upgr8-base-plugin-image  upgr8-base-plugin_image upgr8-base-plugin_justify-content-center-desktop\"><img decoding=\"async\" src=\"https:\/\/calendall.development.upgr8.dev\/app\/uploads\/2025\/08\/Icon-digital-calendar-for-hair-studios.png\" alt=\"Online appointment planner for hair dresser\" loading=\"lazy\" width=\"200\" height=\"200\"\/><\/picture>\n\n\n\n<h3 class=\"wp-block-upgr8-base-plugin-headline-block headline-content  upgr8-base-plugin_fontSize-desktop-md upgr8-base-plugin_text-alignment-center-desktop upgr8-base-plugin_margin-bottom-desktop-1\" style=\"color:\"><strong><mark style=\"background-color:rgba(0, 0, 0, 0)\" class=\"has-inline-color has-custom-baa-5-f-1-color\"><strong><strong>Digital calendar<\/strong><\/strong><\/mark><\/strong><\/h3>\n\n\n\n<div class=\"wp-block-upgr8-base-plugin-text-block upgr8-base-plugin_text-block upgr8-base-plugin_justify-content-center-desktop  upgr8-base-plugin_fontSize-desktop-sm upgr8-base-plugin_text-alignment-center-desktop upgr8-base-plugin_padding-bottom-desktop-2\" style=\"color:\"><p>Manage salon appointments anywhere \u2013 on PC, tablet, or smartphone. Simple, flexible, and crystal clear for stylists and reception teams.<\/p><\/div>\n\n\n\n<style>\n            #u8b-box-1512c58f-b461-4a61-b0d1-aa7620271204:hover {\n                background:color-mix(in srgb, var(--wp--preset--color--quaternary) 50%, transparent) !important;\n            }\n    <\/style><a id=\"u8b-box-1512c58f-b461-4a61-b0d1-aa7620271204\" class=\"wp-block-upgr8-base-plugin-box upgr8-base-plugin_box-content  upgr8-base-plugin_content-height upgr8-base-plugin_align-items-center-desktop upgr8-base-plugin_justify-content-center-desktop upgr8-base-plugin_backgroundImagePosition-desktop-left-top upgr8-base-plugin_background-image-size-contain upgr8-base-plugin_background-image-no-repeat upgr8-base-plugin_padding-top-desktop-1 upgr8-base-plugin_padding-right-desktop-1 upgr8-base-plugin_padding-bottom-desktop-1 upgr8-base-plugin_padding-left-desktop-1\" style=\"border-radius:100px;background-color:color-mix(in srgb, var(--wp--preset--color--custom-baa-5-f-1) 100%, transparent)\" href=\"https:\/\/calendall.development.upgr8.dev\/en\/features\/online-calendar\/\" target=\"\" rel=\"noopener\">\n<div class=\"wp-block-upgr8-base-plugin-text-block upgr8-base-plugin_text-block upgr8-base-plugin_justify-content-center-desktop  upgr8-base-plugin_fontSize-desktop-sm upgr8-base-plugin_text-alignment-center-desktop\" style=\"color:\"><p><mark style=\"background-color:rgba(0, 0, 0, 0);color:#ffffff\" class=\"has-inline-color\">Discover calendar features<\/mark><\/p><\/div>\n<\/a>\n<\/div>\n<\/div>\n\n\n\n<div class=\"wp-block-upgr8-base-plugin-container-column upgr8-base-plugin_col-mobile-12 upgr8-base-plugin_col-desktop-4  upgr8-base-plugin_backgroundImagePosition-desktop-left-top upgr8-base-plugin_background-image-size-contain upgr8-base-plugin_background-image-no-repeat\">\n<style>\n            #u8b-box-2ad5f7be-cde2-4f9d-ab37-010a1cff402a:hover {\n                \n            }\n    <\/style><div id=\"u8b-box-2ad5f7be-cde2-4f9d-ab37-010a1cff402a\" class=\"wp-block-upgr8-base-plugin-box upgr8-base-plugin_box-content  upgr8-base-plugin_content-height upgr8-base-plugin_backgroundImagePosition-desktop-left-top upgr8-base-plugin_background-image-size-contain upgr8-base-plugin_background-image-no-repeat upgr8-base-plugin_padding-top-desktop-1 upgr8-base-plugin_padding-right-desktop-1 upgr8-base-plugin_padding-bottom-desktop-3 upgr8-base-plugin_padding-left-desktop-1\" style=\"border-radius:20px;background-color:color-mix(in srgb, var(--wp--preset--color--custom-d-48-fca) 20%, transparent)\">\n<style>\n        #upgr8-base-plugin_image-bb588ad4-9442-4f65-a773-9c7b7959d884 img{\n            width: 120px;\n        }\n    <\/style><picture id=\"upgr8-base-plugin_image-bb588ad4-9442-4f65-a773-9c7b7959d884\" class=\"wp-block-upgr8-base-plugin-image  upgr8-base-plugin_image upgr8-base-plugin_justify-content-center-desktop\"><img decoding=\"async\" src=\"https:\/\/calendall.development.upgr8.dev\/app\/uploads\/2025\/08\/Icon-client-profil-management-hairdresser.png\" alt=\"online client profil for hair dressing studios\" loading=\"lazy\" width=\"200\" height=\"200\"\/><\/picture>\n\n\n\n<h3 class=\"wp-block-upgr8-base-plugin-headline-block headline-content  upgr8-base-plugin_fontSize-desktop-md upgr8-base-plugin_text-alignment-center-desktop upgr8-base-plugin_margin-bottom-desktop-1\" style=\"color:var(--wp--preset--color--custom-d-48-fca)\"><strong><strong><strong><mark style=\"background-color:rgba(0, 0, 0, 0)\" class=\"has-inline-color has-custom-d-48-fca-color\">Client Management<\/mark><\/strong><\/strong><\/strong><\/h3>\n\n\n\n<div class=\"wp-block-upgr8-base-plugin-text-block upgr8-base-plugin_text-block upgr8-base-plugin_justify-content-center-desktop  upgr8-base-plugin_fontSize-desktop-sm upgr8-base-plugin_text-alignment-center-desktop upgr8-base-plugin_padding-bottom-desktop-2\" style=\"color:\"><p>Securely store client data, hair treatment history, and preferences online \u2013 for personalized service and better customer loyalty.<\/p><\/div>\n\n\n\n<style>\n            #u8b-box-745bb3c8-e928-49e6-a47c-8aa71b1748db:hover {\n                background:color-mix(in srgb, var(--wp--preset--color--quaternary) 50%, transparent) !important;\n            }\n    <\/style><a id=\"u8b-box-745bb3c8-e928-49e6-a47c-8aa71b1748db\" class=\"wp-block-upgr8-base-plugin-box upgr8-base-plugin_box-content  upgr8-base-plugin_content-height upgr8-base-plugin_align-items-center-desktop upgr8-base-plugin_justify-content-center-desktop upgr8-base-plugin_backgroundImagePosition-desktop-left-top upgr8-base-plugin_background-image-size-contain upgr8-base-plugin_background-image-no-repeat upgr8-base-plugin_padding-top-desktop-1 upgr8-base-plugin_padding-right-desktop-1 upgr8-base-plugin_padding-bottom-desktop-1 upgr8-base-plugin_padding-left-desktop-1\" style=\"border-radius:100px;background-color:color-mix(in srgb, var(--wp--preset--color--custom-d-48-fca) 100%, transparent)\" href=\"https:\/\/calendall.development.upgr8.dev\/en\/features\/digital-customer-file\/\" target=\"\" rel=\"noopener\">\n<div class=\"wp-block-upgr8-base-plugin-text-block upgr8-base-plugin_text-block upgr8-base-plugin_justify-content-center-desktop  upgr8-base-plugin_fontSize-desktop-sm upgr8-base-plugin_text-alignment-center-desktop\" style=\"color:\"><p><mark style=\"background-color:rgba(0, 0, 0, 0);color:#ffffff\" class=\"has-inline-color\">View client management<\/mark><\/p><\/div>\n<\/a>\n<\/div>\n<\/div>\n\n\n\n<div class=\"wp-block-upgr8-base-plugin-container-column upgr8-base-plugin_col-mobile-12 upgr8-base-plugin_col-desktop-4  upgr8-base-plugin_backgroundImagePosition-desktop-left-top upgr8-base-plugin_background-image-size-contain upgr8-base-plugin_background-image-no-repeat\">\n<style>\n            #u8b-box-101c199d-454c-4135-9508-3f2894553f1c:hover {\n                \n            }\n    <\/style><div id=\"u8b-box-101c199d-454c-4135-9508-3f2894553f1c\" class=\"wp-block-upgr8-base-plugin-box upgr8-base-plugin_box-content  upgr8-base-plugin_content-height upgr8-base-plugin_backgroundImagePosition-desktop-left-top upgr8-base-plugin_background-image-size-contain upgr8-base-plugin_background-image-no-repeat upgr8-base-plugin_padding-top-desktop-1 upgr8-base-plugin_padding-right-desktop-1 upgr8-base-plugin_padding-bottom-desktop-3 upgr8-base-plugin_padding-left-desktop-1\" style=\"border-radius:20px;background-color:color-mix(in srgb, var(--wp--preset--color--custom-ec-7-ba-7) 20%, transparent)\">\n<style>\n        #upgr8-base-plugin_image-bb588ad4-9442-4f65-a773-9c7b7959d884 img{\n            width: 120px;\n        }\n    <\/style><picture id=\"upgr8-base-plugin_image-bb588ad4-9442-4f65-a773-9c7b7959d884\" class=\"wp-block-upgr8-base-plugin-image  upgr8-base-plugin_image upgr8-base-plugin_justify-content-center-desktop\"><img decoding=\"async\" src=\"https:\/\/calendall.development.upgr8.dev\/app\/uploads\/2025\/08\/Icon-reminder-software-for-hair-salons.png\" alt=\"appointment reminder software for hairdressing studios\" loading=\"lazy\" width=\"200\" height=\"200\"\/><\/picture>\n\n\n\n<h3 class=\"wp-block-upgr8-base-plugin-headline-block headline-content  upgr8-base-plugin_fontSize-desktop-md upgr8-base-plugin_text-alignment-center-desktop upgr8-base-plugin_margin-bottom-desktop-1\" style=\"color:\"><strong><strong><strong><mark style=\"background-color:rgba(0, 0, 0, 0)\" class=\"has-inline-color has-custom-ec-7-ba-7-color\">Appointment reminders<\/mark><\/strong><\/strong><\/strong><\/h3>\n\n\n\n<div class=\"wp-block-upgr8-base-plugin-text-block upgr8-base-plugin_text-block upgr8-base-plugin_justify-content-center-desktop  upgr8-base-plugin_fontSize-desktop-sm upgr8-base-plugin_text-alignment-center-desktop upgr8-base-plugin_padding-bottom-desktop-2\" style=\"color:\"><p>Reduce no-shows by up to 80% with automated SMS and email reminders \u2013 keeping your chairs full and your day running smoothly.<\/p><\/div>\n\n\n\n<style>\n            #u8b-box-a86029f7-b98b-4b73-b1c1-41671c662c92:hover {\n                background:color-mix(in srgb, var(--wp--preset--color--quaternary) 50%, transparent) !important;\n            }\n    <\/style><a id=\"u8b-box-a86029f7-b98b-4b73-b1c1-41671c662c92\" class=\"wp-block-upgr8-base-plugin-box upgr8-base-plugin_box-content  upgr8-base-plugin_content-height upgr8-base-plugin_align-items-center-desktop upgr8-base-plugin_justify-content-center-desktop upgr8-base-plugin_backgroundImagePosition-desktop-left-top upgr8-base-plugin_background-image-size-contain upgr8-base-plugin_background-image-no-repeat upgr8-base-plugin_padding-top-desktop-1 upgr8-base-plugin_padding-right-desktop-1 upgr8-base-plugin_padding-bottom-desktop-1 upgr8-base-plugin_padding-left-desktop-1\" style=\"border-radius:100px;background-color:color-mix(in srgb, var(--wp--preset--color--custom-ec-7-ba-7) 100%, transparent)\" href=\"https:\/\/calendall.development.upgr8.dev\/en\/features\/appointment-reminders\/\" target=\"\" rel=\"noopener\">\n<div class=\"wp-block-upgr8-base-plugin-text-block upgr8-base-plugin_text-block upgr8-base-plugin_justify-content-center-desktop  upgr8-base-plugin_fontSize-desktop-sm upgr8-base-plugin_text-alignment-center-desktop\" style=\"color:\"><p><mark style=\"background-color:rgba(0, 0, 0, 0);color:#ffffff\" class=\"has-inline-color\">How reminders help<\/mark><\/p><\/div>\n<\/a>\n<\/div>\n<\/div>\n\n\n\n<div class=\"wp-block-upgr8-base-plugin-container-column upgr8-base-plugin_col-mobile-12 upgr8-base-plugin_col-desktop-4  upgr8-base-plugin_backgroundImagePosition-desktop-left-top upgr8-base-plugin_background-image-size-contain upgr8-base-plugin_background-image-no-repeat\">\n<style>\n            #u8b-box-d9c22839-cc65-4138-a59a-47571099a37a:hover {\n                \n            }\n    <\/style><div id=\"u8b-box-d9c22839-cc65-4138-a59a-47571099a37a\" class=\"wp-block-upgr8-base-plugin-box upgr8-base-plugin_box-content  upgr8-base-plugin_content-height upgr8-base-plugin_backgroundImagePosition-desktop-left-top upgr8-base-plugin_background-image-size-contain upgr8-base-plugin_background-image-no-repeat upgr8-base-plugin_padding-top-desktop-1 upgr8-base-plugin_padding-right-desktop-1 upgr8-base-plugin_padding-bottom-desktop-3 upgr8-base-plugin_padding-left-desktop-1\" style=\"border-radius:20px;background-color:color-mix(in srgb, var(--wp--preset--color--custom-baa-5-f-1) 20%, transparent)\">\n<style>\n        #upgr8-base-plugin_image-bb588ad4-9442-4f65-a773-9c7b7959d884 img{\n            width: 120px;\n        }\n    <\/style><picture id=\"upgr8-base-plugin_image-bb588ad4-9442-4f65-a773-9c7b7959d884\" class=\"wp-block-upgr8-base-plugin-image  upgr8-base-plugin_image upgr8-base-plugin_justify-content-center-desktop\"><img decoding=\"async\" src=\"https:\/\/calendall.development.upgr8.dev\/app\/uploads\/2025\/08\/Icon-calndarsoftware-with-reports-hair-salons.png\" alt=\"calendar appointment software with reports fo hair salons \" loading=\"lazy\" width=\"200\" height=\"200\"\/><\/picture>\n\n\n\n<h3 class=\"wp-block-upgr8-base-plugin-headline-block headline-content  upgr8-base-plugin_fontSize-desktop-md upgr8-base-plugin_text-alignment-center-desktop upgr8-base-plugin_margin-bottom-desktop-1\" style=\"color:\"><strong><mark style=\"background-color:rgba(0, 0, 0, 0)\" class=\"has-inline-color has-custom-baa-5-f-1-color\"><strong><strong>Analytics &amp; reports<\/strong><\/strong><\/mark><\/strong><\/h3>\n\n\n\n<div class=\"wp-block-upgr8-base-plugin-text-block upgr8-base-plugin_text-block upgr8-base-plugin_justify-content-center-desktop  upgr8-base-plugin_fontSize-desktop-sm upgr8-base-plugin_text-alignment-center-desktop upgr8-base-plugin_padding-bottom-desktop-2\" style=\"color:\"><p>Track your salon\u2019s performance and chair utilization at a glance \u2013 with simple reports and statistics.<\/p><\/div>\n\n\n\n<style>\n            #u8b-box-23588812-bc61-496c-a9fa-67f8d325e6b7:hover {\n                background:color-mix(in srgb, var(--wp--preset--color--quaternary) 50%, transparent) !important;\n            }\n    <\/style><a id=\"u8b-box-23588812-bc61-496c-a9fa-67f8d325e6b7\" class=\"wp-block-upgr8-base-plugin-box upgr8-base-plugin_box-content  upgr8-base-plugin_content-height upgr8-base-plugin_align-items-center-desktop upgr8-base-plugin_justify-content-center-desktop upgr8-base-plugin_backgroundImagePosition-desktop-left-top upgr8-base-plugin_background-image-size-contain upgr8-base-plugin_background-image-no-repeat upgr8-base-plugin_padding-top-desktop-1 upgr8-base-plugin_padding-right-desktop-1 upgr8-base-plugin_padding-bottom-desktop-1 upgr8-base-plugin_padding-left-desktop-1\" style=\"border-radius:100px;background-color:color-mix(in srgb, var(--wp--preset--color--custom-baa-5-f-1) 100%, transparent)\" href=\"https:\/\/calendall.development.upgr8.dev\/en\/features\/statistiken\/\" target=\"\" rel=\"noopener\">\n<div class=\"wp-block-upgr8-base-plugin-text-block upgr8-base-plugin_text-block upgr8-base-plugin_justify-content-center-desktop  upgr8-base-plugin_fontSize-desktop-sm upgr8-base-plugin_text-alignment-center-desktop\" style=\"color:\"><p><mark style=\"background-color:rgba(0, 0, 0, 0);color:#ffffff\" class=\"has-inline-color\">View reports<\/mark><\/p><\/div>\n<\/a>\n<\/div>\n<\/div>\n\n\n\n<div class=\"wp-block-upgr8-base-plugin-container-column upgr8-base-plugin_col-mobile-12 upgr8-base-plugin_col-desktop-4  upgr8-base-plugin_backgroundImagePosition-desktop-left-top upgr8-base-plugin_background-image-size-contain upgr8-base-plugin_background-image-no-repeat\">\n<style>\n            #u8b-box-a8d73583-22ca-4d0f-ac58-db80e25a2280:hover {\n                \n            }\n    <\/style><div id=\"u8b-box-a8d73583-22ca-4d0f-ac58-db80e25a2280\" class=\"wp-block-upgr8-base-plugin-box upgr8-base-plugin_box-content  upgr8-base-plugin_content-height upgr8-base-plugin_backgroundImagePosition-desktop-left-top upgr8-base-plugin_background-image-size-contain upgr8-base-plugin_background-image-no-repeat upgr8-base-plugin_padding-top-desktop-1 upgr8-base-plugin_padding-right-desktop-1 upgr8-base-plugin_padding-bottom-desktop-3 upgr8-base-plugin_padding-left-desktop-1\" style=\"border-radius:20px;background-color:color-mix(in srgb, var(--wp--preset--color--custom-d-48-fca) 20%, transparent)\">\n<style>\n        #upgr8-base-plugin_image-bb588ad4-9442-4f65-a773-9c7b7959d884 img{\n            width: 120px;\n        }\n    <\/style><picture id=\"upgr8-base-plugin_image-bb588ad4-9442-4f65-a773-9c7b7959d884\" class=\"wp-block-upgr8-base-plugin-image  upgr8-base-plugin_image upgr8-base-plugin_justify-content-center-desktop\"><img decoding=\"async\" src=\"https:\/\/calendall.development.upgr8.dev\/app\/uploads\/2025\/08\/Icon-online-booking-software-for-hair-dresser-studio-salon.png\" alt=\"online booking software for hair salons\" loading=\"lazy\" width=\"200\" height=\"200\"\/><\/picture>\n\n\n\n<h3 class=\"wp-block-upgr8-base-plugin-headline-block headline-content  upgr8-base-plugin_fontSize-desktop-md upgr8-base-plugin_text-alignment-center-desktop upgr8-base-plugin_margin-bottom-desktop-1\" style=\"color:\"><strong><strong><strong><mark style=\"background-color:rgba(0, 0, 0, 0)\" class=\"has-inline-color has-custom-d-48-fca-color\">Online booking<\/mark><\/strong><\/strong><\/strong><\/h3>\n\n\n\n<div class=\"wp-block-upgr8-base-plugin-text-block upgr8-base-plugin_text-block upgr8-base-plugin_justify-content-center-desktop  upgr8-base-plugin_fontSize-desktop-sm upgr8-base-plugin_text-alignment-center-desktop upgr8-base-plugin_padding-bottom-desktop-2\" style=\"color:\"><p>Let clients book haircuts, color services, and treatments 24\/7 via your website, Instagram, and Google.<\/p><\/div>\n\n\n\n<style>\n            #u8b-box-67be7559-c18f-4ecb-bb58-20505ba41df7:hover {\n                background:color-mix(in srgb, var(--wp--preset--color--quaternary) 50%, transparent) !important;\n            }\n    <\/style><a id=\"u8b-box-67be7559-c18f-4ecb-bb58-20505ba41df7\" class=\"wp-block-upgr8-base-plugin-box upgr8-base-plugin_box-content  upgr8-base-plugin_content-height upgr8-base-plugin_align-items-center-desktop upgr8-base-plugin_justify-content-center-desktop upgr8-base-plugin_backgroundImagePosition-desktop-left-top upgr8-base-plugin_background-image-size-contain upgr8-base-plugin_background-image-no-repeat upgr8-base-plugin_padding-top-desktop-1 upgr8-base-plugin_padding-right-desktop-1 upgr8-base-plugin_padding-bottom-desktop-1 upgr8-base-plugin_padding-left-desktop-1\" style=\"border-radius:100px;background-color:color-mix(in srgb, var(--wp--preset--color--custom-d-48-fca) 100%, transparent)\" href=\"https:\/\/calendall.development.upgr8.dev\/en\/features\/onlinebuchung\/\" target=\"\" rel=\"noopener\">\n<div class=\"wp-block-upgr8-base-plugin-text-block upgr8-base-plugin_text-block upgr8-base-plugin_justify-content-center-desktop  upgr8-base-plugin_fontSize-desktop-sm upgr8-base-plugin_text-alignment-center-desktop\" style=\"color:\"><p><mark style=\"background-color:rgba(0, 0, 0, 0);color:#ffffff\" class=\"has-inline-color\"><mark style=\"background-color:rgba(0, 0, 0, 0);color:#ffffff\" class=\"has-inline-color\">View online booking<\/mark><\/mark><\/p><\/div>\n<\/a>\n<\/div>\n<\/div>\n\n\n\n<div class=\"wp-block-upgr8-base-plugin-container-column upgr8-base-plugin_col-mobile-12 upgr8-base-plugin_col-desktop-4  upgr8-base-plugin_backgroundImagePosition-desktop-left-top upgr8-base-plugin_background-image-size-contain upgr8-base-plugin_background-image-no-repeat\">\n<style>\n            #u8b-box-1829cd99-bc7b-42e2-8917-94d1c99772e4:hover {\n                \n            }\n    <\/style><div id=\"u8b-box-1829cd99-bc7b-42e2-8917-94d1c99772e4\" class=\"wp-block-upgr8-base-plugin-box upgr8-base-plugin_box-content  upgr8-base-plugin_content-height upgr8-base-plugin_backgroundImagePosition-desktop-left-top upgr8-base-plugin_background-image-size-contain upgr8-base-plugin_background-image-no-repeat upgr8-base-plugin_padding-top-desktop-1 upgr8-base-plugin_padding-right-desktop-1 upgr8-base-plugin_padding-bottom-desktop-3 upgr8-base-plugin_padding-left-desktop-1\" style=\"border-radius:20px;background-color:color-mix(in srgb, var(--wp--preset--color--custom-ec-7-ba-7) 20%, transparent)\">\n<style>\n        #upgr8-base-plugin_image-bb588ad4-9442-4f65-a773-9c7b7959d884 img{\n            width: 120px;\n        }\n    <\/style><picture id=\"upgr8-base-plugin_image-bb588ad4-9442-4f65-a773-9c7b7959d884\" class=\"wp-block-upgr8-base-plugin-image  upgr8-base-plugin_image upgr8-base-plugin_justify-content-center-desktop\"><img decoding=\"async\" src=\"https:\/\/calendall.development.upgr8.dev\/app\/uploads\/2025\/08\/icon-appointment-software-with-staff-scheduling-hairsalons.png\" alt=\"staff scheduling appointment software hair salon\" loading=\"lazy\" width=\"200\" height=\"200\"\/><\/picture>\n\n\n\n<h3 class=\"wp-block-upgr8-base-plugin-headline-block headline-content  upgr8-base-plugin_fontSize-desktop-md upgr8-base-plugin_text-alignment-center-desktop upgr8-base-plugin_margin-bottom-desktop-1\" style=\"color:\"><strong><strong><strong><mark style=\"background-color:rgba(0, 0, 0, 0)\" class=\"has-inline-color has-custom-ec-7-ba-7-color\">Staff scheduling<\/mark><\/strong><\/strong><\/strong><\/h3>\n\n\n\n<div class=\"wp-block-upgr8-base-plugin-text-block upgr8-base-plugin_text-block upgr8-base-plugin_justify-content-center-desktop  upgr8-base-plugin_fontSize-desktop-sm upgr8-base-plugin_text-alignment-center-desktop upgr8-base-plugin_padding-bottom-desktop-2\" style=\"color:\"><p>Plan stylist shifts and manage availability \u2013 for yourself, your team, and your salon.<\/p><\/div>\n\n\n\n<style>\n            #u8b-box-466366cd-af98-4865-965a-a7a10142da8a:hover {\n                background:color-mix(in srgb, var(--wp--preset--color--quaternary) 50%, transparent) !important;\n            }\n    <\/style><a id=\"u8b-box-466366cd-af98-4865-965a-a7a10142da8a\" class=\"wp-block-upgr8-base-plugin-box upgr8-base-plugin_box-content  upgr8-base-plugin_content-height upgr8-base-plugin_align-items-center-desktop upgr8-base-plugin_justify-content-center-desktop upgr8-base-plugin_backgroundImagePosition-desktop-left-top upgr8-base-plugin_background-image-size-contain upgr8-base-plugin_background-image-no-repeat upgr8-base-plugin_padding-top-desktop-1 upgr8-base-plugin_padding-right-desktop-1 upgr8-base-plugin_padding-bottom-desktop-1 upgr8-base-plugin_padding-left-desktop-1\" style=\"border-radius:100px;background-color:color-mix(in srgb, var(--wp--preset--color--custom-ec-7-ba-7) 100%, transparent)\" href=\"https:\/\/calendall.development.upgr8.dev\/en\/software-for\/online-calendar\/\" target=\"\" rel=\"noopener\">\n\n<div class=\"wp-block-upgr8-base-plugin-text-block upgr8-base-plugin_text-block upgr8-base-plugin_justify-content-center-desktop  upgr8-base-plugin_fontSize-desktop-sm upgr8-base-plugin_text-alignment-center-desktop\" style=\"color:\"><p><mark style=\"background-color:rgba(0, 0, 0, 0);color:#ffffff\" class=\"has-inline-color\">Learn more<\/mark><\/p><\/div>\n\n<\/a>\n<\/div>\n<\/div>\n<\/div><\/div><\/div>\n\n\n\n<div class=\"wp-block-upgr8-base-plugin-container upgr8-base-plugin_container-wrapper  upgr8-base-plugin_backgroundImagePosition-desktop-center-top upgr8-base-plugin_background-image-size-cover upgr8-base-plugin_background-image-no-repeat upgr8-base-plugin_padding-top-desktop-2 upgr8-base-plugin_padding-bottom-desktop-2 upgr8-base-plugin_padding-bottom-mobile-0 upgr8-base-plugin_margin-bottom-desktop-3\" style=\"background-color:color-mix(in srgb, var(--wp--preset--color--senary) 0%, transparent);background-image:url(&quot;https:\/\/calendall.development.upgr8.dev\/app\/uploads\/2025\/03\/HG-1.png&quot;)\"><div class=\"upgr8-base-plugin_container upgr8-base-plugin_container-boxed\"><div class=\"upgr8-base-plugin_row upgr8-base-plugin_justify-content-center-desktop   upgr8-base-plugin_align-items-center-desktop        \">\n<div class=\"wp-block-upgr8-base-plugin-container-column upgr8-base-plugin_col-desktop-12  upgr8-base-plugin_backgroundImagePosition-desktop-left-top upgr8-base-plugin_background-image-size-contain upgr8-base-plugin_background-image-no-repeat\">\n<style>\n        #upgr8-base-plugin_image-be2b8f10-6855-48b7-8a50-5d67fe23515e img{\n            width: 100px;\n        }\n    <\/style><picture id=\"upgr8-base-plugin_image-be2b8f10-6855-48b7-8a50-5d67fe23515e\" class=\"wp-block-upgr8-base-plugin-image  upgr8-base-plugin_image upgr8-base-plugin_justify-content-center-desktop upgr8-base-plugin_padding-top-desktop-0 upgr8-base-plugin_padding-bottom-desktop-5\"><img decoding=\"async\" src=\"https:\/\/calendall.development.upgr8.dev\/app\/uploads\/2024\/11\/Design-ohne-Titel-2.png\" alt=\"Dekoratives Herz-Symbol in Rosa - Lila\" loading=\"lazy\" width=\"1000\" height=\"800\"\/><\/picture>\n<\/div>\n<\/div><\/div><\/div>\n\n\n\n<div class=\"wp-block-upgr8-base-plugin-container upgr8-base-plugin_container-wrapper  upgr8-base-plugin_backgroundImagePosition-desktop-left-top upgr8-base-plugin_background-image-size-contain upgr8-base-plugin_background-image-no-repeat upgr8-base-plugin_margin-bottom-desktop-4\"><div class=\"upgr8-base-plugin_container upgr8-base-plugin_container-boxed\"><div class=\"upgr8-base-plugin_row upgr8-base-plugin_justify-content-center-desktop   upgr8-base-plugin_align-items-center-desktop        \">\n<div class=\"wp-block-upgr8-base-plugin-container-column upgr8-base-plugin_col-mobile-11 upgr8-base-plugin_col-desktop-5  upgr8-base-plugin_backgroundImagePosition-desktop-left-top upgr8-base-plugin_background-image-size-contain upgr8-base-plugin_background-image-no-repeat\">\n<style>\n            #u8b-button-397a9142-6995-4b63-8698-15e23d0c7a81:hover {\n                background:var(--wp--preset--gradient--gradient-one) !important;\n            }\n    <\/style><a id=\"u8b-button-397a9142-6995-4b63-8698-15e23d0c7a81\" class=\"wp-block-upgr8-base-plugin-button-block upgr8-base-plugin_button  upgr8-base-plugin_button-center upgr8-base-plugin_content-width upgr8-base-plugin_button-tertiary upgr8-base-plugin_fontSize-desktop-sm upgr8-base-plugin_padding-top-desktop-1 upgr8-base-plugin_padding-right-desktop-3 upgr8-base-plugin_padding-bottom-desktop-1 upgr8-base-plugin_padding-left-desktop-3 upgr8-base-plugin_margin-bottom-desktop-1\" style=\"border-style:none;border-width:0px;color:var(--wp--preset--color--base);background-color:color-mix(in srgb, var(--wp--preset--color--primary) 100%, transparent)\" href=\"https:\/\/app.calendall.com\/public\/self-signup?_gl=1*1crqm28*_gcl_au*NTgxNzY5OTc5LjE3NDE4ODQxOTE.\" target=\"\" rel=\"noopener\">Start your free trial<\/a>\n\n\n\n<div class=\"wp-block-upgr8-base-plugin-text-block upgr8-base-plugin_text-block upgr8-base-plugin_justify-content-center-desktop  upgr8-base-plugin_fontSize-desktop-sm upgr8-base-plugin_text-alignment-center-desktop\" style=\"color:\"><p>Free, no commitment. <mark style=\"background-color:rgba(0, 0, 0, 0);color:#4566f9\" class=\"has-inline-color\">Try it for 14 days!<\/mark><\/p><\/div>\n<\/div>\n<\/div><\/div><\/div>\n\n\n\n<div class=\"wp-block-upgr8-base-plugin-container upgr8-base-plugin_container-wrapper  upgr8-base-plugin_backgroundImagePosition-desktop-center-top upgr8-base-plugin_background-image-size-full-width-height upgr8-base-plugin_background-image-no-repeat upgr8-base-plugin_padding-top-desktop-2 upgr8-base-plugin_padding-top-mobile-3 upgr8-base-plugin_padding-bottom-desktop-2 upgr8-base-plugin_padding-bottom-mobile-3 upgr8-base-plugin_margin-bottom-desktop-3\" style=\"background:var(--wp--preset--gradient--gradient-one)\"><div class=\"upgr8-base-plugin_container upgr8-base-plugin_container-boxed\"><div class=\"upgr8-base-plugin_row upgr8-base-plugin_justify-content-center-desktop   upgr8-base-plugin_align-items-center-desktop        \">\n<div class=\"wp-block-upgr8-base-plugin-container-column upgr8-base-plugin_col-desktop-12  upgr8-base-plugin_backgroundImagePosition-desktop-left-top upgr8-base-plugin_background-image-size-contain upgr8-base-plugin_background-image-no-repeat\">\n<h2 class=\"wp-block-upgr8-base-plugin-headline-block headline-content  upgr8-base-plugin_fontSize-desktop-md upgr8-base-plugin_text-alignment-center-desktop\" style=\"color:var(--wp--preset--color--base)\"><strong><strong>Book your free intro call<\/strong><\/strong><\/h2>\n\n\n\n<div class=\"wp-block-upgr8-base-plugin-text-block upgr8-base-plugin_text-block upgr8-base-plugin_justify-content-center-desktop  upgr8-base-plugin_fontSize-desktop-sm upgr8-base-plugin_text-alignment-center-desktop\" style=\"color:var(--wp--preset--color--base)\"><p>We\u2019ll take the time \u2013 personal, individual, and free of charge.<\/p><\/div>\n\n\n\n<style>\n        #upgr8-base-plugin_image-2ab9cf23-97dc-451c-bda1-b5a3917aebfc img{\n            width: 600px;\n        }\n    <\/style><picture id=\"upgr8-base-plugin_image-2ab9cf23-97dc-451c-bda1-b5a3917aebfc\" class=\"wp-block-upgr8-base-plugin-image  upgr8-base-plugin_image upgr8-base-plugin_justify-content-center-desktop upgr8-base-plugin_padding-top-desktop-2\"><img decoding=\"async\" src=\"https:\/\/calendall.development.upgr8.dev\/app\/uploads\/2024\/12\/Design-ohne-Titel-11.png\" alt=\"Support Mitarbeiter\" loading=\"lazy\" width=\"1080\" height=\"250\"\/><\/picture>\n\n\n\n<style>\n            #u8b-button-b1c81ab2-0d4f-4075-abf5-69f88664183f:hover {\n                \n            }\n    <\/style><a id=\"u8b-button-b1c81ab2-0d4f-4075-abf5-69f88664183f\" class=\"wp-block-upgr8-base-plugin-button-block upgr8-base-plugin_button  upgr8-base-plugin_button-center upgr8-base-plugin_content-width upgr8-base-plugin_button-tertiary upgr8-base-plugin_fontSize-desktop-xs upgr8-base-plugin_text-alignment-center-desktop upgr8-base-plugin_padding-top-desktop-1 upgr8-base-plugin_padding-top-mobile-1 upgr8-base-plugin_padding-right-desktop-1 upgr8-base-plugin_padding-right-mobile-2 upgr8-base-plugin_padding-bottom-desktop-1 upgr8-base-plugin_padding-bottom-mobile-1 upgr8-base-plugin_padding-left-desktop-1 upgr8-base-plugin_padding-left-mobile-2 upgr8-base-plugin_margin-top-desktop-2\" style=\"border-width:2px;border-radius:1344px;color:\" href=\"https:\/\/app.calendall.com\/public\/booking?id=1bf90bec-b30d-49ed-811f-1e06aeab1315\" target=\"__blank\" rel=\"noopener\"><strong>Schedule a call<\/strong><\/a>\n\n\n\n<div class=\"wp-block-upgr8-base-plugin-text-block upgr8-base-plugin_text-block upgr8-base-plugin_justify-content-center-desktop  upgr8-base-plugin_fontSize-desktop-sm upgr8-base-plugin_text-alignment-center-desktop upgr8-base-plugin_padding-top-desktop-2\" style=\"color:\"><p><mark style=\"background-color:rgba(0, 0, 0, 0)\" class=\"has-inline-color has-base-color\">Just pick a time that suits you \u2013 we\u2019ll take care of the rest!<\/mark><\/p><\/div>\n<\/div>\n<\/div><\/div><\/div>\n\n\n\n<div class=\"wp-block-upgr8-base-plugin-container upgr8-base-plugin_container-wrapper  upgr8-base-plugin_backgroundImagePosition-desktop-left-top upgr8-base-plugin_background-image-size-contain upgr8-base-plugin_background-image-no-repeat upgr8-base-plugin_margin-top-desktop-4 upgr8-base-plugin_margin-bottom-desktop-4 upgr8-base-plugin_hide-mobile\"><div class=\"upgr8-base-plugin_container upgr8-base-plugin_container-boxed\"><div class=\"upgr8-base-plugin_row upgr8-base-plugin_justify-content-center-desktop   upgr8-base-plugin_align-items-center-desktop        \">\n<div class=\"wp-block-upgr8-base-plugin-container-column upgr8-base-plugin_col-desktop-11  upgr8-base-plugin_backgroundImagePosition-desktop-left-top upgr8-base-plugin_background-image-size-contain upgr8-base-plugin_background-image-no-repeat\">\n<style>\n            #u8b-box-41a1fcb2-d6e4-4243-8997-6080807bcbbb:hover {\n                \n            }\n    <\/style><div id=\"u8b-box-41a1fcb2-d6e4-4243-8997-6080807bcbbb\" class=\"wp-block-upgr8-base-plugin-box upgr8-base-plugin_box-content  upgr8-base-plugin_content-height upgr8-base-plugin_backgroundImagePosition-desktop-left-top upgr8-base-plugin_background-image-size-contain upgr8-base-plugin_background-image-no-repeat upgr8-base-plugin_padding-top-desktop-3 upgr8-base-plugin_padding-right-desktop-1 upgr8-base-plugin_padding-bottom-desktop-0 upgr8-base-plugin_padding-left-desktop-1\" style=\"border-style:none;border-width:0px;border-radius:30px;background-color:color-mix(in srgb, var(--wp--preset--color--quinary) 25%, transparent)\">\n<div class=\"wp-block-upgr8-base-plugin-container upgr8-base-plugin_container-wrapper  upgr8-base-plugin_backgroundImagePosition-desktop-left-top upgr8-base-plugin_background-image-size-contain upgr8-base-plugin_background-image-no-repeat upgr8-base-plugin_margin-bottom-desktop-3\"><div class=\"upgr8-base-plugin_container upgr8-base-plugin_container-boxed\"><div class=\"upgr8-base-plugin_row            \">\n<div class=\"wp-block-upgr8-base-plugin-container-column upgr8-base-plugin_col-mobile-12 upgr8-base-plugin_col-desktop-6  upgr8-base-plugin_backgroundImagePosition-desktop-right-top upgr8-base-plugin_background-image-size-contain upgr8-base-plugin_background-image-no-repeat\">\n<style>\n        #upgr8-base-plugin_image-38ecbfbd-f1a1-4f06-b0ea-5bacb13e6666 img{\n            width: 70px;\n        }\n    <\/style><picture id=\"upgr8-base-plugin_image-38ecbfbd-f1a1-4f06-b0ea-5bacb13e6666\" class=\"wp-block-upgr8-base-plugin-image  upgr8-base-plugin_image upgr8-base-plugin_margin-bottom-desktop-2\"><img decoding=\"async\" src=\"https:\/\/calendall.development.upgr8.dev\/app\/uploads\/2025\/08\/Icon-digital-calendar-for-hair-studios.png\" alt=\"Online appointment planner for hair dresser\" loading=\"lazy\" width=\"200\" height=\"200\"\/><\/picture>\n\n\n\n<div class=\"wp-block-upgr8-base-plugin-text-block upgr8-base-plugin_text-block  upgr8-base-plugin_fontSize-desktop-sm\" style=\"color:\"><p><a href=\"https:\/\/calendall.development.upgr8.dev\/en\/features\/online-calendar\/\" data-type=\"page\" data-id=\"4056\"><mark style=\"background-color:rgba(0, 0, 0, 0)\" class=\"has-inline-color has-custom-baa-5-f-1-color\">ONLINE APPOINTMENT PLANNER<\/mark><\/a><\/p><\/div>\n\n\n\n<h2 class=\"wp-block-upgr8-base-plugin-headline-block headline-content  upgr8-base-plugin_fontSize-desktop-md upgr8-base-plugin_margin-bottom-desktop-1\" style=\"color:\"><strong><strong><strong>Online calendar for hair salons \u2013 streamline your bookings<\/strong><\/strong><\/strong><\/h2>\n\n\n\n<div class=\"wp-block-upgr8-base-plugin-text-block upgr8-base-plugin_text-block  upgr8-base-plugin_fontSize-desktop-sm upgr8-base-plugin_margin-bottom-desktop-1\" style=\"color:\"><p>Stay in control of your hair salon schedule anytime, anywhere \u2013 whether it\u2019s appointments, client details, or staff rotas. Our digital calendar is simple, clear, and fully customizable, making it easy for hairdressers and stylists to stay organized and boost productivity.<\/p><\/div>\n\n\n\n<style>\n            #u8b-box-4169da9f-681b-4b81-b664-00d4f6dce662:hover {\n                \n            }\n    <\/style><a id=\"u8b-box-4169da9f-681b-4b81-b664-00d4f6dce662\" class=\"wp-block-upgr8-base-plugin-box upgr8-base-plugin_box-content  upgr8-base-plugin_content-height upgr8-base-plugin_backgroundImagePosition-desktop-left-top upgr8-base-plugin_background-image-size-contain upgr8-base-plugin_background-image-no-repeat upgr8-base-plugin_padding-top-desktop-1 upgr8-base-plugin_padding-right-desktop-1 upgr8-base-plugin_padding-bottom-desktop-1 upgr8-base-plugin_padding-left-desktop-1\" style=\"border-style:none;border-width:0px;border-radius:50px;background-color:color-mix(in srgb, var(--wp--preset--color--custom-baa-5-f-1) 50%, transparent)\" href=\"https:\/\/calendall.development.upgr8.dev\/en\/features\/online-calendar\/\" target=\"\" rel=\"noopener\">\n<div class=\"wp-block-upgr8-base-plugin-text-block upgr8-base-plugin_text-block upgr8-base-plugin_justify-content-center-desktop  upgr8-base-plugin_fontSize-desktop-sm upgr8-base-plugin_text-alignment-center-desktop\" style=\"color:\"><p><mark style=\"background-color:rgba(0, 0, 0, 0);color:#ffffff\" class=\"has-inline-color\"><mark style=\"background-color:rgba(0, 0, 0, 0);color:#ffffff\" class=\"has-inline-color\"><mark style=\"background-color:rgba(0, 0, 0, 0);color:#ffffff\" class=\"has-inline-color\">Learn more<\/mark><\/mark><\/mark><\/p><\/div>\n<\/a>\n<\/div>\n\n\n\n<div class=\"wp-block-upgr8-base-plugin-container-column upgr8-base-plugin_col-desktop-6  upgr8-base-plugin_backgroundImagePosition-desktop-left-top upgr8-base-plugin_background-image-size-contain upgr8-base-plugin_background-image-no-repeat\">\n<style>\n        #upgr8-base-plugin_image-ea88954d-b5c0-49f3-a452-ec601f3c927e img{\n            width: 400px;\n        }\n    <\/style><picture id=\"upgr8-base-plugin_image-ea88954d-b5c0-49f3-a452-ec601f3c927e\" class=\"wp-block-upgr8-base-plugin-image  upgr8-base-plugin_image upgr8-base-plugin_justify-content-flex-end-desktop\"><img decoding=\"async\" src=\"https:\/\/calendall.development.upgr8.dev\/app\/uploads\/2025\/08\/online-calendar-for-hair-salons-multi-device-booking-management.webp\" alt=\"Online calendar for hair salons on laptop, tablet, and smartphone \u2013 manage bookings anytime\" loading=\"lazy\" width=\"2160\" height=\"2160\"\/><\/picture>\n<\/div>\n<\/div><\/div><\/div>\n<\/div>\n<\/div>\n<\/div><\/div><\/div>\n\n\n\n<div class=\"wp-block-upgr8-base-plugin-container upgr8-base-plugin_container-wrapper  upgr8-base-plugin_backgroundImagePosition-desktop-left-top upgr8-base-plugin_background-image-size-contain upgr8-base-plugin_background-image-no-repeat upgr8-base-plugin_margin-bottom-desktop-4 upgr8-base-plugin_hide-mobile\"><div class=\"upgr8-base-plugin_container upgr8-base-plugin_container-boxed\"><div class=\"upgr8-base-plugin_row upgr8-base-plugin_justify-content-center-desktop   upgr8-base-plugin_align-items-center-desktop        \">\n<div class=\"wp-block-upgr8-base-plugin-container-column upgr8-base-plugin_col-desktop-11  upgr8-base-plugin_backgroundImagePosition-desktop-left-top upgr8-base-plugin_background-image-size-contain upgr8-base-plugin_background-image-no-repeat\">\n<style>\n            #u8b-box-df47f7f7-57cf-4462-ab0a-0de7128046d2:hover {\n                \n            }\n    <\/style><div id=\"u8b-box-df47f7f7-57cf-4462-ab0a-0de7128046d2\" class=\"wp-block-upgr8-base-plugin-box upgr8-base-plugin_box-content  upgr8-base-plugin_content-height upgr8-base-plugin_backgroundImagePosition-desktop-left-top upgr8-base-plugin_background-image-size-contain upgr8-base-plugin_background-image-no-repeat upgr8-base-plugin_padding-top-desktop-3 upgr8-base-plugin_padding-right-desktop-1 upgr8-base-plugin_padding-bottom-desktop-0 upgr8-base-plugin_padding-left-desktop-1\" style=\"border-style:none;border-width:0px;border-radius:30px;background-color:color-mix(in srgb, var(--wp--preset--color--custom-d-48-fca) 25%, transparent)\">\n<div class=\"wp-block-upgr8-base-plugin-container upgr8-base-plugin_container-wrapper  upgr8-base-plugin_backgroundImagePosition-desktop-left-top upgr8-base-plugin_background-image-size-contain upgr8-base-plugin_background-image-no-repeat upgr8-base-plugin_margin-bottom-desktop-3\"><div class=\"upgr8-base-plugin_container upgr8-base-plugin_container-boxed\"><div class=\"upgr8-base-plugin_row            \">\n<div class=\"wp-block-upgr8-base-plugin-container-column upgr8-base-plugin_col-desktop-6  upgr8-base-plugin_backgroundImagePosition-desktop-left-top upgr8-base-plugin_background-image-size-contain upgr8-base-plugin_background-image-no-repeat\">\n<style>\n        #upgr8-base-plugin_image-ea88954d-b5c0-49f3-a452-ec601f3c927e img{\n            width: 400px;\n        }\n    <\/style><picture id=\"upgr8-base-plugin_image-ea88954d-b5c0-49f3-a452-ec601f3c927e\" class=\"wp-block-upgr8-base-plugin-image  upgr8-base-plugin_image upgr8-base-plugin_justify-content-flex-start-desktop\"><img decoding=\"async\" src=\"https:\/\/calendall.development.upgr8.dev\/app\/uploads\/2025\/08\/online-client-management-for-hair-salons-customer-profile.webp\" alt=\"Online client management system for hair salons with customer profile view\" loading=\"lazy\" width=\"2160\" height=\"2160\"\/><\/picture>\n<\/div>\n\n\n\n<div class=\"wp-block-upgr8-base-plugin-container-column upgr8-base-plugin_col-mobile-12 upgr8-base-plugin_col-desktop-6  upgr8-base-plugin_backgroundImagePosition-desktop-right-top upgr8-base-plugin_background-image-size-contain upgr8-base-plugin_background-image-no-repeat\">\n<style>\n        #upgr8-base-plugin_image-38ecbfbd-f1a1-4f06-b0ea-5bacb13e6666 img{\n            width: 70px;\n        }\n    <\/style><picture id=\"upgr8-base-plugin_image-38ecbfbd-f1a1-4f06-b0ea-5bacb13e6666\" class=\"wp-block-upgr8-base-plugin-image  upgr8-base-plugin_image upgr8-base-plugin_margin-bottom-desktop-2\"><img decoding=\"async\" src=\"https:\/\/calendall.development.upgr8.dev\/app\/uploads\/2025\/08\/Icon-client-profil-management-hairdresser.png\" alt=\"online client profil for hair dressing studios\" loading=\"lazy\" width=\"200\" height=\"200\"\/><\/picture>\n\n\n\n<div class=\"wp-block-upgr8-base-plugin-text-block upgr8-base-plugin_text-block  upgr8-base-plugin_fontSize-desktop-sm\" style=\"color:var(--wp--preset--color--custom-d-48-fca)\"><p><a href=\"https:\/\/calendall.development.upgr8.dev\/en\/features\/digital-customer-file\/\" data-type=\"page\" data-id=\"682\"><mark style=\"background-color:rgba(0, 0, 0, 0)\" class=\"has-inline-color has-custom-d-48-fca-color\">CLIENT MANAGEMENT<\/mark><\/a><\/p><\/div>\n\n\n\n<h2 class=\"wp-block-upgr8-base-plugin-headline-block headline-content  upgr8-base-plugin_fontSize-desktop-md upgr8-base-plugin_margin-bottom-desktop-1\" style=\"color:\"><strong><strong>Online client management for hairdressers<\/strong><\/strong><\/h2>\n\n\n\n<div class=\"wp-block-upgr8-base-plugin-text-block upgr8-base-plugin_text-block  upgr8-base-plugin_fontSize-desktop-sm upgr8-base-plugin_margin-bottom-desktop-1\" style=\"color:\"><p>Save valuable admin time with our digital client management tailored for hairdressers. Store contact details, appointment history, preferences, and treatment notes securely \u2013 so you can deliver personalized service, build loyalty, and increase customer satisfaction.<\/p><\/div>\n\n\n\n<style>\n            #u8b-box-aa36b148-fa4c-4b12-9fd5-71fe2ead7d56:hover {\n                \n            }\n    <\/style><a id=\"u8b-box-aa36b148-fa4c-4b12-9fd5-71fe2ead7d56\" class=\"wp-block-upgr8-base-plugin-box upgr8-base-plugin_box-content  upgr8-base-plugin_content-height upgr8-base-plugin_backgroundImagePosition-desktop-left-top upgr8-base-plugin_background-image-size-contain upgr8-base-plugin_background-image-no-repeat upgr8-base-plugin_padding-top-desktop-1 upgr8-base-plugin_padding-right-desktop-1 upgr8-base-plugin_padding-bottom-desktop-1 upgr8-base-plugin_padding-left-desktop-1\" style=\"border-style:none;border-width:0px;border-radius:50px;background-color:color-mix(in srgb, var(--wp--preset--color--custom-d-48-fca) 50%, transparent)\" href=\"https:\/\/calendall.development.upgr8.dev\/en\/features\/digital-customer-file\/\" target=\"\" rel=\"noopener\">\n<div class=\"wp-block-upgr8-base-plugin-text-block upgr8-base-plugin_text-block upgr8-base-plugin_justify-content-center-desktop  upgr8-base-plugin_fontSize-desktop-sm upgr8-base-plugin_text-alignment-center-desktop\" style=\"color:\"><p><mark style=\"background-color:rgba(0, 0, 0, 0);color:#ffffff\" class=\"has-inline-color\">Learn more<\/mark><\/p><\/div>\n<\/a>\n<\/div>\n<\/div><\/div><\/div>\n<\/div>\n<\/div>\n<\/div><\/div><\/div>\n\n\n\n<div class=\"wp-block-upgr8-base-plugin-container upgr8-base-plugin_container-wrapper  upgr8-base-plugin_backgroundImagePosition-desktop-left-top upgr8-base-plugin_background-image-size-contain upgr8-base-plugin_background-image-no-repeat upgr8-base-plugin_margin-bottom-desktop-4 upgr8-base-plugin_hide-mobile\"><div class=\"upgr8-base-plugin_container upgr8-base-plugin_container-boxed\"><div class=\"upgr8-base-plugin_row upgr8-base-plugin_justify-content-center-desktop   upgr8-base-plugin_align-items-center-desktop        \">\n<div class=\"wp-block-upgr8-base-plugin-container-column upgr8-base-plugin_col-desktop-11  upgr8-base-plugin_backgroundImagePosition-desktop-left-top upgr8-base-plugin_background-image-size-contain upgr8-base-plugin_background-image-no-repeat\">\n<style>\n            #u8b-box-c62ca617-ae7e-4732-bf5e-c5c2e44d94da:hover {\n                \n            }\n    <\/style><div id=\"u8b-box-c62ca617-ae7e-4732-bf5e-c5c2e44d94da\" class=\"wp-block-upgr8-base-plugin-box upgr8-base-plugin_box-content  upgr8-base-plugin_content-height upgr8-base-plugin_backgroundImagePosition-desktop-left-top upgr8-base-plugin_background-image-size-contain upgr8-base-plugin_background-image-no-repeat upgr8-base-plugin_padding-top-desktop-3 upgr8-base-plugin_padding-right-desktop-1 upgr8-base-plugin_padding-bottom-desktop-0 upgr8-base-plugin_padding-left-desktop-1\" style=\"border-style:none;border-width:0px;border-radius:30px;background-color:color-mix(in srgb, var(--wp--preset--color--custom-ec-7-ba-7) 25%, transparent)\">\n<div class=\"wp-block-upgr8-base-plugin-container upgr8-base-plugin_container-wrapper  upgr8-base-plugin_backgroundImagePosition-desktop-left-top upgr8-base-plugin_background-image-size-contain upgr8-base-plugin_background-image-no-repeat upgr8-base-plugin_margin-bottom-desktop-3\"><div class=\"upgr8-base-plugin_container upgr8-base-plugin_container-boxed\"><div class=\"upgr8-base-plugin_row            \">\n<div class=\"wp-block-upgr8-base-plugin-container-column upgr8-base-plugin_col-mobile-12 upgr8-base-plugin_col-desktop-6  upgr8-base-plugin_backgroundImagePosition-desktop-right-top upgr8-base-plugin_background-image-size-contain upgr8-base-plugin_background-image-no-repeat\">\n<style>\n        #upgr8-base-plugin_image-38ecbfbd-f1a1-4f06-b0ea-5bacb13e6666 img{\n            width: 70px;\n        }\n    <\/style><picture id=\"upgr8-base-plugin_image-38ecbfbd-f1a1-4f06-b0ea-5bacb13e6666\" class=\"wp-block-upgr8-base-plugin-image  upgr8-base-plugin_image upgr8-base-plugin_margin-bottom-desktop-2\"><img decoding=\"async\" src=\"https:\/\/calendall.development.upgr8.dev\/app\/uploads\/2025\/08\/Icon-reminder-software-for-hair-salons.png\" alt=\"appointment reminder software for hairdressing studios\" loading=\"lazy\" width=\"200\" height=\"200\"\/><\/picture>\n\n\n\n<div class=\"wp-block-upgr8-base-plugin-text-block upgr8-base-plugin_text-block  upgr8-base-plugin_fontSize-desktop-sm\" style=\"color:\"><p><a href=\"https:\/\/calendall.development.upgr8.dev\/en\/features\/appointment-reminders\/\" data-type=\"page\" data-id=\"151\">REMINDERS &amp; CONFIRMATIONS<\/a><\/p><\/div>\n\n\n\n<h2 class=\"wp-block-upgr8-base-plugin-headline-block headline-content  upgr8-base-plugin_fontSize-desktop-md upgr8-base-plugin_margin-bottom-desktop-1\" style=\"color:\"><strong><strong><strong><strong><strong>Automated appointment reminders for salons \u2013 punctual &amp; reliable<\/strong><\/strong><\/strong><\/strong><\/strong><\/h2>\n\n\n\n<div class=\"wp-block-upgr8-base-plugin-text-block upgr8-base-plugin_text-block  upgr8-base-plugin_fontSize-desktop-sm upgr8-base-plugin_margin-bottom-desktop-1\" style=\"color:\"><p>Reduce no-shows in your hair salon by up to 80% with automated reminders and confirmations via SMS or email. Ensure your clients never miss an appointment \u2013 all without extra effort, so you can focus on delivering great hair services.<\/p><\/div>\n\n\n\n<style>\n            #u8b-box-e79d353d-adb3-43c6-b690-fc124d421a57:hover {\n                \n            }\n    <\/style><a id=\"u8b-box-e79d353d-adb3-43c6-b690-fc124d421a57\" class=\"wp-block-upgr8-base-plugin-box upgr8-base-plugin_box-content  upgr8-base-plugin_content-height upgr8-base-plugin_backgroundImagePosition-desktop-left-top upgr8-base-plugin_background-image-size-contain upgr8-base-plugin_background-image-no-repeat upgr8-base-plugin_padding-top-desktop-1 upgr8-base-plugin_padding-right-desktop-1 upgr8-base-plugin_padding-bottom-desktop-1 upgr8-base-plugin_padding-left-desktop-1\" style=\"border-style:none;border-width:0px;border-radius:50px;background-color:color-mix(in srgb, var(--wp--preset--color--custom-ec-7-ba-7) 50%, transparent)\" href=\"https:\/\/calendall.development.upgr8.dev\/en\/features\/appointment-reminders\/\" target=\"\" rel=\"noopener\">\n<div class=\"wp-block-upgr8-base-plugin-text-block upgr8-base-plugin_text-block upgr8-base-plugin_justify-content-center-desktop  upgr8-base-plugin_fontSize-desktop-sm upgr8-base-plugin_text-alignment-center-desktop\" style=\"color:\"><p><mark style=\"background-color:rgba(0, 0, 0, 0);color:#ffffff\" class=\"has-inline-color\">Learn more<\/mark><\/p><\/div>\n<\/a>\n<\/div>\n\n\n\n<div class=\"wp-block-upgr8-base-plugin-container-column upgr8-base-plugin_col-desktop-6  upgr8-base-plugin_backgroundImagePosition-desktop-left-top upgr8-base-plugin_background-image-size-contain upgr8-base-plugin_background-image-no-repeat\">\n<style>\n        #upgr8-base-plugin_image-ea88954d-b5c0-49f3-a452-ec601f3c927e img{\n            width: 400px;\n        }\n    <\/style><picture id=\"upgr8-base-plugin_image-ea88954d-b5c0-49f3-a452-ec601f3c927e\" class=\"wp-block-upgr8-base-plugin-image  upgr8-base-plugin_image upgr8-base-plugin_justify-content-flex-end-desktop\"><img decoding=\"async\" src=\"https:\/\/calendall.development.upgr8.dev\/app\/uploads\/2025\/08\/automated-appointment-reminders-hair-salon-sms-email.webp\" alt=\"Automated appointment reminders for hair salons with SMS and email notification preview\" loading=\"lazy\" width=\"2160\" height=\"2160\"\/><\/picture>\n<\/div>\n<\/div><\/div><\/div>\n<\/div>\n<\/div>\n<\/div><\/div><\/div>\n\n\n\n<div class=\"wp-block-upgr8-base-plugin-container upgr8-base-plugin_container-wrapper  upgr8-base-plugin_backgroundImagePosition-desktop-left-top upgr8-base-plugin_background-image-size-contain upgr8-base-plugin_background-image-no-repeat upgr8-base-plugin_margin-bottom-desktop-4 upgr8-base-plugin_hide-mobile\"><div class=\"upgr8-base-plugin_container upgr8-base-plugin_container-boxed\"><div class=\"upgr8-base-plugin_row upgr8-base-plugin_justify-content-center-desktop   upgr8-base-plugin_align-items-center-desktop        \">\n<div class=\"wp-block-upgr8-base-plugin-container-column upgr8-base-plugin_col-desktop-11  upgr8-base-plugin_backgroundImagePosition-desktop-left-top upgr8-base-plugin_background-image-size-contain upgr8-base-plugin_background-image-no-repeat\">\n<style>\n            #u8b-box-c7159eff-f778-406c-ae8a-653993116aff:hover {\n                \n            }\n    <\/style><div id=\"u8b-box-c7159eff-f778-406c-ae8a-653993116aff\" class=\"wp-block-upgr8-base-plugin-box upgr8-base-plugin_box-content  upgr8-base-plugin_content-height upgr8-base-plugin_backgroundImagePosition-desktop-left-top upgr8-base-plugin_background-image-size-contain upgr8-base-plugin_background-image-no-repeat upgr8-base-plugin_padding-top-desktop-3 upgr8-base-plugin_padding-right-desktop-1 upgr8-base-plugin_padding-bottom-desktop-0 upgr8-base-plugin_padding-left-desktop-1\" style=\"border-style:none;border-width:0px;border-radius:30px;background-color:color-mix(in srgb, var(--wp--preset--color--custom-baa-5-f-1) 25%, transparent)\">\n<div class=\"wp-block-upgr8-base-plugin-container upgr8-base-plugin_container-wrapper  upgr8-base-plugin_backgroundImagePosition-desktop-left-top upgr8-base-plugin_background-image-size-contain upgr8-base-plugin_background-image-no-repeat upgr8-base-plugin_margin-bottom-desktop-3\"><div class=\"upgr8-base-plugin_container upgr8-base-plugin_container-boxed\"><div class=\"upgr8-base-plugin_row            \">\n<div class=\"wp-block-upgr8-base-plugin-container-column upgr8-base-plugin_col-desktop-6  upgr8-base-plugin_backgroundImagePosition-desktop-left-top upgr8-base-plugin_background-image-size-contain upgr8-base-plugin_background-image-no-repeat\">\n<style>\n        #upgr8-base-plugin_image-ea88954d-b5c0-49f3-a452-ec601f3c927e img{\n            width: 400px;\n        }\n    <\/style><picture id=\"upgr8-base-plugin_image-ea88954d-b5c0-49f3-a452-ec601f3c927e\" class=\"wp-block-upgr8-base-plugin-image  upgr8-base-plugin_image upgr8-base-plugin_justify-content-flex-start-desktop\"><img decoding=\"async\" src=\"https:\/\/calendall.development.upgr8.dev\/app\/uploads\/2025\/08\/online-booking-system-hair-salon-smartphone.webp\" alt=\"Online booking system for hair salons with service selection on mobile device\" loading=\"lazy\" width=\"2160\" height=\"2160\"\/><\/picture>\n<\/div>\n\n\n\n<div class=\"wp-block-upgr8-base-plugin-container-column upgr8-base-plugin_col-mobile-12 upgr8-base-plugin_col-desktop-6  upgr8-base-plugin_backgroundImagePosition-desktop-right-top upgr8-base-plugin_background-image-size-contain upgr8-base-plugin_background-image-no-repeat\">\n<style>\n        #upgr8-base-plugin_image-38ecbfbd-f1a1-4f06-b0ea-5bacb13e6666 img{\n            width: 70px;\n        }\n    <\/style><picture id=\"upgr8-base-plugin_image-38ecbfbd-f1a1-4f06-b0ea-5bacb13e6666\" class=\"wp-block-upgr8-base-plugin-image  upgr8-base-plugin_image upgr8-base-plugin_margin-bottom-desktop-2\"><img decoding=\"async\" src=\"https:\/\/calendall.development.upgr8.dev\/app\/uploads\/2025\/08\/Icon-online-booking-system.png\" alt=\"Online booking system for beauty and hair salons\" loading=\"lazy\" width=\"200\" height=\"200\"\/><\/picture>\n\n\n\n<div class=\"wp-block-upgr8-base-plugin-text-block upgr8-base-plugin_text-block  upgr8-base-plugin_fontSize-desktop-sm\" style=\"color:var(--wp--preset--color--custom-baa-5-f-1)\"><p><a href=\"https:\/\/calendall.development.upgr8.dev\/en\/features\/onlinebuchung\/\" data-type=\"page\" data-id=\"541\"><mark style=\"background-color:rgba(0, 0, 0, 0)\" class=\"has-inline-color has-custom-baa-5-f-1-color\">ONLINE BOOKING<\/mark><\/a><\/p><\/div>\n\n\n\n<h2 class=\"wp-block-upgr8-base-plugin-headline-block headline-content  upgr8-base-plugin_fontSize-desktop-md upgr8-base-plugin_margin-bottom-desktop-1\" style=\"color:\"><strong><strong><strong><strong><strong><strong>Online booking system for hair dresser \u2013 flexible &amp; easy to use<\/strong><\/strong><\/strong><\/strong><\/strong><\/strong><\/h2>\n\n\n\n<div class=\"wp-block-upgr8-base-plugin-text-block upgr8-base-plugin_text-block  upgr8-base-plugin_fontSize-desktop-sm upgr8-base-plugin_margin-bottom-desktop-1\" style=\"color:\"><p>Give your clients the freedom to book their hair appointments 24\/7 \u2013 directly via your website, Google, or social media. Reduce phone calls, save time, and increase your salon\u2019s bookings. You control when the feature is active, ensuring full flexibility for your business.<\/p><\/div>\n\n\n\n<style>\n            #u8b-box-12cc677b-5de9-422a-b730-4fda55e1f4ef:hover {\n                \n            }\n    <\/style><a id=\"u8b-box-12cc677b-5de9-422a-b730-4fda55e1f4ef\" class=\"wp-block-upgr8-base-plugin-box upgr8-base-plugin_box-content  upgr8-base-plugin_content-height upgr8-base-plugin_backgroundImagePosition-desktop-left-top upgr8-base-plugin_background-image-size-contain upgr8-base-plugin_background-image-no-repeat upgr8-base-plugin_padding-top-desktop-1 upgr8-base-plugin_padding-right-desktop-1 upgr8-base-plugin_padding-bottom-desktop-1 upgr8-base-plugin_padding-left-desktop-1\" style=\"border-style:none;border-width:0px;border-radius:50px;background-color:color-mix(in srgb, var(--wp--preset--color--custom-baa-5-f-1) 50%, transparent)\" href=\"https:\/\/calendall.development.upgr8.dev\/en\/features\/onlinebuchung\/\" target=\"\" rel=\"noopener\">\n<div class=\"wp-block-upgr8-base-plugin-text-block upgr8-base-plugin_text-block upgr8-base-plugin_justify-content-center-desktop  upgr8-base-plugin_fontSize-desktop-sm upgr8-base-plugin_text-alignment-center-desktop\" style=\"color:\"><p><mark style=\"background-color:rgba(0, 0, 0, 0);color:#ffffff\" class=\"has-inline-color\">Learn more<\/mark><\/p><\/div>\n<\/a>\n<\/div>\n<\/div><\/div><\/div>\n<\/div>\n<\/div>\n<\/div><\/div><\/div>\n\n\n\n<div class=\"wp-block-upgr8-base-plugin-container upgr8-base-plugin_container-wrapper  upgr8-base-plugin_backgroundImagePosition-desktop-left-top upgr8-base-plugin_background-image-size-contain upgr8-base-plugin_background-image-no-repeat upgr8-base-plugin_margin-top-desktop-4 upgr8-base-plugin_margin-bottom-desktop-4 upgr8-base-plugin_hide-desktop upgr8-base-plugin_hide-tablet\"><div class=\"upgr8-base-plugin_container upgr8-base-plugin_container-boxed\"><div class=\"upgr8-base-plugin_row upgr8-base-plugin_justify-content-center-desktop   upgr8-base-plugin_align-items-center-desktop        \">\n<div class=\"wp-block-upgr8-base-plugin-container-column upgr8-base-plugin_col-desktop-11  upgr8-base-plugin_backgroundImagePosition-desktop-left-top upgr8-base-plugin_background-image-size-contain upgr8-base-plugin_background-image-no-repeat\">\n<style>\n            #u8b-box-a786f5e2-a41f-4f82-aa64-b810b56edde4:hover {\n                \n            }\n    <\/style><div id=\"u8b-box-a786f5e2-a41f-4f82-aa64-b810b56edde4\" class=\"wp-block-upgr8-base-plugin-box upgr8-base-plugin_box-content  upgr8-base-plugin_content-height upgr8-base-plugin_backgroundImagePosition-desktop-left-top upgr8-base-plugin_background-image-size-contain upgr8-base-plugin_background-image-no-repeat upgr8-base-plugin_padding-top-desktop-3 upgr8-base-plugin_padding-top-mobile-0 upgr8-base-plugin_padding-right-desktop-1 upgr8-base-plugin_padding-bottom-desktop-0 upgr8-base-plugin_padding-bottom-mobile-0 upgr8-base-plugin_padding-left-desktop-1\" style=\"border-style:none;border-width:0px;border-radius:30px;background-color:color-mix(in srgb, var(--wp--preset--color--quinary) 25%, transparent)\">\n<div class=\"wp-block-upgr8-base-plugin-container upgr8-base-plugin_container-wrapper  upgr8-base-plugin_backgroundImagePosition-desktop-left-top upgr8-base-plugin_background-image-size-contain upgr8-base-plugin_background-image-no-repeat upgr8-base-plugin_margin-bottom-desktop-3\"><div class=\"upgr8-base-plugin_container upgr8-base-plugin_container-boxed\"><div class=\"upgr8-base-plugin_row            \">\n<div class=\"wp-block-upgr8-base-plugin-container-column upgr8-base-plugin_col-mobile-12 upgr8-base-plugin_col-desktop-6  upgr8-base-plugin_backgroundImagePosition-desktop-right-top upgr8-base-plugin_background-image-size-contain upgr8-base-plugin_background-image-no-repeat\">\n<style>\n        #upgr8-base-plugin_image-38ecbfbd-f1a1-4f06-b0ea-5bacb13e6666 img{\n            width: 70px;\n        }\n    <\/style><picture id=\"upgr8-base-plugin_image-38ecbfbd-f1a1-4f06-b0ea-5bacb13e6666\" class=\"wp-block-upgr8-base-plugin-image  upgr8-base-plugin_image upgr8-base-plugin_margin-bottom-desktop-2\"><source media=\"(max-width:768px)\" srcset=\"https:\/\/calendall.development.upgr8.dev\/app\/uploads\/2025\/08\/Icon-digital-calendar-for-hair-studios.png\" alt=\"Online appointment planner for hair dresser\"\/><img decoding=\"async\" src=\"https:\/\/calendall.development.upgr8.dev\/app\/uploads\/2025\/08\/Icon-digital-calendar.png\" alt=\"digital calendar for beauty und hair salons\" loading=\"lazy\" width=\"200\" height=\"200\"\/><\/picture>\n\n\n\n<div class=\"wp-block-upgr8-base-plugin-text-block upgr8-base-plugin_text-block  upgr8-base-plugin_fontSize-desktop-sm\" style=\"color:\"><p><a href=\"https:\/\/calendall.development.upgr8.dev\/en\/features\/online-calendar\/\" data-type=\"page\" data-id=\"4056\"><mark style=\"background-color:rgba(0, 0, 0, 0)\" class=\"has-inline-color has-custom-baa-5-f-1-color\">ONLINE APPOINTMENT PLANNER<\/mark><\/a><\/p><\/div>\n\n\n\n<h2 class=\"wp-block-upgr8-base-plugin-headline-block headline-content  upgr8-base-plugin_fontSize-desktop-md upgr8-base-plugin_margin-bottom-desktop-1\" style=\"color:\"><strong><strong><strong>Online calendar for hair salons \u2013 streamline your bookings<\/strong><\/strong><\/strong><\/h2>\n\n\n\n<div class=\"wp-block-upgr8-base-plugin-text-block upgr8-base-plugin_text-block  upgr8-base-plugin_fontSize-desktop-sm upgr8-base-plugin_margin-bottom-desktop-1\" style=\"color:\"><p>Stay in control of your hair salon schedule anytime, anywhere \u2013 whether it\u2019s appointments, client details, or staff rotas. Our digital calendar is simple, clear, and fully customizable, making it easy for hairdressers and stylists to stay organized and boost productivity.<\/p><\/div>\n\n\n\n<style>\n            #u8b-box-f1ad2241-bfff-46aa-b604-386e53f19cb5:hover {\n                \n            }\n    <\/style><a id=\"u8b-box-f1ad2241-bfff-46aa-b604-386e53f19cb5\" class=\"wp-block-upgr8-base-plugin-box upgr8-base-plugin_box-content  upgr8-base-plugin_content-height upgr8-base-plugin_backgroundImagePosition-desktop-left-top upgr8-base-plugin_background-image-size-contain upgr8-base-plugin_background-image-no-repeat upgr8-base-plugin_padding-top-desktop-1 upgr8-base-plugin_padding-right-desktop-1 upgr8-base-plugin_padding-bottom-desktop-1 upgr8-base-plugin_padding-left-desktop-1\" style=\"border-style:none;border-width:0px;border-radius:50px;background-color:color-mix(in srgb, var(--wp--preset--color--custom-baa-5-f-1) 50%, transparent)\" href=\"https:\/\/calendall.development.upgr8.dev\/en\/features\/online-calendar\/\" target=\"\" rel=\"noopener\">\n<div class=\"wp-block-upgr8-base-plugin-text-block upgr8-base-plugin_text-block upgr8-base-plugin_justify-content-center-desktop  upgr8-base-plugin_fontSize-desktop-sm upgr8-base-plugin_text-alignment-center-desktop\" style=\"color:\"><p><mark style=\"background-color:rgba(0, 0, 0, 0);color:#ffffff\" class=\"has-inline-color\"><mark style=\"background-color:rgba(0, 0, 0, 0);color:#ffffff\" class=\"has-inline-color\"><mark style=\"background-color:rgba(0, 0, 0, 0);color:#ffffff\" class=\"has-inline-color\">Learn more<\/mark><\/mark><\/mark><\/p><\/div>\n<\/a>\n\n\n\n<picture id=\"upgr8-base-plugin_image-1dcf510e-4ca3-41ef-8ae7-09de66b3b9e8\" class=\"wp-block-upgr8-base-plugin-image  upgr8-base-plugin_image upgr8-base-plugin_padding-top-mobile-3\"><source media=\"(max-width:768px)\" srcset=\"https:\/\/calendall.development.upgr8.dev\/app\/uploads\/2025\/08\/online-calendar-for-hair-salons-multi-device-booking-management.webp\" alt=\"Online calendar for hair salons on laptop, tablet, and smartphone \u2013 manage bookings anytime\"\/><img decoding=\"async\" src=\"https:\/\/calendall.development.upgr8.dev\/app\/uploads\/2025\/08\/online-calendar-hair-beauty-salons-multi-device.webp\" alt=\"Online calendar for hair and beauty salons displayed on laptop, tablet, and smartphone screens.\" loading=\"lazy\" width=\"2160\" height=\"2160\"\/><\/picture>\n<\/div>\n<\/div><\/div><\/div>\n<\/div>\n<\/div>\n<\/div><\/div><\/div>\n\n\n\n<div class=\"wp-block-upgr8-base-plugin-container upgr8-base-plugin_container-wrapper  upgr8-base-plugin_backgroundImagePosition-desktop-left-top upgr8-base-plugin_background-image-size-contain upgr8-base-plugin_background-image-no-repeat upgr8-base-plugin_margin-top-desktop-4 upgr8-base-plugin_margin-bottom-desktop-4 upgr8-base-plugin_hide-desktop upgr8-base-plugin_hide-tablet\"><div class=\"upgr8-base-plugin_container upgr8-base-plugin_container-boxed\"><div class=\"upgr8-base-plugin_row upgr8-base-plugin_justify-content-center-desktop   upgr8-base-plugin_align-items-center-desktop        \">\n<div class=\"wp-block-upgr8-base-plugin-container-column upgr8-base-plugin_col-desktop-11  upgr8-base-plugin_backgroundImagePosition-desktop-left-top upgr8-base-plugin_background-image-size-contain upgr8-base-plugin_background-image-no-repeat\">\n<style>\n            #u8b-box-d9c4518b-feb7-4228-932b-642d5f0cf365:hover {\n                \n            }\n    <\/style><div id=\"u8b-box-d9c4518b-feb7-4228-932b-642d5f0cf365\" class=\"wp-block-upgr8-base-plugin-box upgr8-base-plugin_box-content  upgr8-base-plugin_content-height upgr8-base-plugin_backgroundImagePosition-desktop-left-top upgr8-base-plugin_background-image-size-contain upgr8-base-plugin_background-image-no-repeat upgr8-base-plugin_padding-top-desktop-3 upgr8-base-plugin_padding-top-mobile-0 upgr8-base-plugin_padding-right-desktop-1 upgr8-base-plugin_padding-bottom-desktop-0 upgr8-base-plugin_padding-bottom-mobile-0 upgr8-base-plugin_padding-left-desktop-1\" style=\"border-style:none;border-width:0px;border-radius:30px;background-color:color-mix(in srgb, var(--wp--preset--color--custom-d-48-fca) 25%, transparent)\">\n<div class=\"wp-block-upgr8-base-plugin-container upgr8-base-plugin_container-wrapper  upgr8-base-plugin_backgroundImagePosition-desktop-left-top upgr8-base-plugin_background-image-size-contain upgr8-base-plugin_background-image-no-repeat upgr8-base-plugin_margin-bottom-desktop-3\"><div class=\"upgr8-base-plugin_container upgr8-base-plugin_container-boxed\"><div class=\"upgr8-base-plugin_row            \">\n<div class=\"wp-block-upgr8-base-plugin-container-column upgr8-base-plugin_col-mobile-12 upgr8-base-plugin_col-desktop-6  upgr8-base-plugin_backgroundImagePosition-desktop-right-top upgr8-base-plugin_background-image-size-contain upgr8-base-plugin_background-image-no-repeat\">\n<style>\n        #upgr8-base-plugin_image-38ecbfbd-f1a1-4f06-b0ea-5bacb13e6666 img{\n            width: 70px;\n        }\n    <\/style><picture id=\"upgr8-base-plugin_image-38ecbfbd-f1a1-4f06-b0ea-5bacb13e6666\" class=\"wp-block-upgr8-base-plugin-image  upgr8-base-plugin_image upgr8-base-plugin_margin-bottom-desktop-2\"><source media=\"(max-width:768px)\" srcset=\"https:\/\/calendall.development.upgr8.dev\/app\/uploads\/2025\/08\/Icon-client-profil-management-hairdresser.png\" alt=\"online client profil for hair dressing studios\"\/><img decoding=\"async\" src=\"https:\/\/calendall.development.upgr8.dev\/app\/uploads\/2025\/08\/Icon-digital-calendar.png\" alt=\"digital calendar for beauty und hair salons\" loading=\"lazy\" width=\"200\" height=\"200\"\/><\/picture>\n\n\n\n<div class=\"wp-block-upgr8-base-plugin-text-block upgr8-base-plugin_text-block  upgr8-base-plugin_fontSize-desktop-sm\" style=\"color:\"><p><a href=\"https:\/\/calendall.development.upgr8.dev\/en\/features\/digital-customer-file\/\" data-type=\"page\" data-id=\"4069\"><mark style=\"background-color:rgba(0, 0, 0, 0);color:#d38cc9\" class=\"has-inline-color\">CLIENT MANAGEMENT<\/mark><\/a><\/p><\/div>\n\n\n\n<h2 class=\"wp-block-upgr8-base-plugin-headline-block headline-content  upgr8-base-plugin_fontSize-desktop-md upgr8-base-plugin_margin-bottom-desktop-1\" style=\"color:\"><strong><strong><strong><strong>Online client management for hair salons<\/strong><\/strong><\/strong><\/strong><\/h2>\n\n\n\n<div class=\"wp-block-upgr8-base-plugin-text-block upgr8-base-plugin_text-block  upgr8-base-plugin_fontSize-desktop-sm upgr8-base-plugin_margin-bottom-desktop-1\" style=\"color:\"><p>Save valuable admin time with our digital client management tailored for hairdressers. Store contact details, appointment history, preferences, and treatment notes securely \u2013 so you can deliver personalized service, build loyalty, and increase customer satisfaction.<\/p><\/div>\n\n\n\n<style>\n            #u8b-box-aa4c239a-48c4-4ae0-9056-6998f32ec1ab:hover {\n                \n            }\n    <\/style><a id=\"u8b-box-aa4c239a-48c4-4ae0-9056-6998f32ec1ab\" class=\"wp-block-upgr8-base-plugin-box upgr8-base-plugin_box-content  upgr8-base-plugin_content-height upgr8-base-plugin_backgroundImagePosition-desktop-left-top upgr8-base-plugin_background-image-size-contain upgr8-base-plugin_background-image-no-repeat upgr8-base-plugin_padding-top-desktop-1 upgr8-base-plugin_padding-right-desktop-1 upgr8-base-plugin_padding-bottom-desktop-1 upgr8-base-plugin_padding-left-desktop-1\" style=\"border-style:none;border-width:0px;border-radius:50px;background-color:color-mix(in srgb, var(--wp--preset--color--custom-d-48-fca) 50%, transparent)\" href=\"https:\/\/calendall.development.upgr8.dev\/en\/features\/digital-customer-file\/\" target=\"\" rel=\"noopener\">\n<div class=\"wp-block-upgr8-base-plugin-text-block upgr8-base-plugin_text-block upgr8-base-plugin_justify-content-center-desktop  upgr8-base-plugin_fontSize-desktop-sm upgr8-base-plugin_text-alignment-center-desktop\" style=\"color:\"><p><mark style=\"background-color:rgba(0, 0, 0, 0);color:#ffffff\" class=\"has-inline-color\"><mark style=\"background-color:rgba(0, 0, 0, 0);color:#ffffff\" class=\"has-inline-color\"><mark style=\"background-color:rgba(0, 0, 0, 0);color:#ffffff\" class=\"has-inline-color\">Learn more<\/mark><\/mark><\/mark><\/p><\/div>\n<\/a>\n\n\n\n<picture id=\"upgr8-base-plugin_image-1dcf510e-4ca3-41ef-8ae7-09de66b3b9e8\" class=\"wp-block-upgr8-base-plugin-image  upgr8-base-plugin_image upgr8-base-plugin_padding-top-mobile-3\"><source media=\"(max-width:768px)\" srcset=\"https:\/\/calendall.development.upgr8.dev\/app\/uploads\/2025\/08\/online-client-management-for-hair-salons-customer-profile.webp\" alt=\"Online client management system for hair salons with customer profile view\"\/><img decoding=\"async\" src=\"https:\/\/calendall.development.upgr8.dev\/app\/uploads\/2025\/08\/online-calendar-hair-beauty-salons-multi-device.webp\" alt=\"Online calendar for hair and beauty salons displayed on laptop, tablet, and smartphone screens.\" loading=\"lazy\" width=\"2160\" height=\"2160\"\/><\/picture>\n<\/div>\n<\/div><\/div><\/div>\n<\/div>\n<\/div>\n<\/div><\/div><\/div>\n\n\n\n<div class=\"wp-block-upgr8-base-plugin-container upgr8-base-plugin_container-wrapper  upgr8-base-plugin_backgroundImagePosition-desktop-left-top upgr8-base-plugin_background-image-size-contain upgr8-base-plugin_background-image-no-repeat upgr8-base-plugin_margin-top-desktop-4 upgr8-base-plugin_margin-bottom-desktop-4 upgr8-base-plugin_hide-desktop upgr8-base-plugin_hide-tablet\"><div class=\"upgr8-base-plugin_container upgr8-base-plugin_container-boxed\"><div class=\"upgr8-base-plugin_row upgr8-base-plugin_justify-content-center-desktop   upgr8-base-plugin_align-items-center-desktop        \">\n<div class=\"wp-block-upgr8-base-plugin-container-column upgr8-base-plugin_col-desktop-11  upgr8-base-plugin_backgroundImagePosition-desktop-left-top upgr8-base-plugin_background-image-size-contain upgr8-base-plugin_background-image-no-repeat\">\n<style>\n            #u8b-box-6a408b77-aeb7-4fee-b381-cdd99d761726:hover {\n                \n            }\n    <\/style><div id=\"u8b-box-6a408b77-aeb7-4fee-b381-cdd99d761726\" class=\"wp-block-upgr8-base-plugin-box upgr8-base-plugin_box-content  upgr8-base-plugin_content-height upgr8-base-plugin_backgroundImagePosition-desktop-left-top upgr8-base-plugin_background-image-size-contain upgr8-base-plugin_background-image-no-repeat upgr8-base-plugin_padding-top-desktop-3 upgr8-base-plugin_padding-top-mobile-0 upgr8-base-plugin_padding-right-desktop-1 upgr8-base-plugin_padding-bottom-desktop-0 upgr8-base-plugin_padding-bottom-mobile-0 upgr8-base-plugin_padding-left-desktop-1\" style=\"border-style:none;border-width:0px;border-radius:30px;background-color:color-mix(in srgb, var(--wp--preset--color--custom-ec-7-ba-7) 25%, transparent)\">\n<div class=\"wp-block-upgr8-base-plugin-container upgr8-base-plugin_container-wrapper  upgr8-base-plugin_backgroundImagePosition-desktop-left-top upgr8-base-plugin_background-image-size-contain upgr8-base-plugin_background-image-no-repeat upgr8-base-plugin_margin-bottom-desktop-3\"><div class=\"upgr8-base-plugin_container upgr8-base-plugin_container-boxed\"><div class=\"upgr8-base-plugin_row            \">\n<div class=\"wp-block-upgr8-base-plugin-container-column upgr8-base-plugin_col-mobile-12 upgr8-base-plugin_col-desktop-6  upgr8-base-plugin_backgroundImagePosition-desktop-right-top upgr8-base-plugin_background-image-size-contain upgr8-base-plugin_background-image-no-repeat\">\n<style>\n        #upgr8-base-plugin_image-38ecbfbd-f1a1-4f06-b0ea-5bacb13e6666 img{\n            width: 70px;\n        }\n    <\/style><picture id=\"upgr8-base-plugin_image-38ecbfbd-f1a1-4f06-b0ea-5bacb13e6666\" class=\"wp-block-upgr8-base-plugin-image  upgr8-base-plugin_image upgr8-base-plugin_margin-bottom-desktop-2\"><source media=\"(max-width:768px)\" srcset=\"https:\/\/calendall.development.upgr8.dev\/app\/uploads\/2025\/08\/Icon-reminder-software-for-hair-salons.png\" alt=\"appointment reminder software for hairdressing studios\"\/><img decoding=\"async\" src=\"https:\/\/calendall.development.upgr8.dev\/app\/uploads\/2025\/08\/Icon-digital-calendar.png\" alt=\"digital calendar for beauty und hair salons\" loading=\"lazy\" width=\"200\" height=\"200\"\/><\/picture>\n\n\n\n<div class=\"wp-block-upgr8-base-plugin-text-block upgr8-base-plugin_text-block  upgr8-base-plugin_fontSize-desktop-sm\" style=\"color:\"><p><mark style=\"background-color:rgba(0, 0, 0, 0)\" class=\"has-inline-color has-custom-ec-7-ba-7-color\"><a href=\"https:\/\/calendall.development.upgr8.dev\/en\/features\/appointment-reminders\/\" data-type=\"page\" data-id=\"4063\">REMINDERS &amp; CONFIRMATIONS<\/a><\/mark><\/p><\/div>\n\n\n\n<h2 class=\"wp-block-upgr8-base-plugin-headline-block headline-content  upgr8-base-plugin_fontSize-desktop-md upgr8-base-plugin_margin-bottom-desktop-1\" style=\"color:\"><strong><strong><strong><strong><strong>Automated appointment reminders for salons \u2013 punctual &amp; reliable<\/strong><\/strong><\/strong><\/strong><\/strong><\/h2>\n\n\n\n<div class=\"wp-block-upgr8-base-plugin-text-block upgr8-base-plugin_text-block  upgr8-base-plugin_fontSize-desktop-sm upgr8-base-plugin_margin-bottom-desktop-1\" style=\"color:\"><p>Reduce no-shows in your hair salon by up to 80% with automated reminders and confirmations via SMS or email. Ensure your clients never miss an appointment \u2013 all without extra effort, so you can focus on delivering great hair services.<\/p><\/div>\n\n\n\n<style>\n            #u8b-box-ed4d550c-221d-4aa1-ba37-910a42207f0b:hover {\n                \n            }\n    <\/style><a id=\"u8b-box-ed4d550c-221d-4aa1-ba37-910a42207f0b\" class=\"wp-block-upgr8-base-plugin-box upgr8-base-plugin_box-content  upgr8-base-plugin_content-height upgr8-base-plugin_backgroundImagePosition-desktop-left-top upgr8-base-plugin_background-image-size-contain upgr8-base-plugin_background-image-no-repeat upgr8-base-plugin_padding-top-desktop-1 upgr8-base-plugin_padding-right-desktop-1 upgr8-base-plugin_padding-bottom-desktop-1 upgr8-base-plugin_padding-left-desktop-1\" style=\"border-style:none;border-width:0px;border-radius:50px;background-color:color-mix(in srgb, var(--wp--preset--color--custom-ec-7-ba-7) 50%, transparent)\" href=\"https:\/\/calendall.development.upgr8.dev\/en\/features\/appointment-reminders\/\" target=\"\" rel=\"noopener\">\n<div class=\"wp-block-upgr8-base-plugin-text-block upgr8-base-plugin_text-block upgr8-base-plugin_justify-content-center-desktop  upgr8-base-plugin_fontSize-desktop-sm upgr8-base-plugin_text-alignment-center-desktop\" style=\"color:\"><p><mark style=\"background-color:rgba(0, 0, 0, 0);color:#ffffff\" class=\"has-inline-color\"><mark style=\"background-color:rgba(0, 0, 0, 0);color:#ffffff\" class=\"has-inline-color\"><mark style=\"background-color:rgba(0, 0, 0, 0);color:#ffffff\" class=\"has-inline-color\">Learn more<\/mark><\/mark><\/mark><\/p><\/div>\n<\/a>\n\n\n\n<picture id=\"upgr8-base-plugin_image-1dcf510e-4ca3-41ef-8ae7-09de66b3b9e8\" class=\"wp-block-upgr8-base-plugin-image  upgr8-base-plugin_image upgr8-base-plugin_padding-top-mobile-3\"><source media=\"(max-width:768px)\" srcset=\"https:\/\/calendall.development.upgr8.dev\/app\/uploads\/2025\/08\/automated-appointment-reminders-hair-salon-sms-email.webp\" alt=\"Automated appointment reminders for hair salons with SMS and email notification preview\"\/><img decoding=\"async\" src=\"https:\/\/calendall.development.upgr8.dev\/app\/uploads\/2025\/08\/online-calendar-hair-beauty-salons-multi-device.webp\" alt=\"Online calendar for hair and beauty salons displayed on laptop, tablet, and smartphone screens.\" loading=\"lazy\" width=\"2160\" height=\"2160\"\/><\/picture>\n<\/div>\n<\/div><\/div><\/div>\n<\/div>\n<\/div>\n<\/div><\/div><\/div>\n\n\n\n<div class=\"wp-block-upgr8-base-plugin-container upgr8-base-plugin_container-wrapper  upgr8-base-plugin_backgroundImagePosition-desktop-left-top upgr8-base-plugin_background-image-size-contain upgr8-base-plugin_background-image-no-repeat upgr8-base-plugin_margin-top-desktop-4 upgr8-base-plugin_margin-bottom-desktop-4 upgr8-base-plugin_hide-desktop upgr8-base-plugin_hide-tablet\"><div class=\"upgr8-base-plugin_container upgr8-base-plugin_container-boxed\"><div class=\"upgr8-base-plugin_row upgr8-base-plugin_justify-content-center-desktop   upgr8-base-plugin_align-items-center-desktop        \">\n<div class=\"wp-block-upgr8-base-plugin-container-column upgr8-base-plugin_col-desktop-11  upgr8-base-plugin_backgroundImagePosition-desktop-left-top upgr8-base-plugin_background-image-size-contain upgr8-base-plugin_background-image-no-repeat\">\n<style>\n            #u8b-box-da68c5fa-d46c-4e73-af08-50f8cf88b238:hover {\n                \n            }\n    <\/style><div id=\"u8b-box-da68c5fa-d46c-4e73-af08-50f8cf88b238\" class=\"wp-block-upgr8-base-plugin-box upgr8-base-plugin_box-content  upgr8-base-plugin_content-height upgr8-base-plugin_backgroundImagePosition-desktop-left-top upgr8-base-plugin_background-image-size-contain upgr8-base-plugin_background-image-no-repeat upgr8-base-plugin_padding-top-desktop-3 upgr8-base-plugin_padding-top-mobile-0 upgr8-base-plugin_padding-right-desktop-1 upgr8-base-plugin_padding-bottom-desktop-0 upgr8-base-plugin_padding-bottom-mobile-0 upgr8-base-plugin_padding-left-desktop-1\" style=\"border-style:none;border-width:0px;border-radius:30px;background-color:color-mix(in srgb, var(--wp--preset--color--custom-baa-5-f-1) 25%, transparent)\">\n<div class=\"wp-block-upgr8-base-plugin-container upgr8-base-plugin_container-wrapper  upgr8-base-plugin_backgroundImagePosition-desktop-left-top upgr8-base-plugin_background-image-size-contain upgr8-base-plugin_background-image-no-repeat upgr8-base-plugin_margin-bottom-desktop-3\"><div class=\"upgr8-base-plugin_container upgr8-base-plugin_container-boxed\"><div class=\"upgr8-base-plugin_row            \">\n<div class=\"wp-block-upgr8-base-plugin-container-column upgr8-base-plugin_col-mobile-12 upgr8-base-plugin_col-desktop-6  upgr8-base-plugin_backgroundImagePosition-desktop-right-top upgr8-base-plugin_background-image-size-contain upgr8-base-plugin_background-image-no-repeat\">\n<style>\n        #upgr8-base-plugin_image-38ecbfbd-f1a1-4f06-b0ea-5bacb13e6666 img{\n            width: 70px;\n        }\n    <\/style><picture id=\"upgr8-base-plugin_image-38ecbfbd-f1a1-4f06-b0ea-5bacb13e6666\" class=\"wp-block-upgr8-base-plugin-image  upgr8-base-plugin_image upgr8-base-plugin_margin-bottom-desktop-2\"><source media=\"(max-width:768px)\" srcset=\"https:\/\/calendall.development.upgr8.dev\/app\/uploads\/2025\/08\/Icon-online-booking-system.png\" alt=\"Online booking system for beauty and hair salons\"\/><img decoding=\"async\" src=\"https:\/\/calendall.development.upgr8.dev\/app\/uploads\/2025\/08\/Icon-digital-calendar.png\" alt=\"digital calendar for beauty und hair salons\" loading=\"lazy\" width=\"200\" height=\"200\"\/><\/picture>\n\n\n\n<div class=\"wp-block-upgr8-base-plugin-text-block upgr8-base-plugin_text-block  upgr8-base-plugin_fontSize-desktop-sm\" style=\"color:\"><p><a href=\"https:\/\/calendall.development.upgr8.dev\/en\/features\/onlinebuchung\/\" data-type=\"link\" data-id=\"https:\/\/calendall.development.upgr8.dev\/en\/features\/onlinebuchung\/\"><mark style=\"background-color:rgba(0, 0, 0, 0)\" class=\"has-inline-color has-custom-baa-5-f-1-color\">ONLINE BOOKING<\/mark><\/a><\/p><\/div>\n\n\n\n<h2 class=\"wp-block-upgr8-base-plugin-headline-block headline-content  upgr8-base-plugin_fontSize-desktop-md upgr8-base-plugin_margin-bottom-desktop-1\" style=\"color:\"><strong><strong><strong><strong><strong><strong>Online booking system for hair dresser \u2013 flexible &amp; easy to use<\/strong><\/strong><\/strong><\/strong><\/strong><\/strong><\/h2>\n\n\n\n<div class=\"wp-block-upgr8-base-plugin-text-block upgr8-base-plugin_text-block  upgr8-base-plugin_fontSize-desktop-sm upgr8-base-plugin_margin-bottom-desktop-1\" style=\"color:\"><p>Give your clients the freedom to book their hair appointments 24\/7 \u2013 directly via your website, Google, or social media. Reduce phone calls, save time, and increase your salon\u2019s bookings. You control when the feature is active, ensuring full flexibility for your business.<\/p><\/div>\n\n\n\n<style>\n            #u8b-box-1e24c732-ebaa-4159-b76f-efffdb5637a7:hover {\n                \n            }\n    <\/style><a id=\"u8b-box-1e24c732-ebaa-4159-b76f-efffdb5637a7\" class=\"wp-block-upgr8-base-plugin-box upgr8-base-plugin_box-content  upgr8-base-plugin_content-height upgr8-base-plugin_backgroundImagePosition-desktop-left-top upgr8-base-plugin_background-image-size-contain upgr8-base-plugin_background-image-no-repeat upgr8-base-plugin_padding-top-desktop-1 upgr8-base-plugin_padding-right-desktop-1 upgr8-base-plugin_padding-bottom-desktop-1 upgr8-base-plugin_padding-left-desktop-1\" style=\"border-style:none;border-width:0px;border-radius:50px;background-color:color-mix(in srgb, var(--wp--preset--color--custom-baa-5-f-1) 50%, transparent)\" href=\"https:\/\/calendall.development.upgr8.dev\/en\/features\/onlinebuchung\/\" target=\"\" rel=\"noopener\">\n<div class=\"wp-block-upgr8-base-plugin-text-block upgr8-base-plugin_text-block upgr8-base-plugin_justify-content-center-desktop  upgr8-base-plugin_fontSize-desktop-sm upgr8-base-plugin_text-alignment-center-desktop\" style=\"color:\"><p><mark style=\"background-color:rgba(0, 0, 0, 0);color:#ffffff\" class=\"has-inline-color\"><mark style=\"background-color:rgba(0, 0, 0, 0);color:#ffffff\" class=\"has-inline-color\"><mark style=\"background-color:rgba(0, 0, 0, 0);color:#ffffff\" class=\"has-inline-color\">Learn more<\/mark><\/mark><\/mark><\/p><\/div>\n<\/a>\n\n\n\n<picture id=\"upgr8-base-plugin_image-1dcf510e-4ca3-41ef-8ae7-09de66b3b9e8\" class=\"wp-block-upgr8-base-plugin-image  upgr8-base-plugin_image upgr8-base-plugin_padding-top-mobile-3\"><source media=\"(max-width:768px)\" srcset=\"https:\/\/calendall.development.upgr8.dev\/app\/uploads\/2025\/08\/online-booking-system-hair-salon-smartphone.webp\" alt=\"Online booking system for hair salons with service selection on mobile device\"\/><img decoding=\"async\" src=\"https:\/\/calendall.development.upgr8.dev\/app\/uploads\/2025\/08\/online-calendar-hair-beauty-salons-multi-device.webp\" alt=\"Online calendar for hair and beauty salons displayed on laptop, tablet, and smartphone screens.\" loading=\"lazy\" width=\"2160\" height=\"2160\"\/><\/picture>\n<\/div>\n<\/div><\/div><\/div>\n<\/div>\n<\/div>\n<\/div><\/div><\/div>\n\n\n\n<div class=\"wp-block-upgr8-base-plugin-container upgr8-base-plugin_container-wrapper  upgr8-base-plugin_backgroundImagePosition-desktop-center-top upgr8-base-plugin_background-image-size-contain upgr8-base-plugin_background-image-no-repeat upgr8-base-plugin_padding-top-desktop-3\" style=\"background-color:color-mix(in srgb, var(--wp--preset--color--base) 100%, transparent)\"><div class=\"upgr8-base-plugin_container upgr8-base-plugin_container-boxed\"><div class=\"upgr8-base-plugin_row upgr8-base-plugin_justify-content-center-desktop   upgr8-base-plugin_align-items-center-desktop        \">\n<div class=\"wp-block-upgr8-base-plugin-container-column upgr8-base-plugin_col-mobile-12 upgr8-base-plugin_col-desktop-9  upgr8-base-plugin_backgroundImagePosition-desktop-left-top upgr8-base-plugin_background-image-size-contain upgr8-base-plugin_background-image-no-repeat\">\n<h2 class=\"wp-block-upgr8-base-plugin-headline-block headline-content  upgr8-base-plugin_fontSize-desktop-md upgr8-base-plugin_text-alignment-center-desktop upgr8-base-plugin_text-alignment-center-mobile upgr8-base-plugin_margin-bottom-desktop-1\" style=\"color:\"><strong><strong><strong>Real feedback from the field \u2013 honest experiences from hair salons using Calendall<\/strong><\/strong><\/strong><\/h2>\n\n\n\n<style>\n            #u8b-box-27c6f642-9c40-4c99-8c6d-dc9e0768e513:hover {\n                \n            }\n    <\/style><a id=\"u8b-box-27c6f642-9c40-4c99-8c6d-dc9e0768e513\" class=\"wp-block-upgr8-base-plugin-box upgr8-base-plugin_box-content  upgr8-base-plugin_content-height upgr8-base-plugin_backgroundImagePosition-desktop-left-top upgr8-base-plugin_background-image-size-contain upgr8-base-plugin_background-image-no-repeat upgr8-base-plugin_padding-top-desktop-0 upgr8-base-plugin_padding-right-desktop-1 upgr8-base-plugin_padding-bottom-desktop-1 upgr8-base-plugin_padding-left-desktop-1\" href=\"https:\/\/www.google.com\/search?hl=de-AT&amp;sca_esv=a8f2e26b4241c72c&amp;cs=0&amp;output=search&amp;tbm=lcl&amp;kgmid=\/g\/11vlcntmp9&amp;q=Calendall&amp;shndl=30&amp;shem=lcuae,uaasie&amp;source=sh\/x\/loc\/uni\/m1\/1&amp;kgs=8ee460130777b945#lkt=LocalPoiReviews&amp;rlfi=hd:;si:13901834259785476665,l,CglDYWxlbmRhbGySARBzb2Z0d2FyZV9jb21wYW55;mv:[[47.28731857731903,11.593039926236491],[47.28695862268096,11.592509273763513]]\" target=\"\" rel=\"noopener\">\n<style>\n        #upgr8-base-plugin_image-6fd34334-cace-431e-8e2a-43b2ea275ccc img{\n            width: 250px;\n        }\n    <\/style><picture id=\"upgr8-base-plugin_image-6fd34334-cace-431e-8e2a-43b2ea275ccc\" class=\"wp-block-upgr8-base-plugin-image  upgr8-base-plugin_image upgr8-base-plugin_justify-content-center-desktop\"><img decoding=\"async\" src=\"https:\/\/calendall.development.upgr8.dev\/app\/uploads\/2025\/04\/Kundenstimmen.webp\" alt=\"Proven Expert Empfehlungssiegel und Google-Bewertung mit 5 Sternen auf der Erfahrungssektion von Calendall\" loading=\"lazy\" width=\"1200\" height=\"600\"\/><\/picture>\n<\/a>\n<\/div>\n<\/div><\/div><\/div>\n\n\n\n<div class=\"wp-block-upgr8-base-plugin-container upgr8-base-plugin_container-wrapper  upgr8-base-plugin_backgroundImagePosition-desktop-left-top upgr8-base-plugin_background-image-size-contain upgr8-base-plugin_background-image-no-repeat upgr8-base-plugin_margin-bottom-desktop-4\"><div class=\"upgr8-base-plugin_container upgr8-base-plugin_container-boxed\"><div class=\"upgr8-base-plugin_row       upgr8-base-plugin_flex-direction-row-desktop   upgr8-base-plugin_flex-nowrap-desktop  \">\n<div class=\"wp-block-upgr8-base-plugin-container-column upgr8-base-plugin_col-desktop-12  upgr8-base-plugin_backgroundImagePosition-desktop-left-top upgr8-base-plugin_background-image-size-contain upgr8-base-plugin_background-image-no-repeat\">\n<div class=\"wp-block-upgr8-base-plugin-slider upgr8-base-plugin_slider swiper\" data-swiper-configuration=\"{&quot;autoplay&quot;:{&quot;delay&quot;:5000,&quot;enabled&quot;:false},&quot;loop&quot;:true,&quot;effect&quot;:&quot;slide&quot;,&quot;direction&quot;:&quot;horizontal&quot;,&quot;slidesPerView&quot;:1,&quot;autoHeight&quot;:false,&quot;pagination&quot;:{&quot;type&quot;:&quot;bullets&quot;,&quot;el&quot;:&quot;.swiper-pagination&quot;,&quot;clickable&quot;:true,&quot;enabled&quot;:true},&quot;navigation&quot;:{&quot;enabled&quot;:true,&quot;nextEl&quot;:&quot;.swiper-button-next&quot;,&quot;prevEl&quot;:&quot;.swiper-button-prev&quot;}}\"><div class=\"upgr8-base-plugin_slider-wrapper swiper-wrapper\">\n<div class=\"wp-block-upgr8-base-plugin-slider-item upgr8-base-plugin_slider-item swiper-slide\">\n<style>\n            #u8b-box-795b178f-a3a6-4767-b645-26768a1b15fc:hover {\n                \n            }\n    <\/style><div id=\"u8b-box-795b178f-a3a6-4767-b645-26768a1b15fc\" class=\"wp-block-upgr8-base-plugin-box upgr8-base-plugin_box-content  upgr8-base-plugin_content-height upgr8-base-plugin_backgroundImagePosition-desktop-left-top upgr8-base-plugin_background-image-size-contain upgr8-base-plugin_background-image-no-repeat upgr8-base-plugin_padding-top-desktop-1 upgr8-base-plugin_padding-right-desktop-1 upgr8-base-plugin_padding-bottom-desktop-1 upgr8-base-plugin_padding-left-desktop-1\" style=\"border-width:2px;border-radius:15px\">\n<div class=\"wp-block-upgr8-base-plugin-container upgr8-base-plugin_container-wrapper  upgr8-base-plugin_backgroundImagePosition-desktop-left-top upgr8-base-plugin_background-image-size-contain upgr8-base-plugin_background-image-no-repeat\"><div class=\"upgr8-base-plugin_container upgr8-base-plugin_container-boxed\"><div class=\"upgr8-base-plugin_row            \">\n<div class=\"wp-block-upgr8-base-plugin-container-column upgr8-base-plugin_col-desktop-2  upgr8-base-plugin_backgroundImagePosition-desktop-left-top upgr8-base-plugin_background-image-size-contain upgr8-base-plugin_background-image-no-repeat\">\n<style>\n        #upgr8-base-plugin_image-d31939ae-6cd2-4f1a-85ed-f6f1fb136ca4 img{\n            width: 200px;\n        }\n    <\/style><picture id=\"upgr8-base-plugin_image-d31939ae-6cd2-4f1a-85ed-f6f1fb136ca4\" class=\"wp-block-upgr8-base-plugin-image  upgr8-base-plugin_image\"><img decoding=\"async\" src=\"https:\/\/calendall.development.upgr8.dev\/app\/uploads\/2025\/04\/Kundedn.png\" alt=\"\" loading=\"lazy\" width=\"1080\" height=\"1350\"\/><\/picture>\n<\/div>\n\n\n\n<div class=\"wp-block-upgr8-base-plugin-container-column upgr8-base-plugin_col-desktop-10  upgr8-base-plugin_backgroundImagePosition-desktop-left-top upgr8-base-plugin_background-image-size-contain upgr8-base-plugin_background-image-no-repeat\">\n<div class=\"wp-block-upgr8-base-plugin-text-block upgr8-base-plugin_text-block  upgr8-base-plugin_fontSize-desktop-sm upgr8-base-plugin_padding-top-desktop-3\" style=\"color:\"><p><mark style=\"background-color:rgba(0, 0, 0, 0);color:#333333\" class=\"has-inline-color\"><em>&#8220;A digital calendar software was, in our minds, associated with complications until we got to know the team from Calendall. The consultation, support, and assistance were fantastic, and the operation is simple. Today, it\u2019s unimaginable to plan appointments without Calendall.&#8221;<\/em><br><\/mark><br><mark style=\"background-color:rgba(0, 0, 0, 0);color:#333333\" class=\"has-inline-color\">Hediye, <strong>Friseurstudio Hairlich<\/strong>, <\/mark><a href=\"https:\/\/www.studiohairlich.at\/\" data-type=\"link\" data-id=\"https:\/\/www.studiohairlich.at\/\"><mark style=\"background-color:rgba(0, 0, 0, 0);color:#333333\" class=\"has-inline-color\">www.studiohairlich.at<\/mark><\/a><\/p><\/div>\n\n\n\n<style>\n        #upgr8-base-plugin_image-44b41889-6762-43db-94a9-95ce2d471581 img{\n            width: 100px;\n        }\n    <\/style><picture id=\"upgr8-base-plugin_image-44b41889-6762-43db-94a9-95ce2d471581\" class=\"wp-block-upgr8-base-plugin-image  upgr8-base-plugin_image\"><img decoding=\"async\" src=\"https:\/\/calendall.development.upgr8.dev\/app\/uploads\/2024\/09\/Sterne-Rezession-1.png\" alt=\"F\u00fcnf von f\u00fcnf Sternen f\u00fcr die Kalendersoftware von Calendall\" loading=\"lazy\" width=\"400\" height=\"100\"\/><\/picture>\n<\/div>\n<\/div><\/div><\/div>\n<\/div>\n<\/div>\n\n\n\n<div class=\"wp-block-upgr8-base-plugin-slider-item upgr8-base-plugin_slider-item swiper-slide\">\n<style>\n            #u8b-box-de1bd351-6b04-4c12-ba6d-61069eb54f49:hover {\n                \n            }\n    <\/style><div id=\"u8b-box-de1bd351-6b04-4c12-ba6d-61069eb54f49\" class=\"wp-block-upgr8-base-plugin-box upgr8-base-plugin_box-content  upgr8-base-plugin_content-height upgr8-base-plugin_backgroundImagePosition-desktop-left-top upgr8-base-plugin_background-image-size-contain upgr8-base-plugin_background-image-no-repeat upgr8-base-plugin_padding-top-desktop-1 upgr8-base-plugin_padding-right-desktop-1 upgr8-base-plugin_padding-bottom-desktop-1 upgr8-base-plugin_padding-left-desktop-1\" style=\"border-width:2px;border-radius:15px\">\n<div class=\"wp-block-upgr8-base-plugin-container upgr8-base-plugin_container-wrapper  upgr8-base-plugin_backgroundImagePosition-desktop-left-top upgr8-base-plugin_background-image-size-contain upgr8-base-plugin_background-image-no-repeat\"><div class=\"upgr8-base-plugin_container upgr8-base-plugin_container-boxed\"><div class=\"upgr8-base-plugin_row            \">\n<div class=\"wp-block-upgr8-base-plugin-container-column upgr8-base-plugin_col-desktop-2  upgr8-base-plugin_backgroundImagePosition-desktop-left-top upgr8-base-plugin_background-image-size-contain upgr8-base-plugin_background-image-no-repeat\">\n<style>\n        #upgr8-base-plugin_image-d31939ae-6cd2-4f1a-85ed-f6f1fb136ca4 img{\n            width: 200px;\n        }\n    <\/style><picture id=\"upgr8-base-plugin_image-d31939ae-6cd2-4f1a-85ed-f6f1fb136ca4\" class=\"wp-block-upgr8-base-plugin-image  upgr8-base-plugin_image\"><img decoding=\"async\" src=\"https:\/\/calendall.development.upgr8.dev\/app\/uploads\/2025\/04\/Kunden.png\" alt=\"\" loading=\"lazy\" width=\"1080\" height=\"1350\"\/><\/picture>\n<\/div>\n\n\n\n<div class=\"wp-block-upgr8-base-plugin-container-column upgr8-base-plugin_col-desktop-10  upgr8-base-plugin_backgroundImagePosition-desktop-left-top upgr8-base-plugin_background-image-size-contain upgr8-base-plugin_background-image-no-repeat\">\n<div class=\"wp-block-upgr8-base-plugin-text-block upgr8-base-plugin_text-block  upgr8-base-plugin_fontSize-desktop-sm upgr8-base-plugin_padding-top-desktop-3\" style=\"color:\"><p><mark style=\"background-color:rgba(0, 0, 0, 0);color:#333333\" class=\"has-inline-color\"><em>&#8220;Calendall has really made our salon work easier. The clear interface makes appointment scheduling simple, and the automatic notifications keep our clients up to date. The support team is also extremely competent and friendly.&#8221;<\/em><br><\/mark><br><mark style=\"background-color:rgba(0, 0, 0, 0);color:#333333\" class=\"has-inline-color\">Sandra, <strong>Friseursalon<\/strong> <strong>Haareszeit<\/strong>, <\/mark><a href=\"https:\/\/www.haareszeit.at\/\" data-type=\"link\" data-id=\"https:\/\/www.haareszeit.at\/\"><mark style=\"background-color:rgba(0, 0, 0, 0);color:#333333\" class=\"has-inline-color\">www.Haareszeit.at<\/mark><\/a><\/p><\/div>\n\n\n\n<style>\n        #upgr8-base-plugin_image-44b41889-6762-43db-94a9-95ce2d471581 img{\n            width: 100px;\n        }\n    <\/style><picture id=\"upgr8-base-plugin_image-44b41889-6762-43db-94a9-95ce2d471581\" class=\"wp-block-upgr8-base-plugin-image  upgr8-base-plugin_image\"><img decoding=\"async\" src=\"https:\/\/calendall.development.upgr8.dev\/app\/uploads\/2024\/09\/Sterne-Rezession-1.png\" alt=\"F\u00fcnf von f\u00fcnf Sternen f\u00fcr die Kalendersoftware von Calendall\" loading=\"lazy\" width=\"400\" height=\"100\"\/><\/picture>\n<\/div>\n<\/div><\/div><\/div>\n<\/div>\n<\/div>\n<\/div><div class=\"swiper-pagination\"><\/div><div class=\"swiper-button-prev\"><\/div><div class=\"swiper-button-next\"><\/div><\/div>\n<\/div>\n<\/div><\/div><\/div>\n\n\n\n<div class=\"wp-block-upgr8-base-plugin-container upgr8-base-plugin_container-wrapper  upgr8-base-plugin_backgroundImagePosition-desktop-left-top upgr8-base-plugin_background-image-size-contain upgr8-base-plugin_background-image-no-repeat upgr8-base-plugin_padding-top-desktop-2 upgr8-base-plugin_padding-bottom-desktop-2 upgr8-base-plugin_margin-bottom-desktop-3\" style=\"background-color:color-mix(in srgb, var(--wp--preset--color--primary) 25%, transparent)\"><div class=\"upgr8-base-plugin_container upgr8-base-plugin_container-boxed\"><div class=\"upgr8-base-plugin_row upgr8-base-plugin_justify-content-center-desktop   upgr8-base-plugin_align-items-center-desktop        \">\n<div class=\"wp-block-upgr8-base-plugin-container-column upgr8-base-plugin_col-mobile-11 upgr8-base-plugin_col-desktop-5  upgr8-base-plugin_backgroundImagePosition-desktop-left-top upgr8-base-plugin_background-image-size-contain upgr8-base-plugin_background-image-no-repeat\">\n<style>\n            #u8b-button-e593ccb8-db53-4668-8f79-85670fb45ba7:hover {\n                background:var(--wp--preset--gradient--gradient-one) !important;\n            }\n    <\/style><a id=\"u8b-button-e593ccb8-db53-4668-8f79-85670fb45ba7\" class=\"wp-block-upgr8-base-plugin-button-block upgr8-base-plugin_button  upgr8-base-plugin_button-center upgr8-base-plugin_content-width upgr8-base-plugin_button-tertiary upgr8-base-plugin_fontSize-desktop-sm upgr8-base-plugin_padding-top-desktop-1 upgr8-base-plugin_padding-right-desktop-3 upgr8-base-plugin_padding-bottom-desktop-1 upgr8-base-plugin_padding-left-desktop-3 upgr8-base-plugin_margin-bottom-desktop-1\" style=\"border-style:none;border-width:0px;color:var(--wp--preset--color--base);background-color:color-mix(in srgb, var(--wp--preset--color--primary) 100%, transparent)\" href=\"https:\/\/app.calendall.com\/public\/self-signup?_gl=1*1crqm28*_gcl_au*NTgxNzY5OTc5LjE3NDE4ODQxOTE.\" target=\"\" rel=\"noopener\">Start your free trial<\/a>\n\n\n\n<div class=\"wp-block-upgr8-base-plugin-text-block upgr8-base-plugin_text-block upgr8-base-plugin_justify-content-center-desktop  upgr8-base-plugin_fontSize-desktop-sm upgr8-base-plugin_text-alignment-center-desktop\" style=\"color:\"><p>Free, no commitment. <mark style=\"background-color:rgba(0, 0, 0, 0);color:#4566f9\" class=\"has-inline-color\">Try it for 14 days!<\/mark><\/p><\/div>\n<\/div>\n<\/div><\/div><\/div>\n\n\n\n<div class=\"wp-block-upgr8-base-plugin-container upgr8-base-plugin_container-wrapper  upgr8-base-plugin_backgroundImagePosition-desktop-left-top upgr8-base-plugin_background-image-size-contain upgr8-base-plugin_background-image-no-repeat upgr8-base-plugin_margin-bottom-desktop-3\"><div class=\"upgr8-base-plugin_container upgr8-base-plugin_container-boxed\"><div class=\"upgr8-base-plugin_row    upgr8-base-plugin_align-items-flex-start-desktop        \">\n<div class=\"wp-block-upgr8-base-plugin-container-column upgr8-base-plugin_col-desktop-12  upgr8-base-plugin_backgroundImagePosition-desktop-left-top upgr8-base-plugin_background-image-size-contain upgr8-base-plugin_background-image-no-repeat\">\n<style>\n            #u8b-box-3f939e66-4587-4e9e-b9b6-21e29187d663:hover {\n                \n            }\n    <\/style><div id=\"u8b-box-3f939e66-4587-4e9e-b9b6-21e29187d663\" class=\"wp-block-upgr8-base-plugin-box upgr8-base-plugin_box-content  upgr8-base-plugin_content-height upgr8-base-plugin_backgroundImagePosition-desktop-left-top upgr8-base-plugin_background-image-size-contain upgr8-base-plugin_background-image-no-repeat upgr8-base-plugin_padding-top-desktop-3 upgr8-base-plugin_padding-right-desktop-1 upgr8-base-plugin_padding-bottom-desktop-1 upgr8-base-plugin_padding-left-desktop-1\" style=\"border-radius:38px;background-color:color-mix(in srgb, var(--wp--preset--color--contrast) 5%, transparent)\">\n<h2 class=\"wp-block-upgr8-base-plugin-headline-block headline-content  upgr8-base-plugin_fontSize-desktop-md upgr8-base-plugin_padding-right-desktop-1 upgr8-base-plugin_padding-left-desktop-2 upgr8-base-plugin_margin-bottom-desktop-1\" style=\"color:\"><strong><strong>Frequently asked questions about our digital appointment planner &amp; booking software for hair salons<\/strong><\/strong><\/h2>\n\n\n\n<div class=\"wp-block-upgr8-base-plugin-container upgr8-base-plugin_container-wrapper  upgr8-base-plugin_backgroundImagePosition-desktop-left-top upgr8-base-plugin_background-image-size-contain upgr8-base-plugin_background-image-no-repeat upgr8-base-plugin_margin-bottom-desktop-3\"><div class=\"upgr8-base-plugin_container upgr8-base-plugin_container-boxed\"><div class=\"upgr8-base-plugin_row            \">\n<div class=\"wp-block-upgr8-base-plugin-container-column upgr8-base-plugin_col-desktop-12  upgr8-base-plugin_backgroundImagePosition-desktop-left-top upgr8-base-plugin_background-image-size-contain upgr8-base-plugin_background-image-no-repeat\" style=\"background-color:color-mix(in srgb, var(--wp--preset--color--contrast) 0%, transparent)\">\n<div class=\"wp-block-upgr8-base-plugin-accordion upgr8-base-plugin_accordion\" id=\"upgr8-base-plugin_accordion-517c2641-3f33-4c9d-8be1-0de7368d0107\">\n<div class=\"wp-block-upgr8-base-plugin-accordion-item upgr8-base-plugin_accordion-item  upgr8-base-plugin_margin-bottom-desktop-2\"><div class=\"upgr8-base-plugin_accordion-item--header     upgr8-base-plugin_fontSize-desktop-sm     upgr8-base-plugin_padding-top-desktop-0   upgr8-base-plugin_padding-right-desktop-2   upgr8-base-plugin_padding-bottom-desktop-0   upgr8-base-plugin_padding-left-desktop-2    \" style=\"border-style:none;border-width:0px;border-radius:15px;color:var(--wp--preset--color--contrast);font-weight:bold\">Can I try Calendall for my salon for free?<svg xmlns=\"http:\/\/www.w3.org\/2000\/svg\" width=\"24\" height=\"24\" viewBox=\"0 0 24 24\" fill=\"none\" stroke=\"currentColor\" stroke-width=\"2\" stroke-linecap=\"round\" stroke-linejoin=\"round\" class=\"lucide lucide-chevron-down\"><path d=\"m6 9 6 6 6-6\"><\/path><\/svg><\/div><div class=\"upgr8-base-plugin_accordion-item--body\">\n<div class=\"wp-block-upgr8-base-plugin-text-block upgr8-base-plugin_text-block  upgr8-base-plugin_fontSize-desktop-sm upgr8-base-plugin_padding-top-desktop-1 upgr8-base-plugin_padding-left-desktop-2\" style=\"color:\"><p>Yes, you can test Calendall for 14 days with no obligation and completely free of charge. No payment details are required, and the trial ends automatically.<\/p><\/div>\n<\/div><\/div>\n\n\n\n<div class=\"wp-block-upgr8-base-plugin-accordion-item upgr8-base-plugin_accordion-item  upgr8-base-plugin_margin-bottom-desktop-2\"><div class=\"upgr8-base-plugin_accordion-item--header     upgr8-base-plugin_fontSize-desktop-sm     upgr8-base-plugin_padding-top-desktop-0   upgr8-base-plugin_padding-right-desktop-2   upgr8-base-plugin_padding-bottom-desktop-0   upgr8-base-plugin_padding-left-desktop-2    \" style=\"border-style:none;border-width:0px;border-radius:15px;color:var(--wp--preset--color--contrast);font-weight:bold\">Is there a contract if I subscribe for my hair salon?<svg xmlns=\"http:\/\/www.w3.org\/2000\/svg\" width=\"24\" height=\"24\" viewBox=\"0 0 24 24\" fill=\"none\" stroke=\"currentColor\" stroke-width=\"2\" stroke-linecap=\"round\" stroke-linejoin=\"round\" class=\"lucide lucide-chevron-down\"><path d=\"m6 9 6 6 6-6\"><\/path><\/svg><\/div><div class=\"upgr8-base-plugin_accordion-item--body\">\n<div class=\"wp-block-upgr8-base-plugin-text-block upgr8-base-plugin_text-block  upgr8-base-plugin_fontSize-desktop-sm upgr8-base-plugin_padding-top-desktop-1 upgr8-base-plugin_padding-left-desktop-2\" style=\"color:\"><p>No, our monthly subscription is flexible and can be canceled at any time, giving you full freedom. With an annual subscription, you benefit from a 15% discount, and it can also be canceled yearly \u2013 with no hidden commitments.<\/p><\/div>\n<\/div><\/div>\n\n\n\n<div class=\"wp-block-upgr8-base-plugin-accordion-item upgr8-base-plugin_accordion-item  upgr8-base-plugin_margin-bottom-desktop-2\"><div class=\"upgr8-base-plugin_accordion-item--header     upgr8-base-plugin_fontSize-desktop-sm     upgr8-base-plugin_padding-top-desktop-0   upgr8-base-plugin_padding-right-desktop-2   upgr8-base-plugin_padding-bottom-desktop-0   upgr8-base-plugin_padding-left-desktop-2    \" style=\"border-style:none;border-width:0px;border-radius:15px;color:var(--wp--preset--color--contrast);font-weight:bold\">Does Calendall work on all devices \u2013 both in the salon &amp; on mobile?<svg xmlns=\"http:\/\/www.w3.org\/2000\/svg\" width=\"24\" height=\"24\" viewBox=\"0 0 24 24\" fill=\"none\" stroke=\"currentColor\" stroke-width=\"2\" stroke-linecap=\"round\" stroke-linejoin=\"round\" class=\"lucide lucide-chevron-down\"><path d=\"m6 9 6 6 6-6\"><\/path><\/svg><\/div><div class=\"upgr8-base-plugin_accordion-item--body\">\n<div class=\"wp-block-upgr8-base-plugin-text-block upgr8-base-plugin_text-block  upgr8-base-plugin_fontSize-desktop-sm upgr8-base-plugin_padding-top-desktop-1 upgr8-base-plugin_padding-left-desktop-2\" style=\"color:\"><p>Yes, Calendall is web-based and works on smartphones, tablets, laptops, and PCs. Your data is synced everywhere and is available at any time.<\/p><\/div>\n<\/div><\/div>\n\n\n\n<div class=\"wp-block-upgr8-base-plugin-accordion-item upgr8-base-plugin_accordion-item  upgr8-base-plugin_margin-bottom-desktop-2\"><div class=\"upgr8-base-plugin_accordion-item--header     upgr8-base-plugin_fontSize-desktop-sm     upgr8-base-plugin_padding-top-desktop-0   upgr8-base-plugin_padding-right-desktop-2   upgr8-base-plugin_padding-bottom-desktop-0   upgr8-base-plugin_padding-left-desktop-2    \" style=\"border-style:none;border-width:0px;border-radius:15px;color:var(--wp--preset--color--contrast);font-weight:bold\">Can I download Calendall as an app?<svg xmlns=\"http:\/\/www.w3.org\/2000\/svg\" width=\"24\" height=\"24\" viewBox=\"0 0 24 24\" fill=\"none\" stroke=\"currentColor\" stroke-width=\"2\" stroke-linecap=\"round\" stroke-linejoin=\"round\" class=\"lucide lucide-chevron-down\"><path d=\"m6 9 6 6 6-6\"><\/path><\/svg><\/div><div class=\"upgr8-base-plugin_accordion-item--body\">\n<div class=\"wp-block-upgr8-base-plugin-text-block upgr8-base-plugin_text-block  upgr8-base-plugin_fontSize-desktop-sm upgr8-base-plugin_padding-top-desktop-1 upgr8-base-plugin_padding-left-desktop-2\" style=\"color:\"><p>Yes, you can install Calendall as a web app and use it just like a regular app on your smartphone or tablet.<\/p><\/div>\n<\/div><\/div>\n\n\n\n<div class=\"wp-block-upgr8-base-plugin-accordion-item upgr8-base-plugin_accordion-item  upgr8-base-plugin_margin-bottom-desktop-2\"><div class=\"upgr8-base-plugin_accordion-item--header     upgr8-base-plugin_fontSize-desktop-sm     upgr8-base-plugin_padding-top-desktop-0   upgr8-base-plugin_padding-right-desktop-2   upgr8-base-plugin_padding-bottom-desktop-0   upgr8-base-plugin_padding-left-desktop-2    \" style=\"border-style:none;border-width:0px;border-radius:15px;color:var(--wp--preset--color--contrast);font-weight:bold\">How secure is my data?<svg xmlns=\"http:\/\/www.w3.org\/2000\/svg\" width=\"24\" height=\"24\" viewBox=\"0 0 24 24\" fill=\"none\" stroke=\"currentColor\" stroke-width=\"2\" stroke-linecap=\"round\" stroke-linejoin=\"round\" class=\"lucide lucide-chevron-down\"><path d=\"m6 9 6 6 6-6\"><\/path><\/svg><\/div><div class=\"upgr8-base-plugin_accordion-item--body\">\n<div class=\"wp-block-upgr8-base-plugin-text-block upgr8-base-plugin_text-block  upgr8-base-plugin_fontSize-desktop-sm upgr8-base-plugin_padding-top-desktop-1 upgr8-base-plugin_padding-left-desktop-2\" style=\"color:\"><p>Your data is stored securely on European servers and complies with GDPR regulations. Calendall places great importance on privacy and security.<\/p><\/div>\n<\/div><\/div>\n\n\n\n<div class=\"wp-block-upgr8-base-plugin-accordion-item upgr8-base-plugin_accordion-item  upgr8-base-plugin_margin-bottom-desktop-2\"><div class=\"upgr8-base-plugin_accordion-item--header     upgr8-base-plugin_fontSize-desktop-sm     upgr8-base-plugin_padding-top-desktop-0   upgr8-base-plugin_padding-right-desktop-2   upgr8-base-plugin_padding-bottom-desktop-0   upgr8-base-plugin_padding-left-desktop-2    \" style=\"border-style:none;border-width:0px;border-radius:15px;color:var(--wp--preset--color--contrast);font-weight:bold\">Can I import my existing client data into Calendall?<svg xmlns=\"http:\/\/www.w3.org\/2000\/svg\" width=\"24\" height=\"24\" viewBox=\"0 0 24 24\" fill=\"none\" stroke=\"currentColor\" stroke-width=\"2\" stroke-linecap=\"round\" stroke-linejoin=\"round\" class=\"lucide lucide-chevron-down\"><path d=\"m6 9 6 6 6-6\"><\/path><\/svg><\/div><div class=\"upgr8-base-plugin_accordion-item--body\">\n<div class=\"wp-block-upgr8-base-plugin-text-block upgr8-base-plugin_text-block  upgr8-base-plugin_fontSize-desktop-sm upgr8-base-plugin_padding-top-desktop-1 upgr8-base-plugin_padding-left-desktop-2\" style=\"color:\"><p>Yes, you can easily import existing data into Calendall\u2019s digital client profiles. Our support team is happy to help.<\/p><\/div>\n<\/div><\/div>\n\n\n\n<div class=\"wp-block-upgr8-base-plugin-accordion-item upgr8-base-plugin_accordion-item  upgr8-base-plugin_margin-bottom-desktop-2\"><div class=\"upgr8-base-plugin_accordion-item--header     upgr8-base-plugin_fontSize-desktop-sm     upgr8-base-plugin_padding-top-desktop-0   upgr8-base-plugin_padding-right-desktop-2   upgr8-base-plugin_padding-bottom-desktop-0   upgr8-base-plugin_padding-left-desktop-2    \" style=\"border-style:none;border-width:0px;border-radius:15px;color:var(--wp--preset--color--contrast);font-weight:bold\">Does Calendall automatically remind my clients of their appointments?<svg xmlns=\"http:\/\/www.w3.org\/2000\/svg\" width=\"24\" height=\"24\" viewBox=\"0 0 24 24\" fill=\"none\" stroke=\"currentColor\" stroke-width=\"2\" stroke-linecap=\"round\" stroke-linejoin=\"round\" class=\"lucide lucide-chevron-down\"><path d=\"m6 9 6 6 6-6\"><\/path><\/svg><\/div><div class=\"upgr8-base-plugin_accordion-item--body\">\n<div class=\"wp-block-upgr8-base-plugin-text-block upgr8-base-plugin_text-block  upgr8-base-plugin_fontSize-desktop-sm upgr8-base-plugin_padding-top-desktop-1 upgr8-base-plugin_padding-left-desktop-2\" style=\"color:\"><p>Yes, clients can be automatically reminded of upcoming appointments via email or SMS. These reminders are fully customizable to perfectly fit your studio\u2019s needs.<\/p><\/div>\n<\/div><\/div>\n\n\n\n<div class=\"wp-block-upgr8-base-plugin-accordion-item upgr8-base-plugin_accordion-item  upgr8-base-plugin_margin-bottom-desktop-2\"><div class=\"upgr8-base-plugin_accordion-item--header     upgr8-base-plugin_fontSize-desktop-sm     upgr8-base-plugin_padding-top-desktop-0   upgr8-base-plugin_padding-right-desktop-2   upgr8-base-plugin_padding-bottom-desktop-0   upgr8-base-plugin_padding-left-desktop-2    \" style=\"border-style:none;border-width:0px;border-radius:15px;color:var(--wp--preset--color--contrast);font-weight:bold\">Can I use Calendall without online booking?<svg xmlns=\"http:\/\/www.w3.org\/2000\/svg\" width=\"24\" height=\"24\" viewBox=\"0 0 24 24\" fill=\"none\" stroke=\"currentColor\" stroke-width=\"2\" stroke-linecap=\"round\" stroke-linejoin=\"round\" class=\"lucide lucide-chevron-down\"><path d=\"m6 9 6 6 6-6\"><\/path><\/svg><\/div><div class=\"upgr8-base-plugin_accordion-item--body\">\n<div class=\"wp-block-upgr8-base-plugin-text-block upgr8-base-plugin_text-block  upgr8-base-plugin_fontSize-desktop-sm upgr8-base-plugin_padding-top-desktop-1 upgr8-base-plugin_padding-left-desktop-2\" style=\"color:\"><p>Yes, with our \u201cBasic\u201d package you can use all features like appointment management, digital client profiles, and automatic reminders \u2013 without online booking. Online booking is only included in the \u201cBooking\u201d package and can be added flexibly.<\/p><\/div>\n<\/div><\/div>\n\n\n\n<div class=\"wp-block-upgr8-base-plugin-accordion-item upgr8-base-plugin_accordion-item  upgr8-base-plugin_margin-bottom-desktop-2\"><div class=\"upgr8-base-plugin_accordion-item--header     upgr8-base-plugin_fontSize-desktop-sm     upgr8-base-plugin_padding-top-desktop-0   upgr8-base-plugin_padding-right-desktop-2   upgr8-base-plugin_padding-bottom-desktop-0   upgr8-base-plugin_padding-left-desktop-2    \" style=\"border-style:none;border-width:0px;border-radius:15px;color:var(--wp--preset--color--contrast);font-weight:bold\">What features does the digital client profile offer for my salon?<svg xmlns=\"http:\/\/www.w3.org\/2000\/svg\" width=\"24\" height=\"24\" viewBox=\"0 0 24 24\" fill=\"none\" stroke=\"currentColor\" stroke-width=\"2\" stroke-linecap=\"round\" stroke-linejoin=\"round\" class=\"lucide lucide-chevron-down\"><path d=\"m6 9 6 6 6-6\"><\/path><\/svg><\/div><div class=\"upgr8-base-plugin_accordion-item--body\">\n<div class=\"wp-block-upgr8-base-plugin-text-block upgr8-base-plugin_text-block  upgr8-base-plugin_fontSize-desktop-sm upgr8-base-plugin_padding-top-desktop-1 upgr8-base-plugin_padding-left-desktop-2\" style=\"color:\"><p>The client profile stores important details such as preferences, appointments, birthdays, and before-and-after photos \u2013 so you\u2019re prepared for every appointment.<\/p><\/div>\n<\/div><\/div>\n\n\n\n<div class=\"wp-block-upgr8-base-plugin-accordion-item upgr8-base-plugin_accordion-item  upgr8-base-plugin_margin-bottom-desktop-2\"><div class=\"upgr8-base-plugin_accordion-item--header     upgr8-base-plugin_fontSize-desktop-sm     upgr8-base-plugin_padding-top-desktop-0   upgr8-base-plugin_padding-right-desktop-2   upgr8-base-plugin_padding-bottom-desktop-0   upgr8-base-plugin_padding-left-desktop-2    \" style=\"border-style:none;border-width:0px;border-radius:15px;color:var(--wp--preset--color--contrast);font-weight:bold\">Is there support if I need help?<svg xmlns=\"http:\/\/www.w3.org\/2000\/svg\" width=\"24\" height=\"24\" viewBox=\"0 0 24 24\" fill=\"none\" stroke=\"currentColor\" stroke-width=\"2\" stroke-linecap=\"round\" stroke-linejoin=\"round\" class=\"lucide lucide-chevron-down\"><path d=\"m6 9 6 6 6-6\"><\/path><\/svg><\/div><div class=\"upgr8-base-plugin_accordion-item--body\">\n<div class=\"wp-block-upgr8-base-plugin-text-block upgr8-base-plugin_text-block  upgr8-base-plugin_fontSize-desktop-sm upgr8-base-plugin_padding-top-desktop-1 upgr8-base-plugin_padding-left-desktop-2\" style=\"color:\"><p>Yes, our support team is available to you free of charge \u2013 Monday through Saturday. You can reach us by phone, email, or in a personal online meeting.<\/p><\/div>\n<\/div><\/div>\n<\/div>\n<\/div>\n<\/div><\/div><\/div>\n<\/div>\n<\/div>\n<\/div><\/div><\/div>\n\n\n\n<div class=\"wp-block-upgr8-base-plugin-container upgr8-base-plugin_container-wrapper  upgr8-base-plugin_backgroundImagePosition-desktop-left-top upgr8-base-plugin_background-image-size-contain upgr8-base-plugin_background-image-no-repeat upgr8-base-plugin_margin-bottom-desktop-3\"><div class=\"upgr8-base-plugin_container upgr8-base-plugin_container-boxed\"><div class=\"upgr8-base-plugin_row            \">\n<div class=\"wp-block-upgr8-base-plugin-container-column upgr8-base-plugin_col-mobile-12 upgr8-base-plugin_col-desktop-4  upgr8-base-plugin_backgroundImagePosition-desktop-left-top upgr8-base-plugin_background-image-size-contain upgr8-base-plugin_background-image-no-repeat\" style=\"background-color:color-mix(in srgb, var(--wp--preset--color--custom-baa-5-f-1) 5%, transparent)\">\n<style>\n        #upgr8-base-plugin_image-5472132e-7484-4740-805e-6a0e8d8c52c4 img{\n            width: 30px;\n        }\n    <\/style><picture id=\"upgr8-base-plugin_image-5472132e-7484-4740-805e-6a0e8d8c52c4\" class=\"wp-block-upgr8-base-plugin-image  upgr8-base-plugin_image upgr8-base-plugin_justify-content-center-desktop upgr8-base-plugin_margin-bottom-desktop-1\"><source media=\"(max-width:768px)\" srcset=\"https:\/\/calendall.development.upgr8.dev\/app\/uploads\/2024\/08\/Design-ohne-Titel-6.png\" alt=\"SSL verschl\u00fcsselt\"\/><img decoding=\"async\" src=\"https:\/\/calendall.development.upgr8.dev\/app\/uploads\/2024\/08\/Design-ohne-Titel-6.png\" alt=\"SSL verschl\u00fcsselt\" loading=\"lazy\" width=\"1080\" height=\"1080\"\/><\/picture>\n\n\n\n<h4 class=\"wp-block-upgr8-base-plugin-headline-block headline-content  upgr8-base-plugin_fontSize-desktop-sm upgr8-base-plugin_text-alignment-center-desktop upgr8-base-plugin_text-alignment-center-mobile\" style=\"color:\"><strong><mark style=\"background-color:rgba(0, 0, 0, 0)\" class=\"has-inline-color has-custom-baa-5-f-1-color\"><strong>SSL Encrypted<\/strong><\/mark><\/strong><\/h4>\n\n\n\n<div class=\"wp-block-upgr8-base-plugin-text-block upgr8-base-plugin_text-block upgr8-base-plugin_justify-content-center-desktop  upgr8-base-plugin_fontSize-desktop-sm upgr8-base-plugin_fontSize-tablet-xs upgr8-base-plugin_fontSize-mobile-xs upgr8-base-plugin_text-alignment-center-desktop upgr8-base-plugin_text-alignment-center-mobile upgr8-base-plugin_margin-top-desktop-1 upgr8-base-plugin_hide-mobile\" style=\"color:\"><p>Highest security standards and SSL encryption protect your data from unauthorized access.<br><\/p><\/div>\n<\/div>\n\n\n\n<div class=\"wp-block-upgr8-base-plugin-container-column upgr8-base-plugin_col-mobile-12 upgr8-base-plugin_col-desktop-4  upgr8-base-plugin_backgroundImagePosition-desktop-left-top upgr8-base-plugin_background-image-size-contain upgr8-base-plugin_background-image-no-repeat\" style=\"background-color:color-mix(in srgb, var(--wp--preset--color--custom-d-48-fca) 5%, transparent)\">\n<style>\n        #upgr8-base-plugin_image-8844fa21-c02a-40a0-8e8f-56617e9162f5 img{\n            width: 30px;\n        }\n    <\/style><picture id=\"upgr8-base-plugin_image-8844fa21-c02a-40a0-8e8f-56617e9162f5\" class=\"wp-block-upgr8-base-plugin-image  upgr8-base-plugin_image upgr8-base-plugin_justify-content-center-desktop upgr8-base-plugin_margin-bottom-desktop-1\"><source media=\"(max-width:768px)\" srcset=\"https:\/\/calendall.development.upgr8.dev\/app\/uploads\/2024\/08\/ISO-zertifizierte-Server.png\" alt=\"\"\/><img decoding=\"async\" src=\"https:\/\/calendall.development.upgr8.dev\/app\/uploads\/2024\/08\/ISO-zertifizierte-Server.png\" alt=\"ISO-zertifizierte-Server\" loading=\"lazy\" width=\"1080\" height=\"1080\"\/><\/picture>\n\n\n\n<h4 class=\"wp-block-upgr8-base-plugin-headline-block headline-content  upgr8-base-plugin_fontSize-desktop-sm upgr8-base-plugin_text-alignment-center-desktop upgr8-base-plugin_text-alignment-center-mobile\" style=\"color:\"><strong><mark style=\"background-color:rgba(0, 0, 0, 0)\" class=\"has-inline-color has-custom-d-48-fca-color\"><strong>ISO-Certified Servers<\/strong><\/mark><\/strong><\/h4>\n\n\n\n<div class=\"wp-block-upgr8-base-plugin-text-block upgr8-base-plugin_text-block  upgr8-base-plugin_fontSize-desktop-sm upgr8-base-plugin_fontSize-tablet-xs upgr8-base-plugin_fontSize-mobile-xs upgr8-base-plugin_text-alignment-center-desktop upgr8-base-plugin_text-alignment-center-mobile upgr8-base-plugin_margin-top-desktop-1 upgr8-base-plugin_hide-mobile\" style=\"color:\"><p>Servers and databases are ISO-certified and located in Germany.<br><\/p><\/div>\n<\/div>\n\n\n\n<div class=\"wp-block-upgr8-base-plugin-container-column upgr8-base-plugin_col-mobile-12 upgr8-base-plugin_col-desktop-4  upgr8-base-plugin_backgroundImagePosition-desktop-left-top upgr8-base-plugin_background-image-size-contain upgr8-base-plugin_background-image-no-repeat\" style=\"background-color:color-mix(in srgb, var(--wp--preset--color--custom-ec-7-ba-7) 5%, transparent)\">\n<style>\n        #upgr8-base-plugin_image-15ee95ac-ea5f-4479-b47f-98fc36d35859 img{\n            width: 30px;\n        }\n    <\/style><picture id=\"upgr8-base-plugin_image-15ee95ac-ea5f-4479-b47f-98fc36d35859\" class=\"wp-block-upgr8-base-plugin-image  upgr8-base-plugin_image upgr8-base-plugin_justify-content-center-desktop upgr8-base-plugin_margin-bottom-desktop-1\"><source media=\"(max-width:768px)\" srcset=\"https:\/\/calendall.development.upgr8.dev\/app\/uploads\/2024\/08\/Datensicherung-DSGVO-konform.png\" alt=\"\"\/><img decoding=\"async\" src=\"https:\/\/calendall.development.upgr8.dev\/app\/uploads\/2024\/08\/Datensicherung-DSGVO-konform.png\" alt=\"Datensicherung-DSGVO-konform\" loading=\"lazy\" width=\"1080\" height=\"1080\"\/><\/picture>\n\n\n\n<h4 class=\"wp-block-upgr8-base-plugin-headline-block headline-content  upgr8-base-plugin_fontSize-desktop-sm upgr8-base-plugin_text-alignment-center-desktop upgr8-base-plugin_text-alignment-center-mobile\" style=\"color:\"><strong><mark style=\"background-color:rgba(0, 0, 0, 0)\" class=\"has-inline-color has-custom-ec-7-ba-7-color\"><strong>Data Backup \u2013 GDPR Compliant<\/strong><\/mark><\/strong><\/h4>\n\n\n\n<div class=\"wp-block-upgr8-base-plugin-text-block upgr8-base-plugin_text-block  upgr8-base-plugin_fontSize-desktop-sm upgr8-base-plugin_fontSize-tablet-xs upgr8-base-plugin_fontSize-mobile-xs upgr8-base-plugin_text-alignment-center-desktop upgr8-base-plugin_text-alignment-center-mobile upgr8-base-plugin_margin-top-desktop-1 upgr8-base-plugin_hide-mobile\" style=\"color:\"><p>Daily data backups stored at multiple locations.<\/p><\/div>\n<\/div>\n<\/div><\/div><\/div>\n\n\n\n<div class=\"wp-block-upgr8-base-plugin-container upgr8-base-plugin_container-wrapper  upgr8-base-plugin_backgroundImagePosition-desktop-left-top upgr8-base-plugin_background-image-size-contain upgr8-base-plugin_background-image-no-repeat upgr8-base-plugin_margin-bottom-desktop-4\"><div class=\"upgr8-base-plugin_container upgr8-base-plugin_container-boxed\"><div class=\"upgr8-base-plugin_row            \">\n<div class=\"wp-block-upgr8-base-plugin-container-column upgr8-base-plugin_col-desktop-12  upgr8-base-plugin_backgroundImagePosition-desktop-left-top upgr8-base-plugin_background-image-size-contain upgr8-base-plugin_background-image-no-repeat upgr8-base-plugin_hide-mobile\">\n<div class=\"wp-block-upgr8-base-plugin-text-block upgr8-base-plugin_text-block  upgr8-base-plugin_fontSize-desktop-sm upgr8-base-plugin_text-alignment-center-desktop\" style=\"color:\"><p><strong><mark style=\"background-color:rgba(0, 0, 0, 0)\" class=\"has-inline-color has-senary-color\">Got questions?<\/mark><\/strong> Let us advise you &#8211; <strong>MAIL<\/strong>: <a href=\"mailto:info@calendall.co\" target=\"_blank\" rel=\"noreferrer noopener\">support@calendall.com<\/a> <strong>TEL<\/strong>: <a href=\"tel:+436766106370\" data-type=\"tel\" data-id=\"tel:+436766106370\"><mark style=\"background-color:rgba(0, 0, 0, 0)\" class=\"has-inline-color has-senary-color\">+43 676 6106370<\/mark><\/a>.<br>Don\u2019t hesitate to reach out if you have any questions.<\/p><\/div>\n<\/div>\n<\/div><\/div><\/div>\n\n\n\n<div class=\"wp-block-upgr8-base-plugin-container upgr8-base-plugin_container-wrapper  upgr8-base-plugin_backgroundImagePosition-desktop-left-top upgr8-base-plugin_background-image-size-contain upgr8-base-plugin_background-image-no-repeat upgr8-base-plugin_margin-bottom-desktop-4\"><div class=\"upgr8-base-plugin_container upgr8-base-plugin_container-boxed\"><div class=\"upgr8-base-plugin_row            \">\n<div class=\"wp-block-upgr8-base-plugin-container-column upgr8-base-plugin_col-desktop-12  upgr8-base-plugin_backgroundImagePosition-desktop-left-top upgr8-base-plugin_background-image-size-contain upgr8-base-plugin_background-image-no-repeat\">\n<h2 class=\"wp-block-upgr8-base-plugin-headline-block headline-content  upgr8-base-plugin_fontSize-desktop-md upgr8-base-plugin_text-alignment-center-desktop upgr8-base-plugin_margin-bottom-desktop-1\" style=\"color:\"><strong><strong>Software solutions for<\/strong><\/strong><\/h2>\n<\/div>\n\n\n\n<div class=\"wp-block-upgr8-base-plugin-container-column upgr8-base-plugin_col-mobile-12 upgr8-base-plugin_col-desktop-4  upgr8-base-plugin_backgroundImagePosition-desktop-left-top upgr8-base-plugin_background-image-size-contain upgr8-base-plugin_background-image-no-repeat\">\n<div class=\"wp-block-upgr8-base-plugin-text-block upgr8-base-plugin_text-block  upgr8-base-plugin_fontSize-desktop-sm upgr8-base-plugin_fontSize-mobile-xs upgr8-base-plugin_text-alignment-center-mobile upgr8-base-plugin_padding-bottom-mobile-0\" style=\"color:\"><p><a href=\"https:\/\/calendall.development.upgr8.dev\/en\/appointment-scheduling-software-for\/pedicure-salons\/\" data-type=\"link\" data-id=\"https:\/\/calendall.development.upgr8.dev\/en\/appointment-scheduling-software-for\/pedicure-salons\/\">Software for Pedicure Salons<br><\/a><br><br><a href=\"https:\/\/calendall.development.upgr8.dev\/en\/solutions-for\/dog-salon\/\" data-type=\"link\" data-id=\"https:\/\/calendall.development.upgr8.dev\/loesungen-fuer\/schoenheitssalon\/\"><\/a><a href=\"https:\/\/calendall.development.upgr8.dev\/en\/appointment-scheduling-software-for\/dog-groomer\/\" data-type=\"link\" data-id=\"https:\/\/calendall.development.upgr8.dev\/en\/appointment-scheduling-software-for\/dog-groomer\/\">Software for Dog Grooming Salons<\/a><br><br><a href=\"https:\/\/calendall.development.upgr8.dev\/en\/solutions-for\/nail-salon\/\" data-type=\"page\" data-id=\"43\">Software for Nail Studios<\/a><\/p><\/div>\n<\/div>\n\n\n\n<div class=\"wp-block-upgr8-base-plugin-container-column upgr8-base-plugin_col-mobile-12 upgr8-base-plugin_col-desktop-4  upgr8-base-plugin_backgroundImagePosition-desktop-left-top upgr8-base-plugin_background-image-size-contain upgr8-base-plugin_background-image-no-repeat\">\n<div class=\"wp-block-upgr8-base-plugin-text-block upgr8-base-plugin_text-block  upgr8-base-plugin_fontSize-desktop-sm upgr8-base-plugin_fontSize-mobile-xs upgr8-base-plugin_text-alignment-center-mobile upgr8-base-plugin_padding-top-mobile-0\" style=\"color:\"><p><a href=\"https:\/\/calendall.development.upgr8.dev\/en\/solutions-for\/hair-salon-software\/\" data-type=\"page\" data-id=\"37\">Software for Hair Salons<\/a><br><br><a href=\"https:\/\/calendall.development.upgr8.dev\/en\/solutions-for\/beauty-salon\/\" data-type=\"page\" data-id=\"39\">Software for Beauty Studios<\/a><br><br><a href=\"https:\/\/calendall.development.upgr8.dev\/en\/solutions-for\/massage-studio\/\" data-type=\"page\" data-id=\"47\">Software for Massage Studios<\/a><\/p><\/div>\n<\/div>\n\n\n\n<div class=\"wp-block-upgr8-base-plugin-container-column upgr8-base-plugin_col-mobile-12 upgr8-base-plugin_col-desktop-4  upgr8-base-plugin_backgroundImagePosition-desktop-left-top upgr8-base-plugin_background-image-size-contain upgr8-base-plugin_background-image-no-repeat\">\n<div class=\"wp-block-upgr8-base-plugin-text-block upgr8-base-plugin_text-block  upgr8-base-plugin_fontSize-desktop-sm upgr8-base-plugin_fontSize-mobile-xs upgr8-base-plugin_text-alignment-center-mobile\" style=\"color:\"><p><a href=\"https:\/\/calendall.development.upgr8.dev\/en\/solutions-for\/spa\/\" data-type=\"link\" data-id=\"https:\/\/calendall.development.upgr8.dev\/loesungen-fuer\/spas\/\">Software for Spas<\/a><br><br><a href=\"https:\/\/calendall.development.upgr8.dev\/en\/\" data-type=\"link\" data-id=\"https:\/\/calendall.development.upgr8.dev\/loesungen-fuer\/augenbrauenstudio\/\">Software for Tattoo Studios<\/a><br><br><a href=\"https:\/\/calendall.development.upgr8.dev\/en\/\">Software for Dental Practices<\/a><br><\/p><\/div>\n<\/div>\n<\/div><\/div><\/div>\n","protected":false},"excerpt":{"rendered":"","protected":false},"author":1,"featured_media":0,"parent":4066,"menu_order":1,"comment_status":"closed","ping_status":"closed","template":"","meta":{"footnotes":""},"class_list":["post-4071","page","type-page","status-publish","hentry"],"_links":{"self":[{"href":"https:\/\/calendall.development.upgr8.dev\/en\/wp-json\/wp\/v2\/pages\/4071","targetHints":{"allow":["GET"]}}],"collection":[{"href":"https:\/\/calendall.development.upgr8.dev\/en\/wp-json\/wp\/v2\/pages"}],"about":[{"href":"https:\/\/calendall.development.upgr8.dev\/en\/wp-json\/wp\/v2\/types\/page"}],"author":[{"embeddable":true,"href":"https:\/\/calendall.development.upgr8.dev\/en\/wp-json\/wp\/v2\/users\/1"}],"replies":[{"embeddable":true,"href":"https:\/\/calendall.development.upgr8.dev\/en\/wp-json\/wp\/v2\/comments?post=4071"}],"version-history":[{"count":48,"href":"https:\/\/calendall.development.upgr8.dev\/en\/wp-json\/wp\/v2\/pages\/4071\/revisions"}],"predecessor-version":[{"id":7283,"href":"https:\/\/calendall.development.upgr8.dev\/en\/wp-json\/wp\/v2\/pages\/4071\/revisions\/7283"}],"up":[{"embeddable":true,"href":"https:\/\/calendall.development.upgr8.dev\/en\/wp-json\/wp\/v2\/pages\/4066"}],"wp:attachment":[{"href":"https:\/\/calendall.development.upgr8.dev\/en\/wp-json\/wp\/v2\/media?parent=4071"}],"curies":[{"name":"wp","href":"https:\/\/api.w.org\/{rel}","templated":true}]}}