{"id":4140,"date":"2024-03-22T03:42:58","date_gmt":"2024-03-22T03:42:58","guid":{"rendered":"https:\/\/calendall.development.upgr8.dev\/home\/"},"modified":"2025-11-19T18:24:51","modified_gmt":"2025-11-19T18:24:51","slug":"home","status":"publish","type":"page","link":"https:\/\/calendall.development.upgr8.dev\/en\/","title":{"rendered":"Home"},"content":{"rendered":"\n<div class=\"wp-block-upgr8-base-plugin-container upgr8-base-plugin_container-wrapper  upgr8-base-plugin_backgroundImagePosition-desktop-center-top upgr8-base-plugin_background-image-size-cover upgr8-base-plugin_background-image-no-repeat upgr8-base-plugin_padding-top-desktop-2 upgr8-base-plugin_padding-bottom-desktop-3 upgr8-base-plugin_padding-bottom-mobile-0 upgr8-base-plugin_margin-bottom-desktop-3\" style=\"background-color:color-mix(in srgb, var(--wp--preset--color--senary) 0%, transparent);background-image:url(&quot;https:\/\/calendall.development.upgr8.dev\/app\/uploads\/2024\/11\/Webseite-Background.svg&quot;)\"><div class=\"upgr8-base-plugin_container upgr8-base-plugin_container-full-width\"><div class=\"upgr8-base-plugin_row upgr8-base-plugin_justify-content-center-desktop           \">\n<div class=\"wp-block-upgr8-base-plugin-container-column upgr8-base-plugin_col-mobile-12 upgr8-base-plugin_col-desktop-12  upgr8-base-plugin_backgroundImagePosition-desktop-center-top upgr8-base-plugin_background-image-size-contain upgr8-base-plugin_background-image-no-repeat\">\n<div class=\"wp-block-upgr8-base-plugin-text-block upgr8-base-plugin_text-block upgr8-base-plugin_justify-content-center-desktop  upgr8-base-plugin_fontSize-desktop-lg upgr8-base-plugin_fontSize-mobile-md upgr8-base-plugin_text-alignment-center-desktop upgr8-base-plugin_padding-bottom-mobile-1\" style=\"color:\"><p><mark style=\"background-color:rgba(0, 0, 0, 0);color:#ffffff\" class=\"has-inline-color\"><strong><strong>The easy way to run your salon<\/strong><\/strong><\/mark><\/p><\/div>\n\n\n\n<h1 class=\"wp-block-upgr8-base-plugin-headline-block headline-content  upgr8-base-plugin_fontSize-desktop-md upgr8-base-plugin_fontSize-tablet-sm upgr8-base-plugin_fontSize-mobile-xs upgr8-base-plugin_text-alignment-center-desktop upgr8-base-plugin_margin-bottom-desktop-1\" style=\"color:var(--wp--preset--color--base)\"><mark style=\"background-color:rgba(0, 0, 0, 0);color:#ffffff\" class=\"has-inline-color\">Online appointment planner &amp; calendar software for beauty &amp; hair salons.<\/mark><\/h1>\n\n\n\n<style>\n            #u8b-button-84a6998c-1d77-4787-a244-66d5ffdb2100:hover {\n                background:var(--wp--preset--gradient--gradient-one) !important;\n            }\n    <\/style><a id=\"u8b-button-84a6998c-1d77-4787-a244-66d5ffdb2100\" class=\"wp-block-upgr8-base-plugin-button-block upgr8-base-plugin_button  upgr8-base-plugin_button-center upgr8-base-plugin_content-width upgr8-base-plugin_button-tertiary upgr8-base-plugin_fontSize-desktop-xs upgr8-base-plugin_fontSize-tablet-xs upgr8-base-plugin_fontSize-mobile-xs upgr8-base-plugin_text-alignment-center-desktop upgr8-base-plugin_padding-top-desktop-2 upgr8-base-plugin_padding-right-desktop-3 upgr8-base-plugin_padding-bottom-desktop-2 upgr8-base-plugin_padding-left-desktop-3 upgr8-base-plugin_margin-top-mobile-2 upgr8-base-plugin_margin-bottom-mobile-2 upgr8-base-plugin_button-primary\" style=\"border-style:none;border-width:0px;color:var(--wp--preset--color--base);background-color:color-mix(in srgb, var(--wp--preset--color--primary) 100%, transparent)\" href=\"https:\/\/app.calendall.com\/public\/self-signup\" target=\"__blank\" rel=\"noopener\">Try it for free<\/a>\n\n\n\n<style>\n        #upgr8-base-plugin_image-44655389-91b6-4496-a79c-d1114bb3db05 img{\n            width: 1200px;\n        }\n    \n        @media (max-width: 1200px){\n            #upgr8-base-plugin_image-44655389-91b6-4496-a79c-d1114bb3db05 img{\n                width: 800px;\n            }\n        }\n    \n        @media (max-width: 768px){\n            #upgr8-base-plugin_image-44655389-91b6-4496-a79c-d1114bb3db05 img{\n                width: 500px;\n            }\n        }\n    <\/style><picture id=\"upgr8-base-plugin_image-44655389-91b6-4496-a79c-d1114bb3db05\" class=\"wp-block-upgr8-base-plugin-image  upgr8-base-plugin_image upgr8-base-plugin_justify-content-center-desktop upgr8-base-plugin_justify-content-space-between-mobile upgr8-base-plugin_padding-top-desktop-2 upgr8-base-plugin_padding-top-mobile-1 upgr8-base-plugin_padding-bottom-mobile-1 upgr8-base-plugin_padding-left-desktop-0\"><source media=\"(max-width:768px)\" srcset=\"https:\/\/calendall.development.upgr8.dev\/app\/uploads\/2025\/09\/digital-appointment-scheduler-hair-beauty-salon-calendar-software-scaled-1.webp\" alt=\"Digital appointment scheduler for hair &amp; beauty salons on laptop and smartphone\"\/><source media=\"(max-width:1200px)\" srcset=\"https:\/\/calendall.development.upgr8.dev\/app\/uploads\/2025\/08\/online-appointment-planner-beauty-hair-salon-calendar-scaled.webp\" alt=\"Online appointment planner and calendar software for beauty and hair salons displayed on desktop and mobile screens.\"\/><img fetchpriority=\"high\" decoding=\"async\" src=\"https:\/\/calendall.development.upgr8.dev\/app\/uploads\/2025\/08\/online-appointment-planner-beauty-hair-salon-calendar-scaled.webp\" alt=\"Online appointment planner and calendar software for beauty and hair salons displayed on desktop and mobile screens.\" loading=\"eager\" width=\"2560\" height=\"1661\"\/><\/picture>\n<\/div>\n<\/div><\/div><\/div>\n\n\n\n<div class=\"wp-block-upgr8-base-plugin-container upgr8-base-plugin_container-wrapper  upgr8-base-plugin_backgroundImagePosition-desktop-center-center upgr8-base-plugin_background-image-size-full-width-height upgr8-base-plugin_background-image-no-repeat upgr8-base-plugin_padding-top-desktop-4 upgr8-base-plugin_padding-top-mobile-4 upgr8-base-plugin_padding-bottom-desktop-3 upgr8-base-plugin_padding-bottom-mobile-3 upgr8-base-plugin_margin-top-mobile-5 upgr8-base-plugin_margin-bottom-desktop-3 upgr8-base-plugin_margin-bottom-mobile-5\" style=\"background:var(--wp--preset--gradient--blush-two)\"><div class=\"upgr8-base-plugin_container upgr8-base-plugin_container-boxed\"><div class=\"upgr8-base-plugin_row upgr8-base-plugin_justify-content-center-desktop   upgr8-base-plugin_align-items-center-desktop        \">\n<div class=\"wp-block-upgr8-base-plugin-container-column upgr8-base-plugin_col-mobile-11 upgr8-base-plugin_col-desktop-7  upgr8-base-plugin_backgroundImagePosition-desktop-center-top upgr8-base-plugin_background-image-size-contain upgr8-base-plugin_background-image-no-repeat\">\n<div class=\"wp-block-upgr8-base-plugin-text-block upgr8-base-plugin_text-block  upgr8-base-plugin_fontSize-desktop-md upgr8-base-plugin_fontSize-tablet-xs upgr8-base-plugin_fontSize-mobile-md upgr8-base-plugin_text-alignment-center-desktop upgr8-base-plugin_margin-bottom-desktop-2\" style=\"color:var(--wp--preset--color--base)\"><p><mark style=\"background-color:rgba(0, 0, 0, 0);color:#333333\" class=\"has-inline-color\"><strong>More time. Less stress.<\/strong><\/mark><br><mark style=\"background-color:rgba(0, 0, 0, 0);color:#333333\" class=\"has-inline-color\"><strong>More joy in your daily salon life<\/strong><\/mark><mark style=\"background-color:rgba(0, 0, 0, 0)\" class=\"has-inline-color has-custom-color-1-color\">.<\/mark><\/p><\/div>\n\n\n\n<div class=\"wp-block-upgr8-base-plugin-text-block upgr8-base-plugin_text-block upgr8-base-plugin_justify-content-space-between-desktop  upgr8-base-plugin_fontSize-desktop-sm upgr8-base-plugin_fontSize-tablet-xs upgr8-base-plugin_fontSize-mobile-xs upgr8-base-plugin_text-alignment-center-desktop upgr8-base-plugin_margin-bottom-desktop-3\" style=\"color:\"><p><mark style=\"background-color:rgba(0, 0, 0, 0);color:#333333\" class=\"has-inline-color\"><strong><strong>Run your beauty studio without the paperwork:<\/strong><\/strong><\/mark><br><mark style=\"background-color:rgba(0, 0, 0, 0);color:#333333\" class=\"has-inline-color\">Easily manage your appointments, avoid missed treatments, and gain more time for what matters most \u2013 your clients. Whether you prefer to schedule appointments manually or let your clients book online, you choose what works best for your salon.<\/mark><\/p><\/div>\n\n\n\n<style>\n        #upgr8-base-plugin_image-eb9c3b6a-8062-4fd9-8bf0-472d7ecc03f1 img{\n            width: 130px;\n        }\n    \n        @media (max-width: 768px){\n            #upgr8-base-plugin_image-eb9c3b6a-8062-4fd9-8bf0-472d7ecc03f1 img{\n                width: 100px;\n            }\n        }\n    <\/style><picture id=\"upgr8-base-plugin_image-eb9c3b6a-8062-4fd9-8bf0-472d7ecc03f1\" class=\"wp-block-upgr8-base-plugin-image  upgr8-base-plugin_image upgr8-base-plugin_justify-content-center-desktop\"><img decoding=\"async\" src=\"https:\/\/calendall.development.upgr8.dev\/app\/uploads\/2024\/11\/Design-ohne-Titel-2.png\" alt=\"Dekoratives Herz-Symbol in Rosa und Lila\" loading=\"lazy\" width=\"1000\" height=\"800\"\/><\/picture>\n<\/div>\n<\/div><\/div><\/div>\n\n\n\n<div class=\"wp-block-upgr8-base-plugin-container upgr8-base-plugin_container-wrapper  upgr8-base-plugin_backgroundImagePosition-desktop-left-top upgr8-base-plugin_background-image-size-contain upgr8-base-plugin_background-image-no-repeat upgr8-base-plugin_padding-top-desktop-4 upgr8-base-plugin_padding-bottom-desktop-4 upgr8-base-plugin_margin-top-mobile-5 upgr8-base-plugin_margin-bottom-desktop-3 upgr8-base-plugin_margin-bottom-mobile-5\" style=\"background-color:color-mix(in srgb, var(--wp--preset--color--base) 5%, transparent)\"><div class=\"upgr8-base-plugin_container upgr8-base-plugin_container-boxed\"><div class=\"upgr8-base-plugin_row upgr8-base-plugin_justify-content-center-desktop   upgr8-base-plugin_align-items-center-desktop        \">\n<div class=\"wp-block-upgr8-base-plugin-container-column upgr8-base-plugin_col-mobile-12 upgr8-base-plugin_col-desktop-4  upgr8-base-plugin_backgroundImagePosition-desktop-left-top upgr8-base-plugin_background-image-size-contain upgr8-base-plugin_background-image-no-repeat\">\n<h2 class=\"wp-block-upgr8-base-plugin-headline-block headline-content  upgr8-base-plugin_fontSize-desktop-md upgr8-base-plugin_text-alignment-center-mobile upgr8-base-plugin_padding-top-mobile-2 upgr8-base-plugin_margin-bottom-desktop-1\" style=\"color:\"><strong><strong>How appointment scheduling works in hair and beauty salons \u2013 and how Calendall saves you time &amp; stress<\/strong><\/strong><\/h2>\n\n\n\n<div class=\"wp-block-upgr8-base-plugin-text-block upgr8-base-plugin_text-block  upgr8-base-plugin_justify-content-center-mobile upgr8-base-plugin_fontSize-desktop-sm upgr8-base-plugin_text-alignment-center-mobile upgr8-base-plugin_padding-top-mobile-1\" style=\"color:\"><p><mark style=\"background-color:rgba(0, 0, 0, 0);color:#333333\" class=\"has-inline-color\">You add appointments in just a few clicks \u2013 or let your clients book online, anytime. Calendall fills in the client details for you and sends out reminders and confirmations automatically, so you don\u2019t have to worry about a thing.<\/mark><\/p><\/div>\n<\/div>\n\n\n\n<div class=\"wp-block-upgr8-base-plugin-container-column upgr8-base-plugin_col-mobile-12 upgr8-base-plugin_col-desktop-8  upgr8-base-plugin_backgroundImagePosition-desktop-left-top upgr8-base-plugin_background-image-size-contain upgr8-base-plugin_background-image-no-repeat\">\n<style>\n        #upgr8-base-plugin_image-cc78d02a-bcc9-4704-9416-7a80593150c8 img{\n            width: 1000px;\n        }\n    \n        @media (max-width: 768px){\n            #upgr8-base-plugin_image-cc78d02a-bcc9-4704-9416-7a80593150c8 img{\n                width: 1000px;\n            }\n        }\n    <\/style><picture id=\"upgr8-base-plugin_image-cc78d02a-bcc9-4704-9416-7a80593150c8\" class=\"wp-block-upgr8-base-plugin-image  upgr8-base-plugin_image upgr8-base-plugin_justify-content-center-desktop upgr8-base-plugin_padding-top-mobile-2\"><img decoding=\"async\" src=\"https:\/\/calendall.development.upgr8.dev\/app\/uploads\/2025\/08\/appointment-scheduling-process-beauty-hair-salons.webp\" alt=\"Illustration of the appointment scheduling process for beauty and hair salons, showing booking, reminders, and confirmations.\" loading=\"lazy\" width=\"1700\" height=\"1062\"\/><\/picture>\n<\/div>\n<\/div><\/div><\/div>\n\n\n\n<div class=\"wp-block-upgr8-base-plugin-container upgr8-base-plugin_container-wrapper  upgr8-base-plugin_backgroundImagePosition-desktop-center-top upgr8-base-plugin_background-image-size-cover upgr8-base-plugin_background-image-no-repeat upgr8-base-plugin_padding-top-desktop-2 upgr8-base-plugin_padding-bottom-desktop-2 upgr8-base-plugin_padding-bottom-mobile-2\"><div class=\"upgr8-base-plugin_container upgr8-base-plugin_container-boxed\"><div class=\"upgr8-base-plugin_row upgr8-base-plugin_justify-content-center-desktop   upgr8-base-plugin_align-items-center-desktop        \">\n<div class=\"wp-block-upgr8-base-plugin-container-column upgr8-base-plugin_col-mobile-10 upgr8-base-plugin_col-desktop-8  upgr8-base-plugin_backgroundImagePosition-desktop-left-top upgr8-base-plugin_background-image-size-contain upgr8-base-plugin_background-image-no-repeat\">\n<style>\n            #u8b-box-32df1e15-974e-4f2a-a96f-4d32c51e86f3:hover {\n                \n            }\n    <\/style><div id=\"u8b-box-32df1e15-974e-4f2a-a96f-4d32c51e86f3\" class=\"wp-block-upgr8-base-plugin-box upgr8-base-plugin_box-content  upgr8-base-plugin_content-height upgr8-base-plugin_backgroundImagePosition-desktop-left-top upgr8-base-plugin_background-image-size-contain upgr8-base-plugin_background-image-no-repeat upgr8-base-plugin_padding-top-desktop-1 upgr8-base-plugin_padding-right-desktop-1 upgr8-base-plugin_padding-bottom-desktop-1 upgr8-base-plugin_padding-left-desktop-1 is-style-default\" style=\"border-style:none;border-width:0px;border-radius:20px;background-color:color-mix(in srgb, var(--wp--preset--color--base) 100%, transparent)\">\n<h2 class=\"wp-block-upgr8-base-plugin-headline-block headline-content  upgr8-base-plugin_fontSize-desktop-md upgr8-base-plugin_fontSize-mobile-sm upgr8-base-plugin_text-alignment-center-desktop\" style=\"color:var(--wp--preset--color--contrast)\"><strong>Digital scheduling software for hair and beauty salons \u2013 all features at a glance<\/strong> <\/h2>\n<\/div>\n<\/div>\n<\/div><\/div><\/div>\n\n\n\n<div class=\"wp-block-upgr8-base-plugin-container upgr8-base-plugin_container-wrapper  upgr8-base-plugin_backgroundImagePosition-desktop-left-top upgr8-base-plugin_background-image-size-contain upgr8-base-plugin_background-image-no-repeat upgr8-base-plugin_margin-bottom-desktop-3 upgr8-base-plugin_hide-desktop upgr8-base-plugin_hide-tablet\"><div class=\"upgr8-base-plugin_container upgr8-base-plugin_container-boxed\"><div class=\"upgr8-base-plugin_row            \">\n<div class=\"wp-block-upgr8-base-plugin-container-column upgr8-base-plugin_col-mobile-6 upgr8-base-plugin_col-desktop-4  upgr8-base-plugin_backgroundImagePosition-desktop-left-top upgr8-base-plugin_background-image-size-contain upgr8-base-plugin_background-image-no-repeat\">\n<style>\n            #u8b-box-439cf5ae-376d-4ede-9066-b1de352258df:hover {\n                \n            }\n    <\/style><div id=\"u8b-box-439cf5ae-376d-4ede-9066-b1de352258df\" class=\"wp-block-upgr8-base-plugin-box upgr8-base-plugin_box-content  upgr8-base-plugin_content-height upgr8-base-plugin_backgroundImagePosition-desktop-left-top upgr8-base-plugin_background-image-size-contain upgr8-base-plugin_background-image-no-repeat upgr8-base-plugin_padding-top-desktop-1 upgr8-base-plugin_padding-right-desktop-1 upgr8-base-plugin_padding-bottom-desktop-3 upgr8-base-plugin_padding-left-desktop-1\" style=\"border-radius:20px;background-color:color-mix(in srgb, var(--wp--preset--color--custom-baa-5-f-1) 20%, transparent)\">\n<style>\n        #upgr8-base-plugin_image-bb588ad4-9442-4f65-a773-9c7b7959d884 img{\n            width: 120px;\n        }\n    \n        @media (max-width: 768px){\n            #upgr8-base-plugin_image-bb588ad4-9442-4f65-a773-9c7b7959d884 img{\n                width: 60px;\n            }\n        }\n    <\/style><picture id=\"upgr8-base-plugin_image-bb588ad4-9442-4f65-a773-9c7b7959d884\" class=\"wp-block-upgr8-base-plugin-image  upgr8-base-plugin_image upgr8-base-plugin_justify-content-center-desktop\"><source media=\"(max-width:768px)\" srcset=\"https:\/\/calendall.development.upgr8.dev\/app\/uploads\/2025\/08\/Icon-digital-calendar.png\" alt=\"digital calendar for beauty und hair salons\"\/><img decoding=\"async\" src=\"https:\/\/calendall.development.upgr8.dev\/app\/uploads\/2025\/08\/Icon-digital-calendar.png\" alt=\"digital calendar for beauty und hair salons\" loading=\"lazy\" width=\"200\" height=\"200\"\/><\/picture>\n\n\n\n<h3 class=\"wp-block-upgr8-base-plugin-headline-block headline-content  upgr8-base-plugin_fontSize-desktop-md upgr8-base-plugin_fontSize-mobile-sm upgr8-base-plugin_text-alignment-center-desktop upgr8-base-plugin_margin-bottom-desktop-1\" style=\"color:\"><strong><mark style=\"background-color:rgba(0, 0, 0, 0)\" class=\"has-inline-color has-custom-baa-5-f-1-color\"><strong><strong>Digital calendar<\/strong><\/strong><\/mark><\/strong><\/h3>\n\n\n\n<style>\n            #u8b-box-568b99a9-526e-43cf-91e9-276361a023bc:hover {\n                background:color-mix(in srgb, var(--wp--preset--color--quaternary) 50%, transparent) !important;\n            }\n    <\/style><a id=\"u8b-box-568b99a9-526e-43cf-91e9-276361a023bc\" class=\"wp-block-upgr8-base-plugin-box upgr8-base-plugin_box-content  upgr8-base-plugin_content-height upgr8-base-plugin_align-items-center-desktop upgr8-base-plugin_justify-content-center-desktop upgr8-base-plugin_backgroundImagePosition-desktop-left-top upgr8-base-plugin_background-image-size-contain upgr8-base-plugin_background-image-no-repeat upgr8-base-plugin_padding-top-desktop-1 upgr8-base-plugin_padding-right-desktop-1 upgr8-base-plugin_padding-bottom-desktop-1 upgr8-base-plugin_padding-left-desktop-1 is-style-default\" style=\"border-radius:100px;background-color:color-mix(in srgb, var(--wp--preset--color--custom-baa-5-f-1) 100%, transparent)\" href=\"https:\/\/calendall.development.upgr8.dev\/en\/features\/online-calendar\/\" target=\"\" rel=\"noopener\">\n<div class=\"wp-block-upgr8-base-plugin-text-block upgr8-base-plugin_text-block upgr8-base-plugin_justify-content-center-desktop  upgr8-base-plugin_fontSize-desktop-sm upgr8-base-plugin_fontSize-mobile-xs upgr8-base-plugin_text-alignment-center-desktop\" style=\"color:\"><p><mark style=\"background-color:rgba(0, 0, 0, 0);color:#ffffff\" class=\"has-inline-color\">View more<\/mark><\/p><\/div>\n<\/a>\n<\/div>\n<\/div>\n\n\n\n<div class=\"wp-block-upgr8-base-plugin-container-column upgr8-base-plugin_col-mobile-6 upgr8-base-plugin_col-desktop-4  upgr8-base-plugin_backgroundImagePosition-desktop-left-top upgr8-base-plugin_background-image-size-contain upgr8-base-plugin_background-image-no-repeat\">\n<style>\n            #u8b-box-f43c4f06-f005-4628-b15a-85a52f2e2838:hover {\n                \n            }\n    <\/style><div id=\"u8b-box-f43c4f06-f005-4628-b15a-85a52f2e2838\" class=\"wp-block-upgr8-base-plugin-box upgr8-base-plugin_box-content  upgr8-base-plugin_content-height upgr8-base-plugin_backgroundImagePosition-desktop-left-top upgr8-base-plugin_background-image-size-contain upgr8-base-plugin_background-image-no-repeat upgr8-base-plugin_padding-top-desktop-1 upgr8-base-plugin_padding-right-desktop-1 upgr8-base-plugin_padding-bottom-desktop-3 upgr8-base-plugin_padding-left-desktop-1\" style=\"border-radius:20px;background-color:color-mix(in srgb, var(--wp--preset--color--custom-d-48-fca) 20%, transparent)\">\n<style>\n        #upgr8-base-plugin_image-bb588ad4-9442-4f65-a773-9c7b7959d884 img{\n            width: 120px;\n        }\n    \n        @media (max-width: 768px){\n            #upgr8-base-plugin_image-bb588ad4-9442-4f65-a773-9c7b7959d884 img{\n                width: 60px;\n            }\n        }\n    <\/style><picture id=\"upgr8-base-plugin_image-bb588ad4-9442-4f65-a773-9c7b7959d884\" class=\"wp-block-upgr8-base-plugin-image  upgr8-base-plugin_image upgr8-base-plugin_justify-content-center-desktop\"><source media=\"(max-width:768px)\" srcset=\"https:\/\/calendall.development.upgr8.dev\/app\/uploads\/2025\/08\/Icon-client-sofftware-hair-beauty-salon.png\" alt=\"Software for client management and profile beauty and hairsalons\"\/><img decoding=\"async\" src=\"https:\/\/calendall.development.upgr8.dev\/app\/uploads\/2025\/08\/Icon-client-sofftware-hair-beauty-salon.png\" alt=\"Software for client management and profile beauty and hairsalons\" loading=\"lazy\" width=\"375\" height=\"375\"\/><\/picture>\n\n\n\n<h3 class=\"wp-block-upgr8-base-plugin-headline-block headline-content  upgr8-base-plugin_fontSize-desktop-md upgr8-base-plugin_fontSize-mobile-sm upgr8-base-plugin_text-alignment-center-desktop upgr8-base-plugin_margin-bottom-desktop-1\" style=\"color:var(--wp--preset--color--custom-d-48-fca)\"><strong><strong><strong><mark style=\"background-color:rgba(0, 0, 0, 0)\" class=\"has-inline-color has-custom-d-48-fca-color\">Client <\/mark><\/strong><\/strong><mark style=\"background-color:rgba(0, 0, 0, 0)\" class=\"has-inline-color has-custom-d-48-fca-color\">profi<\/mark>ls<\/strong><\/h3>\n\n\n\n<style>\n            #u8b-box-c5dcf120-1887-45b0-83d7-f9164f4bbc30:hover {\n                background:color-mix(in srgb, var(--wp--preset--color--quaternary) 50%, transparent) !important;\n            }\n    <\/style><a id=\"u8b-box-c5dcf120-1887-45b0-83d7-f9164f4bbc30\" class=\"wp-block-upgr8-base-plugin-box upgr8-base-plugin_box-content  upgr8-base-plugin_content-height upgr8-base-plugin_align-items-center-desktop upgr8-base-plugin_justify-content-center-desktop upgr8-base-plugin_backgroundImagePosition-desktop-left-top upgr8-base-plugin_background-image-size-contain upgr8-base-plugin_background-image-no-repeat upgr8-base-plugin_padding-top-desktop-1 upgr8-base-plugin_padding-right-desktop-1 upgr8-base-plugin_padding-bottom-desktop-1 upgr8-base-plugin_padding-left-desktop-1\" style=\"border-radius:100px;background-color:color-mix(in srgb, var(--wp--preset--color--custom-d-48-fca) 100%, transparent)\" href=\"https:\/\/calendall.development.upgr8.dev\/en\/features\/digital-customer-file\/\" target=\"\" rel=\"noopener\">\n<div class=\"wp-block-upgr8-base-plugin-text-block upgr8-base-plugin_text-block upgr8-base-plugin_justify-content-center-desktop  upgr8-base-plugin_fontSize-desktop-sm upgr8-base-plugin_fontSize-mobile-xs upgr8-base-plugin_text-alignment-center-desktop\" style=\"color:\"><p><mark style=\"background-color:rgba(0, 0, 0, 0);color:#ffffff\" class=\"has-inline-color\">View more<\/mark><\/p><\/div>\n<\/a>\n<\/div>\n<\/div>\n\n\n\n<div class=\"wp-block-upgr8-base-plugin-container-column upgr8-base-plugin_col-mobile-6 upgr8-base-plugin_col-desktop-4  upgr8-base-plugin_backgroundImagePosition-desktop-left-top upgr8-base-plugin_background-image-size-contain upgr8-base-plugin_background-image-no-repeat\">\n<style>\n            #u8b-box-4bcad823-8c3c-4860-98d0-28a4da3973ba:hover {\n                \n            }\n    <\/style><div id=\"u8b-box-4bcad823-8c3c-4860-98d0-28a4da3973ba\" class=\"wp-block-upgr8-base-plugin-box upgr8-base-plugin_box-content  upgr8-base-plugin_content-height upgr8-base-plugin_backgroundImagePosition-desktop-left-top upgr8-base-plugin_background-image-size-contain upgr8-base-plugin_background-image-no-repeat upgr8-base-plugin_padding-top-desktop-1 upgr8-base-plugin_padding-right-desktop-1 upgr8-base-plugin_padding-bottom-desktop-3 upgr8-base-plugin_padding-left-desktop-1\" style=\"border-radius:20px;background-color:color-mix(in srgb, var(--wp--preset--color--custom-ec-7-ba-7) 20%, transparent)\">\n<style>\n        #upgr8-base-plugin_image-bb588ad4-9442-4f65-a773-9c7b7959d884 img{\n            width: 120px;\n        }\n    \n        @media (max-width: 768px){\n            #upgr8-base-plugin_image-bb588ad4-9442-4f65-a773-9c7b7959d884 img{\n                width: 60px;\n            }\n        }\n    <\/style><picture id=\"upgr8-base-plugin_image-bb588ad4-9442-4f65-a773-9c7b7959d884\" class=\"wp-block-upgr8-base-plugin-image  upgr8-base-plugin_image upgr8-base-plugin_justify-content-center-desktop\"><source media=\"(max-width:768px)\" srcset=\"https:\/\/calendall.development.upgr8.dev\/app\/uploads\/2025\/08\/icon-appointment-reminders-for-beauty-hair-salons.png\" alt=\"software for appointment reminders hair and beautysalons\"\/><img decoding=\"async\" src=\"https:\/\/calendall.development.upgr8.dev\/app\/uploads\/2025\/08\/icon-appointment-reminders-for-beauty-hair-salons.png\" alt=\"software for appointment reminders hair and beautysalons\" loading=\"lazy\" width=\"200\" height=\"200\"\/><\/picture>\n\n\n\n<h3 class=\"wp-block-upgr8-base-plugin-headline-block headline-content  upgr8-base-plugin_fontSize-desktop-md upgr8-base-plugin_fontSize-mobile-sm upgr8-base-plugin_text-alignment-center-desktop upgr8-base-plugin_margin-bottom-desktop-1\" style=\"color:\"><strong><strong><strong><mark style=\"background-color:rgba(0, 0, 0, 0)\" class=\"has-inline-color has-custom-ec-7-ba-7-color\">Session reminder<\/mark><\/strong><\/strong><\/strong><\/h3>\n\n\n\n<style>\n            #u8b-box-59056654-d330-41e9-bd0a-cb3336b59d8d:hover {\n                background:color-mix(in srgb, var(--wp--preset--color--quaternary) 50%, transparent) !important;\n            }\n    <\/style><a id=\"u8b-box-59056654-d330-41e9-bd0a-cb3336b59d8d\" class=\"wp-block-upgr8-base-plugin-box upgr8-base-plugin_box-content  upgr8-base-plugin_content-height upgr8-base-plugin_align-items-center-desktop upgr8-base-plugin_justify-content-center-desktop upgr8-base-plugin_backgroundImagePosition-desktop-left-top upgr8-base-plugin_background-image-size-contain upgr8-base-plugin_background-image-no-repeat upgr8-base-plugin_padding-top-desktop-1 upgr8-base-plugin_padding-right-desktop-1 upgr8-base-plugin_padding-bottom-desktop-1 upgr8-base-plugin_padding-left-desktop-1\" style=\"border-radius:100px;background-color:color-mix(in srgb, var(--wp--preset--color--custom-ec-7-ba-7) 100%, transparent)\" href=\"https:\/\/calendall.development.upgr8.dev\/en\/features\/appointment-reminders\/\" target=\"\" rel=\"noopener\">\n<div class=\"wp-block-upgr8-base-plugin-text-block upgr8-base-plugin_text-block upgr8-base-plugin_justify-content-center-desktop  upgr8-base-plugin_fontSize-desktop-sm upgr8-base-plugin_fontSize-mobile-xs upgr8-base-plugin_text-alignment-center-desktop\" style=\"color:\"><p><mark style=\"background-color:rgba(0, 0, 0, 0);color:#ffffff\" class=\"has-inline-color\">View more<\/mark><\/p><\/div>\n<\/a>\n<\/div>\n<\/div>\n\n\n\n<div class=\"wp-block-upgr8-base-plugin-container-column upgr8-base-plugin_col-mobile-6 upgr8-base-plugin_col-desktop-4  upgr8-base-plugin_backgroundImagePosition-desktop-left-top upgr8-base-plugin_background-image-size-contain upgr8-base-plugin_background-image-no-repeat\">\n<style>\n            #u8b-box-9f6d801d-d223-409a-8260-b099190b1b87:hover {\n                \n            }\n    <\/style><div id=\"u8b-box-9f6d801d-d223-409a-8260-b099190b1b87\" class=\"wp-block-upgr8-base-plugin-box upgr8-base-plugin_box-content  upgr8-base-plugin_content-height upgr8-base-plugin_backgroundImagePosition-desktop-left-top upgr8-base-plugin_background-image-size-contain upgr8-base-plugin_background-image-no-repeat upgr8-base-plugin_padding-top-desktop-1 upgr8-base-plugin_padding-right-desktop-1 upgr8-base-plugin_padding-bottom-desktop-3 upgr8-base-plugin_padding-left-desktop-1\" style=\"border-radius:20px;background-color:color-mix(in srgb, var(--wp--preset--color--custom-baa-5-f-1) 20%, transparent)\">\n<style>\n        #upgr8-base-plugin_image-bb588ad4-9442-4f65-a773-9c7b7959d884 img{\n            width: 120px;\n        }\n    \n        @media (max-width: 768px){\n            #upgr8-base-plugin_image-bb588ad4-9442-4f65-a773-9c7b7959d884 img{\n                width: 60px;\n            }\n        }\n    <\/style><picture id=\"upgr8-base-plugin_image-bb588ad4-9442-4f65-a773-9c7b7959d884\" class=\"wp-block-upgr8-base-plugin-image  upgr8-base-plugin_image upgr8-base-plugin_justify-content-center-desktop\"><source media=\"(max-width:768px)\" srcset=\"https:\/\/calendall.development.upgr8.dev\/app\/uploads\/2025\/08\/Icon-analytics-and-reports-beauty-hair-salons.png\" alt=\"Analytics and report software for hair and beauty studios\"\/><img decoding=\"async\" src=\"https:\/\/calendall.development.upgr8.dev\/app\/uploads\/2025\/08\/Icon-analytics-and-reports-beauty-hair-salons.png\" alt=\"Analytics and report software for hair and beauty studios\" loading=\"lazy\" width=\"200\" height=\"200\"\/><\/picture>\n\n\n\n<h3 class=\"wp-block-upgr8-base-plugin-headline-block headline-content  upgr8-base-plugin_fontSize-desktop-md upgr8-base-plugin_fontSize-mobile-sm upgr8-base-plugin_text-alignment-center-desktop upgr8-base-plugin_margin-bottom-desktop-1\" style=\"color:\"><strong><mark style=\"background-color:rgba(0, 0, 0, 0)\" class=\"has-inline-color has-custom-baa-5-f-1-color\"><strong><strong>Analytics &amp; reports<\/strong><\/strong><\/mark><\/strong><\/h3>\n\n\n\n<style>\n            #u8b-box-7e278cfe-39e3-444c-87a5-156ff3194e89:hover {\n                background:color-mix(in srgb, var(--wp--preset--color--quaternary) 50%, transparent) !important;\n            }\n    <\/style><a id=\"u8b-box-7e278cfe-39e3-444c-87a5-156ff3194e89\" class=\"wp-block-upgr8-base-plugin-box upgr8-base-plugin_box-content  upgr8-base-plugin_content-height upgr8-base-plugin_align-items-center-desktop upgr8-base-plugin_justify-content-center-desktop upgr8-base-plugin_backgroundImagePosition-desktop-left-top upgr8-base-plugin_background-image-size-contain upgr8-base-plugin_background-image-no-repeat upgr8-base-plugin_padding-top-desktop-1 upgr8-base-plugin_padding-right-desktop-1 upgr8-base-plugin_padding-bottom-desktop-1 upgr8-base-plugin_padding-left-desktop-1\" style=\"border-radius:100px;background-color:color-mix(in srgb, var(--wp--preset--color--custom-baa-5-f-1) 100%, transparent)\" href=\"https:\/\/calendall.development.upgr8.dev\/en\/features\/statistiken\/\" target=\"\" rel=\"noopener\">\n<div class=\"wp-block-upgr8-base-plugin-text-block upgr8-base-plugin_text-block upgr8-base-plugin_justify-content-center-desktop  upgr8-base-plugin_fontSize-desktop-sm upgr8-base-plugin_fontSize-mobile-xs upgr8-base-plugin_text-alignment-center-desktop\" style=\"color:\"><p><mark style=\"background-color:rgba(0, 0, 0, 0);color:#ffffff\" class=\"has-inline-color\">View more<\/mark><\/p><\/div>\n<\/a>\n<\/div>\n<\/div>\n\n\n\n<div class=\"wp-block-upgr8-base-plugin-container-column upgr8-base-plugin_col-mobile-6 upgr8-base-plugin_col-desktop-4  upgr8-base-plugin_backgroundImagePosition-desktop-left-top upgr8-base-plugin_background-image-size-contain upgr8-base-plugin_background-image-no-repeat\">\n<style>\n            #u8b-box-110e7433-0638-40f5-8206-443f807befe5:hover {\n                \n            }\n    <\/style><div id=\"u8b-box-110e7433-0638-40f5-8206-443f807befe5\" class=\"wp-block-upgr8-base-plugin-box upgr8-base-plugin_box-content  upgr8-base-plugin_content-height upgr8-base-plugin_backgroundImagePosition-desktop-left-top upgr8-base-plugin_background-image-size-contain upgr8-base-plugin_background-image-no-repeat upgr8-base-plugin_padding-top-desktop-1 upgr8-base-plugin_padding-right-desktop-1 upgr8-base-plugin_padding-bottom-desktop-3 upgr8-base-plugin_padding-left-desktop-1\" style=\"border-radius:20px;background-color:color-mix(in srgb, var(--wp--preset--color--custom-d-48-fca) 20%, transparent)\">\n<style>\n        #upgr8-base-plugin_image-bb588ad4-9442-4f65-a773-9c7b7959d884 img{\n            width: 120px;\n        }\n    \n        @media (max-width: 768px){\n            #upgr8-base-plugin_image-bb588ad4-9442-4f65-a773-9c7b7959d884 img{\n                width: 60px;\n            }\n        }\n    <\/style><picture id=\"upgr8-base-plugin_image-bb588ad4-9442-4f65-a773-9c7b7959d884\" class=\"wp-block-upgr8-base-plugin-image  upgr8-base-plugin_image upgr8-base-plugin_justify-content-center-desktop\"><source media=\"(max-width:768px)\" srcset=\"https:\/\/calendall.development.upgr8.dev\/app\/uploads\/2025\/08\/icon-onlinebooking-sofwtare-beauty-hair-salons.png\" alt=\"online booking software for beauty and hair studios\"\/><img decoding=\"async\" src=\"https:\/\/calendall.development.upgr8.dev\/app\/uploads\/2025\/08\/icon-onlinebooking-sofwtare-beauty-hair-salons.png\" alt=\"online booking software for beauty and hair studios\" loading=\"lazy\" width=\"200\" height=\"200\"\/><\/picture>\n\n\n\n<h3 class=\"wp-block-upgr8-base-plugin-headline-block headline-content  upgr8-base-plugin_fontSize-desktop-md upgr8-base-plugin_fontSize-mobile-sm upgr8-base-plugin_text-alignment-center-desktop upgr8-base-plugin_margin-bottom-desktop-1\" style=\"color:\"><strong><strong><strong><mark style=\"background-color:rgba(0, 0, 0, 0)\" class=\"has-inline-color has-custom-d-48-fca-color\">Online booking<\/mark><\/strong><\/strong><\/strong><\/h3>\n\n\n\n<style>\n            #u8b-box-58fa7ee1-41d3-4bfd-bc5a-974ef9c8711a:hover {\n                background:color-mix(in srgb, var(--wp--preset--color--quaternary) 50%, transparent) !important;\n            }\n    <\/style><a id=\"u8b-box-58fa7ee1-41d3-4bfd-bc5a-974ef9c8711a\" class=\"wp-block-upgr8-base-plugin-box upgr8-base-plugin_box-content  upgr8-base-plugin_content-height upgr8-base-plugin_align-items-center-desktop upgr8-base-plugin_justify-content-center-desktop upgr8-base-plugin_backgroundImagePosition-desktop-left-top upgr8-base-plugin_background-image-size-contain upgr8-base-plugin_background-image-no-repeat upgr8-base-plugin_padding-top-desktop-1 upgr8-base-plugin_padding-right-desktop-1 upgr8-base-plugin_padding-bottom-desktop-1 upgr8-base-plugin_padding-left-desktop-1\" style=\"border-radius:100px;background-color:color-mix(in srgb, var(--wp--preset--color--custom-d-48-fca) 100%, transparent)\" href=\"https:\/\/calendall.development.upgr8.dev\/en\/features\/onlinebuchung\/\" target=\"\" rel=\"noopener\">\n<div class=\"wp-block-upgr8-base-plugin-text-block upgr8-base-plugin_text-block upgr8-base-plugin_justify-content-center-desktop  upgr8-base-plugin_fontSize-desktop-sm upgr8-base-plugin_text-alignment-center-desktop\" style=\"color:\"><p><mark style=\"background-color:rgba(0, 0, 0, 0);color:#ffffff\" class=\"has-inline-color\">View more<\/mark><\/p><\/div>\n<\/a>\n<\/div>\n<\/div>\n\n\n\n<div class=\"wp-block-upgr8-base-plugin-container-column upgr8-base-plugin_col-mobile-6 upgr8-base-plugin_col-desktop-4  upgr8-base-plugin_backgroundImagePosition-desktop-left-top upgr8-base-plugin_background-image-size-contain upgr8-base-plugin_background-image-no-repeat\">\n<style>\n            #u8b-box-b551c799-a6c4-4f10-b296-ab8f9aa5c62a:hover {\n                \n            }\n    <\/style><div id=\"u8b-box-b551c799-a6c4-4f10-b296-ab8f9aa5c62a\" class=\"wp-block-upgr8-base-plugin-box upgr8-base-plugin_box-content  upgr8-base-plugin_content-height upgr8-base-plugin_backgroundImagePosition-desktop-left-top upgr8-base-plugin_background-image-size-contain upgr8-base-plugin_background-image-no-repeat upgr8-base-plugin_padding-top-desktop-1 upgr8-base-plugin_padding-right-desktop-1 upgr8-base-plugin_padding-bottom-desktop-3 upgr8-base-plugin_padding-left-desktop-1\" style=\"border-radius:20px;background-color:color-mix(in srgb, var(--wp--preset--color--custom-ec-7-ba-7) 20%, transparent)\">\n<style>\n        #upgr8-base-plugin_image-bb588ad4-9442-4f65-a773-9c7b7959d884 img{\n            width: 120px;\n        }\n    \n        @media (max-width: 768px){\n            #upgr8-base-plugin_image-bb588ad4-9442-4f65-a773-9c7b7959d884 img{\n                width: 60px;\n            }\n        }\n    <\/style><picture id=\"upgr8-base-plugin_image-bb588ad4-9442-4f65-a773-9c7b7959d884\" class=\"wp-block-upgr8-base-plugin-image  upgr8-base-plugin_image upgr8-base-plugin_justify-content-center-desktop\"><source media=\"(max-width:768px)\" srcset=\"https:\/\/calendall.development.upgr8.dev\/app\/uploads\/2025\/08\/icon-staff-scheduling-hair-beauty-studio.png\" alt=\"\"\/><img decoding=\"async\" src=\"https:\/\/calendall.development.upgr8.dev\/app\/uploads\/2025\/08\/icon-staff-scheduling-hair-beauty-studio.png\" alt=\"staff scheduling hair and beauty salon\" loading=\"lazy\" width=\"200\" height=\"200\"\/><\/picture>\n\n\n\n<h3 class=\"wp-block-upgr8-base-plugin-headline-block headline-content  upgr8-base-plugin_fontSize-desktop-md upgr8-base-plugin_fontSize-mobile-sm upgr8-base-plugin_text-alignment-center-desktop upgr8-base-plugin_margin-bottom-desktop-1\" style=\"color:\"><strong><strong><strong><mark style=\"background-color:rgba(0, 0, 0, 0)\" class=\"has-inline-color has-custom-ec-7-ba-7-color\">Staff scheduling<\/mark><\/strong><\/strong><\/strong><\/h3>\n\n\n\n<style>\n            #u8b-box-37aa3b82-27c7-4f35-b4e5-6e9428559067:hover {\n                background:color-mix(in srgb, var(--wp--preset--color--quaternary) 50%, transparent) !important;\n            }\n    <\/style><a id=\"u8b-box-37aa3b82-27c7-4f35-b4e5-6e9428559067\" class=\"wp-block-upgr8-base-plugin-box upgr8-base-plugin_box-content  upgr8-base-plugin_content-height upgr8-base-plugin_align-items-center-desktop upgr8-base-plugin_justify-content-center-desktop upgr8-base-plugin_backgroundImagePosition-desktop-left-top upgr8-base-plugin_background-image-size-contain upgr8-base-plugin_background-image-no-repeat upgr8-base-plugin_padding-top-desktop-1 upgr8-base-plugin_padding-right-desktop-1 upgr8-base-plugin_padding-bottom-desktop-1 upgr8-base-plugin_padding-left-desktop-1\" style=\"border-radius:100px;background-color:color-mix(in srgb, var(--wp--preset--color--custom-ec-7-ba-7) 100%, transparent)\" href=\"https:\/\/calendall.development.upgr8.dev\/en\/features\/online-calendar\/\" target=\"\" rel=\"noopener\">\n\n<div class=\"wp-block-upgr8-base-plugin-text-block upgr8-base-plugin_text-block upgr8-base-plugin_justify-content-center-desktop  upgr8-base-plugin_fontSize-desktop-sm upgr8-base-plugin_text-alignment-center-desktop\" style=\"color:\"><p><mark style=\"background-color:rgba(0, 0, 0, 0);color:#ffffff\" class=\"has-inline-color\">View more<\/mark><\/p><\/div>\n\n<\/a>\n<\/div>\n<\/div>\n<\/div><\/div><\/div>\n\n\n\n<div class=\"wp-block-upgr8-base-plugin-container upgr8-base-plugin_container-wrapper  upgr8-base-plugin_backgroundImagePosition-desktop-left-top upgr8-base-plugin_background-image-size-contain upgr8-base-plugin_background-image-no-repeat upgr8-base-plugin_margin-bottom-desktop-3 upgr8-base-plugin_hide-mobile\"><div class=\"upgr8-base-plugin_container upgr8-base-plugin_container-boxed\"><div class=\"upgr8-base-plugin_row            \">\n<div class=\"wp-block-upgr8-base-plugin-container-column upgr8-base-plugin_col-mobile-12 upgr8-base-plugin_col-desktop-4  upgr8-base-plugin_backgroundImagePosition-desktop-left-top upgr8-base-plugin_background-image-size-contain upgr8-base-plugin_background-image-no-repeat\">\n<style>\n            #u8b-box-f2e7f7ba-8e4c-4b70-b141-3653e4a079cd:hover {\n                \n            }\n    <\/style><div id=\"u8b-box-f2e7f7ba-8e4c-4b70-b141-3653e4a079cd\" class=\"wp-block-upgr8-base-plugin-box upgr8-base-plugin_box-content  upgr8-base-plugin_content-height upgr8-base-plugin_backgroundImagePosition-desktop-left-top upgr8-base-plugin_background-image-size-contain upgr8-base-plugin_background-image-no-repeat upgr8-base-plugin_padding-top-desktop-1 upgr8-base-plugin_padding-right-desktop-1 upgr8-base-plugin_padding-bottom-desktop-3 upgr8-base-plugin_padding-left-desktop-1\" style=\"border-radius:20px;background-color:color-mix(in srgb, var(--wp--preset--color--custom-baa-5-f-1) 20%, transparent)\">\n<style>\n        #upgr8-base-plugin_image-bb588ad4-9442-4f65-a773-9c7b7959d884 img{\n            width: 120px;\n        }\n    <\/style><picture id=\"upgr8-base-plugin_image-bb588ad4-9442-4f65-a773-9c7b7959d884\" class=\"wp-block-upgr8-base-plugin-image  upgr8-base-plugin_image upgr8-base-plugin_justify-content-center-desktop\"><img decoding=\"async\" src=\"https:\/\/calendall.development.upgr8.dev\/app\/uploads\/2025\/08\/Icon-digital-calendar.png\" alt=\"digital calendar for beauty und hair salons\" loading=\"lazy\" width=\"200\" height=\"200\"\/><\/picture>\n\n\n\n<h3 class=\"wp-block-upgr8-base-plugin-headline-block headline-content  upgr8-base-plugin_fontSize-desktop-md upgr8-base-plugin_text-alignment-center-desktop upgr8-base-plugin_margin-bottom-desktop-1\" style=\"color:\"><strong><mark style=\"background-color:rgba(0, 0, 0, 0)\" class=\"has-inline-color has-custom-baa-5-f-1-color\"><strong><strong>Digital calendar<\/strong><\/strong><\/mark><\/strong><\/h3>\n\n\n\n<div class=\"wp-block-upgr8-base-plugin-text-block upgr8-base-plugin_text-block upgr8-base-plugin_justify-content-center-desktop  upgr8-base-plugin_fontSize-desktop-sm upgr8-base-plugin_text-alignment-center-desktop upgr8-base-plugin_padding-bottom-desktop-2\" style=\"color:\"><p>Manage appointments anywhere \u2013 on PC, tablet, or smartphone. Simple, flexible, and clear.<\/p><\/div>\n\n\n\n<style>\n            #u8b-box-8c1d7751-77fd-495d-8611-6db6115536b3:hover {\n                background:color-mix(in srgb, var(--wp--preset--color--quaternary) 50%, transparent) !important;\n            }\n    <\/style><a id=\"u8b-box-8c1d7751-77fd-495d-8611-6db6115536b3\" class=\"wp-block-upgr8-base-plugin-box upgr8-base-plugin_box-content  upgr8-base-plugin_content-height upgr8-base-plugin_align-items-center-desktop upgr8-base-plugin_justify-content-center-desktop upgr8-base-plugin_backgroundImagePosition-desktop-left-top upgr8-base-plugin_background-image-size-contain upgr8-base-plugin_background-image-no-repeat upgr8-base-plugin_padding-top-desktop-1 upgr8-base-plugin_padding-right-desktop-1 upgr8-base-plugin_padding-bottom-desktop-1 upgr8-base-plugin_padding-left-desktop-1\" style=\"border-radius:100px;background-color:color-mix(in srgb, var(--wp--preset--color--custom-baa-5-f-1) 100%, transparent)\" href=\"https:\/\/calendall.development.upgr8.dev\/en\/features\/online-calendar\/\" target=\"\" rel=\"noopener\">\n<div class=\"wp-block-upgr8-base-plugin-text-block upgr8-base-plugin_text-block upgr8-base-plugin_justify-content-center-desktop  upgr8-base-plugin_fontSize-desktop-sm upgr8-base-plugin_text-alignment-center-desktop\" style=\"color:\"><p><mark style=\"background-color:rgba(0, 0, 0, 0);color:#ffffff\" class=\"has-inline-color\">Discover calendar features<\/mark><\/p><\/div>\n<\/a>\n<\/div>\n<\/div>\n\n\n\n<div class=\"wp-block-upgr8-base-plugin-container-column upgr8-base-plugin_col-mobile-12 upgr8-base-plugin_col-desktop-4  upgr8-base-plugin_backgroundImagePosition-desktop-left-top upgr8-base-plugin_background-image-size-contain upgr8-base-plugin_background-image-no-repeat\">\n<style>\n            #u8b-box-1fb96bd1-80e3-4f7f-a7fa-4b3421e1ff10:hover {\n                \n            }\n    <\/style><div id=\"u8b-box-1fb96bd1-80e3-4f7f-a7fa-4b3421e1ff10\" class=\"wp-block-upgr8-base-plugin-box upgr8-base-plugin_box-content  upgr8-base-plugin_content-height upgr8-base-plugin_backgroundImagePosition-desktop-left-top upgr8-base-plugin_background-image-size-contain upgr8-base-plugin_background-image-no-repeat upgr8-base-plugin_padding-top-desktop-1 upgr8-base-plugin_padding-right-desktop-1 upgr8-base-plugin_padding-bottom-desktop-3 upgr8-base-plugin_padding-left-desktop-1\" style=\"border-radius:20px;background-color:color-mix(in srgb, var(--wp--preset--color--custom-d-48-fca) 20%, transparent)\">\n<style>\n        #upgr8-base-plugin_image-bb588ad4-9442-4f65-a773-9c7b7959d884 img{\n            width: 120px;\n        }\n    <\/style><picture id=\"upgr8-base-plugin_image-bb588ad4-9442-4f65-a773-9c7b7959d884\" class=\"wp-block-upgr8-base-plugin-image  upgr8-base-plugin_image upgr8-base-plugin_justify-content-center-desktop\"><img decoding=\"async\" src=\"https:\/\/calendall.development.upgr8.dev\/app\/uploads\/2025\/08\/Icon-client-sofftware-hair-beauty-salon.png\" alt=\"Software for client management and profile beauty and hairsalons\" loading=\"lazy\" width=\"375\" height=\"375\"\/><\/picture>\n\n\n\n<h3 class=\"wp-block-upgr8-base-plugin-headline-block headline-content  upgr8-base-plugin_fontSize-desktop-md upgr8-base-plugin_text-alignment-center-desktop upgr8-base-plugin_margin-bottom-desktop-1\" style=\"color:var(--wp--preset--color--custom-d-48-fca)\"><strong><strong><strong><mark style=\"background-color:rgba(0, 0, 0, 0)\" class=\"has-inline-color has-custom-d-48-fca-color\">Client Management<\/mark><\/strong><\/strong><\/strong><\/h3>\n\n\n\n<div class=\"wp-block-upgr8-base-plugin-text-block upgr8-base-plugin_text-block upgr8-base-plugin_justify-content-center-desktop  upgr8-base-plugin_fontSize-desktop-sm upgr8-base-plugin_text-alignment-center-desktop upgr8-base-plugin_padding-bottom-desktop-2\" style=\"color:\"><p>Securely store customer data, preferences, and appointments online \u2013 for personalized service anytime.<\/p><\/div>\n\n\n\n<style>\n            #u8b-box-4106b1a3-ca14-4524-a2a2-48ec970200d2:hover {\n                background:color-mix(in srgb, var(--wp--preset--color--quaternary) 50%, transparent) !important;\n            }\n    <\/style><a id=\"u8b-box-4106b1a3-ca14-4524-a2a2-48ec970200d2\" class=\"wp-block-upgr8-base-plugin-box upgr8-base-plugin_box-content  upgr8-base-plugin_content-height upgr8-base-plugin_align-items-center-desktop upgr8-base-plugin_justify-content-center-desktop upgr8-base-plugin_backgroundImagePosition-desktop-left-top upgr8-base-plugin_background-image-size-contain upgr8-base-plugin_background-image-no-repeat upgr8-base-plugin_padding-top-desktop-1 upgr8-base-plugin_padding-right-desktop-1 upgr8-base-plugin_padding-bottom-desktop-1 upgr8-base-plugin_padding-left-desktop-1\" style=\"border-radius:100px;background-color:color-mix(in srgb, var(--wp--preset--color--custom-d-48-fca) 100%, transparent)\" href=\"https:\/\/calendall.development.upgr8.dev\/en\/features\/digital-customer-file\/\" target=\"\" rel=\"noopener\">\n<div class=\"wp-block-upgr8-base-plugin-text-block upgr8-base-plugin_text-block upgr8-base-plugin_justify-content-center-desktop  upgr8-base-plugin_fontSize-desktop-sm upgr8-base-plugin_text-alignment-center-desktop\" style=\"color:\"><p><mark style=\"background-color:rgba(0, 0, 0, 0);color:#ffffff\" class=\"has-inline-color\">View client management<\/mark><\/p><\/div>\n<\/a>\n<\/div>\n<\/div>\n\n\n\n<div class=\"wp-block-upgr8-base-plugin-container-column upgr8-base-plugin_col-mobile-12 upgr8-base-plugin_col-desktop-4  upgr8-base-plugin_backgroundImagePosition-desktop-left-top upgr8-base-plugin_background-image-size-contain upgr8-base-plugin_background-image-no-repeat\">\n<style>\n            #u8b-box-d3293b11-227b-45aa-9bc2-13f90c661115:hover {\n                \n            }\n    <\/style><div id=\"u8b-box-d3293b11-227b-45aa-9bc2-13f90c661115\" class=\"wp-block-upgr8-base-plugin-box upgr8-base-plugin_box-content  upgr8-base-plugin_content-height upgr8-base-plugin_backgroundImagePosition-desktop-left-top upgr8-base-plugin_background-image-size-contain upgr8-base-plugin_background-image-no-repeat upgr8-base-plugin_padding-top-desktop-1 upgr8-base-plugin_padding-right-desktop-1 upgr8-base-plugin_padding-bottom-desktop-3 upgr8-base-plugin_padding-left-desktop-1\" style=\"border-radius:20px;background-color:color-mix(in srgb, var(--wp--preset--color--custom-ec-7-ba-7) 20%, transparent)\">\n<style>\n        #upgr8-base-plugin_image-bb588ad4-9442-4f65-a773-9c7b7959d884 img{\n            width: 120px;\n        }\n    <\/style><picture id=\"upgr8-base-plugin_image-bb588ad4-9442-4f65-a773-9c7b7959d884\" class=\"wp-block-upgr8-base-plugin-image  upgr8-base-plugin_image upgr8-base-plugin_justify-content-center-desktop\"><img decoding=\"async\" src=\"https:\/\/calendall.development.upgr8.dev\/app\/uploads\/2025\/08\/icon-appointment-reminders-for-beauty-hair-salons.png\" alt=\"software for appointment reminders hair and beautysalons\" loading=\"lazy\" width=\"200\" height=\"200\"\/><\/picture>\n\n\n\n<h3 class=\"wp-block-upgr8-base-plugin-headline-block headline-content  upgr8-base-plugin_fontSize-desktop-md upgr8-base-plugin_text-alignment-center-desktop upgr8-base-plugin_margin-bottom-desktop-1\" style=\"color:\"><strong><strong><strong><mark style=\"background-color:rgba(0, 0, 0, 0)\" class=\"has-inline-color has-custom-ec-7-ba-7-color\">Appointment reminders<\/mark><\/strong><\/strong><\/strong><\/h3>\n\n\n\n<div class=\"wp-block-upgr8-base-plugin-text-block upgr8-base-plugin_text-block upgr8-base-plugin_justify-content-center-desktop  upgr8-base-plugin_fontSize-desktop-sm upgr8-base-plugin_text-alignment-center-desktop upgr8-base-plugin_padding-bottom-desktop-2\" style=\"color:\"><p>Prevent 80% of no-shows with automated reminders via SMS and email.<\/p><\/div>\n\n\n\n<style>\n            #u8b-box-2331f7b0-d000-4aa9-a835-63ef81ffdeea:hover {\n                background:color-mix(in srgb, var(--wp--preset--color--quaternary) 50%, transparent) !important;\n            }\n    <\/style><a id=\"u8b-box-2331f7b0-d000-4aa9-a835-63ef81ffdeea\" class=\"wp-block-upgr8-base-plugin-box upgr8-base-plugin_box-content  upgr8-base-plugin_content-height upgr8-base-plugin_align-items-center-desktop upgr8-base-plugin_justify-content-center-desktop upgr8-base-plugin_backgroundImagePosition-desktop-left-top upgr8-base-plugin_background-image-size-contain upgr8-base-plugin_background-image-no-repeat upgr8-base-plugin_padding-top-desktop-1 upgr8-base-plugin_padding-right-desktop-1 upgr8-base-plugin_padding-bottom-desktop-1 upgr8-base-plugin_padding-left-desktop-1\" style=\"border-radius:100px;background-color:color-mix(in srgb, var(--wp--preset--color--custom-ec-7-ba-7) 100%, transparent)\" href=\"https:\/\/calendall.development.upgr8.dev\/en\/features\/appointment-reminders\/\" target=\"\" rel=\"noopener\">\n<div class=\"wp-block-upgr8-base-plugin-text-block upgr8-base-plugin_text-block upgr8-base-plugin_justify-content-center-desktop  upgr8-base-plugin_fontSize-desktop-sm upgr8-base-plugin_text-alignment-center-desktop\" style=\"color:\"><p><mark style=\"background-color:rgba(0, 0, 0, 0);color:#ffffff\" class=\"has-inline-color\">How reminders help<\/mark><\/p><\/div>\n<\/a>\n<\/div>\n<\/div>\n\n\n\n<div class=\"wp-block-upgr8-base-plugin-container-column upgr8-base-plugin_col-mobile-12 upgr8-base-plugin_col-desktop-4  upgr8-base-plugin_backgroundImagePosition-desktop-left-top upgr8-base-plugin_background-image-size-contain upgr8-base-plugin_background-image-no-repeat\">\n<style>\n            #u8b-box-68c1e086-ce95-481d-8694-7561efaf8160:hover {\n                \n            }\n    <\/style><div id=\"u8b-box-68c1e086-ce95-481d-8694-7561efaf8160\" class=\"wp-block-upgr8-base-plugin-box upgr8-base-plugin_box-content  upgr8-base-plugin_content-height upgr8-base-plugin_backgroundImagePosition-desktop-left-top upgr8-base-plugin_background-image-size-contain upgr8-base-plugin_background-image-no-repeat upgr8-base-plugin_padding-top-desktop-1 upgr8-base-plugin_padding-right-desktop-1 upgr8-base-plugin_padding-bottom-desktop-3 upgr8-base-plugin_padding-left-desktop-1\" style=\"border-radius:20px;background-color:color-mix(in srgb, var(--wp--preset--color--custom-baa-5-f-1) 20%, transparent)\">\n<style>\n        #upgr8-base-plugin_image-bb588ad4-9442-4f65-a773-9c7b7959d884 img{\n            width: 120px;\n        }\n    <\/style><picture id=\"upgr8-base-plugin_image-bb588ad4-9442-4f65-a773-9c7b7959d884\" class=\"wp-block-upgr8-base-plugin-image  upgr8-base-plugin_image upgr8-base-plugin_justify-content-center-desktop\"><img decoding=\"async\" src=\"https:\/\/calendall.development.upgr8.dev\/app\/uploads\/2025\/08\/Icon-analytics-and-reports-beauty-hair-salons.png\" alt=\"Analytics and report software for hair and beauty studios\" loading=\"lazy\" width=\"200\" height=\"200\"\/><\/picture>\n\n\n\n<h3 class=\"wp-block-upgr8-base-plugin-headline-block headline-content  upgr8-base-plugin_fontSize-desktop-md upgr8-base-plugin_text-alignment-center-desktop upgr8-base-plugin_margin-bottom-desktop-1\" style=\"color:\"><strong><mark style=\"background-color:rgba(0, 0, 0, 0)\" class=\"has-inline-color has-custom-baa-5-f-1-color\"><strong><strong>Analytics &amp; reports<\/strong><\/strong><\/mark><\/strong><\/h3>\n\n\n\n<div class=\"wp-block-upgr8-base-plugin-text-block upgr8-base-plugin_text-block upgr8-base-plugin_justify-content-center-desktop  upgr8-base-plugin_fontSize-desktop-sm upgr8-base-plugin_text-alignment-center-desktop upgr8-base-plugin_padding-bottom-desktop-2\" style=\"color:\"><p>Monitor your studio&#8217;s capacity at a glance \u2013 with simple salon statistics.<\/p><\/div>\n\n\n\n<style>\n            #u8b-box-b437059b-2b31-439d-bacf-239ab1cfcf9d:hover {\n                background:color-mix(in srgb, var(--wp--preset--color--quaternary) 50%, transparent) !important;\n            }\n    <\/style><a id=\"u8b-box-b437059b-2b31-439d-bacf-239ab1cfcf9d\" class=\"wp-block-upgr8-base-plugin-box upgr8-base-plugin_box-content  upgr8-base-plugin_content-height upgr8-base-plugin_align-items-center-desktop upgr8-base-plugin_justify-content-center-desktop upgr8-base-plugin_backgroundImagePosition-desktop-left-top upgr8-base-plugin_background-image-size-contain upgr8-base-plugin_background-image-no-repeat upgr8-base-plugin_padding-top-desktop-1 upgr8-base-plugin_padding-right-desktop-1 upgr8-base-plugin_padding-bottom-desktop-1 upgr8-base-plugin_padding-left-desktop-1\" style=\"border-radius:100px;background-color:color-mix(in srgb, var(--wp--preset--color--custom-baa-5-f-1) 100%, transparent)\" href=\"https:\/\/calendall.development.upgr8.dev\/en\/features\/statistiken\/\" target=\"\" rel=\"noopener\">\n<div class=\"wp-block-upgr8-base-plugin-text-block upgr8-base-plugin_text-block upgr8-base-plugin_justify-content-center-desktop  upgr8-base-plugin_fontSize-desktop-sm upgr8-base-plugin_text-alignment-center-desktop\" style=\"color:\"><p><mark style=\"background-color:rgba(0, 0, 0, 0);color:#ffffff\" class=\"has-inline-color\">View reports<\/mark><\/p><\/div>\n<\/a>\n<\/div>\n<\/div>\n\n\n\n<div class=\"wp-block-upgr8-base-plugin-container-column upgr8-base-plugin_col-mobile-12 upgr8-base-plugin_col-desktop-4  upgr8-base-plugin_backgroundImagePosition-desktop-left-top upgr8-base-plugin_background-image-size-contain upgr8-base-plugin_background-image-no-repeat\">\n<style>\n            #u8b-box-fde91756-e3d1-4a2e-b6e6-d8e26ea4c334:hover {\n                \n            }\n    <\/style><div id=\"u8b-box-fde91756-e3d1-4a2e-b6e6-d8e26ea4c334\" class=\"wp-block-upgr8-base-plugin-box upgr8-base-plugin_box-content  upgr8-base-plugin_content-height upgr8-base-plugin_backgroundImagePosition-desktop-left-top upgr8-base-plugin_background-image-size-contain upgr8-base-plugin_background-image-no-repeat upgr8-base-plugin_padding-top-desktop-1 upgr8-base-plugin_padding-right-desktop-1 upgr8-base-plugin_padding-bottom-desktop-3 upgr8-base-plugin_padding-left-desktop-1\" style=\"border-radius:20px;background-color:color-mix(in srgb, var(--wp--preset--color--custom-d-48-fca) 20%, transparent)\">\n<style>\n        #upgr8-base-plugin_image-bb588ad4-9442-4f65-a773-9c7b7959d884 img{\n            width: 120px;\n        }\n    <\/style><picture id=\"upgr8-base-plugin_image-bb588ad4-9442-4f65-a773-9c7b7959d884\" class=\"wp-block-upgr8-base-plugin-image  upgr8-base-plugin_image upgr8-base-plugin_justify-content-center-desktop\"><img decoding=\"async\" src=\"https:\/\/calendall.development.upgr8.dev\/app\/uploads\/2025\/08\/icon-onlinebooking-sofwtare-beauty-hair-salons.png\" alt=\"online booking software for beauty and hair studios\" loading=\"lazy\" width=\"200\" height=\"200\"\/><\/picture>\n\n\n\n<h3 class=\"wp-block-upgr8-base-plugin-headline-block headline-content  upgr8-base-plugin_fontSize-desktop-md upgr8-base-plugin_text-alignment-center-desktop upgr8-base-plugin_margin-bottom-desktop-1\" style=\"color:\"><strong><strong><strong><mark style=\"background-color:rgba(0, 0, 0, 0)\" class=\"has-inline-color has-custom-d-48-fca-color\">Online booking<\/mark><\/strong><\/strong><\/strong><\/h3>\n\n\n\n<div class=\"wp-block-upgr8-base-plugin-text-block upgr8-base-plugin_text-block upgr8-base-plugin_justify-content-center-desktop  upgr8-base-plugin_fontSize-desktop-sm upgr8-base-plugin_text-alignment-center-desktop upgr8-base-plugin_padding-bottom-desktop-2\" style=\"color:\"><p>Let clients book you 24\/7 \u2013 via your website, Instagram, and Google.<\/p><\/div>\n\n\n\n<style>\n            #u8b-box-7d1c37c7-a425-4ed3-8657-1978e30ad918:hover {\n                background:color-mix(in srgb, var(--wp--preset--color--quaternary) 50%, transparent) !important;\n            }\n    <\/style><a id=\"u8b-box-7d1c37c7-a425-4ed3-8657-1978e30ad918\" class=\"wp-block-upgr8-base-plugin-box upgr8-base-plugin_box-content  upgr8-base-plugin_content-height upgr8-base-plugin_align-items-center-desktop upgr8-base-plugin_justify-content-center-desktop upgr8-base-plugin_backgroundImagePosition-desktop-left-top upgr8-base-plugin_background-image-size-contain upgr8-base-plugin_background-image-no-repeat upgr8-base-plugin_padding-top-desktop-1 upgr8-base-plugin_padding-right-desktop-1 upgr8-base-plugin_padding-bottom-desktop-1 upgr8-base-plugin_padding-left-desktop-1\" style=\"border-radius:100px;background-color:color-mix(in srgb, var(--wp--preset--color--custom-d-48-fca) 100%, transparent)\" href=\"https:\/\/calendall.development.upgr8.dev\/en\/features\/onlinebuchung\/\" target=\"\" rel=\"noopener\">\n<div class=\"wp-block-upgr8-base-plugin-text-block upgr8-base-plugin_text-block upgr8-base-plugin_justify-content-center-desktop  upgr8-base-plugin_fontSize-desktop-sm upgr8-base-plugin_text-alignment-center-desktop\" style=\"color:\"><p><mark style=\"background-color:rgba(0, 0, 0, 0);color:#ffffff\" class=\"has-inline-color\">View online booking<\/mark><\/p><\/div>\n<\/a>\n<\/div>\n<\/div>\n\n\n\n<div class=\"wp-block-upgr8-base-plugin-container-column upgr8-base-plugin_col-mobile-12 upgr8-base-plugin_col-desktop-4  upgr8-base-plugin_backgroundImagePosition-desktop-left-top upgr8-base-plugin_background-image-size-contain upgr8-base-plugin_background-image-no-repeat\">\n<style>\n            #u8b-box-3e31a7ca-2b1a-48a5-9b34-4755bf068f81:hover {\n                \n            }\n    <\/style><div id=\"u8b-box-3e31a7ca-2b1a-48a5-9b34-4755bf068f81\" class=\"wp-block-upgr8-base-plugin-box upgr8-base-plugin_box-content  upgr8-base-plugin_content-height upgr8-base-plugin_backgroundImagePosition-desktop-left-top upgr8-base-plugin_background-image-size-contain upgr8-base-plugin_background-image-no-repeat upgr8-base-plugin_padding-top-desktop-1 upgr8-base-plugin_padding-right-desktop-1 upgr8-base-plugin_padding-bottom-desktop-3 upgr8-base-plugin_padding-left-desktop-1\" style=\"border-radius:20px;background-color:color-mix(in srgb, var(--wp--preset--color--custom-ec-7-ba-7) 20%, transparent)\">\n<style>\n        #upgr8-base-plugin_image-bb588ad4-9442-4f65-a773-9c7b7959d884 img{\n            width: 120px;\n        }\n    <\/style><picture id=\"upgr8-base-plugin_image-bb588ad4-9442-4f65-a773-9c7b7959d884\" class=\"wp-block-upgr8-base-plugin-image  upgr8-base-plugin_image upgr8-base-plugin_justify-content-center-desktop\"><img decoding=\"async\" src=\"https:\/\/calendall.development.upgr8.dev\/app\/uploads\/2025\/08\/icon-staff-scheduling-hair-beauty-studio.png\" alt=\"staff scheduling hair and beauty salon\" loading=\"lazy\" width=\"200\" height=\"200\"\/><\/picture>\n\n\n\n<h3 class=\"wp-block-upgr8-base-plugin-headline-block headline-content  upgr8-base-plugin_fontSize-desktop-md upgr8-base-plugin_text-alignment-center-desktop upgr8-base-plugin_margin-bottom-desktop-1\" style=\"color:\"><strong><strong><strong><mark style=\"background-color:rgba(0, 0, 0, 0)\" class=\"has-inline-color has-custom-ec-7-ba-7-color\">Staff scheduling<\/mark><\/strong><\/strong><\/strong><\/h3>\n\n\n\n<div class=\"wp-block-upgr8-base-plugin-text-block upgr8-base-plugin_text-block upgr8-base-plugin_justify-content-center-desktop  upgr8-base-plugin_fontSize-desktop-sm upgr8-base-plugin_text-alignment-center-desktop upgr8-base-plugin_padding-bottom-desktop-2\" style=\"color:\"><p>Plan availability and resources \u2013 for yourself, your team, and your salon.<\/p><\/div>\n\n\n\n<style>\n            #u8b-box-6183e796-f159-4324-b049-989ec90d4279:hover {\n                background:color-mix(in srgb, var(--wp--preset--color--quaternary) 50%, transparent) !important;\n            }\n    <\/style><a id=\"u8b-box-6183e796-f159-4324-b049-989ec90d4279\" class=\"wp-block-upgr8-base-plugin-box upgr8-base-plugin_box-content  upgr8-base-plugin_content-height upgr8-base-plugin_align-items-center-desktop upgr8-base-plugin_justify-content-center-desktop upgr8-base-plugin_backgroundImagePosition-desktop-left-top upgr8-base-plugin_background-image-size-contain upgr8-base-plugin_background-image-no-repeat upgr8-base-plugin_padding-top-desktop-1 upgr8-base-plugin_padding-right-desktop-1 upgr8-base-plugin_padding-bottom-desktop-1 upgr8-base-plugin_padding-left-desktop-1\" style=\"border-radius:100px;background-color:color-mix(in srgb, var(--wp--preset--color--custom-ec-7-ba-7) 100%, transparent)\" href=\"https:\/\/calendall.development.upgr8.dev\/en\/features\/online-calendar\/\" target=\"\" rel=\"noopener\">\n\n<div class=\"wp-block-upgr8-base-plugin-text-block upgr8-base-plugin_text-block upgr8-base-plugin_justify-content-center-desktop  upgr8-base-plugin_fontSize-desktop-sm upgr8-base-plugin_text-alignment-center-desktop\" style=\"color:\"><p><mark style=\"background-color:rgba(0, 0, 0, 0);color:#ffffff\" class=\"has-inline-color\">Learn more<\/mark><\/p><\/div>\n\n<\/a>\n<\/div>\n<\/div>\n<\/div><\/div><\/div>\n\n\n\n<div class=\"wp-block-upgr8-base-plugin-container upgr8-base-plugin_container-wrapper  upgr8-base-plugin_backgroundImagePosition-desktop-center-top upgr8-base-plugin_background-image-size-cover upgr8-base-plugin_background-image-no-repeat upgr8-base-plugin_padding-top-desktop-2 upgr8-base-plugin_padding-bottom-desktop-2 upgr8-base-plugin_padding-bottom-mobile-0 upgr8-base-plugin_margin-bottom-desktop-3\" style=\"background-color:color-mix(in srgb, var(--wp--preset--color--senary) 0%, transparent);background-image:url(&quot;https:\/\/calendall.development.upgr8.dev\/app\/uploads\/2025\/03\/HG-1.png&quot;)\"><div class=\"upgr8-base-plugin_container upgr8-base-plugin_container-boxed\"><div class=\"upgr8-base-plugin_row upgr8-base-plugin_justify-content-center-desktop   upgr8-base-plugin_align-items-center-desktop        \">\n<div class=\"wp-block-upgr8-base-plugin-container-column upgr8-base-plugin_col-desktop-12  upgr8-base-plugin_backgroundImagePosition-desktop-left-top upgr8-base-plugin_background-image-size-contain upgr8-base-plugin_background-image-no-repeat\">\n<style>\n        #upgr8-base-plugin_image-be2b8f10-6855-48b7-8a50-5d67fe23515e img{\n            width: 100px;\n        }\n    <\/style><picture id=\"upgr8-base-plugin_image-be2b8f10-6855-48b7-8a50-5d67fe23515e\" class=\"wp-block-upgr8-base-plugin-image  upgr8-base-plugin_image upgr8-base-plugin_justify-content-center-desktop upgr8-base-plugin_padding-top-desktop-0 upgr8-base-plugin_padding-bottom-desktop-5\"><img decoding=\"async\" src=\"https:\/\/calendall.development.upgr8.dev\/app\/uploads\/2024\/11\/Design-ohne-Titel-2.png\" alt=\"Dekoratives Herz-Symbol in Rosa - Lila\" loading=\"lazy\" width=\"1000\" height=\"800\"\/><\/picture>\n<\/div>\n<\/div><\/div><\/div>\n\n\n\n<div class=\"wp-block-upgr8-base-plugin-container upgr8-base-plugin_container-wrapper  upgr8-base-plugin_backgroundImagePosition-desktop-left-top upgr8-base-plugin_background-image-size-contain upgr8-base-plugin_background-image-no-repeat upgr8-base-plugin_margin-bottom-desktop-4\"><div class=\"upgr8-base-plugin_container upgr8-base-plugin_container-boxed\"><div class=\"upgr8-base-plugin_row upgr8-base-plugin_justify-content-center-desktop   upgr8-base-plugin_align-items-center-desktop        \">\n<div class=\"wp-block-upgr8-base-plugin-container-column upgr8-base-plugin_col-mobile-11 upgr8-base-plugin_col-desktop-5  upgr8-base-plugin_backgroundImagePosition-desktop-left-top upgr8-base-plugin_background-image-size-contain upgr8-base-plugin_background-image-no-repeat\">\n<style>\n            #u8b-button-afb2eb92-090e-43a2-bd41-93639998e52c:hover {\n                background:var(--wp--preset--gradient--gradient-one) !important;\n            }\n    <\/style><a id=\"u8b-button-afb2eb92-090e-43a2-bd41-93639998e52c\" class=\"wp-block-upgr8-base-plugin-button-block upgr8-base-plugin_button  upgr8-base-plugin_button-center upgr8-base-plugin_content-width upgr8-base-plugin_button-tertiary upgr8-base-plugin_fontSize-desktop-sm upgr8-base-plugin_padding-top-desktop-1 upgr8-base-plugin_padding-right-desktop-3 upgr8-base-plugin_padding-bottom-desktop-1 upgr8-base-plugin_padding-left-desktop-3 upgr8-base-plugin_margin-bottom-desktop-1\" style=\"border-style:none;border-width:0px;color:var(--wp--preset--color--base);background-color:color-mix(in srgb, var(--wp--preset--color--primary) 100%, transparent)\" href=\"https:\/\/app.calendall.com\/public\/self-signup?_gl=1*1crqm28*_gcl_au*NTgxNzY5OTc5LjE3NDE4ODQxOTE.\" target=\"\" rel=\"noopener\">Start your free trial<\/a>\n\n\n\n<div class=\"wp-block-upgr8-base-plugin-text-block upgr8-base-plugin_text-block upgr8-base-plugin_justify-content-center-desktop  upgr8-base-plugin_fontSize-desktop-sm upgr8-base-plugin_text-alignment-center-desktop\" style=\"color:\"><p>Free, no commitment. <mark style=\"background-color:rgba(0, 0, 0, 0);color:#4566f9\" class=\"has-inline-color\">Try it for 14 days!<\/mark><\/p><\/div>\n<\/div>\n<\/div><\/div><\/div>\n\n\n\n<div class=\"wp-block-upgr8-base-plugin-container upgr8-base-plugin_container-wrapper  upgr8-base-plugin_backgroundImagePosition-desktop-center-top upgr8-base-plugin_background-image-size-full-width-height upgr8-base-plugin_background-image-no-repeat upgr8-base-plugin_padding-top-desktop-2 upgr8-base-plugin_padding-top-mobile-3 upgr8-base-plugin_padding-bottom-desktop-2 upgr8-base-plugin_padding-bottom-mobile-3 upgr8-base-plugin_margin-bottom-desktop-3\" style=\"background:var(--wp--preset--gradient--gradient-one)\"><div class=\"upgr8-base-plugin_container upgr8-base-plugin_container-boxed\"><div class=\"upgr8-base-plugin_row upgr8-base-plugin_justify-content-center-desktop   upgr8-base-plugin_align-items-center-desktop        \">\n<div class=\"wp-block-upgr8-base-plugin-container-column upgr8-base-plugin_col-desktop-12  upgr8-base-plugin_backgroundImagePosition-desktop-left-top upgr8-base-plugin_background-image-size-contain upgr8-base-plugin_background-image-no-repeat\">\n<h2 class=\"wp-block-upgr8-base-plugin-headline-block headline-content  upgr8-base-plugin_fontSize-desktop-md upgr8-base-plugin_text-alignment-center-desktop\" style=\"color:var(--wp--preset--color--base)\"><strong><strong>Book your free intro call<\/strong><\/strong><\/h2>\n\n\n\n<div class=\"wp-block-upgr8-base-plugin-text-block upgr8-base-plugin_text-block upgr8-base-plugin_justify-content-center-desktop  upgr8-base-plugin_fontSize-desktop-sm upgr8-base-plugin_text-alignment-center-desktop\" style=\"color:var(--wp--preset--color--base)\"><p>We\u2019ll take the time \u2013 personal, individual, and free of charge.<\/p><\/div>\n\n\n\n<style>\n        #upgr8-base-plugin_image-2ab9cf23-97dc-451c-bda1-b5a3917aebfc img{\n            width: 600px;\n        }\n    <\/style><picture id=\"upgr8-base-plugin_image-2ab9cf23-97dc-451c-bda1-b5a3917aebfc\" class=\"wp-block-upgr8-base-plugin-image  upgr8-base-plugin_image upgr8-base-plugin_justify-content-center-desktop upgr8-base-plugin_padding-top-desktop-2\"><img decoding=\"async\" src=\"https:\/\/calendall.development.upgr8.dev\/app\/uploads\/2024\/12\/Design-ohne-Titel-11.png\" alt=\"Support Mitarbeiter\" loading=\"lazy\" width=\"1080\" height=\"250\"\/><\/picture>\n\n\n\n<style>\n            #u8b-button-ee48a105-0e0e-482a-af75-6a5b9c4fe071:hover {\n                \n            }\n    <\/style><a id=\"u8b-button-ee48a105-0e0e-482a-af75-6a5b9c4fe071\" class=\"wp-block-upgr8-base-plugin-button-block upgr8-base-plugin_button  upgr8-base-plugin_button-center upgr8-base-plugin_content-width upgr8-base-plugin_button-tertiary upgr8-base-plugin_fontSize-desktop-xs upgr8-base-plugin_text-alignment-center-desktop upgr8-base-plugin_padding-top-desktop-1 upgr8-base-plugin_padding-top-mobile-1 upgr8-base-plugin_padding-right-desktop-1 upgr8-base-plugin_padding-right-mobile-2 upgr8-base-plugin_padding-bottom-desktop-1 upgr8-base-plugin_padding-bottom-mobile-1 upgr8-base-plugin_padding-left-desktop-1 upgr8-base-plugin_padding-left-mobile-2 upgr8-base-plugin_margin-top-desktop-2\" style=\"border-width:2px;border-radius:1344px;color:\" href=\"https:\/\/app.calendall.com\/public\/booking?id=1bf90bec-b30d-49ed-811f-1e06aeab1315\" target=\"__blank\" rel=\"noopener\"><strong>Schedule a call<\/strong><\/a>\n\n\n\n<div class=\"wp-block-upgr8-base-plugin-text-block upgr8-base-plugin_text-block upgr8-base-plugin_justify-content-center-desktop  upgr8-base-plugin_fontSize-desktop-sm upgr8-base-plugin_text-alignment-center-desktop upgr8-base-plugin_padding-top-desktop-2\" style=\"color:\"><p><mark style=\"background-color:rgba(0, 0, 0, 0)\" class=\"has-inline-color has-base-color\">Just pick a time that suits you \u2013 we\u2019ll take care of the rest!<\/mark><\/p><\/div>\n<\/div>\n<\/div><\/div><\/div>\n\n\n\n<div class=\"wp-block-upgr8-base-plugin-container upgr8-base-plugin_container-wrapper  upgr8-base-plugin_backgroundImagePosition-desktop-left-top upgr8-base-plugin_background-image-size-contain upgr8-base-plugin_background-image-no-repeat upgr8-base-plugin_margin-top-desktop-4 upgr8-base-plugin_margin-bottom-desktop-4 upgr8-base-plugin_hide-desktop upgr8-base-plugin_hide-tablet\"><div class=\"upgr8-base-plugin_container upgr8-base-plugin_container-boxed\"><div class=\"upgr8-base-plugin_row upgr8-base-plugin_justify-content-center-desktop   upgr8-base-plugin_align-items-center-desktop        \">\n<div class=\"wp-block-upgr8-base-plugin-container-column upgr8-base-plugin_col-desktop-11  upgr8-base-plugin_backgroundImagePosition-desktop-left-top upgr8-base-plugin_background-image-size-contain upgr8-base-plugin_background-image-no-repeat\">\n<style>\n            #u8b-box-e161572b-8cfb-48b8-a5d4-977d6a8e8c2c:hover {\n                \n            }\n    <\/style><div id=\"u8b-box-e161572b-8cfb-48b8-a5d4-977d6a8e8c2c\" class=\"wp-block-upgr8-base-plugin-box upgr8-base-plugin_box-content  upgr8-base-plugin_content-height upgr8-base-plugin_backgroundImagePosition-desktop-left-top upgr8-base-plugin_background-image-size-contain upgr8-base-plugin_background-image-no-repeat upgr8-base-plugin_padding-top-desktop-3 upgr8-base-plugin_padding-top-mobile-0 upgr8-base-plugin_padding-right-desktop-1 upgr8-base-plugin_padding-bottom-desktop-0 upgr8-base-plugin_padding-bottom-mobile-0 upgr8-base-plugin_padding-left-desktop-1\" style=\"border-style:none;border-width:0px;border-radius:30px;background-color:color-mix(in srgb, var(--wp--preset--color--quinary) 25%, transparent)\">\n<div class=\"wp-block-upgr8-base-plugin-container upgr8-base-plugin_container-wrapper  upgr8-base-plugin_backgroundImagePosition-desktop-left-top upgr8-base-plugin_background-image-size-contain upgr8-base-plugin_background-image-no-repeat upgr8-base-plugin_margin-bottom-desktop-3\"><div class=\"upgr8-base-plugin_container upgr8-base-plugin_container-boxed\"><div class=\"upgr8-base-plugin_row            \">\n<div class=\"wp-block-upgr8-base-plugin-container-column upgr8-base-plugin_col-mobile-12 upgr8-base-plugin_col-desktop-6  upgr8-base-plugin_backgroundImagePosition-desktop-right-top upgr8-base-plugin_background-image-size-contain upgr8-base-plugin_background-image-no-repeat\">\n<style>\n        #upgr8-base-plugin_image-38ecbfbd-f1a1-4f06-b0ea-5bacb13e6666 img{\n            width: 70px;\n        }\n    <\/style><picture id=\"upgr8-base-plugin_image-38ecbfbd-f1a1-4f06-b0ea-5bacb13e6666\" class=\"wp-block-upgr8-base-plugin-image  upgr8-base-plugin_image upgr8-base-plugin_margin-bottom-desktop-2\"><img decoding=\"async\" src=\"https:\/\/calendall.development.upgr8.dev\/app\/uploads\/2025\/08\/Icon-digital-calendar.png\" alt=\"digital calendar for beauty und hair salons\" loading=\"lazy\" width=\"200\" height=\"200\"\/><\/picture>\n\n\n\n<div class=\"wp-block-upgr8-base-plugin-text-block upgr8-base-plugin_text-block  upgr8-base-plugin_fontSize-desktop-sm\" style=\"color:\"><p><a href=\"https:\/\/calendall.development.upgr8.dev\/en\/features\/online-calendar\/\" data-type=\"page\" data-id=\"4056\"><mark style=\"background-color:rgba(0, 0, 0, 0)\" class=\"has-inline-color has-custom-baa-5-f-1-color\">ONLINE APPOINTMENT PLANNER<\/mark><\/a><\/p><\/div>\n\n\n\n<h2 class=\"wp-block-upgr8-base-plugin-headline-block headline-content  upgr8-base-plugin_fontSize-desktop-md upgr8-base-plugin_margin-bottom-desktop-1\" style=\"color:\"><strong><strong>Online calendar for hair and beauty salons \u2013 manage appointments with ease<\/strong><\/strong><\/h2>\n\n\n\n<div class=\"wp-block-upgr8-base-plugin-text-block upgr8-base-plugin_text-block  upgr8-base-plugin_fontSize-desktop-sm upgr8-base-plugin_margin-bottom-desktop-1\" style=\"color:\"><p>Keep track of your <mark style=\"background-color:rgba(0, 0, 0, 0)\" class=\"has-inline-color has-custom-baa-5-f-1-color\">calendar<\/mark> anytime, anywhere \u2013 appointments, client details, and staff scheduling all in one digital tool. Simple, clear, and fully customizable.<\/p><\/div>\n\n\n\n<style>\n            #u8b-box-00593efe-5e09-437b-a825-9ebeed8d57d4:hover {\n                \n            }\n    <\/style><a id=\"u8b-box-00593efe-5e09-437b-a825-9ebeed8d57d4\" class=\"wp-block-upgr8-base-plugin-box upgr8-base-plugin_box-content  upgr8-base-plugin_content-height upgr8-base-plugin_backgroundImagePosition-desktop-left-top upgr8-base-plugin_background-image-size-contain upgr8-base-plugin_background-image-no-repeat upgr8-base-plugin_padding-top-desktop-1 upgr8-base-plugin_padding-right-desktop-1 upgr8-base-plugin_padding-bottom-desktop-1 upgr8-base-plugin_padding-left-desktop-1\" style=\"border-style:none;border-width:0px;border-radius:50px;background-color:color-mix(in srgb, var(--wp--preset--color--custom-baa-5-f-1) 50%, transparent)\" href=\"https:\/\/calendall.development.upgr8.dev\/en\/features\/online-calendar\/\" target=\"\" rel=\"noopener\">\n<div class=\"wp-block-upgr8-base-plugin-text-block upgr8-base-plugin_text-block upgr8-base-plugin_justify-content-center-desktop  upgr8-base-plugin_fontSize-desktop-sm upgr8-base-plugin_text-alignment-center-desktop\" style=\"color:\"><p><mark style=\"background-color:rgba(0, 0, 0, 0);color:#ffffff\" class=\"has-inline-color\"><mark style=\"background-color:rgba(0, 0, 0, 0);color:#ffffff\" class=\"has-inline-color\"><mark style=\"background-color:rgba(0, 0, 0, 0);color:#ffffff\" class=\"has-inline-color\">Learn more<\/mark><\/mark><\/mark><\/p><\/div>\n<\/a>\n\n\n\n<picture id=\"upgr8-base-plugin_image-1dcf510e-4ca3-41ef-8ae7-09de66b3b9e8\" class=\"wp-block-upgr8-base-plugin-image  upgr8-base-plugin_image upgr8-base-plugin_padding-top-mobile-3\"><img decoding=\"async\" src=\"https:\/\/calendall.development.upgr8.dev\/app\/uploads\/2025\/08\/online-calendar-hair-beauty-salons-multi-device.webp\" alt=\"Online calendar for hair and beauty salons displayed on laptop, tablet, and smartphone screens.\" loading=\"lazy\" width=\"2160\" height=\"2160\"\/><\/picture>\n<\/div>\n<\/div><\/div><\/div>\n<\/div>\n<\/div>\n<\/div><\/div><\/div>\n\n\n\n<div class=\"wp-block-upgr8-base-plugin-container upgr8-base-plugin_container-wrapper  upgr8-base-plugin_backgroundImagePosition-desktop-left-top upgr8-base-plugin_background-image-size-contain upgr8-base-plugin_background-image-no-repeat upgr8-base-plugin_margin-top-desktop-4 upgr8-base-plugin_margin-bottom-desktop-4 upgr8-base-plugin_hide-desktop upgr8-base-plugin_hide-tablet\"><div class=\"upgr8-base-plugin_container upgr8-base-plugin_container-boxed\"><div class=\"upgr8-base-plugin_row upgr8-base-plugin_justify-content-center-desktop   upgr8-base-plugin_align-items-center-desktop        \">\n<div class=\"wp-block-upgr8-base-plugin-container-column upgr8-base-plugin_col-desktop-11  upgr8-base-plugin_backgroundImagePosition-desktop-left-top upgr8-base-plugin_background-image-size-contain upgr8-base-plugin_background-image-no-repeat\">\n<style>\n            #u8b-box-deb8db29-3af2-4d2f-87f3-9541200ca3a5:hover {\n                \n            }\n    <\/style><div id=\"u8b-box-deb8db29-3af2-4d2f-87f3-9541200ca3a5\" class=\"wp-block-upgr8-base-plugin-box upgr8-base-plugin_box-content  upgr8-base-plugin_content-height upgr8-base-plugin_backgroundImagePosition-desktop-left-top upgr8-base-plugin_background-image-size-contain upgr8-base-plugin_background-image-no-repeat upgr8-base-plugin_padding-top-desktop-3 upgr8-base-plugin_padding-top-mobile-0 upgr8-base-plugin_padding-right-desktop-1 upgr8-base-plugin_padding-bottom-desktop-0 upgr8-base-plugin_padding-bottom-mobile-0 upgr8-base-plugin_padding-left-desktop-1\" style=\"border-style:none;border-width:0px;border-radius:30px;background-color:color-mix(in srgb, var(--wp--preset--color--custom-d-48-fca) 25%, transparent)\">\n<div class=\"wp-block-upgr8-base-plugin-container upgr8-base-plugin_container-wrapper  upgr8-base-plugin_backgroundImagePosition-desktop-left-top upgr8-base-plugin_background-image-size-contain upgr8-base-plugin_background-image-no-repeat upgr8-base-plugin_margin-bottom-desktop-3\"><div class=\"upgr8-base-plugin_container upgr8-base-plugin_container-boxed\"><div class=\"upgr8-base-plugin_row            \">\n<div class=\"wp-block-upgr8-base-plugin-container-column upgr8-base-plugin_col-mobile-12 upgr8-base-plugin_col-desktop-6  upgr8-base-plugin_backgroundImagePosition-desktop-right-top upgr8-base-plugin_background-image-size-contain upgr8-base-plugin_background-image-no-repeat\">\n<style>\n        #upgr8-base-plugin_image-38ecbfbd-f1a1-4f06-b0ea-5bacb13e6666 img{\n            width: 70px;\n        }\n    <\/style><picture id=\"upgr8-base-plugin_image-38ecbfbd-f1a1-4f06-b0ea-5bacb13e6666\" class=\"wp-block-upgr8-base-plugin-image  upgr8-base-plugin_image upgr8-base-plugin_margin-bottom-desktop-2\"><source media=\"(max-width:768px)\" srcset=\"https:\/\/calendall.development.upgr8.dev\/app\/uploads\/2025\/08\/Icon-client-sofftware-hair-beauty-salon.png\" alt=\"Software for client management and profile beauty and hairsalons\"\/><img decoding=\"async\" src=\"https:\/\/calendall.development.upgr8.dev\/app\/uploads\/2025\/08\/Icon-digital-calendar.png\" alt=\"digital calendar for beauty und hair salons\" loading=\"lazy\" width=\"200\" height=\"200\"\/><\/picture>\n\n\n\n<div class=\"wp-block-upgr8-base-plugin-text-block upgr8-base-plugin_text-block  upgr8-base-plugin_fontSize-desktop-sm\" style=\"color:\"><p><a href=\"https:\/\/calendall.development.upgr8.dev\/en\/features\/digital-customer-file\/\" data-type=\"page\" data-id=\"4069\"><mark style=\"background-color:rgba(0, 0, 0, 0);color:#d38cc9\" class=\"has-inline-color\">CLIENT MANAGEMENT<\/mark><\/a><\/p><\/div>\n\n\n\n<h2 class=\"wp-block-upgr8-base-plugin-headline-block headline-content  upgr8-base-plugin_fontSize-desktop-md upgr8-base-plugin_margin-bottom-desktop-1\" style=\"color:\"><strong><strong><strong>Online client management for studios<\/strong><\/strong><\/strong><\/h2>\n\n\n\n<div class=\"wp-block-upgr8-base-plugin-text-block upgr8-base-plugin_text-block  upgr8-base-plugin_fontSize-desktop-sm upgr8-base-plugin_margin-bottom-desktop-1\" style=\"color:\"><p>Reduce admin time with our digital client profiles and strengthen your customer relationships \u2013 for long-term satisfaction.<\/p><\/div>\n\n\n\n<style>\n            #u8b-box-06aa9a5d-74ab-4c9a-bae7-af116e5d2bc0:hover {\n                \n            }\n    <\/style><a id=\"u8b-box-06aa9a5d-74ab-4c9a-bae7-af116e5d2bc0\" class=\"wp-block-upgr8-base-plugin-box upgr8-base-plugin_box-content  upgr8-base-plugin_content-height upgr8-base-plugin_backgroundImagePosition-desktop-left-top upgr8-base-plugin_background-image-size-contain upgr8-base-plugin_background-image-no-repeat upgr8-base-plugin_padding-top-desktop-1 upgr8-base-plugin_padding-right-desktop-1 upgr8-base-plugin_padding-bottom-desktop-1 upgr8-base-plugin_padding-left-desktop-1\" style=\"border-style:none;border-width:0px;border-radius:50px;background-color:color-mix(in srgb, var(--wp--preset--color--custom-d-48-fca) 50%, transparent)\" href=\"https:\/\/calendall.development.upgr8.dev\/en\/features\/digital-customer-file\/\" target=\"\" rel=\"noopener\">\n<div class=\"wp-block-upgr8-base-plugin-text-block upgr8-base-plugin_text-block upgr8-base-plugin_justify-content-center-desktop  upgr8-base-plugin_fontSize-desktop-sm upgr8-base-plugin_text-alignment-center-desktop\" style=\"color:\"><p><mark style=\"background-color:rgba(0, 0, 0, 0);color:#ffffff\" class=\"has-inline-color\"><mark style=\"background-color:rgba(0, 0, 0, 0);color:#ffffff\" class=\"has-inline-color\"><mark style=\"background-color:rgba(0, 0, 0, 0);color:#ffffff\" class=\"has-inline-color\">Learn more<\/mark><\/mark><\/mark><\/p><\/div>\n<\/a>\n\n\n\n<picture id=\"upgr8-base-plugin_image-1dcf510e-4ca3-41ef-8ae7-09de66b3b9e8\" class=\"wp-block-upgr8-base-plugin-image  upgr8-base-plugin_image upgr8-base-plugin_padding-top-mobile-3\"><source media=\"(max-width:768px)\" srcset=\"https:\/\/calendall.development.upgr8.dev\/app\/uploads\/2025\/08\/online-client-management-beauty-hair-salons.webp\" alt=\"Online client management interface for beauty and hair salons, showing digital client profile with contact details and preferences.\"\/><img decoding=\"async\" src=\"https:\/\/calendall.development.upgr8.dev\/app\/uploads\/2025\/08\/online-calendar-hair-beauty-salons-multi-device.webp\" alt=\"Online calendar for hair and beauty salons displayed on laptop, tablet, and smartphone screens.\" loading=\"lazy\" width=\"2160\" height=\"2160\"\/><\/picture>\n<\/div>\n<\/div><\/div><\/div>\n<\/div>\n<\/div>\n<\/div><\/div><\/div>\n\n\n\n<div class=\"wp-block-upgr8-base-plugin-container upgr8-base-plugin_container-wrapper  upgr8-base-plugin_backgroundImagePosition-desktop-left-top upgr8-base-plugin_background-image-size-contain upgr8-base-plugin_background-image-no-repeat upgr8-base-plugin_margin-top-desktop-4 upgr8-base-plugin_margin-bottom-desktop-4 upgr8-base-plugin_hide-desktop upgr8-base-plugin_hide-tablet\"><div class=\"upgr8-base-plugin_container upgr8-base-plugin_container-boxed\"><div class=\"upgr8-base-plugin_row upgr8-base-plugin_justify-content-center-desktop   upgr8-base-plugin_align-items-center-desktop        \">\n<div class=\"wp-block-upgr8-base-plugin-container-column upgr8-base-plugin_col-desktop-11  upgr8-base-plugin_backgroundImagePosition-desktop-left-top upgr8-base-plugin_background-image-size-contain upgr8-base-plugin_background-image-no-repeat\">\n<style>\n            #u8b-box-90d8a124-4842-42c1-9da3-f8e26c9f41e4:hover {\n                \n            }\n    <\/style><div id=\"u8b-box-90d8a124-4842-42c1-9da3-f8e26c9f41e4\" class=\"wp-block-upgr8-base-plugin-box upgr8-base-plugin_box-content  upgr8-base-plugin_content-height upgr8-base-plugin_backgroundImagePosition-desktop-left-top upgr8-base-plugin_background-image-size-contain upgr8-base-plugin_background-image-no-repeat upgr8-base-plugin_padding-top-desktop-3 upgr8-base-plugin_padding-top-mobile-0 upgr8-base-plugin_padding-right-desktop-1 upgr8-base-plugin_padding-bottom-desktop-0 upgr8-base-plugin_padding-bottom-mobile-0 upgr8-base-plugin_padding-left-desktop-1\" style=\"border-style:none;border-width:0px;border-radius:30px;background-color:color-mix(in srgb, var(--wp--preset--color--custom-ec-7-ba-7) 25%, transparent)\">\n<div class=\"wp-block-upgr8-base-plugin-container upgr8-base-plugin_container-wrapper  upgr8-base-plugin_backgroundImagePosition-desktop-left-top upgr8-base-plugin_background-image-size-contain upgr8-base-plugin_background-image-no-repeat upgr8-base-plugin_margin-bottom-desktop-3\"><div class=\"upgr8-base-plugin_container upgr8-base-plugin_container-boxed\"><div class=\"upgr8-base-plugin_row            \">\n<div class=\"wp-block-upgr8-base-plugin-container-column upgr8-base-plugin_col-mobile-12 upgr8-base-plugin_col-desktop-6  upgr8-base-plugin_backgroundImagePosition-desktop-right-top upgr8-base-plugin_background-image-size-contain upgr8-base-plugin_background-image-no-repeat\">\n<style>\n        #upgr8-base-plugin_image-38ecbfbd-f1a1-4f06-b0ea-5bacb13e6666 img{\n            width: 70px;\n        }\n    <\/style><picture id=\"upgr8-base-plugin_image-38ecbfbd-f1a1-4f06-b0ea-5bacb13e6666\" class=\"wp-block-upgr8-base-plugin-image  upgr8-base-plugin_image upgr8-base-plugin_margin-bottom-desktop-2\"><source media=\"(max-width:768px)\" srcset=\"https:\/\/calendall.development.upgr8.dev\/app\/uploads\/2025\/08\/icon-appointment-reminders-for-beauty-hair-salons.png\" alt=\"software for appointment reminders hair and beautysalons\"\/><img decoding=\"async\" src=\"https:\/\/calendall.development.upgr8.dev\/app\/uploads\/2025\/08\/Icon-digital-calendar.png\" alt=\"digital calendar for beauty und hair salons\" loading=\"lazy\" width=\"200\" height=\"200\"\/><\/picture>\n\n\n\n<div class=\"wp-block-upgr8-base-plugin-text-block upgr8-base-plugin_text-block  upgr8-base-plugin_fontSize-desktop-sm\" style=\"color:\"><p><mark style=\"background-color:rgba(0, 0, 0, 0)\" class=\"has-inline-color has-custom-ec-7-ba-7-color\"><a href=\"https:\/\/calendall.development.upgr8.dev\/en\/features\/appointment-reminders\/\" data-type=\"page\" data-id=\"4063\">REMINDERS &amp; CONFIRMATIONS<\/a><\/mark><\/p><\/div>\n\n\n\n<h2 class=\"wp-block-upgr8-base-plugin-headline-block headline-content  upgr8-base-plugin_fontSize-desktop-md upgr8-base-plugin_margin-bottom-desktop-1\" style=\"color:\"><strong><strong><strong><strong>Appointment reminders for salons \u2013 punctual &amp; automatic<\/strong><\/strong><\/strong><\/strong><\/h2>\n\n\n\n<div class=\"wp-block-upgr8-base-plugin-text-block upgr8-base-plugin_text-block  upgr8-base-plugin_fontSize-desktop-sm upgr8-base-plugin_margin-bottom-desktop-1\" style=\"color:\"><p>With automated reminders and confirmations via SMS or email, your clients arrive on time and reliably \u2013 with zero extra effort on your end.<\/p><\/div>\n\n\n\n<style>\n            #u8b-box-deb2a2c2-3291-4a3b-9048-d01165ce136c:hover {\n                \n            }\n    <\/style><a id=\"u8b-box-deb2a2c2-3291-4a3b-9048-d01165ce136c\" class=\"wp-block-upgr8-base-plugin-box upgr8-base-plugin_box-content  upgr8-base-plugin_content-height upgr8-base-plugin_backgroundImagePosition-desktop-left-top upgr8-base-plugin_background-image-size-contain upgr8-base-plugin_background-image-no-repeat upgr8-base-plugin_padding-top-desktop-1 upgr8-base-plugin_padding-right-desktop-1 upgr8-base-plugin_padding-bottom-desktop-1 upgr8-base-plugin_padding-left-desktop-1\" style=\"border-style:none;border-width:0px;border-radius:50px;background-color:color-mix(in srgb, var(--wp--preset--color--custom-ec-7-ba-7) 50%, transparent)\" href=\"https:\/\/calendall.development.upgr8.dev\/en\/features\/appointment-reminders\/\" target=\"\" rel=\"noopener\">\n<div class=\"wp-block-upgr8-base-plugin-text-block upgr8-base-plugin_text-block upgr8-base-plugin_justify-content-center-desktop  upgr8-base-plugin_fontSize-desktop-sm upgr8-base-plugin_text-alignment-center-desktop\" style=\"color:\"><p><mark style=\"background-color:rgba(0, 0, 0, 0);color:#ffffff\" class=\"has-inline-color\"><mark style=\"background-color:rgba(0, 0, 0, 0);color:#ffffff\" class=\"has-inline-color\"><mark style=\"background-color:rgba(0, 0, 0, 0);color:#ffffff\" class=\"has-inline-color\">Learn more<\/mark><\/mark><\/mark><\/p><\/div>\n<\/a>\n\n\n\n<picture id=\"upgr8-base-plugin_image-1dcf510e-4ca3-41ef-8ae7-09de66b3b9e8\" class=\"wp-block-upgr8-base-plugin-image  upgr8-base-plugin_image upgr8-base-plugin_padding-top-mobile-3\"><source media=\"(max-width:768px)\" srcset=\"https:\/\/calendall.development.upgr8.dev\/app\/uploads\/2025\/08\/automated-appointment-reminder-beauty-hair-salon.webp\" alt=\"Automated appointment reminder notification for beauty and hair salon clients, shown on a smartphone screen.\"\/><img decoding=\"async\" src=\"https:\/\/calendall.development.upgr8.dev\/app\/uploads\/2025\/08\/online-calendar-hair-beauty-salons-multi-device.webp\" alt=\"Online calendar for hair and beauty salons displayed on laptop, tablet, and smartphone screens.\" loading=\"lazy\" width=\"2160\" height=\"2160\"\/><\/picture>\n<\/div>\n<\/div><\/div><\/div>\n<\/div>\n<\/div>\n<\/div><\/div><\/div>\n\n\n\n<div class=\"wp-block-upgr8-base-plugin-container upgr8-base-plugin_container-wrapper  upgr8-base-plugin_backgroundImagePosition-desktop-left-top upgr8-base-plugin_background-image-size-contain upgr8-base-plugin_background-image-no-repeat upgr8-base-plugin_margin-top-desktop-4 upgr8-base-plugin_margin-bottom-desktop-4 upgr8-base-plugin_hide-desktop upgr8-base-plugin_hide-tablet\"><div class=\"upgr8-base-plugin_container upgr8-base-plugin_container-boxed\"><div class=\"upgr8-base-plugin_row upgr8-base-plugin_justify-content-center-desktop   upgr8-base-plugin_align-items-center-desktop        \">\n<div class=\"wp-block-upgr8-base-plugin-container-column upgr8-base-plugin_col-desktop-11  upgr8-base-plugin_backgroundImagePosition-desktop-left-top upgr8-base-plugin_background-image-size-contain upgr8-base-plugin_background-image-no-repeat\">\n<style>\n            #u8b-box-42ce6b45-8611-4f4a-904d-dd3cacc99d21:hover {\n                \n            }\n    <\/style><div id=\"u8b-box-42ce6b45-8611-4f4a-904d-dd3cacc99d21\" class=\"wp-block-upgr8-base-plugin-box upgr8-base-plugin_box-content  upgr8-base-plugin_content-height upgr8-base-plugin_backgroundImagePosition-desktop-left-top upgr8-base-plugin_background-image-size-contain upgr8-base-plugin_background-image-no-repeat upgr8-base-plugin_padding-top-desktop-3 upgr8-base-plugin_padding-top-mobile-0 upgr8-base-plugin_padding-right-desktop-1 upgr8-base-plugin_padding-bottom-desktop-0 upgr8-base-plugin_padding-bottom-mobile-0 upgr8-base-plugin_padding-left-desktop-1\" style=\"border-style:none;border-width:0px;border-radius:30px;background-color:color-mix(in srgb, var(--wp--preset--color--custom-baa-5-f-1) 25%, transparent)\">\n<div class=\"wp-block-upgr8-base-plugin-container upgr8-base-plugin_container-wrapper  upgr8-base-plugin_backgroundImagePosition-desktop-left-top upgr8-base-plugin_background-image-size-contain upgr8-base-plugin_background-image-no-repeat upgr8-base-plugin_margin-bottom-desktop-3\"><div class=\"upgr8-base-plugin_container upgr8-base-plugin_container-boxed\"><div class=\"upgr8-base-plugin_row            \">\n<div class=\"wp-block-upgr8-base-plugin-container-column upgr8-base-plugin_col-mobile-12 upgr8-base-plugin_col-desktop-6  upgr8-base-plugin_backgroundImagePosition-desktop-right-top upgr8-base-plugin_background-image-size-contain upgr8-base-plugin_background-image-no-repeat\">\n<style>\n        #upgr8-base-plugin_image-38ecbfbd-f1a1-4f06-b0ea-5bacb13e6666 img{\n            width: 70px;\n        }\n    <\/style><picture id=\"upgr8-base-plugin_image-38ecbfbd-f1a1-4f06-b0ea-5bacb13e6666\" class=\"wp-block-upgr8-base-plugin-image  upgr8-base-plugin_image upgr8-base-plugin_margin-bottom-desktop-2\"><source media=\"(max-width:768px)\" srcset=\"https:\/\/calendall.development.upgr8.dev\/app\/uploads\/2025\/08\/Icon-online-booking-system.png\" alt=\"Online booking system for beauty and hair salons\"\/><img decoding=\"async\" src=\"https:\/\/calendall.development.upgr8.dev\/app\/uploads\/2025\/08\/Icon-digital-calendar.png\" alt=\"digital calendar for beauty und hair salons\" loading=\"lazy\" width=\"200\" height=\"200\"\/><\/picture>\n\n\n\n<div class=\"wp-block-upgr8-base-plugin-text-block upgr8-base-plugin_text-block  upgr8-base-plugin_fontSize-desktop-sm\" style=\"color:\"><p><a href=\"https:\/\/calendall.development.upgr8.dev\/en\/features\/onlinebuchung\/\" data-type=\"link\" data-id=\"https:\/\/calendall.development.upgr8.dev\/en\/features\/onlinebuchung\/\"><mark style=\"background-color:rgba(0, 0, 0, 0)\" class=\"has-inline-color has-custom-baa-5-f-1-color\">ONLINE BOOKING<\/mark><\/a><\/p><\/div>\n\n\n\n<h2 class=\"wp-block-upgr8-base-plugin-headline-block headline-content  upgr8-base-plugin_fontSize-desktop-md upgr8-base-plugin_margin-bottom-desktop-1\" style=\"color:\"><strong><strong><strong><strong><strong>Online booking system for your studio \u2013 flexible &amp; easy to use<\/strong><\/strong><\/strong><\/strong><\/strong><\/h2>\n\n\n\n<div class=\"wp-block-upgr8-base-plugin-text-block upgr8-base-plugin_text-block  upgr8-base-plugin_fontSize-desktop-sm upgr8-base-plugin_margin-bottom-desktop-1\" style=\"color:\"><p>If you want: let your clients book online \u2013 directly via your website, Google, or social media. You decide when it\u2019s activated.<\/p><\/div>\n\n\n\n<style>\n            #u8b-box-7c4c51d9-36ae-4300-b04a-bbddc8addd8c:hover {\n                \n            }\n    <\/style><a id=\"u8b-box-7c4c51d9-36ae-4300-b04a-bbddc8addd8c\" class=\"wp-block-upgr8-base-plugin-box upgr8-base-plugin_box-content  upgr8-base-plugin_content-height upgr8-base-plugin_backgroundImagePosition-desktop-left-top upgr8-base-plugin_background-image-size-contain upgr8-base-plugin_background-image-no-repeat upgr8-base-plugin_padding-top-desktop-1 upgr8-base-plugin_padding-right-desktop-1 upgr8-base-plugin_padding-bottom-desktop-1 upgr8-base-plugin_padding-left-desktop-1\" style=\"border-style:none;border-width:0px;border-radius:50px;background-color:color-mix(in srgb, var(--wp--preset--color--custom-baa-5-f-1) 50%, transparent)\" href=\"https:\/\/calendall.development.upgr8.dev\/en\/features\/onlinebuchung\/\" target=\"\" rel=\"noopener\">\n<div class=\"wp-block-upgr8-base-plugin-text-block upgr8-base-plugin_text-block upgr8-base-plugin_justify-content-center-desktop  upgr8-base-plugin_fontSize-desktop-sm upgr8-base-plugin_text-alignment-center-desktop\" style=\"color:\"><p><mark style=\"background-color:rgba(0, 0, 0, 0);color:#ffffff\" class=\"has-inline-color\"><mark style=\"background-color:rgba(0, 0, 0, 0);color:#ffffff\" class=\"has-inline-color\"><mark style=\"background-color:rgba(0, 0, 0, 0);color:#ffffff\" class=\"has-inline-color\">Learn more<\/mark><\/mark><\/mark><\/p><\/div>\n<\/a>\n\n\n\n<picture id=\"upgr8-base-plugin_image-1dcf510e-4ca3-41ef-8ae7-09de66b3b9e8\" class=\"wp-block-upgr8-base-plugin-image  upgr8-base-plugin_image upgr8-base-plugin_padding-top-mobile-3\"><source media=\"(max-width:768px)\" srcset=\"https:\/\/calendall.development.upgr8.dev\/app\/uploads\/2025\/08\/online-booking-software-beauty-hair-salons.webp\" alt=\"Online booking system for beauty and hair salons, showing mobile interface with selected lash lifting service and calendar date picker.\"\/><img decoding=\"async\" src=\"https:\/\/calendall.development.upgr8.dev\/app\/uploads\/2025\/08\/online-calendar-hair-beauty-salons-multi-device.webp\" alt=\"Online calendar for hair and beauty salons displayed on laptop, tablet, and smartphone screens.\" loading=\"lazy\" width=\"2160\" height=\"2160\"\/><\/picture>\n<\/div>\n<\/div><\/div><\/div>\n<\/div>\n<\/div>\n<\/div><\/div><\/div>\n\n\n\n<div class=\"wp-block-upgr8-base-plugin-container upgr8-base-plugin_container-wrapper  upgr8-base-plugin_backgroundImagePosition-desktop-left-top upgr8-base-plugin_background-image-size-contain upgr8-base-plugin_background-image-no-repeat upgr8-base-plugin_margin-bottom-desktop-3 upgr8-base-plugin_hide-desktop upgr8-base-plugin_hide-tablet upgr8-base-plugin_hide-mobile\" style=\"background-color:color-mix(in srgb, #CFCFCF 20%, transparent)\"><div class=\"upgr8-base-plugin_container upgr8-base-plugin_container-boxed\"><div class=\"upgr8-base-plugin_row            \">\n<div class=\"wp-block-upgr8-base-plugin-container-column upgr8-base-plugin_col-desktop-3  upgr8-base-plugin_backgroundImagePosition-desktop-left-top upgr8-base-plugin_background-image-size-contain upgr8-base-plugin_background-image-no-repeat\">\n<style>\n        @media (max-width: 768px){\n            #upgr8-base-plugin_image-d2a1160c-fbe1-4a3a-98c8-c77d6cf2ade0 img{\n                width: 35px;\n            }\n        }\n    <\/style><picture id=\"upgr8-base-plugin_image-d2a1160c-fbe1-4a3a-98c8-c77d6cf2ade0\" class=\"wp-block-upgr8-base-plugin-image  upgr8-base-plugin_image upgr8-base-plugin_justify-content-center-mobile upgr8-base-plugin_padding-top-mobile-2\"><img decoding=\"async\" src=\"https:\/\/calendall.development.upgr8.dev\/app\/uploads\/2024\/09\/httpsproxwastrel.comsignatureimageswOjO-yKF9ORE0u6Hp79fb.png.png\" alt=\"\" loading=\"lazy\"\/><\/picture>\n<\/div>\n\n\n\n<div class=\"wp-block-upgr8-base-plugin-container-column upgr8-base-plugin_col-desktop-3  upgr8-base-plugin_backgroundImagePosition-desktop-left-top upgr8-base-plugin_background-image-size-contain upgr8-base-plugin_background-image-no-repeat\">\n<picture id=\"upgr8-base-plugin_image-9cafe888-e6ed-4122-a6d5-7c641a9ae901\" class=\"wp-block-upgr8-base-plugin-image  upgr8-base-plugin_image\"><source media=\"(max-width:768px)\" srcset=\"https:\/\/calendall.development.upgr8.dev\/app\/uploads\/2024\/09\/Calendall-Partner-2.png\" alt=\"\"\/><img decoding=\"async\" src=\"https:\/\/calendall.development.upgr8.dev\/app\/uploads\/2024\/09\/httpsproxwastrel.comsignatureimageswOjO-yKF9ORE0u6Hp79fb-1.png-1.png\" alt=\"\" loading=\"lazy\"\/><\/picture>\n<\/div>\n\n\n\n<div class=\"wp-block-upgr8-base-plugin-container-column upgr8-base-plugin_col-desktop-3  upgr8-base-plugin_backgroundImagePosition-desktop-left-top upgr8-base-plugin_background-image-size-contain upgr8-base-plugin_background-image-no-repeat\">\n<picture id=\"upgr8-base-plugin_image-9dd2389f-3f93-4759-930d-1c3fb1cb31e4\" class=\"wp-block-upgr8-base-plugin-image  upgr8-base-plugin_image\"><source media=\"(max-width:768px)\" srcset=\"https:\/\/calendall.development.upgr8.dev\/app\/uploads\/2024\/09\/httpsproxwastrel.comsignatureimageswOjO-yKF9ORE0u6Hp79fb-3.png-3.png\" alt=\"\"\/><img decoding=\"async\" src=\"https:\/\/calendall.development.upgr8.dev\/app\/uploads\/2024\/09\/Calendall-Partner-1.png\" alt=\"\" loading=\"lazy\"\/><\/picture>\n<\/div>\n\n\n\n<div class=\"wp-block-upgr8-base-plugin-container-column upgr8-base-plugin_col-desktop-3  upgr8-base-plugin_backgroundImagePosition-desktop-left-top upgr8-base-plugin_background-image-size-contain upgr8-base-plugin_background-image-no-repeat\">\n<picture id=\"upgr8-base-plugin_image-e398c3b7-334d-48b2-b707-07aa39da3a14\" class=\"wp-block-upgr8-base-plugin-image  upgr8-base-plugin_image\"><img decoding=\"async\" src=\"https:\/\/calendall.development.upgr8.dev\/app\/uploads\/2024\/09\/Calendall-Partner-3.png\" alt=\"\" loading=\"lazy\"\/><\/picture>\n<\/div>\n<\/div><\/div><\/div>\n\n\n\n<div class=\"wp-block-upgr8-base-plugin-container upgr8-base-plugin_container-wrapper  upgr8-base-plugin_backgroundImagePosition-desktop-left-top upgr8-base-plugin_background-image-size-contain upgr8-base-plugin_background-image-no-repeat upgr8-base-plugin_margin-top-desktop-4 upgr8-base-plugin_margin-bottom-desktop-4 upgr8-base-plugin_hide-mobile\"><div class=\"upgr8-base-plugin_container upgr8-base-plugin_container-boxed\"><div class=\"upgr8-base-plugin_row upgr8-base-plugin_justify-content-center-desktop   upgr8-base-plugin_align-items-center-desktop        \">\n<div class=\"wp-block-upgr8-base-plugin-container-column upgr8-base-plugin_col-desktop-11  upgr8-base-plugin_backgroundImagePosition-desktop-left-top upgr8-base-plugin_background-image-size-contain upgr8-base-plugin_background-image-no-repeat\">\n<style>\n            #u8b-box-7e916045-bacb-4738-b8da-eee518c46bc6:hover {\n                \n            }\n    <\/style><div id=\"u8b-box-7e916045-bacb-4738-b8da-eee518c46bc6\" class=\"wp-block-upgr8-base-plugin-box upgr8-base-plugin_box-content  upgr8-base-plugin_content-height upgr8-base-plugin_backgroundImagePosition-desktop-left-top upgr8-base-plugin_background-image-size-contain upgr8-base-plugin_background-image-no-repeat upgr8-base-plugin_padding-top-desktop-3 upgr8-base-plugin_padding-right-desktop-1 upgr8-base-plugin_padding-bottom-desktop-0 upgr8-base-plugin_padding-left-desktop-1\" style=\"border-style:none;border-width:0px;border-radius:30px;background-color:color-mix(in srgb, var(--wp--preset--color--quinary) 25%, transparent)\">\n<div class=\"wp-block-upgr8-base-plugin-container upgr8-base-plugin_container-wrapper  upgr8-base-plugin_backgroundImagePosition-desktop-left-top upgr8-base-plugin_background-image-size-contain upgr8-base-plugin_background-image-no-repeat upgr8-base-plugin_margin-bottom-desktop-3\"><div class=\"upgr8-base-plugin_container upgr8-base-plugin_container-boxed\"><div class=\"upgr8-base-plugin_row            \">\n<div class=\"wp-block-upgr8-base-plugin-container-column upgr8-base-plugin_col-mobile-12 upgr8-base-plugin_col-desktop-6  upgr8-base-plugin_backgroundImagePosition-desktop-right-top upgr8-base-plugin_background-image-size-contain upgr8-base-plugin_background-image-no-repeat\">\n<style>\n        #upgr8-base-plugin_image-38ecbfbd-f1a1-4f06-b0ea-5bacb13e6666 img{\n            width: 70px;\n        }\n    <\/style><picture id=\"upgr8-base-plugin_image-38ecbfbd-f1a1-4f06-b0ea-5bacb13e6666\" class=\"wp-block-upgr8-base-plugin-image  upgr8-base-plugin_image upgr8-base-plugin_margin-bottom-desktop-2\"><img decoding=\"async\" src=\"https:\/\/calendall.development.upgr8.dev\/app\/uploads\/2025\/08\/Icon-digital-calendar.png\" alt=\"digital calendar for beauty und hair salons\" loading=\"lazy\" width=\"200\" height=\"200\"\/><\/picture>\n\n\n\n<div class=\"wp-block-upgr8-base-plugin-text-block upgr8-base-plugin_text-block  upgr8-base-plugin_fontSize-desktop-sm\" style=\"color:\"><p><a href=\"https:\/\/calendall.development.upgr8.dev\/en\/features\/online-calendar\/\" data-type=\"page\" data-id=\"4056\"><mark style=\"background-color:rgba(0, 0, 0, 0)\" class=\"has-inline-color has-custom-baa-5-f-1-color\">ONLINE APPOINTMENT PLANNER<\/mark><\/a><\/p><\/div>\n\n\n\n<h2 class=\"wp-block-upgr8-base-plugin-headline-block headline-content  upgr8-base-plugin_fontSize-desktop-md upgr8-base-plugin_margin-bottom-desktop-1\" style=\"color:\"><strong><strong>Online calendar for hair and beauty salons \u2013 manage appointments with ease<\/strong><\/strong><\/h2>\n\n\n\n<div class=\"wp-block-upgr8-base-plugin-text-block upgr8-base-plugin_text-block  upgr8-base-plugin_fontSize-desktop-sm upgr8-base-plugin_margin-bottom-desktop-1\" style=\"color:\"><p>Keep track of your <mark style=\"background-color:rgba(0, 0, 0, 0)\" class=\"has-inline-color has-custom-baa-5-f-1-color\">calendar<\/mark> anytime, anywhere \u2013 appointments, client details, and staff scheduling all in one digital tool. Simple, clear, and fully customizable.<\/p><\/div>\n\n\n\n<style>\n            #u8b-box-57a7212a-beab-481b-b694-df29d94e7b34:hover {\n                \n            }\n    <\/style><a id=\"u8b-box-57a7212a-beab-481b-b694-df29d94e7b34\" class=\"wp-block-upgr8-base-plugin-box upgr8-base-plugin_box-content  upgr8-base-plugin_content-height upgr8-base-plugin_backgroundImagePosition-desktop-left-top upgr8-base-plugin_background-image-size-contain upgr8-base-plugin_background-image-no-repeat upgr8-base-plugin_padding-top-desktop-1 upgr8-base-plugin_padding-right-desktop-1 upgr8-base-plugin_padding-bottom-desktop-1 upgr8-base-plugin_padding-left-desktop-1\" style=\"border-style:none;border-width:0px;border-radius:50px;background-color:color-mix(in srgb, var(--wp--preset--color--custom-baa-5-f-1) 50%, transparent)\" href=\"https:\/\/calendall.development.upgr8.dev\/en\/features\/online-calendar\/\" target=\"\" rel=\"noopener\">\n<div class=\"wp-block-upgr8-base-plugin-text-block upgr8-base-plugin_text-block upgr8-base-plugin_justify-content-center-desktop  upgr8-base-plugin_fontSize-desktop-sm upgr8-base-plugin_text-alignment-center-desktop\" style=\"color:\"><p><mark style=\"background-color:rgba(0, 0, 0, 0);color:#ffffff\" class=\"has-inline-color\"><mark style=\"background-color:rgba(0, 0, 0, 0);color:#ffffff\" class=\"has-inline-color\"><mark style=\"background-color:rgba(0, 0, 0, 0);color:#ffffff\" class=\"has-inline-color\">Learn more<\/mark><\/mark><\/mark><\/p><\/div>\n<\/a>\n<\/div>\n\n\n\n<div class=\"wp-block-upgr8-base-plugin-container-column upgr8-base-plugin_col-desktop-6  upgr8-base-plugin_backgroundImagePosition-desktop-left-top upgr8-base-plugin_background-image-size-contain upgr8-base-plugin_background-image-no-repeat\">\n<style>\n        #upgr8-base-plugin_image-ea88954d-b5c0-49f3-a452-ec601f3c927e img{\n            width: 400px;\n        }\n    <\/style><picture id=\"upgr8-base-plugin_image-ea88954d-b5c0-49f3-a452-ec601f3c927e\" class=\"wp-block-upgr8-base-plugin-image  upgr8-base-plugin_image upgr8-base-plugin_justify-content-flex-end-desktop\"><img decoding=\"async\" src=\"https:\/\/calendall.development.upgr8.dev\/app\/uploads\/2025\/08\/online-calendar-hair-beauty-salons-multi-device.webp\" alt=\"Online calendar for hair and beauty salons displayed on laptop, tablet, and smartphone screens.\" loading=\"lazy\" width=\"2160\" height=\"2160\"\/><\/picture>\n<\/div>\n<\/div><\/div><\/div>\n<\/div>\n<\/div>\n<\/div><\/div><\/div>\n\n\n\n<div class=\"wp-block-upgr8-base-plugin-container upgr8-base-plugin_container-wrapper  upgr8-base-plugin_backgroundImagePosition-desktop-left-top upgr8-base-plugin_background-image-size-contain upgr8-base-plugin_background-image-no-repeat upgr8-base-plugin_margin-bottom-desktop-4 upgr8-base-plugin_hide-mobile\"><div class=\"upgr8-base-plugin_container upgr8-base-plugin_container-boxed\"><div class=\"upgr8-base-plugin_row upgr8-base-plugin_justify-content-center-desktop   upgr8-base-plugin_align-items-center-desktop        \">\n<div class=\"wp-block-upgr8-base-plugin-container-column upgr8-base-plugin_col-desktop-11  upgr8-base-plugin_backgroundImagePosition-desktop-left-top upgr8-base-plugin_background-image-size-contain upgr8-base-plugin_background-image-no-repeat\">\n<style>\n            #u8b-box-7df61f85-779d-4886-a70a-3912fa77954b:hover {\n                \n            }\n    <\/style><div id=\"u8b-box-7df61f85-779d-4886-a70a-3912fa77954b\" class=\"wp-block-upgr8-base-plugin-box upgr8-base-plugin_box-content  upgr8-base-plugin_content-height upgr8-base-plugin_backgroundImagePosition-desktop-left-top upgr8-base-plugin_background-image-size-contain upgr8-base-plugin_background-image-no-repeat upgr8-base-plugin_padding-top-desktop-3 upgr8-base-plugin_padding-right-desktop-1 upgr8-base-plugin_padding-bottom-desktop-0 upgr8-base-plugin_padding-left-desktop-1\" style=\"border-style:none;border-width:0px;border-radius:30px;background-color:color-mix(in srgb, var(--wp--preset--color--custom-d-48-fca) 25%, transparent)\">\n<div class=\"wp-block-upgr8-base-plugin-container upgr8-base-plugin_container-wrapper  upgr8-base-plugin_backgroundImagePosition-desktop-left-top upgr8-base-plugin_background-image-size-contain upgr8-base-plugin_background-image-no-repeat upgr8-base-plugin_margin-bottom-desktop-3\"><div class=\"upgr8-base-plugin_container upgr8-base-plugin_container-boxed\"><div class=\"upgr8-base-plugin_row            \">\n<div class=\"wp-block-upgr8-base-plugin-container-column upgr8-base-plugin_col-desktop-6  upgr8-base-plugin_backgroundImagePosition-desktop-left-top upgr8-base-plugin_background-image-size-contain upgr8-base-plugin_background-image-no-repeat\">\n<style>\n        #upgr8-base-plugin_image-ea88954d-b5c0-49f3-a452-ec601f3c927e img{\n            width: 400px;\n        }\n    <\/style><picture id=\"upgr8-base-plugin_image-ea88954d-b5c0-49f3-a452-ec601f3c927e\" class=\"wp-block-upgr8-base-plugin-image  upgr8-base-plugin_image upgr8-base-plugin_justify-content-flex-start-desktop\"><img decoding=\"async\" src=\"https:\/\/calendall.development.upgr8.dev\/app\/uploads\/2025\/08\/online-client-management-beauty-hair-salons.webp\" alt=\"Online client management interface for beauty and hair salons, showing digital client profile with contact details and preferences.\" loading=\"lazy\" width=\"2160\" height=\"2160\"\/><\/picture>\n<\/div>\n\n\n\n<div class=\"wp-block-upgr8-base-plugin-container-column upgr8-base-plugin_col-mobile-12 upgr8-base-plugin_col-desktop-6  upgr8-base-plugin_backgroundImagePosition-desktop-right-top upgr8-base-plugin_background-image-size-contain upgr8-base-plugin_background-image-no-repeat\">\n<style>\n        #upgr8-base-plugin_image-38ecbfbd-f1a1-4f06-b0ea-5bacb13e6666 img{\n            width: 70px;\n        }\n    <\/style><picture id=\"upgr8-base-plugin_image-38ecbfbd-f1a1-4f06-b0ea-5bacb13e6666\" class=\"wp-block-upgr8-base-plugin-image  upgr8-base-plugin_image upgr8-base-plugin_margin-bottom-desktop-2\"><img decoding=\"async\" src=\"https:\/\/calendall.development.upgr8.dev\/app\/uploads\/2025\/08\/Icon-client-sofftware-hair-beauty-salon.png\" alt=\"Software for client management and profile beauty and hairsalons\" loading=\"lazy\" width=\"375\" height=\"375\"\/><\/picture>\n\n\n\n<div class=\"wp-block-upgr8-base-plugin-text-block upgr8-base-plugin_text-block  upgr8-base-plugin_fontSize-desktop-sm\" style=\"color:var(--wp--preset--color--custom-d-48-fca)\"><p><a href=\"https:\/\/calendall.development.upgr8.dev\/en\/features\/digital-customer-file\/\" data-type=\"page\" data-id=\"682\"><mark style=\"background-color:rgba(0, 0, 0, 0)\" class=\"has-inline-color has-custom-d-48-fca-color\">CLIENT MANAGEMENT<\/mark><\/a><\/p><\/div>\n\n\n\n<h2 class=\"wp-block-upgr8-base-plugin-headline-block headline-content  upgr8-base-plugin_fontSize-desktop-md upgr8-base-plugin_margin-bottom-desktop-1\" style=\"color:\"><strong>Online client management for studios<\/strong><\/h2>\n\n\n\n<div class=\"wp-block-upgr8-base-plugin-text-block upgr8-base-plugin_text-block  upgr8-base-plugin_fontSize-desktop-sm upgr8-base-plugin_margin-bottom-desktop-1\" style=\"color:\"><p>Reduce admin time with our digital client profiles and strengthen your customer relationships \u2013 for long-term satisfaction.<\/p><\/div>\n\n\n\n<style>\n            #u8b-box-2cec1d58-1b17-4bd0-9755-a0aa26f265f6:hover {\n                \n            }\n    <\/style><a id=\"u8b-box-2cec1d58-1b17-4bd0-9755-a0aa26f265f6\" class=\"wp-block-upgr8-base-plugin-box upgr8-base-plugin_box-content  upgr8-base-plugin_content-height upgr8-base-plugin_backgroundImagePosition-desktop-left-top upgr8-base-plugin_background-image-size-contain upgr8-base-plugin_background-image-no-repeat upgr8-base-plugin_padding-top-desktop-1 upgr8-base-plugin_padding-right-desktop-1 upgr8-base-plugin_padding-bottom-desktop-1 upgr8-base-plugin_padding-left-desktop-1\" style=\"border-style:none;border-width:0px;border-radius:50px;background-color:color-mix(in srgb, var(--wp--preset--color--custom-d-48-fca) 50%, transparent)\" href=\"https:\/\/calendall.development.upgr8.dev\/en\/features\/digital-customer-file\/\" target=\"\" rel=\"noopener\">\n<div class=\"wp-block-upgr8-base-plugin-text-block upgr8-base-plugin_text-block upgr8-base-plugin_justify-content-center-desktop  upgr8-base-plugin_fontSize-desktop-sm upgr8-base-plugin_text-alignment-center-desktop\" style=\"color:\"><p><mark style=\"background-color:rgba(0, 0, 0, 0);color:#ffffff\" class=\"has-inline-color\">Learn more<\/mark><\/p><\/div>\n<\/a>\n<\/div>\n<\/div><\/div><\/div>\n<\/div>\n<\/div>\n<\/div><\/div><\/div>\n\n\n\n<div class=\"wp-block-upgr8-base-plugin-container upgr8-base-plugin_container-wrapper  upgr8-base-plugin_backgroundImagePosition-desktop-left-top upgr8-base-plugin_background-image-size-contain upgr8-base-plugin_background-image-no-repeat upgr8-base-plugin_margin-bottom-desktop-4 upgr8-base-plugin_hide-mobile\"><div class=\"upgr8-base-plugin_container upgr8-base-plugin_container-boxed\"><div class=\"upgr8-base-plugin_row upgr8-base-plugin_justify-content-center-desktop   upgr8-base-plugin_align-items-center-desktop        \">\n<div class=\"wp-block-upgr8-base-plugin-container-column upgr8-base-plugin_col-desktop-11  upgr8-base-plugin_backgroundImagePosition-desktop-left-top upgr8-base-plugin_background-image-size-contain upgr8-base-plugin_background-image-no-repeat\">\n<style>\n            #u8b-box-783997db-5e18-4761-839c-e58d0de583fe:hover {\n                \n            }\n    <\/style><div id=\"u8b-box-783997db-5e18-4761-839c-e58d0de583fe\" class=\"wp-block-upgr8-base-plugin-box upgr8-base-plugin_box-content  upgr8-base-plugin_content-height upgr8-base-plugin_backgroundImagePosition-desktop-left-top upgr8-base-plugin_background-image-size-contain upgr8-base-plugin_background-image-no-repeat upgr8-base-plugin_padding-top-desktop-3 upgr8-base-plugin_padding-right-desktop-1 upgr8-base-plugin_padding-bottom-desktop-0 upgr8-base-plugin_padding-left-desktop-1\" style=\"border-style:none;border-width:0px;border-radius:30px;background-color:color-mix(in srgb, var(--wp--preset--color--custom-ec-7-ba-7) 25%, transparent)\">\n<div class=\"wp-block-upgr8-base-plugin-container upgr8-base-plugin_container-wrapper  upgr8-base-plugin_backgroundImagePosition-desktop-left-top upgr8-base-plugin_background-image-size-contain upgr8-base-plugin_background-image-no-repeat upgr8-base-plugin_margin-bottom-desktop-3\"><div class=\"upgr8-base-plugin_container upgr8-base-plugin_container-boxed\"><div class=\"upgr8-base-plugin_row            \">\n<div class=\"wp-block-upgr8-base-plugin-container-column upgr8-base-plugin_col-mobile-12 upgr8-base-plugin_col-desktop-6  upgr8-base-plugin_backgroundImagePosition-desktop-right-top upgr8-base-plugin_background-image-size-contain upgr8-base-plugin_background-image-no-repeat\">\n<style>\n        #upgr8-base-plugin_image-38ecbfbd-f1a1-4f06-b0ea-5bacb13e6666 img{\n            width: 70px;\n        }\n    <\/style><picture id=\"upgr8-base-plugin_image-38ecbfbd-f1a1-4f06-b0ea-5bacb13e6666\" class=\"wp-block-upgr8-base-plugin-image  upgr8-base-plugin_image upgr8-base-plugin_margin-bottom-desktop-2\"><img decoding=\"async\" src=\"https:\/\/calendall.development.upgr8.dev\/app\/uploads\/2025\/08\/icon-appointment-reminders-for-beauty-hair-salons.png\" alt=\"software for appointment reminders hair and beautysalons\" loading=\"lazy\" width=\"200\" height=\"200\"\/><\/picture>\n\n\n\n<div class=\"wp-block-upgr8-base-plugin-text-block upgr8-base-plugin_text-block  upgr8-base-plugin_fontSize-desktop-sm\" style=\"color:\"><p><a href=\"https:\/\/calendall.development.upgr8.dev\/en\/features\/appointment-reminders\/\" data-type=\"page\" data-id=\"151\">REMINDERS &amp; CONFIRMATIONS<\/a><\/p><\/div>\n\n\n\n<h2 class=\"wp-block-upgr8-base-plugin-headline-block headline-content  upgr8-base-plugin_fontSize-desktop-md upgr8-base-plugin_margin-bottom-desktop-1\" style=\"color:\"><strong><strong><strong><strong>Appointment reminders for salons \u2013 punctual &amp; automatic<\/strong><\/strong><\/strong><\/strong><\/h2>\n\n\n\n<div class=\"wp-block-upgr8-base-plugin-text-block upgr8-base-plugin_text-block  upgr8-base-plugin_fontSize-desktop-sm upgr8-base-plugin_margin-bottom-desktop-1\" style=\"color:\"><p>With automated reminders and confirmations via SMS or email, your clients arrive on time and reliably \u2013 with zero extra effort on your end.<\/p><\/div>\n\n\n\n<style>\n            #u8b-box-44c6e2f0-ab1d-45e3-9989-3aec343a4c0d:hover {\n                \n            }\n    <\/style><a id=\"u8b-box-44c6e2f0-ab1d-45e3-9989-3aec343a4c0d\" class=\"wp-block-upgr8-base-plugin-box upgr8-base-plugin_box-content  upgr8-base-plugin_content-height upgr8-base-plugin_backgroundImagePosition-desktop-left-top upgr8-base-plugin_background-image-size-contain upgr8-base-plugin_background-image-no-repeat upgr8-base-plugin_padding-top-desktop-1 upgr8-base-plugin_padding-right-desktop-1 upgr8-base-plugin_padding-bottom-desktop-1 upgr8-base-plugin_padding-left-desktop-1\" style=\"border-style:none;border-width:0px;border-radius:50px;background-color:color-mix(in srgb, var(--wp--preset--color--custom-ec-7-ba-7) 50%, transparent)\" href=\"https:\/\/calendall.development.upgr8.dev\/en\/features\/appointment-reminders\/\" target=\"\" rel=\"noopener\">\n<div class=\"wp-block-upgr8-base-plugin-text-block upgr8-base-plugin_text-block upgr8-base-plugin_justify-content-center-desktop  upgr8-base-plugin_fontSize-desktop-sm upgr8-base-plugin_text-alignment-center-desktop\" style=\"color:\"><p><mark style=\"background-color:rgba(0, 0, 0, 0);color:#ffffff\" class=\"has-inline-color\">Learn more<\/mark><\/p><\/div>\n<\/a>\n<\/div>\n\n\n\n<div class=\"wp-block-upgr8-base-plugin-container-column upgr8-base-plugin_col-desktop-6  upgr8-base-plugin_backgroundImagePosition-desktop-left-top upgr8-base-plugin_background-image-size-contain upgr8-base-plugin_background-image-no-repeat\">\n<style>\n        #upgr8-base-plugin_image-ea88954d-b5c0-49f3-a452-ec601f3c927e img{\n            width: 400px;\n        }\n    <\/style><picture id=\"upgr8-base-plugin_image-ea88954d-b5c0-49f3-a452-ec601f3c927e\" class=\"wp-block-upgr8-base-plugin-image  upgr8-base-plugin_image upgr8-base-plugin_justify-content-flex-end-desktop\"><img decoding=\"async\" src=\"https:\/\/calendall.development.upgr8.dev\/app\/uploads\/2025\/08\/automated-appointment-reminder-beauty-hair-salon.webp\" alt=\"Automated appointment reminder notification for beauty and hair salon clients, shown on a smartphone screen.\" loading=\"lazy\" width=\"2160\" height=\"2160\"\/><\/picture>\n<\/div>\n<\/div><\/div><\/div>\n<\/div>\n<\/div>\n<\/div><\/div><\/div>\n\n\n\n<div class=\"wp-block-upgr8-base-plugin-container upgr8-base-plugin_container-wrapper  upgr8-base-plugin_backgroundImagePosition-desktop-left-top upgr8-base-plugin_background-image-size-contain upgr8-base-plugin_background-image-no-repeat upgr8-base-plugin_margin-bottom-desktop-4 upgr8-base-plugin_hide-mobile\"><div class=\"upgr8-base-plugin_container upgr8-base-plugin_container-boxed\"><div class=\"upgr8-base-plugin_row upgr8-base-plugin_justify-content-center-desktop   upgr8-base-plugin_align-items-center-desktop        \">\n<div class=\"wp-block-upgr8-base-plugin-container-column upgr8-base-plugin_col-desktop-11  upgr8-base-plugin_backgroundImagePosition-desktop-left-top upgr8-base-plugin_background-image-size-contain upgr8-base-plugin_background-image-no-repeat\">\n<style>\n            #u8b-box-8d75c599-956d-479c-91ff-88cbf194cb69:hover {\n                \n            }\n    <\/style><div id=\"u8b-box-8d75c599-956d-479c-91ff-88cbf194cb69\" class=\"wp-block-upgr8-base-plugin-box upgr8-base-plugin_box-content  upgr8-base-plugin_content-height upgr8-base-plugin_backgroundImagePosition-desktop-left-top upgr8-base-plugin_background-image-size-contain upgr8-base-plugin_background-image-no-repeat upgr8-base-plugin_padding-top-desktop-3 upgr8-base-plugin_padding-right-desktop-1 upgr8-base-plugin_padding-bottom-desktop-0 upgr8-base-plugin_padding-left-desktop-1\" style=\"border-style:none;border-width:0px;border-radius:30px;background-color:color-mix(in srgb, var(--wp--preset--color--custom-baa-5-f-1) 25%, transparent)\">\n<div class=\"wp-block-upgr8-base-plugin-container upgr8-base-plugin_container-wrapper  upgr8-base-plugin_backgroundImagePosition-desktop-left-top upgr8-base-plugin_background-image-size-contain upgr8-base-plugin_background-image-no-repeat upgr8-base-plugin_margin-bottom-desktop-3\"><div class=\"upgr8-base-plugin_container upgr8-base-plugin_container-boxed\"><div class=\"upgr8-base-plugin_row            \">\n<div class=\"wp-block-upgr8-base-plugin-container-column upgr8-base-plugin_col-desktop-6  upgr8-base-plugin_backgroundImagePosition-desktop-left-top upgr8-base-plugin_background-image-size-contain upgr8-base-plugin_background-image-no-repeat\">\n<style>\n        #upgr8-base-plugin_image-ea88954d-b5c0-49f3-a452-ec601f3c927e img{\n            width: 400px;\n        }\n    <\/style><picture id=\"upgr8-base-plugin_image-ea88954d-b5c0-49f3-a452-ec601f3c927e\" class=\"wp-block-upgr8-base-plugin-image  upgr8-base-plugin_image upgr8-base-plugin_justify-content-flex-start-desktop\"><img decoding=\"async\" src=\"https:\/\/calendall.development.upgr8.dev\/app\/uploads\/2025\/08\/online-booking-software-beauty-hair-salons.webp\" alt=\"Online booking system for beauty and hair salons, showing mobile interface with selected lash lifting service and calendar date picker.\" loading=\"lazy\" width=\"2160\" height=\"2160\"\/><\/picture>\n<\/div>\n\n\n\n<div class=\"wp-block-upgr8-base-plugin-container-column upgr8-base-plugin_col-mobile-12 upgr8-base-plugin_col-desktop-6  upgr8-base-plugin_backgroundImagePosition-desktop-right-top upgr8-base-plugin_background-image-size-contain upgr8-base-plugin_background-image-no-repeat\">\n<style>\n        #upgr8-base-plugin_image-38ecbfbd-f1a1-4f06-b0ea-5bacb13e6666 img{\n            width: 70px;\n        }\n    <\/style><picture id=\"upgr8-base-plugin_image-38ecbfbd-f1a1-4f06-b0ea-5bacb13e6666\" class=\"wp-block-upgr8-base-plugin-image  upgr8-base-plugin_image upgr8-base-plugin_margin-bottom-desktop-2\"><img decoding=\"async\" src=\"https:\/\/calendall.development.upgr8.dev\/app\/uploads\/2025\/08\/Icon-online-booking-system.png\" alt=\"Online booking system for beauty and hair salons\" loading=\"lazy\" width=\"200\" height=\"200\"\/><\/picture>\n\n\n\n<div class=\"wp-block-upgr8-base-plugin-text-block upgr8-base-plugin_text-block  upgr8-base-plugin_fontSize-desktop-sm\" style=\"color:var(--wp--preset--color--custom-baa-5-f-1)\"><p><a href=\"https:\/\/calendall.development.upgr8.dev\/en\/features\/onlinebuchung\/\" data-type=\"page\" data-id=\"541\"><mark style=\"background-color:rgba(0, 0, 0, 0)\" class=\"has-inline-color has-custom-baa-5-f-1-color\">ONLINE BOOKING<\/mark><\/a><\/p><\/div>\n\n\n\n<h2 class=\"wp-block-upgr8-base-plugin-headline-block headline-content  upgr8-base-plugin_fontSize-desktop-md upgr8-base-plugin_margin-bottom-desktop-1\" style=\"color:\"><strong><strong><strong><strong><strong>Online booking system for your hair salon \u2013 flexible &amp; easy to use<\/strong><\/strong><\/strong><\/strong><\/strong><\/h2>\n\n\n\n<div class=\"wp-block-upgr8-base-plugin-text-block upgr8-base-plugin_text-block  upgr8-base-plugin_fontSize-desktop-sm upgr8-base-plugin_margin-bottom-desktop-1\" style=\"color:\"><p>If you want: let your clients book online \u2013 directly via your website, Google, or social media. You decide when it\u2019s activated.<\/p><\/div>\n\n\n\n<style>\n            #u8b-box-fa32d4a0-434d-4b7d-ab4a-3efe6b6b5ef3:hover {\n                \n            }\n    <\/style><a id=\"u8b-box-fa32d4a0-434d-4b7d-ab4a-3efe6b6b5ef3\" class=\"wp-block-upgr8-base-plugin-box upgr8-base-plugin_box-content  upgr8-base-plugin_content-height upgr8-base-plugin_backgroundImagePosition-desktop-left-top upgr8-base-plugin_background-image-size-contain upgr8-base-plugin_background-image-no-repeat upgr8-base-plugin_padding-top-desktop-1 upgr8-base-plugin_padding-right-desktop-1 upgr8-base-plugin_padding-bottom-desktop-1 upgr8-base-plugin_padding-left-desktop-1\" style=\"border-style:none;border-width:0px;border-radius:50px;background-color:color-mix(in srgb, var(--wp--preset--color--custom-baa-5-f-1) 50%, transparent)\" href=\"https:\/\/calendall.development.upgr8.dev\/en\/features\/onlinebuchung\/\" target=\"\" rel=\"noopener\">\n<div class=\"wp-block-upgr8-base-plugin-text-block upgr8-base-plugin_text-block upgr8-base-plugin_justify-content-center-desktop  upgr8-base-plugin_fontSize-desktop-sm upgr8-base-plugin_text-alignment-center-desktop\" style=\"color:\"><p><mark style=\"background-color:rgba(0, 0, 0, 0);color:#ffffff\" class=\"has-inline-color\">Learn more<\/mark><\/p><\/div>\n<\/a>\n<\/div>\n<\/div><\/div><\/div>\n<\/div>\n<\/div>\n<\/div><\/div><\/div>\n\n\n\n<div class=\"wp-block-upgr8-base-plugin-container upgr8-base-plugin_container-wrapper  upgr8-base-plugin_backgroundImagePosition-desktop-center-top upgr8-base-plugin_background-image-size-contain upgr8-base-plugin_background-image-no-repeat upgr8-base-plugin_padding-top-desktop-3\" style=\"background-color:color-mix(in srgb, var(--wp--preset--color--base) 100%, transparent)\"><div class=\"upgr8-base-plugin_container upgr8-base-plugin_container-boxed\"><div class=\"upgr8-base-plugin_row upgr8-base-plugin_justify-content-center-desktop   upgr8-base-plugin_align-items-center-desktop        \">\n<div class=\"wp-block-upgr8-base-plugin-container-column upgr8-base-plugin_col-mobile-12 upgr8-base-plugin_col-desktop-9  upgr8-base-plugin_backgroundImagePosition-desktop-left-top upgr8-base-plugin_background-image-size-contain upgr8-base-plugin_background-image-no-repeat\">\n<h2 class=\"wp-block-upgr8-base-plugin-headline-block headline-content  upgr8-base-plugin_fontSize-desktop-md upgr8-base-plugin_text-alignment-center-desktop upgr8-base-plugin_text-alignment-center-mobile upgr8-base-plugin_margin-bottom-desktop-1\" style=\"color:\"><strong><strong><strong>Real feedback from the field \u2013 honest experiences from salons using Calendall<\/strong><\/strong><\/strong><\/h2>\n\n\n\n<style>\n            #u8b-box-d4a460ce-b256-4552-8a52-544cc4e1dc3b:hover {\n                \n            }\n    <\/style><a id=\"u8b-box-d4a460ce-b256-4552-8a52-544cc4e1dc3b\" class=\"wp-block-upgr8-base-plugin-box upgr8-base-plugin_box-content  upgr8-base-plugin_content-height upgr8-base-plugin_backgroundImagePosition-desktop-left-top upgr8-base-plugin_background-image-size-contain upgr8-base-plugin_background-image-no-repeat upgr8-base-plugin_padding-top-desktop-0 upgr8-base-plugin_padding-right-desktop-1 upgr8-base-plugin_padding-bottom-desktop-1 upgr8-base-plugin_padding-left-desktop-1\" href=\"https:\/\/www.google.com\/search?hl=de-AT&amp;sca_esv=a8f2e26b4241c72c&amp;cs=0&amp;output=search&amp;tbm=lcl&amp;kgmid=\/g\/11vlcntmp9&amp;q=Calendall&amp;shndl=30&amp;shem=lcuae,uaasie&amp;source=sh\/x\/loc\/uni\/m1\/1&amp;kgs=8ee460130777b945#lkt=LocalPoiReviews&amp;rlfi=hd:;si:13901834259785476665,l,CglDYWxlbmRhbGySARBzb2Z0d2FyZV9jb21wYW55;mv:[[47.28731857731903,11.593039926236491],[47.28695862268096,11.592509273763513]]\" target=\"\" rel=\"noopener\">\n<style>\n        #upgr8-base-plugin_image-6fd34334-cace-431e-8e2a-43b2ea275ccc img{\n            width: 250px;\n        }\n    <\/style><picture id=\"upgr8-base-plugin_image-6fd34334-cace-431e-8e2a-43b2ea275ccc\" class=\"wp-block-upgr8-base-plugin-image  upgr8-base-plugin_image upgr8-base-plugin_justify-content-center-desktop\"><img decoding=\"async\" src=\"https:\/\/calendall.development.upgr8.dev\/app\/uploads\/2025\/04\/Kundenstimmen.webp\" alt=\"Proven Expert Empfehlungssiegel und Google-Bewertung mit 5 Sternen auf der Erfahrungssektion von Calendall\" loading=\"lazy\" width=\"1200\" height=\"600\"\/><\/picture>\n<\/a>\n<\/div>\n<\/div><\/div><\/div>\n\n\n\n<div class=\"wp-block-upgr8-base-plugin-container upgr8-base-plugin_container-wrapper  upgr8-base-plugin_backgroundImagePosition-desktop-left-top upgr8-base-plugin_background-image-size-contain upgr8-base-plugin_background-image-no-repeat upgr8-base-plugin_margin-bottom-desktop-4\"><div class=\"upgr8-base-plugin_container upgr8-base-plugin_container-boxed\"><div class=\"upgr8-base-plugin_row       upgr8-base-plugin_flex-direction-row-desktop   upgr8-base-plugin_flex-nowrap-desktop  \">\n<div class=\"wp-block-upgr8-base-plugin-container-column upgr8-base-plugin_col-desktop-12  upgr8-base-plugin_backgroundImagePosition-desktop-left-top upgr8-base-plugin_background-image-size-contain upgr8-base-plugin_background-image-no-repeat\">\n<div class=\"wp-block-upgr8-base-plugin-slider upgr8-base-plugin_slider swiper\" data-swiper-configuration=\"{&quot;autoplay&quot;:{&quot;delay&quot;:5000,&quot;enabled&quot;:false},&quot;loop&quot;:true,&quot;effect&quot;:&quot;slide&quot;,&quot;direction&quot;:&quot;horizontal&quot;,&quot;slidesPerView&quot;:1,&quot;autoHeight&quot;:false,&quot;pagination&quot;:{&quot;type&quot;:&quot;bullets&quot;,&quot;el&quot;:&quot;.swiper-pagination&quot;,&quot;clickable&quot;:true,&quot;enabled&quot;:true},&quot;navigation&quot;:{&quot;enabled&quot;:true,&quot;nextEl&quot;:&quot;.swiper-button-next&quot;,&quot;prevEl&quot;:&quot;.swiper-button-prev&quot;}}\"><div class=\"upgr8-base-plugin_slider-wrapper swiper-wrapper\">\n<div class=\"wp-block-upgr8-base-plugin-slider-item upgr8-base-plugin_slider-item swiper-slide\">\n<style>\n            #u8b-box-ca75a061-9ae3-4162-8a4a-b7509a393c03:hover {\n                \n            }\n    <\/style><div id=\"u8b-box-ca75a061-9ae3-4162-8a4a-b7509a393c03\" class=\"wp-block-upgr8-base-plugin-box upgr8-base-plugin_box-content  upgr8-base-plugin_content-height upgr8-base-plugin_backgroundImagePosition-desktop-left-top upgr8-base-plugin_background-image-size-contain upgr8-base-plugin_background-image-no-repeat upgr8-base-plugin_padding-top-desktop-1 upgr8-base-plugin_padding-right-desktop-1 upgr8-base-plugin_padding-bottom-desktop-1 upgr8-base-plugin_padding-left-desktop-1\" style=\"border-width:2px;border-radius:15px\">\n<div class=\"wp-block-upgr8-base-plugin-container upgr8-base-plugin_container-wrapper  upgr8-base-plugin_backgroundImagePosition-desktop-left-top upgr8-base-plugin_background-image-size-contain upgr8-base-plugin_background-image-no-repeat\"><div class=\"upgr8-base-plugin_container upgr8-base-plugin_container-boxed\"><div class=\"upgr8-base-plugin_row            \">\n<div class=\"wp-block-upgr8-base-plugin-container-column upgr8-base-plugin_col-desktop-2  upgr8-base-plugin_backgroundImagePosition-desktop-left-top upgr8-base-plugin_background-image-size-contain upgr8-base-plugin_background-image-no-repeat\">\n<style>\n        #upgr8-base-plugin_image-d31939ae-6cd2-4f1a-85ed-f6f1fb136ca4 img{\n            width: 200px;\n        }\n    <\/style><picture id=\"upgr8-base-plugin_image-d31939ae-6cd2-4f1a-85ed-f6f1fb136ca4\" class=\"wp-block-upgr8-base-plugin-image  upgr8-base-plugin_image\"><img decoding=\"async\" src=\"https:\/\/calendall.development.upgr8.dev\/app\/uploads\/2025\/03\/K.S.png\" alt=\"Zufriedenes Studio-Team mit f\u00fcnf Sterne Bewertung f\u00fcr die Softwarel\u00f6sung Calendall\" loading=\"lazy\" width=\"1080\" height=\"1350\"\/><\/picture>\n<\/div>\n\n\n\n<div class=\"wp-block-upgr8-base-plugin-container-column upgr8-base-plugin_col-desktop-10  upgr8-base-plugin_backgroundImagePosition-desktop-left-top upgr8-base-plugin_background-image-size-contain upgr8-base-plugin_background-image-no-repeat\">\n<div class=\"wp-block-upgr8-base-plugin-text-block upgr8-base-plugin_text-block  upgr8-base-plugin_fontSize-desktop-sm upgr8-base-plugin_padding-top-desktop-3\" style=\"color:\"><p><mark style=\"background-color:rgba(0, 0, 0, 0);color:#333333\" class=\"has-inline-color\">\u201cThe clear layout of Calendall makes organizing my daily salon routine so much easier. Calendall is flexible and easy to navigate \u2013 exactly what I was looking for!\u201d<\/mark><br><br><mark style=\"background-color:rgba(0, 0, 0, 0);color:#333333\" class=\"has-inline-color\">Sabine, <strong>Kosmetikstudio<\/strong> <strong>Sauberer<\/strong>, <\/mark><a href=\"https:\/\/www.kosmetik-sauberer.at\/\" data-type=\"link\" data-id=\"https:\/\/www.kosmetik-sauberer.at\/\"><mark style=\"background-color:rgba(0, 0, 0, 0);color:#333333\" class=\"has-inline-color\">www.kosmetik-sauberer.at<\/mark><\/a><\/p><\/div>\n\n\n\n<style>\n        #upgr8-base-plugin_image-44b41889-6762-43db-94a9-95ce2d471581 img{\n            width: 100px;\n        }\n    <\/style><picture id=\"upgr8-base-plugin_image-44b41889-6762-43db-94a9-95ce2d471581\" class=\"wp-block-upgr8-base-plugin-image  upgr8-base-plugin_image\"><img decoding=\"async\" src=\"https:\/\/calendall.development.upgr8.dev\/app\/uploads\/2024\/09\/Sterne-Rezession-1.png\" alt=\"F\u00fcnf von f\u00fcnf Sternen f\u00fcr die Kalendersoftware von Calendall\" loading=\"lazy\" width=\"400\" height=\"100\"\/><\/picture>\n<\/div>\n<\/div><\/div><\/div>\n<\/div>\n<\/div>\n\n\n\n<div class=\"wp-block-upgr8-base-plugin-slider-item upgr8-base-plugin_slider-item swiper-slide\">\n<style>\n            #u8b-box-1a3aa1d0-70a4-4a97-8cfc-ef7abefb7808:hover {\n                \n            }\n    <\/style><div id=\"u8b-box-1a3aa1d0-70a4-4a97-8cfc-ef7abefb7808\" class=\"wp-block-upgr8-base-plugin-box upgr8-base-plugin_box-content  upgr8-base-plugin_content-height upgr8-base-plugin_backgroundImagePosition-desktop-left-top upgr8-base-plugin_background-image-size-contain upgr8-base-plugin_background-image-no-repeat upgr8-base-plugin_padding-top-desktop-1 upgr8-base-plugin_padding-right-desktop-1 upgr8-base-plugin_padding-bottom-desktop-1 upgr8-base-plugin_padding-left-desktop-1\" style=\"border-width:2px;border-radius:15px\">\n<div class=\"wp-block-upgr8-base-plugin-container upgr8-base-plugin_container-wrapper  upgr8-base-plugin_backgroundImagePosition-desktop-left-top upgr8-base-plugin_background-image-size-contain upgr8-base-plugin_background-image-no-repeat\"><div class=\"upgr8-base-plugin_container upgr8-base-plugin_container-boxed\"><div class=\"upgr8-base-plugin_row            \">\n<div class=\"wp-block-upgr8-base-plugin-container-column upgr8-base-plugin_col-desktop-2  upgr8-base-plugin_backgroundImagePosition-desktop-left-top upgr8-base-plugin_background-image-size-contain upgr8-base-plugin_background-image-no-repeat\">\n<style>\n        #upgr8-base-plugin_image-d31939ae-6cd2-4f1a-85ed-f6f1fb136ca4 img{\n            width: 200px;\n        }\n    <\/style><picture id=\"upgr8-base-plugin_image-d31939ae-6cd2-4f1a-85ed-f6f1fb136ca4\" class=\"wp-block-upgr8-base-plugin-image  upgr8-base-plugin_image\"><img decoding=\"async\" src=\"https:\/\/calendall.development.upgr8.dev\/app\/uploads\/2025\/04\/Kunden.webp\" alt=\"Zufriedenes Salon-Team mit f\u00fcnf Sterne Bewertung f\u00fcr die Softwarel\u00f6sung Calendall\" loading=\"lazy\" width=\"1080\" height=\"1350\"\/><\/picture>\n<\/div>\n\n\n\n<div class=\"wp-block-upgr8-base-plugin-container-column upgr8-base-plugin_col-desktop-10  upgr8-base-plugin_backgroundImagePosition-desktop-left-top upgr8-base-plugin_background-image-size-contain upgr8-base-plugin_background-image-no-repeat\">\n<div class=\"wp-block-upgr8-base-plugin-text-block upgr8-base-plugin_text-block  upgr8-base-plugin_fontSize-desktop-sm upgr8-base-plugin_padding-top-desktop-3\" style=\"color:\"><p><em>&#8220;I\u2019m so glad we chose Calendall! Since going digital, creating staff schedules has become so much easier. Our clients love booking online, and the reminder emails are also a big hit!&#8221;<\/em><br><br><mark style=\"background-color:rgba(0, 0, 0, 0);color:#333333\" class=\"has-inline-color\">Romana, <strong>Friseursalon Team Romy Schneidet<\/strong>, <\/mark><a href=\"https:\/\/www.romy-schneidet.org\/\" data-type=\"link\" data-id=\"https:\/\/www.romy-schneidet.org\/\"><mark style=\"background-color:rgba(0, 0, 0, 0);color:#333333\" class=\"has-inline-color\">www.romy-schneidet.org<\/mark><\/a><\/p><\/div>\n\n\n\n<style>\n        #upgr8-base-plugin_image-44b41889-6762-43db-94a9-95ce2d471581 img{\n            width: 100px;\n        }\n    <\/style><picture id=\"upgr8-base-plugin_image-44b41889-6762-43db-94a9-95ce2d471581\" class=\"wp-block-upgr8-base-plugin-image  upgr8-base-plugin_image\"><img decoding=\"async\" src=\"https:\/\/calendall.development.upgr8.dev\/app\/uploads\/2024\/09\/Sterne-Rezession-1.png\" alt=\"F\u00fcnf von f\u00fcnf Sternen f\u00fcr die Kalendersoftware von Calendall\" loading=\"lazy\" width=\"400\" height=\"100\"\/><\/picture>\n<\/div>\n<\/div><\/div><\/div>\n<\/div>\n<\/div>\n\n\n\n<div class=\"wp-block-upgr8-base-plugin-slider-item upgr8-base-plugin_slider-item swiper-slide\">\n<style>\n            #u8b-box-9c04f85b-4683-4621-9b2c-e3a277d54d12:hover {\n                \n            }\n    <\/style><div id=\"u8b-box-9c04f85b-4683-4621-9b2c-e3a277d54d12\" class=\"wp-block-upgr8-base-plugin-box upgr8-base-plugin_box-content  upgr8-base-plugin_content-height upgr8-base-plugin_backgroundImagePosition-desktop-left-top upgr8-base-plugin_background-image-size-contain upgr8-base-plugin_background-image-no-repeat upgr8-base-plugin_padding-top-desktop-1 upgr8-base-plugin_padding-right-desktop-1 upgr8-base-plugin_padding-bottom-desktop-1 upgr8-base-plugin_padding-left-desktop-1\" style=\"border-width:2px;border-radius:15px\">\n<div class=\"wp-block-upgr8-base-plugin-container upgr8-base-plugin_container-wrapper  upgr8-base-plugin_backgroundImagePosition-desktop-left-top upgr8-base-plugin_background-image-size-contain upgr8-base-plugin_background-image-no-repeat\"><div class=\"upgr8-base-plugin_container upgr8-base-plugin_container-boxed\"><div class=\"upgr8-base-plugin_row            \">\n<div class=\"wp-block-upgr8-base-plugin-container-column upgr8-base-plugin_col-desktop-2  upgr8-base-plugin_backgroundImagePosition-desktop-left-top upgr8-base-plugin_background-image-size-contain upgr8-base-plugin_background-image-no-repeat\">\n<style>\n        #upgr8-base-plugin_image-d31939ae-6cd2-4f1a-85ed-f6f1fb136ca4 img{\n            width: 200px;\n        }\n    <\/style><picture id=\"upgr8-base-plugin_image-d31939ae-6cd2-4f1a-85ed-f6f1fb136ca4\" class=\"wp-block-upgr8-base-plugin-image  upgr8-base-plugin_image\"><img decoding=\"async\" src=\"https:\/\/calendall.development.upgr8.dev\/app\/uploads\/2025\/03\/BS.png\" alt=\"Zufriedenes Studio-Team mit f\u00fcnf Sterne Bewertung f\u00fcr die Softwarel\u00f6sung Calendall\" loading=\"lazy\" width=\"1080\" height=\"1350\"\/><\/picture>\n<\/div>\n\n\n\n<div class=\"wp-block-upgr8-base-plugin-container-column upgr8-base-plugin_col-desktop-10  upgr8-base-plugin_backgroundImagePosition-desktop-left-top upgr8-base-plugin_background-image-size-contain upgr8-base-plugin_background-image-no-repeat\">\n<div class=\"wp-block-upgr8-base-plugin-text-block upgr8-base-plugin_text-block  upgr8-base-plugin_fontSize-desktop-sm upgr8-base-plugin_padding-top-desktop-3\" style=\"color:\"><p><mark style=\"background-color:rgba(0, 0, 0, 0);color:#333333\" class=\"has-inline-color\">\u201cCalendall\u2019s ease of use is unbeatable. My clients can book online without any hassle, and I save a ton of time. Highly recommended!\u201d<\/mark><br><br><mark style=\"background-color:rgba(0, 0, 0, 0);color:#333333\" class=\"has-inline-color\">Sabrina, <strong>Kosmetiksalon<\/strong> <strong>Beauty(t)raum<\/strong>, <\/mark><a href=\"https:\/\/www.sabrina-beautytraum.at\/ueber-mich\/\" data-type=\"link\" data-id=\"https:\/\/www.sabrina-beautytraum.at\/ueber-mich\/\"><mark style=\"background-color:rgba(0, 0, 0, 0);color:#333333\" class=\"has-inline-color\">www.sabrina-beautytraum.at<\/mark><\/a><\/p><\/div>\n\n\n\n<style>\n        #upgr8-base-plugin_image-44b41889-6762-43db-94a9-95ce2d471581 img{\n            width: 100px;\n        }\n    <\/style><picture id=\"upgr8-base-plugin_image-44b41889-6762-43db-94a9-95ce2d471581\" class=\"wp-block-upgr8-base-plugin-image  upgr8-base-plugin_image\"><img decoding=\"async\" src=\"https:\/\/calendall.development.upgr8.dev\/app\/uploads\/2024\/09\/Sterne-Rezession-1.png\" alt=\"F\u00fcnf von f\u00fcnf Sternen f\u00fcr die Kalendersoftware von Calendall\" loading=\"lazy\" width=\"400\" height=\"100\"\/><\/picture>\n<\/div>\n<\/div><\/div><\/div>\n<\/div>\n<\/div>\n<\/div><div class=\"swiper-pagination\"><\/div><div class=\"swiper-button-prev\"><\/div><div class=\"swiper-button-next\"><\/div><\/div>\n<\/div>\n<\/div><\/div><\/div>\n\n\n\n<div class=\"wp-block-upgr8-base-plugin-container upgr8-base-plugin_container-wrapper  upgr8-base-plugin_backgroundImagePosition-desktop-left-top upgr8-base-plugin_background-image-size-contain upgr8-base-plugin_background-image-no-repeat upgr8-base-plugin_padding-top-desktop-2 upgr8-base-plugin_padding-bottom-desktop-2 upgr8-base-plugin_margin-bottom-desktop-3\" style=\"background-color:color-mix(in srgb, var(--wp--preset--color--primary) 25%, transparent)\"><div class=\"upgr8-base-plugin_container upgr8-base-plugin_container-boxed\"><div class=\"upgr8-base-plugin_row upgr8-base-plugin_justify-content-center-desktop   upgr8-base-plugin_align-items-center-desktop        \">\n<div class=\"wp-block-upgr8-base-plugin-container-column upgr8-base-plugin_col-mobile-11 upgr8-base-plugin_col-desktop-5  upgr8-base-plugin_backgroundImagePosition-desktop-left-top upgr8-base-plugin_background-image-size-contain upgr8-base-plugin_background-image-no-repeat\">\n<style>\n            #u8b-button-2dfcfe26-4e52-4f52-8b9a-058bce87efc8:hover {\n                background:var(--wp--preset--gradient--gradient-one) !important;\n            }\n    <\/style><a id=\"u8b-button-2dfcfe26-4e52-4f52-8b9a-058bce87efc8\" class=\"wp-block-upgr8-base-plugin-button-block upgr8-base-plugin_button  upgr8-base-plugin_button-center upgr8-base-plugin_content-width upgr8-base-plugin_button-tertiary upgr8-base-plugin_fontSize-desktop-sm upgr8-base-plugin_padding-top-desktop-1 upgr8-base-plugin_padding-right-desktop-3 upgr8-base-plugin_padding-bottom-desktop-1 upgr8-base-plugin_padding-left-desktop-3 upgr8-base-plugin_margin-bottom-desktop-1\" style=\"border-style:none;border-width:0px;color:var(--wp--preset--color--base);background-color:color-mix(in srgb, var(--wp--preset--color--primary) 100%, transparent)\" href=\"https:\/\/app.calendall.com\/public\/self-signup?_gl=1*1crqm28*_gcl_au*NTgxNzY5OTc5LjE3NDE4ODQxOTE.\" target=\"\" rel=\"noopener\">Start your free trial<\/a>\n\n\n\n<div class=\"wp-block-upgr8-base-plugin-text-block upgr8-base-plugin_text-block upgr8-base-plugin_justify-content-center-desktop  upgr8-base-plugin_fontSize-desktop-sm upgr8-base-plugin_text-alignment-center-desktop\" style=\"color:\"><p>Free, no commitment. <mark style=\"background-color:rgba(0, 0, 0, 0);color:#4566f9\" class=\"has-inline-color\">Try it for 14 days!<\/mark><\/p><\/div>\n<\/div>\n<\/div><\/div><\/div>\n\n\n\n<div class=\"wp-block-upgr8-base-plugin-container upgr8-base-plugin_container-wrapper  upgr8-base-plugin_backgroundImagePosition-desktop-left-top upgr8-base-plugin_background-image-size-contain upgr8-base-plugin_background-image-no-repeat upgr8-base-plugin_margin-bottom-desktop-3\"><div class=\"upgr8-base-plugin_container upgr8-base-plugin_container-boxed\"><div class=\"upgr8-base-plugin_row    upgr8-base-plugin_align-items-flex-start-desktop        \">\n<div class=\"wp-block-upgr8-base-plugin-container-column upgr8-base-plugin_col-desktop-12  upgr8-base-plugin_backgroundImagePosition-desktop-left-top upgr8-base-plugin_background-image-size-contain upgr8-base-plugin_background-image-no-repeat\">\n<style>\n            #u8b-box-18503d1e-c59f-4b28-9495-10dace796e11:hover {\n                \n            }\n    <\/style><div id=\"u8b-box-18503d1e-c59f-4b28-9495-10dace796e11\" class=\"wp-block-upgr8-base-plugin-box upgr8-base-plugin_box-content  upgr8-base-plugin_content-height upgr8-base-plugin_backgroundImagePosition-desktop-left-top upgr8-base-plugin_background-image-size-contain upgr8-base-plugin_background-image-no-repeat upgr8-base-plugin_padding-top-desktop-3 upgr8-base-plugin_padding-right-desktop-1 upgr8-base-plugin_padding-bottom-desktop-1 upgr8-base-plugin_padding-left-desktop-1\" style=\"border-radius:38px;background-color:color-mix(in srgb, var(--wp--preset--color--contrast) 5%, transparent)\">\n<h2 class=\"wp-block-upgr8-base-plugin-headline-block headline-content  upgr8-base-plugin_fontSize-desktop-md upgr8-base-plugin_padding-right-desktop-1 upgr8-base-plugin_padding-left-desktop-2 upgr8-base-plugin_margin-bottom-desktop-1\" style=\"color:\"><strong><strong>Frequently asked questions about our digital appointment planner &amp; booking software for hair &amp; beauty salons<\/strong><\/strong><\/h2>\n\n\n\n<div class=\"wp-block-upgr8-base-plugin-container upgr8-base-plugin_container-wrapper  upgr8-base-plugin_backgroundImagePosition-desktop-left-top upgr8-base-plugin_background-image-size-contain upgr8-base-plugin_background-image-no-repeat upgr8-base-plugin_margin-bottom-desktop-3\"><div class=\"upgr8-base-plugin_container upgr8-base-plugin_container-boxed\"><div class=\"upgr8-base-plugin_row            \">\n<div class=\"wp-block-upgr8-base-plugin-container-column upgr8-base-plugin_col-desktop-12  upgr8-base-plugin_backgroundImagePosition-desktop-left-top upgr8-base-plugin_background-image-size-contain upgr8-base-plugin_background-image-no-repeat\" style=\"background-color:color-mix(in srgb, var(--wp--preset--color--contrast) 0%, transparent)\">\n<div class=\"wp-block-upgr8-base-plugin-accordion upgr8-base-plugin_accordion\" id=\"upgr8-base-plugin_accordion-b3648389-8265-4f94-918c-b697a49edbb5\">\n<div class=\"wp-block-upgr8-base-plugin-accordion-item upgr8-base-plugin_accordion-item  upgr8-base-plugin_margin-bottom-desktop-2\"><div class=\"upgr8-base-plugin_accordion-item--header     upgr8-base-plugin_fontSize-desktop-sm     upgr8-base-plugin_padding-top-desktop-0   upgr8-base-plugin_padding-right-desktop-2   upgr8-base-plugin_padding-bottom-desktop-0   upgr8-base-plugin_padding-left-desktop-2    \" style=\"border-style:none;border-width:0px;border-radius:15px;color:var(--wp--preset--color--contrast);font-weight:bold\">Can I try Calendall for my studio for free?<svg xmlns=\"http:\/\/www.w3.org\/2000\/svg\" width=\"24\" height=\"24\" viewBox=\"0 0 24 24\" fill=\"none\" stroke=\"currentColor\" stroke-width=\"2\" stroke-linecap=\"round\" stroke-linejoin=\"round\" class=\"lucide lucide-chevron-down\"><path d=\"m6 9 6 6 6-6\"><\/path><\/svg><\/div><div class=\"upgr8-base-plugin_accordion-item--body\">\n<div class=\"wp-block-upgr8-base-plugin-text-block upgr8-base-plugin_text-block  upgr8-base-plugin_fontSize-desktop-sm upgr8-base-plugin_padding-top-desktop-1 upgr8-base-plugin_padding-left-desktop-2\" style=\"color:\"><p>Yes, you can test Calendall for 14 days with no obligation and completely free of charge. No payment details are required, and the trial ends automatically.<\/p><\/div>\n<\/div><\/div>\n\n\n\n<div class=\"wp-block-upgr8-base-plugin-accordion-item upgr8-base-plugin_accordion-item  upgr8-base-plugin_margin-bottom-desktop-2\"><div class=\"upgr8-base-plugin_accordion-item--header     upgr8-base-plugin_fontSize-desktop-sm     upgr8-base-plugin_padding-top-desktop-0   upgr8-base-plugin_padding-right-desktop-2   upgr8-base-plugin_padding-bottom-desktop-0   upgr8-base-plugin_padding-left-desktop-2    \" style=\"border-style:none;border-width:0px;border-radius:15px;color:var(--wp--preset--color--contrast);font-weight:bold\">Is there a contract if I subscribe for my studio?<svg xmlns=\"http:\/\/www.w3.org\/2000\/svg\" width=\"24\" height=\"24\" viewBox=\"0 0 24 24\" fill=\"none\" stroke=\"currentColor\" stroke-width=\"2\" stroke-linecap=\"round\" stroke-linejoin=\"round\" class=\"lucide lucide-chevron-down\"><path d=\"m6 9 6 6 6-6\"><\/path><\/svg><\/div><div class=\"upgr8-base-plugin_accordion-item--body\">\n<div class=\"wp-block-upgr8-base-plugin-text-block upgr8-base-plugin_text-block  upgr8-base-plugin_fontSize-desktop-sm upgr8-base-plugin_padding-top-desktop-1 upgr8-base-plugin_padding-left-desktop-2\" style=\"color:\"><p>No, our monthly subscription is flexible and can be canceled at any time, giving you full freedom. With an annual subscription, you benefit from a 15% discount, and it can also be canceled yearly \u2013 with no hidden commitments.<\/p><\/div>\n<\/div><\/div>\n\n\n\n<div class=\"wp-block-upgr8-base-plugin-accordion-item upgr8-base-plugin_accordion-item  upgr8-base-plugin_margin-bottom-desktop-2\"><div class=\"upgr8-base-plugin_accordion-item--header     upgr8-base-plugin_fontSize-desktop-sm     upgr8-base-plugin_padding-top-desktop-0   upgr8-base-plugin_padding-right-desktop-2   upgr8-base-plugin_padding-bottom-desktop-0   upgr8-base-plugin_padding-left-desktop-2    \" style=\"border-style:none;border-width:0px;border-radius:15px;color:var(--wp--preset--color--contrast);font-weight:bold\">Does Calendall work on all devices \u2013 both in the studio &amp; on mobile?<svg xmlns=\"http:\/\/www.w3.org\/2000\/svg\" width=\"24\" height=\"24\" viewBox=\"0 0 24 24\" fill=\"none\" stroke=\"currentColor\" stroke-width=\"2\" stroke-linecap=\"round\" stroke-linejoin=\"round\" class=\"lucide lucide-chevron-down\"><path d=\"m6 9 6 6 6-6\"><\/path><\/svg><\/div><div class=\"upgr8-base-plugin_accordion-item--body\">\n<div class=\"wp-block-upgr8-base-plugin-text-block upgr8-base-plugin_text-block  upgr8-base-plugin_fontSize-desktop-sm upgr8-base-plugin_padding-top-desktop-1 upgr8-base-plugin_padding-left-desktop-2\" style=\"color:\"><p>Yes, Calendall is web-based and works on smartphones, tablets, laptops, and PCs. Your data is synced everywhere and is available at any time.<\/p><\/div>\n<\/div><\/div>\n\n\n\n<div class=\"wp-block-upgr8-base-plugin-accordion-item upgr8-base-plugin_accordion-item  upgr8-base-plugin_margin-bottom-desktop-2\"><div class=\"upgr8-base-plugin_accordion-item--header     upgr8-base-plugin_fontSize-desktop-sm     upgr8-base-plugin_padding-top-desktop-0   upgr8-base-plugin_padding-right-desktop-2   upgr8-base-plugin_padding-bottom-desktop-0   upgr8-base-plugin_padding-left-desktop-2    \" style=\"border-style:none;border-width:0px;border-radius:15px;color:var(--wp--preset--color--contrast);font-weight:bold\">Can I download Calendall as an app?<svg xmlns=\"http:\/\/www.w3.org\/2000\/svg\" width=\"24\" height=\"24\" viewBox=\"0 0 24 24\" fill=\"none\" stroke=\"currentColor\" stroke-width=\"2\" stroke-linecap=\"round\" stroke-linejoin=\"round\" class=\"lucide lucide-chevron-down\"><path d=\"m6 9 6 6 6-6\"><\/path><\/svg><\/div><div class=\"upgr8-base-plugin_accordion-item--body\">\n<div class=\"wp-block-upgr8-base-plugin-text-block upgr8-base-plugin_text-block  upgr8-base-plugin_fontSize-desktop-sm upgr8-base-plugin_padding-top-desktop-1 upgr8-base-plugin_padding-left-desktop-2\" style=\"color:\"><p>Yes, you can install Calendall as a web app and use it just like a regular app on your smartphone or tablet.<\/p><\/div>\n<\/div><\/div>\n\n\n\n<div class=\"wp-block-upgr8-base-plugin-accordion-item upgr8-base-plugin_accordion-item  upgr8-base-plugin_margin-bottom-desktop-2\"><div class=\"upgr8-base-plugin_accordion-item--header     upgr8-base-plugin_fontSize-desktop-sm     upgr8-base-plugin_padding-top-desktop-0   upgr8-base-plugin_padding-right-desktop-2   upgr8-base-plugin_padding-bottom-desktop-0   upgr8-base-plugin_padding-left-desktop-2    \" style=\"border-style:none;border-width:0px;border-radius:15px;color:var(--wp--preset--color--contrast);font-weight:bold\">How secure is my data?<svg xmlns=\"http:\/\/www.w3.org\/2000\/svg\" width=\"24\" height=\"24\" viewBox=\"0 0 24 24\" fill=\"none\" stroke=\"currentColor\" stroke-width=\"2\" stroke-linecap=\"round\" stroke-linejoin=\"round\" class=\"lucide lucide-chevron-down\"><path d=\"m6 9 6 6 6-6\"><\/path><\/svg><\/div><div class=\"upgr8-base-plugin_accordion-item--body\">\n<div class=\"wp-block-upgr8-base-plugin-text-block upgr8-base-plugin_text-block  upgr8-base-plugin_fontSize-desktop-sm upgr8-base-plugin_padding-top-desktop-1 upgr8-base-plugin_padding-left-desktop-2\" style=\"color:\"><p>Your data is stored securely on European servers and complies with GDPR regulations. Calendall places great importance on privacy and security.<\/p><\/div>\n<\/div><\/div>\n\n\n\n<div class=\"wp-block-upgr8-base-plugin-accordion-item upgr8-base-plugin_accordion-item  upgr8-base-plugin_margin-bottom-desktop-2\"><div class=\"upgr8-base-plugin_accordion-item--header     upgr8-base-plugin_fontSize-desktop-sm     upgr8-base-plugin_padding-top-desktop-0   upgr8-base-plugin_padding-right-desktop-2   upgr8-base-plugin_padding-bottom-desktop-0   upgr8-base-plugin_padding-left-desktop-2    \" style=\"border-style:none;border-width:0px;border-radius:15px;color:var(--wp--preset--color--contrast);font-weight:bold\">Can I import my existing client data into Calendall?<svg xmlns=\"http:\/\/www.w3.org\/2000\/svg\" width=\"24\" height=\"24\" viewBox=\"0 0 24 24\" fill=\"none\" stroke=\"currentColor\" stroke-width=\"2\" stroke-linecap=\"round\" stroke-linejoin=\"round\" class=\"lucide lucide-chevron-down\"><path d=\"m6 9 6 6 6-6\"><\/path><\/svg><\/div><div class=\"upgr8-base-plugin_accordion-item--body\">\n<div class=\"wp-block-upgr8-base-plugin-text-block upgr8-base-plugin_text-block  upgr8-base-plugin_fontSize-desktop-sm upgr8-base-plugin_padding-top-desktop-1 upgr8-base-plugin_padding-left-desktop-2\" style=\"color:\"><p>Yes, you can easily import existing data into Calendall\u2019s digital client profiles. Our support team is happy to help.<\/p><\/div>\n<\/div><\/div>\n\n\n\n<div class=\"wp-block-upgr8-base-plugin-accordion-item upgr8-base-plugin_accordion-item  upgr8-base-plugin_margin-bottom-desktop-2\"><div class=\"upgr8-base-plugin_accordion-item--header     upgr8-base-plugin_fontSize-desktop-sm     upgr8-base-plugin_padding-top-desktop-0   upgr8-base-plugin_padding-right-desktop-2   upgr8-base-plugin_padding-bottom-desktop-0   upgr8-base-plugin_padding-left-desktop-2    \" style=\"border-style:none;border-width:0px;border-radius:15px;color:var(--wp--preset--color--contrast);font-weight:bold\">Does Calendall automatically remind my clients of their appointments?<svg xmlns=\"http:\/\/www.w3.org\/2000\/svg\" width=\"24\" height=\"24\" viewBox=\"0 0 24 24\" fill=\"none\" stroke=\"currentColor\" stroke-width=\"2\" stroke-linecap=\"round\" stroke-linejoin=\"round\" class=\"lucide lucide-chevron-down\"><path d=\"m6 9 6 6 6-6\"><\/path><\/svg><\/div><div class=\"upgr8-base-plugin_accordion-item--body\">\n<div class=\"wp-block-upgr8-base-plugin-text-block upgr8-base-plugin_text-block  upgr8-base-plugin_fontSize-desktop-sm upgr8-base-plugin_padding-top-desktop-1 upgr8-base-plugin_padding-left-desktop-2\" style=\"color:\"><p>Yes, clients can be automatically reminded of upcoming appointments via email or SMS. These reminders are fully customizable to perfectly fit your studio\u2019s needs.<\/p><\/div>\n<\/div><\/div>\n\n\n\n<div class=\"wp-block-upgr8-base-plugin-accordion-item upgr8-base-plugin_accordion-item  upgr8-base-plugin_margin-bottom-desktop-2\"><div class=\"upgr8-base-plugin_accordion-item--header     upgr8-base-plugin_fontSize-desktop-sm     upgr8-base-plugin_padding-top-desktop-0   upgr8-base-plugin_padding-right-desktop-2   upgr8-base-plugin_padding-bottom-desktop-0   upgr8-base-plugin_padding-left-desktop-2    \" style=\"border-style:none;border-width:0px;border-radius:15px;color:var(--wp--preset--color--contrast);font-weight:bold\">Can I use Calendall without online booking?<svg xmlns=\"http:\/\/www.w3.org\/2000\/svg\" width=\"24\" height=\"24\" viewBox=\"0 0 24 24\" fill=\"none\" stroke=\"currentColor\" stroke-width=\"2\" stroke-linecap=\"round\" stroke-linejoin=\"round\" class=\"lucide lucide-chevron-down\"><path d=\"m6 9 6 6 6-6\"><\/path><\/svg><\/div><div class=\"upgr8-base-plugin_accordion-item--body\">\n<div class=\"wp-block-upgr8-base-plugin-text-block upgr8-base-plugin_text-block  upgr8-base-plugin_fontSize-desktop-sm upgr8-base-plugin_padding-top-desktop-1 upgr8-base-plugin_padding-left-desktop-2\" style=\"color:\"><p>Yes, with our \u201cBasic\u201d package you can use all features like appointment management, digital client profiles, and automatic reminders \u2013 without online booking. Online booking is only included in the \u201cBooking\u201d package and can be added flexibly.<\/p><\/div>\n<\/div><\/div>\n\n\n\n<div class=\"wp-block-upgr8-base-plugin-accordion-item upgr8-base-plugin_accordion-item  upgr8-base-plugin_margin-bottom-desktop-2\"><div class=\"upgr8-base-plugin_accordion-item--header     upgr8-base-plugin_fontSize-desktop-sm     upgr8-base-plugin_padding-top-desktop-0   upgr8-base-plugin_padding-right-desktop-2   upgr8-base-plugin_padding-bottom-desktop-0   upgr8-base-plugin_padding-left-desktop-2    \" style=\"border-style:none;border-width:0px;border-radius:15px;color:var(--wp--preset--color--contrast);font-weight:bold\">What features does the digital client profile offer for my salon?<svg xmlns=\"http:\/\/www.w3.org\/2000\/svg\" width=\"24\" height=\"24\" viewBox=\"0 0 24 24\" fill=\"none\" stroke=\"currentColor\" stroke-width=\"2\" stroke-linecap=\"round\" stroke-linejoin=\"round\" class=\"lucide lucide-chevron-down\"><path d=\"m6 9 6 6 6-6\"><\/path><\/svg><\/div><div class=\"upgr8-base-plugin_accordion-item--body\">\n<div class=\"wp-block-upgr8-base-plugin-text-block upgr8-base-plugin_text-block  upgr8-base-plugin_fontSize-desktop-sm upgr8-base-plugin_padding-top-desktop-1 upgr8-base-plugin_padding-left-desktop-2\" style=\"color:\"><p>The client profile stores important details such as preferences, appointments, birthdays, and before-and-after photos \u2013 so you\u2019re prepared for every appointment.<\/p><\/div>\n<\/div><\/div>\n\n\n\n<div class=\"wp-block-upgr8-base-plugin-accordion-item upgr8-base-plugin_accordion-item  upgr8-base-plugin_margin-bottom-desktop-2\"><div class=\"upgr8-base-plugin_accordion-item--header     upgr8-base-plugin_fontSize-desktop-sm     upgr8-base-plugin_padding-top-desktop-0   upgr8-base-plugin_padding-right-desktop-2   upgr8-base-plugin_padding-bottom-desktop-0   upgr8-base-plugin_padding-left-desktop-2    \" style=\"border-style:none;border-width:0px;border-radius:15px;color:var(--wp--preset--color--contrast);font-weight:bold\">Is there support if I need help?<svg xmlns=\"http:\/\/www.w3.org\/2000\/svg\" width=\"24\" height=\"24\" viewBox=\"0 0 24 24\" fill=\"none\" stroke=\"currentColor\" stroke-width=\"2\" stroke-linecap=\"round\" stroke-linejoin=\"round\" class=\"lucide lucide-chevron-down\"><path d=\"m6 9 6 6 6-6\"><\/path><\/svg><\/div><div class=\"upgr8-base-plugin_accordion-item--body\">\n<div class=\"wp-block-upgr8-base-plugin-text-block upgr8-base-plugin_text-block  upgr8-base-plugin_fontSize-desktop-sm upgr8-base-plugin_padding-top-desktop-1 upgr8-base-plugin_padding-left-desktop-2\" style=\"color:\"><p>Yes, our support team is available to you free of charge \u2013 Monday through Saturday. You can reach us by phone, email, or in a personal online meeting.<\/p><\/div>\n<\/div><\/div>\n<\/div>\n<\/div>\n<\/div><\/div><\/div>\n<\/div>\n<\/div>\n<\/div><\/div><\/div>\n\n\n\n<div class=\"wp-block-upgr8-base-plugin-container upgr8-base-plugin_container-wrapper  upgr8-base-plugin_backgroundImagePosition-desktop-left-top upgr8-base-plugin_background-image-size-contain upgr8-base-plugin_background-image-no-repeat upgr8-base-plugin_margin-bottom-desktop-3\"><div class=\"upgr8-base-plugin_container upgr8-base-plugin_container-boxed\"><div class=\"upgr8-base-plugin_row            \">\n<div class=\"wp-block-upgr8-base-plugin-container-column upgr8-base-plugin_col-mobile-12 upgr8-base-plugin_col-desktop-4  upgr8-base-plugin_backgroundImagePosition-desktop-left-top upgr8-base-plugin_background-image-size-contain upgr8-base-plugin_background-image-no-repeat\" style=\"background-color:color-mix(in srgb, var(--wp--preset--color--custom-baa-5-f-1) 5%, transparent)\">\n<style>\n        #upgr8-base-plugin_image-5472132e-7484-4740-805e-6a0e8d8c52c4 img{\n            width: 30px;\n        }\n    <\/style><picture id=\"upgr8-base-plugin_image-5472132e-7484-4740-805e-6a0e8d8c52c4\" class=\"wp-block-upgr8-base-plugin-image  upgr8-base-plugin_image upgr8-base-plugin_justify-content-center-desktop upgr8-base-plugin_margin-bottom-desktop-1\"><source media=\"(max-width:768px)\" srcset=\"https:\/\/calendall.development.upgr8.dev\/app\/uploads\/2024\/08\/Design-ohne-Titel-6.png\" alt=\"SSL verschl\u00fcsselt\"\/><img decoding=\"async\" src=\"https:\/\/calendall.development.upgr8.dev\/app\/uploads\/2024\/08\/Design-ohne-Titel-6.png\" alt=\"SSL verschl\u00fcsselt\" loading=\"lazy\" width=\"1080\" height=\"1080\"\/><\/picture>\n\n\n\n<h4 class=\"wp-block-upgr8-base-plugin-headline-block headline-content  upgr8-base-plugin_fontSize-desktop-sm upgr8-base-plugin_text-alignment-center-desktop upgr8-base-plugin_text-alignment-center-mobile\" style=\"color:\"><strong><mark style=\"background-color:rgba(0, 0, 0, 0)\" class=\"has-inline-color has-custom-baa-5-f-1-color\"><strong>SSL Encrypted<\/strong><\/mark><\/strong><\/h4>\n\n\n\n<div class=\"wp-block-upgr8-base-plugin-text-block upgr8-base-plugin_text-block upgr8-base-plugin_justify-content-center-desktop  upgr8-base-plugin_fontSize-desktop-sm upgr8-base-plugin_fontSize-tablet-xs upgr8-base-plugin_fontSize-mobile-xs upgr8-base-plugin_text-alignment-center-desktop upgr8-base-plugin_text-alignment-center-mobile upgr8-base-plugin_margin-top-desktop-1 upgr8-base-plugin_hide-mobile\" style=\"color:\"><p>Highest security standards and SSL encryption protect your data from unauthorized access.<br><\/p><\/div>\n<\/div>\n\n\n\n<div class=\"wp-block-upgr8-base-plugin-container-column upgr8-base-plugin_col-mobile-12 upgr8-base-plugin_col-desktop-4  upgr8-base-plugin_backgroundImagePosition-desktop-left-top upgr8-base-plugin_background-image-size-contain upgr8-base-plugin_background-image-no-repeat\" style=\"background-color:color-mix(in srgb, var(--wp--preset--color--custom-d-48-fca) 5%, transparent)\">\n<style>\n        #upgr8-base-plugin_image-8844fa21-c02a-40a0-8e8f-56617e9162f5 img{\n            width: 30px;\n        }\n    <\/style><picture id=\"upgr8-base-plugin_image-8844fa21-c02a-40a0-8e8f-56617e9162f5\" class=\"wp-block-upgr8-base-plugin-image  upgr8-base-plugin_image upgr8-base-plugin_justify-content-center-desktop upgr8-base-plugin_margin-bottom-desktop-1\"><source media=\"(max-width:768px)\" srcset=\"https:\/\/calendall.development.upgr8.dev\/app\/uploads\/2024\/08\/ISO-zertifizierte-Server.png\" alt=\"\"\/><img decoding=\"async\" src=\"https:\/\/calendall.development.upgr8.dev\/app\/uploads\/2024\/08\/ISO-zertifizierte-Server.png\" alt=\"ISO-zertifizierte-Server\" loading=\"lazy\" width=\"1080\" height=\"1080\"\/><\/picture>\n\n\n\n<h4 class=\"wp-block-upgr8-base-plugin-headline-block headline-content  upgr8-base-plugin_fontSize-desktop-sm upgr8-base-plugin_text-alignment-center-desktop upgr8-base-plugin_text-alignment-center-mobile\" style=\"color:\"><strong><mark style=\"background-color:rgba(0, 0, 0, 0)\" class=\"has-inline-color has-custom-d-48-fca-color\"><strong>ISO-Certified Servers<\/strong><\/mark><\/strong><\/h4>\n\n\n\n<div class=\"wp-block-upgr8-base-plugin-text-block upgr8-base-plugin_text-block  upgr8-base-plugin_fontSize-desktop-sm upgr8-base-plugin_fontSize-tablet-xs upgr8-base-plugin_fontSize-mobile-xs upgr8-base-plugin_text-alignment-center-desktop upgr8-base-plugin_text-alignment-center-mobile upgr8-base-plugin_margin-top-desktop-1 upgr8-base-plugin_hide-mobile\" style=\"color:\"><p>Servers and databases are ISO-certified and located in Germany.<br><\/p><\/div>\n<\/div>\n\n\n\n<div class=\"wp-block-upgr8-base-plugin-container-column upgr8-base-plugin_col-mobile-12 upgr8-base-plugin_col-desktop-4  upgr8-base-plugin_backgroundImagePosition-desktop-left-top upgr8-base-plugin_background-image-size-contain upgr8-base-plugin_background-image-no-repeat\" style=\"background-color:color-mix(in srgb, var(--wp--preset--color--custom-ec-7-ba-7) 5%, transparent)\">\n<style>\n        #upgr8-base-plugin_image-15ee95ac-ea5f-4479-b47f-98fc36d35859 img{\n            width: 30px;\n        }\n    <\/style><picture id=\"upgr8-base-plugin_image-15ee95ac-ea5f-4479-b47f-98fc36d35859\" class=\"wp-block-upgr8-base-plugin-image  upgr8-base-plugin_image upgr8-base-plugin_justify-content-center-desktop upgr8-base-plugin_margin-bottom-desktop-1\"><source media=\"(max-width:768px)\" srcset=\"https:\/\/calendall.development.upgr8.dev\/app\/uploads\/2024\/08\/Datensicherung-DSGVO-konform.png\" alt=\"\"\/><img decoding=\"async\" src=\"https:\/\/calendall.development.upgr8.dev\/app\/uploads\/2024\/08\/Datensicherung-DSGVO-konform.png\" alt=\"Datensicherung-DSGVO-konform\" loading=\"lazy\" width=\"1080\" height=\"1080\"\/><\/picture>\n\n\n\n<h4 class=\"wp-block-upgr8-base-plugin-headline-block headline-content  upgr8-base-plugin_fontSize-desktop-sm upgr8-base-plugin_text-alignment-center-desktop upgr8-base-plugin_text-alignment-center-mobile\" style=\"color:\"><strong><mark style=\"background-color:rgba(0, 0, 0, 0)\" class=\"has-inline-color has-custom-ec-7-ba-7-color\"><strong>Data Backup \u2013 GDPR Compliant<\/strong><\/mark><\/strong><\/h4>\n\n\n\n<div class=\"wp-block-upgr8-base-plugin-text-block upgr8-base-plugin_text-block  upgr8-base-plugin_fontSize-desktop-sm upgr8-base-plugin_fontSize-tablet-xs upgr8-base-plugin_fontSize-mobile-xs upgr8-base-plugin_text-alignment-center-desktop upgr8-base-plugin_text-alignment-center-mobile upgr8-base-plugin_margin-top-desktop-1 upgr8-base-plugin_hide-mobile\" style=\"color:\"><p>Daily data backups stored at multiple locations.<\/p><\/div>\n<\/div>\n<\/div><\/div><\/div>\n\n\n\n<div class=\"wp-block-upgr8-base-plugin-container upgr8-base-plugin_container-wrapper  upgr8-base-plugin_backgroundImagePosition-desktop-left-top upgr8-base-plugin_background-image-size-contain upgr8-base-plugin_background-image-no-repeat upgr8-base-plugin_margin-bottom-desktop-4\"><div class=\"upgr8-base-plugin_container upgr8-base-plugin_container-boxed\"><div class=\"upgr8-base-plugin_row            \">\n<div class=\"wp-block-upgr8-base-plugin-container-column upgr8-base-plugin_col-desktop-12  upgr8-base-plugin_backgroundImagePosition-desktop-left-top upgr8-base-plugin_background-image-size-contain upgr8-base-plugin_background-image-no-repeat upgr8-base-plugin_hide-mobile\">\n<div class=\"wp-block-upgr8-base-plugin-text-block upgr8-base-plugin_text-block  upgr8-base-plugin_fontSize-desktop-sm upgr8-base-plugin_text-alignment-center-desktop\" style=\"color:\"><p><strong><mark style=\"background-color:rgba(0, 0, 0, 0)\" class=\"has-inline-color has-senary-color\">Got questions?<\/mark><\/strong> Let us advise you &#8211; <strong>MAIL<\/strong>: <a href=\"mailto:info@calendall.co\" target=\"_blank\" rel=\"noreferrer noopener\">support@calendall.com<\/a> <strong>TEL<\/strong>: <a href=\"tel:+436766106370\" data-type=\"tel\" data-id=\"tel:+436766106370\"><mark style=\"background-color:rgba(0, 0, 0, 0)\" class=\"has-inline-color has-senary-color\">+43 676 6106370<\/mark><\/a>.<br>Don\u2019t hesitate to reach out if you have any questions.<\/p><\/div>\n<\/div>\n<\/div><\/div><\/div>\n\n\n\n<div class=\"wp-block-upgr8-base-plugin-container upgr8-base-plugin_container-wrapper  upgr8-base-plugin_backgroundImagePosition-desktop-left-top upgr8-base-plugin_background-image-size-contain upgr8-base-plugin_background-image-no-repeat upgr8-base-plugin_margin-bottom-desktop-4\"><div class=\"upgr8-base-plugin_container upgr8-base-plugin_container-boxed\"><div class=\"upgr8-base-plugin_row            \">\n<div class=\"wp-block-upgr8-base-plugin-container-column upgr8-base-plugin_col-desktop-12  upgr8-base-plugin_backgroundImagePosition-desktop-left-top upgr8-base-plugin_background-image-size-contain upgr8-base-plugin_background-image-no-repeat\">\n<h2 class=\"wp-block-upgr8-base-plugin-headline-block headline-content  upgr8-base-plugin_fontSize-desktop-md upgr8-base-plugin_text-alignment-center-desktop upgr8-base-plugin_margin-bottom-desktop-1\" style=\"color:\"><strong><strong>Software solutions for<\/strong><\/strong><\/h2>\n<\/div>\n\n\n\n<div class=\"wp-block-upgr8-base-plugin-container-column upgr8-base-plugin_col-mobile-12 upgr8-base-plugin_col-desktop-4  upgr8-base-plugin_backgroundImagePosition-desktop-left-top upgr8-base-plugin_background-image-size-contain upgr8-base-plugin_background-image-no-repeat\">\n<div class=\"wp-block-upgr8-base-plugin-text-block upgr8-base-plugin_text-block  upgr8-base-plugin_fontSize-desktop-sm upgr8-base-plugin_fontSize-mobile-xs upgr8-base-plugin_text-alignment-center-mobile upgr8-base-plugin_padding-bottom-mobile-0\" style=\"color:\"><p><a href=\"https:\/\/calendall.development.upgr8.dev\/en\/appointment-scheduling-software-for\/pedicure-salons\/\" data-type=\"link\" data-id=\"https:\/\/calendall.development.upgr8.dev\/en\/appointment-scheduling-software-for\/pedicure-salons\/\">Software for Pedicure Salons<\/a><br><br><a href=\"https:\/\/calendall.development.upgr8.dev\/en\/solutions-for\/dog-salon\/\" data-type=\"link\" data-id=\"https:\/\/calendall.development.upgr8.dev\/loesungen-fuer\/schoenheitssalon\/\"><\/a><a href=\"https:\/\/calendall.development.upgr8.dev\/en\/appointment-scheduling-software-for\/dog-groomer\/\" data-type=\"link\" data-id=\"https:\/\/calendall.development.upgr8.dev\/en\/appointment-scheduling-software-for\/dog-groomer\/\">Software for Dog Grooming Salons<\/a><br><br><a href=\"https:\/\/calendall.development.upgr8.dev\/en\/solutions-for\/nail-salon\/\" data-type=\"page\" data-id=\"43\">Software for Nail Studios<\/a><\/p><\/div>\n<\/div>\n\n\n\n<div class=\"wp-block-upgr8-base-plugin-container-column upgr8-base-plugin_col-mobile-12 upgr8-base-plugin_col-desktop-4  upgr8-base-plugin_backgroundImagePosition-desktop-left-top upgr8-base-plugin_background-image-size-contain upgr8-base-plugin_background-image-no-repeat\">\n<div class=\"wp-block-upgr8-base-plugin-text-block upgr8-base-plugin_text-block  upgr8-base-plugin_fontSize-desktop-sm upgr8-base-plugin_fontSize-mobile-xs upgr8-base-plugin_text-alignment-center-mobile upgr8-base-plugin_padding-top-mobile-0\" style=\"color:\"><p><a href=\"https:\/\/calendall.development.upgr8.dev\/en\/solutions-for\/hair-salon-software\/\" data-type=\"page\" data-id=\"37\">Software for Hair Salons<\/a><br><br><a href=\"https:\/\/calendall.development.upgr8.dev\/en\/solutions-for\/beauty-salon\/\" data-type=\"page\" data-id=\"39\">Software for Beauty Studios<\/a><br><br><a href=\"https:\/\/calendall.development.upgr8.dev\/en\/solutions-for\/massage-studio\/\" data-type=\"page\" data-id=\"47\">Software for Massage Studios<\/a><\/p><\/div>\n<\/div>\n\n\n\n<div class=\"wp-block-upgr8-base-plugin-container-column upgr8-base-plugin_col-mobile-12 upgr8-base-plugin_col-desktop-4  upgr8-base-plugin_backgroundImagePosition-desktop-left-top upgr8-base-plugin_background-image-size-contain upgr8-base-plugin_background-image-no-repeat\">\n<div class=\"wp-block-upgr8-base-plugin-text-block upgr8-base-plugin_text-block  upgr8-base-plugin_fontSize-desktop-sm upgr8-base-plugin_fontSize-mobile-xs upgr8-base-plugin_text-alignment-center-mobile\" style=\"color:\"><p><a href=\"https:\/\/calendall.development.upgr8.dev\/en\/solutions-for\/spa\/\" data-type=\"link\" data-id=\"https:\/\/calendall.development.upgr8.dev\/loesungen-fuer\/spas\/\">Software for Spas<\/a><br><br><a href=\"https:\/\/calendall.development.upgr8.dev\/en\/\" data-type=\"link\" data-id=\"https:\/\/calendall.development.upgr8.dev\/loesungen-fuer\/augenbrauenstudio\/\">Software for Tattoo Studios<\/a><br><br><a href=\"https:\/\/calendall.development.upgr8.dev\/en\/\">Software for Dental Practices<\/a><br><\/p><\/div>\n<\/div>\n<\/div><\/div><\/div>\n","protected":false},"excerpt":{"rendered":"","protected":false},"author":1,"featured_media":0,"parent":0,"menu_order":1,"comment_status":"closed","ping_status":"closed","template":"","meta":{"footnotes":""},"class_list":["post-4140","page","type-page","status-publish","hentry"],"_links":{"self":[{"href":"https:\/\/calendall.development.upgr8.dev\/en\/wp-json\/wp\/v2\/pages\/4140","targetHints":{"allow":["GET"]}}],"collection":[{"href":"https:\/\/calendall.development.upgr8.dev\/en\/wp-json\/wp\/v2\/pages"}],"about":[{"href":"https:\/\/calendall.development.upgr8.dev\/en\/wp-json\/wp\/v2\/types\/page"}],"author":[{"embeddable":true,"href":"https:\/\/calendall.development.upgr8.dev\/en\/wp-json\/wp\/v2\/users\/1"}],"replies":[{"embeddable":true,"href":"https:\/\/calendall.development.upgr8.dev\/en\/wp-json\/wp\/v2\/comments?post=4140"}],"version-history":[{"count":99,"href":"https:\/\/calendall.development.upgr8.dev\/en\/wp-json\/wp\/v2\/pages\/4140\/revisions"}],"predecessor-version":[{"id":7279,"href":"https:\/\/calendall.development.upgr8.dev\/en\/wp-json\/wp\/v2\/pages\/4140\/revisions\/7279"}],"wp:attachment":[{"href":"https:\/\/calendall.development.upgr8.dev\/en\/wp-json\/wp\/v2\/media?parent=4140"}],"curies":[{"name":"wp","href":"https:\/\/api.w.org\/{rel}","templated":true}]}}